{"id":8046,"date":"2025-07-21T15:21:44","date_gmt":"2025-07-21T13:21:44","guid":{"rendered":"https:\/\/o-seznam.cz\/reklama\/?page_id=8046"},"modified":"2026-04-13T18:45:45","modified_gmt":"2026-04-13T16:45:45","slug":"firmy","status":"publish","type":"page","link":"https:\/\/o-seznam.cz\/reklama\/firmy\/","title":{"rendered":"Firmy.cz"},"content":{"rendered":"\n<div class=\"wp-block-group alignwide is-layout-constrained wp-block-group-is-layout-constrained\"><div class=\"alignwide alignwide wp-block-seznam-hero\"><div class=\"cover is-hero is-hero-default\" style=\"background-color:#f4f5f7;\"><img decoding=\"async\" width=\"1280\" height=\"512\" src=\"https:\/\/o-seznam.cz\/wp-content\/uploads\/sites\/5\/2026\/02\/reklama-firmy-1.png\" class=\"cover__media cover__media--desktop\" alt=\"\" fetchpriority=\"high\" srcset=\"https:\/\/o-seznam.cz\/wp-content\/uploads\/sites\/5\/2026\/02\/reklama-firmy-1.png 2000w, https:\/\/o-seznam.cz\/wp-content\/uploads\/sites\/5\/2026\/02\/reklama-firmy-1-992x397.png 992w, https:\/\/o-seznam.cz\/wp-content\/uploads\/sites\/5\/2026\/02\/reklama-firmy-1-1984x794.png 1984w, https:\/\/o-seznam.cz\/wp-content\/uploads\/sites\/5\/2026\/02\/reklama-firmy-1-320x128.png 320w, https:\/\/o-seznam.cz\/wp-content\/uploads\/sites\/5\/2026\/02\/reklama-firmy-1-768x307.png 768w, https:\/\/o-seznam.cz\/wp-content\/uploads\/sites\/5\/2026\/02\/reklama-firmy-1-1536x614.png 1536w\" sizes=\"(max-width: 1280px) 100vw, 1280px\" \/><div class=\"cover__content is-layout-constrained\">\n\n<h1 class=\"wp-block-heading has-text-align-left has-neutral-color has-text-color has-link-color wp-elements-408990567b7e905fb375a323183df5f6\"><strong>Z\u00edskejte nov\u00e9 z\u00e1kazn\u00edky na Firmy.cz<\/strong><\/h1>\n\n\n\n<div class=\"wp-block-group is-content-justification-left is-layout-constrained wp-container-core-group-is-layout-128e448e wp-block-group-is-layout-constrained\">\n<p class=\"has-neutral-color has-text-color has-link-color wp-elements-57813c1e0154c1b9cefbd84cc7af3209\">Prezentujte svou firmu na nejv\u011bt\u0161\u00edm katalogu \u010desk\u00fdch podnik\u016f. A m\u016f\u017eete ji i podpo\u0159it reklamou.<\/p>\n\n\n\n<div class=\"wp-block-buttons is-layout-flex wp-block-buttons-is-layout-flex\" style=\"margin-top:var(--wp--preset--spacing--8)\">\n<div class=\"wp-block-button is-style-default\"><a class=\"wp-block-button__link wp-element-button\" href=\"#\">Inzerovat na Firmy.cz<\/a><\/div>\n<\/div>\n<\/div>\n\n<\/div><\/div><\/div>\n\n\n<\/div>\n\n\n\n<div class=\"wp-block-group is-layout-constrained wp-block-group-is-layout-constrained\">\n<h2 class=\"wp-block-heading has-text-align-center\"><strong>Pro\u010d inzerovat na Firmy.cz<\/strong><\/h2>\n\n\n\n<div class=\"wp-block-columns pattern-columns-3-icons is-layout-flex wp-container-core-columns-is-layout-28f84493 wp-block-columns-is-layout-flex\">\n<div class=\"wp-block-column is-layout-flow wp-container-core-column-is-layout-16b3bfcb wp-block-column-is-layout-flow\"><figure class=\"aligncenter aligncenter wp-block-seznam-icon\"><img loading=\"lazy\" decoding=\"async\" width=\"64\" height=\"64\" src=\"https:\/\/o-seznam.cz\/wp-content\/uploads\/sites\/5\/2025\/04\/ikonka-sklik-presne-cileni.svg\" class=\"attachment-full size-full\" alt=\"\" \/><\/figure>\n\n\n\n<p class=\"has-text-align-center is-style-wrap-balance\"><strong><strong>10 000 slu\u017eeb na jednom m\u00edst\u011b<\/strong><\/strong><\/p>\n\n\n\n<p class=\"has-text-align-center is-style-wrap-balance\">Oslovte miliony u\u017eivatel\u016f a zajist\u011bte si, \u017ee va\u0161e firma bude v\u017edy na o\u010d\u00edch t\u011bm spr\u00e1vn\u00fdm lidem. Va\u0161e konkurence u\u017e tady je a vy byste nem\u011bli chyb\u011bt.<\/p>\n<\/div>\n\n\n\n<div class=\"wp-block-column is-layout-flow wp-container-core-column-is-layout-16b3bfcb wp-block-column-is-layout-flow\"><figure class=\"aligncenter aligncenter wp-block-seznam-icon\"><img decoding=\"async\" src=\"https:\/\/o-seznam.cz\/wp-content\/themes\/seznam\/assets\/images\/icon-64-jednicka.svg\" alt=\"\" \/><\/figure>\n\n\n\n<p class=\"has-text-align-center is-style-wrap-balance\"><strong><strong>Va\u0161e firma na p\u0159edn\u00edch pozic\u00edch<\/strong><\/strong><\/p>\n\n\n\n<p class=\"has-text-align-center is-style-wrap-balance\">Zvy\u0161te \u0161anci na z\u00edsk\u00e1n\u00ed nov\u00fdch z\u00e1kazn\u00edk\u016f v\u202fmoment\u011b, kdy v\u00e1s hledaj\u00ed. Profil na Firmy.cz m\u016f\u017ee zlep\u0161it va\u0161i pozici ve vyhled\u00e1v\u00e1n\u00ed Seznamu i Googlu.<\/p>\n<\/div>\n\n\n\n<div class=\"wp-block-column is-layout-flow wp-container-core-column-is-layout-16b3bfcb wp-block-column-is-layout-flow\"><figure class=\"aligncenter aligncenter wp-block-seznam-icon\"><img loading=\"lazy\" decoding=\"async\" width=\"64\" height=\"64\" src=\"https:\/\/o-seznam.cz\/wp-content\/uploads\/sites\/5\/2025\/04\/ikonka-sklik-reklamy-pod-kontrolou.svg\" class=\"attachment-full size-full\" alt=\"\" \/><\/figure>\n\n\n\n<p class=\"has-text-align-center is-style-wrap-balance\"><strong><strong>P\u0159\u00edstup k analytice a recenz\u00edm<\/strong><\/strong><\/p>\n\n\n\n<p class=\"has-text-align-center is-style-wrap-balance\">Z\u00edskejte cenn\u00e1 data o v\u00fdkonu va\u0161eho firemn\u00edho profilu, zjist\u011bte, na jak\u00e1 kl\u00ed\u010dov\u00e1 slova se zobrazuje, a shroma\u017e\u010fujte recenze a hodnocen\u00ed od z\u00e1kazn\u00edk\u016f.<\/p>\n<\/div>\n<\/div>\n<\/div>\n\n\n\n<div class=\"wp-block-group is-layout-constrained wp-block-group-is-layout-constrained\"><div class=\"mediaText is-position-right is-orientation-landscape is-style-default\">\n\t\n\t<div class=\"mediaText__media\">\n\t\t<img loading=\"lazy\" decoding=\"async\" width=\"493\" height=\"277\" src=\"https:\/\/o-seznam.cz\/wp-content\/uploads\/sites\/5\/2025\/07\/circle-7-25-1.png\" class=\"\" alt=\"\" srcset=\"https:\/\/o-seznam.cz\/wp-content\/uploads\/sites\/5\/2025\/07\/circle-7-25-1.png 493w, https:\/\/o-seznam.cz\/wp-content\/uploads\/sites\/5\/2025\/07\/circle-7-25-1-320x180.png 320w\" sizes=\"auto, (max-width: 493px) 100vw, 493px\" \/>\t<\/div>\n\n\t<div class=\"mediaText__content is-layout-flow\">\n\n<div class=\"wp-block-group is-layout-constrained wp-container-core-group-is-layout-beff7c7e wp-block-group-is-layout-constrained\">\n<h2 class=\"wp-block-heading\"><strong>Seznam Naplno: bu\u010fte v\u00edc vid\u011bt<\/strong><\/h2>\n\n\n\n<p class=\"is-style-wrap-balance\">S programem Seznam Naplno se va\u0161e firma zobraz\u00ed nejen na Firmy.cz, ale i ve v\u00fdsledc\u00edch vyhled\u00e1v\u00e1n\u00ed Seznam.cz, Mapy.com a dal\u0161\u00edch slu\u017eb\u00e1ch. Vyberte si jeden z p\u011bti tarif\u016f Seznam Naplno a zviditeln\u011bte sv\u00e9 podnik\u00e1n\u00ed \u2013 t\u0159eba reklamou na hlavn\u00ed str\u00e1nce Seznamu nebo p\u0159id\u00e1n\u00edm Ak\u010dn\u00edch tla\u010d\u00edtek na v\u00e1\u0161 profil.<\/p>\n<\/div>\n\n\n\n<p class=\"is-style-next\"><a href=\"#\">Tarify Seznamu Naplno<\/a><\/p>\n\n<\/div>\t\n<\/div>\n<\/div>\n\n\n\n<div class=\"wp-block-group is-layout-constrained wp-block-group-is-layout-constrained\">\n<h2 class=\"wp-block-heading has-text-align-center\"><strong>Vhodn\u00e9 pro v\u0161echny kategorie<\/strong><\/h2>\n\n\n\n<div class=\"wp-block-group is-layout-constrained wp-block-group-is-layout-constrained\">\n<div class=\"accordion limiter\" data-limiter=\"5\" data-limiter-selector=\"&gt; .accordion__items\">\n\t<div class=\"accordion__items\">\n\n<details class=\"expander is-style-default is-style-symbol is-style-symbol-icon\">\n\t<summary data-datalayer-name=\"\" data-datalayer-text=\"Auto-moto\">\n\t\t\t\t\t<span><img loading=\"lazy\" decoding=\"async\" width=\"32\" height=\"32\" src=\"https:\/\/o-seznam.cz\/wp-content\/uploads\/sites\/5\/2026\/02\/ikonka-auto-32x32-1.svg\" class=\"attachment-full size-full\" alt=\"\" \/><\/span>\n\t\t\t\t<strong>Auto-moto<\/strong>\n\t\t\t<\/summary>\n\t<div class=\"inner-blocks\">\n\n<ul class=\"wp-block-list\">\n<li>Auto-moto inzertn\u00ed servery<\/li>\n\n\n\n<li>Auto-moto prodejci<\/li>\n\n\n\n<li>Auto-moto slu\u017eby<\/li>\n\n\n\n<li>Auto-moto v\u00fdrobci<\/li>\n\n\n\n<li>Velkoobchod auto-moto<\/li>\n<\/ul>\n\n<\/div><\/details>\n\n\n\n<details class=\"expander is-style-default is-style-symbol is-style-symbol-icon\">\n\t<summary data-datalayer-name=\"\" data-datalayer-text=\"Cestovn\u00ed slu\u017eby\">\n\t\t\t\t\t<span><img loading=\"lazy\" decoding=\"async\" width=\"32\" height=\"32\" src=\"https:\/\/o-seznam.cz\/wp-content\/uploads\/sites\/5\/2026\/03\/ikonka-cestovni-sluzby-32x32-1.svg\" class=\"attachment-full size-full\" alt=\"\" \/><\/span>\n\t\t\t\t<strong>Cestovn\u00ed slu\u017eby<\/strong>\n\t\t\t<\/summary>\n\t<div class=\"inner-blocks\">\n\n<ul class=\"wp-block-list\">\n<li>Celn\u00ed slu\u017eby<\/li>\n\n\n\n<li>Cestovn\u00ed kancel\u00e1\u0159e a agentury<\/li>\n\n\n\n<li>Datab\u00e1ze pohostinsk\u00fdch za\u0159\u00edzen\u00ed<\/li>\n\n\n\n<li>Datab\u00e1ze ubytovac\u00edch za\u0159\u00edzen\u00ed<\/li>\n\n\n\n<li>Doprava a p\u0159eprava<\/li>\n\n\n\n<li>On-line prodej z\u00e1jezd\u016f a letenek<\/li>\n\n\n\n<li>Slu\u017eby turist\u016fm<\/li>\n\n\n\n<li>Ubytovac\u00ed slu\u017eby<\/li>\n<\/ul>\n\n<\/div><\/details>\n\n\n\n<details class=\"expander is-style-default is-style-symbol is-style-symbol-icon\">\n\t<summary data-datalayer-name=\"\" data-datalayer-text=\"Restaura\u010dn\u00ed a pohostinsk\u00e9 slu\u017eby\">\n\t\t\t\t\t<span><img loading=\"lazy\" decoding=\"async\" width=\"32\" height=\"32\" src=\"https:\/\/o-seznam.cz\/wp-content\/uploads\/sites\/5\/2026\/03\/ikonka-restaurace-pohostinske-sluzby-32x32-1.svg\" class=\"attachment-full size-full\" alt=\"\" \/><\/span>\n\t\t\t\t<strong>Restaura\u010dn\u00ed a pohostinsk\u00e9 slu\u017eby<\/strong>\n\t\t\t<\/summary>\n\t<div class=\"inner-blocks\">\n\n<ul class=\"wp-block-list\">\n<li>Bary<\/li>\n\n\n\n<li>Catering<\/li>\n\n\n\n<li>Cukr\u00e1rny<\/li>\n\n\n\n<li>\u010cajovny<\/li>\n\n\n\n<li>Datab\u00e1ze pohostinsk\u00fdch za\u0159\u00edzen\u00ed<\/li>\n\n\n\n<li>Hospody a hostince<\/li>\n\n\n\n<li>Hotelov\u00e9 restaurace<\/li>\n\n\n\n<li>J\u00eddeln\u00ed stravov\u00e1n\u00ed<\/li>\n\n\n\n<li>Kav\u00e1rny<\/li>\n\n\n\n<li>Motoresty<\/li>\n\n\n\n<li>Prodej n\u00e1bytku pro obchody a restaurace<\/li>\n\n\n\n<li>Prodej vybaven\u00ed pro gastronomick\u00e9 provozy<\/li>\n\n\n\n<li>Restaurace<\/li>\n\n\n\n<li>Rychl\u00e1 ob\u010derstven\u00ed a snack bary<\/li>\n\n\n\n<li>Vin\u00e1rny<\/li>\n\n\n\n<li>Vinn\u00e9 sklepy<\/li>\n<\/ul>\n\n<\/div><\/details>\n\n\n\n<details class=\"expander is-style-default is-style-symbol is-style-symbol-icon\">\n\t<summary data-datalayer-name=\"\" data-datalayer-text=\"Elektro, mobily a po\u010d\u00edta\u010de\">\n\t\t\t\t\t<span><img loading=\"lazy\" decoding=\"async\" width=\"32\" height=\"32\" src=\"https:\/\/o-seznam.cz\/wp-content\/uploads\/sites\/5\/2026\/03\/ikonka-elektro-32x32-1.svg\" class=\"attachment-full size-full\" alt=\"\" \/><\/span>\n\t\t\t\t<strong>Elektro, mobily a po\u010d\u00edta\u010de<\/strong>\n\t\t\t<\/summary>\n\t<div class=\"inner-blocks\">\n\n<ul class=\"wp-block-list\">\n<li>Bazary s elektro zbo\u017e\u00edm<\/li>\n\n\n\n<li>Elektromont\u00e1\u017en\u00ed a elektroinstala\u010dn\u00ed pr\u00e1ce<\/li>\n\n\n\n<li>Elektroservisy<\/li>\n\n\n\n<li>Prodej elektrotechniky pro z\u00e1bavn\u00ed podniky<\/li>\n\n\n\n<li>Klimatiza\u010dn\u00ed technika<\/li>\n\n\n\n<li>On-line prodej spot\u0159ebn\u00ed elektroniky a elektrotechniky<\/li>\n\n\n\n<li>Prodej elektrosou\u010d\u00e1stek<\/li>\n\n\n\n<li>Prodej elektrotechnick\u00e9ho za\u0159\u00edzen\u00ed a p\u0159\u00edstroj\u016f<\/li>\n\n\n\n<li>Prodej kancel\u00e1\u0159sk\u00e9 a obchodn\u00ed techniky<\/li>\n\n\n\n<li>Prodej komunika\u010dn\u00ed techniky<\/li>\n\n\n\n<li>Prodej v\u00fdpo\u010detn\u00ed techniky<\/li>\n\n\n\n<li>P\u016fj\u010dovny spot\u0159ebn\u00ed elektroniky<\/li>\n\n\n\n<li>Prodej spot\u0159ebn\u00ed elektroniky a elektrotechniky<\/li>\n\n\n\n<li>Velkoobchod spot\u0159ebn\u00ed elektroniky a elektrotechniky<\/li>\n\n\n\n<li>V\u00fdroba elektroniky a elektrotechniky<\/li>\n<\/ul>\n\n<\/div><\/details>\n\n\n\n<details class=\"expander is-style-default is-style-symbol is-style-symbol-icon\">\n\t<summary data-datalayer-name=\"\" data-datalayer-text=\"Banky a finan\u010dn\u00ed slu\u017eby\">\n\t\t\t\t\t<span><img loading=\"lazy\" decoding=\"async\" width=\"32\" height=\"32\" src=\"https:\/\/o-seznam.cz\/wp-content\/uploads\/sites\/5\/2026\/03\/ikonka-banky-finance-32x32-1.svg\" class=\"attachment-full size-full\" alt=\"\" \/><\/span>\n\t\t\t\t<strong>Banky a finan\u010dn\u00ed slu\u017eby<\/strong>\n\t\t\t<\/summary>\n\t<div class=\"inner-blocks\">\n\n<ul class=\"wp-block-list\">\n<li>Aukce a dra\u017eby<\/li>\n\n\n\n<li>Bankovn\u00ed a spo\u0159iteln\u00ed slu\u017eby<\/li>\n\n\n\n<li>Investi\u010dn\u00ed fondy<\/li>\n\n\n\n<li>Investov\u00e1n\u00ed<\/li>\n\n\n\n<li>Leasingov\u00e9 spole\u010dnosti<\/li>\n\n\n\n<li>On-line bankovn\u00ed a finan\u010dn\u00ed slu\u017eby<\/li>\n\n\n\n<li>Pohled\u00e1vkov\u00e9 a likvida\u010dn\u00ed slu\u017eby<\/li>\n\n\n\n<li>Poji\u0161\u0165ovac\u00ed slu\u017eby<\/li>\n\n\n\n<li>Sm\u011bn\u00e1rny<\/li>\n\n\n\n<li>\u00da\u010detn\u00ed slu\u017eby<\/li>\n\n\n\n<li>\u00dav\u011bry a p\u016fj\u010dky<\/li>\n<\/ul>\n\n<\/div><\/details>\n\n\n\n<details class=\"expander is-style-default is-style-symbol is-style-symbol-icon limiter-item-hidden\">\n\t<summary data-datalayer-name=\"\" data-datalayer-text=\"Instituce a \u00fa\u0159ady\">\n\t\t\t\t\t<span><img loading=\"lazy\" decoding=\"async\" width=\"32\" height=\"32\" src=\"https:\/\/o-seznam.cz\/wp-content\/uploads\/sites\/5\/2026\/03\/ikonka-instituce-a-urady-32x32-1.svg\" class=\"attachment-full size-full\" alt=\"\" \/><\/span>\n\t\t\t\t<strong>Instituce a \u00fa\u0159ady<\/strong>\n\t\t\t<\/summary>\n\t<div class=\"inner-blocks\">\n\n<p>Tempor id incididunt ipsum in consequat dolor. Incididunt, ipsum in consequat. Consequat dolor, aliqua laboris pariatur aliquip tempor sed. Laboris, pariatur aliquip tempor. Tempor sed magna veniam reprehenderit voluptate.<\/p>\n\n\n\n<ul class=\"wp-block-list\">\n<li>C\u00edrkevn\u00ed instituce a sbory<\/li>\n\n\n\n<li>Hospod\u00e1\u0159sk\u00e9 instituce<\/li>\n\n\n\n<li>Neziskov\u00e9 a humanit\u00e1rn\u00ed instituce<\/li>\n\n\n\n<li>Politick\u00e9 strany<\/li>\n\n\n\n<li>Samospr\u00e1va<\/li>\n\n\n\n<li>Soci\u00e1ln\u00ed a pracovn\u00ed organizace<\/li>\n\n\n\n<li>St\u00e1tn\u00ed organizace a \u00fa\u0159ady<\/li>\n\n\n\n<li>Svazy, spolky a sdru\u017een\u00ed<\/li>\n\n\n\n<li>V\u011bdeck\u00e9 a v\u00fdzkumn\u00e9 instituce<\/li>\n\n\n\n<li>Vzd\u011bl\u00e1vac\u00ed instituce<\/li>\n\n\n\n<li>Zahrani\u010dn\u00ed a mezin\u00e1rodn\u00ed instituce<\/li>\n\n\n\n<li>Z\u00e1chrann\u00e9 a bezpe\u010dnostn\u00ed instituce<\/li>\n\n\n\n<li>Zdravotn\u00ed instituce<\/li>\n<\/ul>\n\n<\/div><\/details>\n\n\n\n<details class=\"expander is-style-default is-style-symbol is-style-symbol-icon limiter-item-hidden\">\n\t<summary data-datalayer-name=\"\" data-datalayer-text=\"Obchody a obch\u016fdky\">\n\t\t\t\t\t<span><img loading=\"lazy\" decoding=\"async\" width=\"32\" height=\"32\" src=\"https:\/\/o-seznam.cz\/wp-content\/uploads\/sites\/5\/2026\/03\/ikonka-obchody-a-obchudky-32x32-1.svg\" class=\"attachment-full size-full\" alt=\"\" \/><\/span>\n\t\t\t\t<strong>Obchody a obch\u016fdky<\/strong>\n\t\t\t<\/summary>\n\t<div class=\"inner-blocks\">\n\n<p>Tempor id incididunt ipsum in consequat dolor. Incididunt, ipsum in consequat. Consequat dolor, aliqua laboris pariatur aliquip tempor sed. Laboris, pariatur aliquip tempor. Tempor sed magna veniam reprehenderit voluptate.<\/p>\n\n\n\n<ul class=\"wp-block-list\">\n<li>Auto-moto prodejci<\/li>\n\n\n\n<li>Bazary a zastav\u00e1rny<\/li>\n\n\n\n<li>Elektro, mobily a po\u010d\u00edta\u010de<\/li>\n\n\n\n<li>Hypermarkety, supermarkety a obchodn\u00ed domy<\/li>\n\n\n\n<li>Prodej instalat\u00e9rsk\u00fdch a topen\u00e1\u0159sk\u00fdch pot\u0159eb<\/li>\n\n\n\n<li>Katalogy obchod\u016f a obchodn\u00edch dom\u016f<\/li>\n\n\n\n<li>Prodej mobiln\u00edch telefon\u016f a p\u0159\u00edslu\u0161enstv\u00ed<\/li>\n\n\n\n<li>On-line nakupov\u00e1n\u00ed<\/li>\n\n\n\n<li>Pap\u00edrnictv\u00ed<\/li>\n\n\n\n<li>Prodej bez obalu<\/li>\n\n\n\n<li>Prodej d\u00e1rkov\u00e9ho zbo\u017e\u00ed<\/li>\n\n\n\n<li>Prodej d\u011btsk\u00e9ho zbo\u017e\u00ed a pot\u0159eb<\/li>\n\n\n\n<li>Prodej dom\u00e1c\u00edch pot\u0159eb<\/li>\n\n\n\n<li>Prodej drogerie a chemie<\/li>\n\n\n\n<li>Prodej erotick\u00e9ho zbo\u017e\u00ed<\/li>\n\n\n\n<li>Prodej fotografick\u00e9 techniky<\/li>\n\n\n\n<li>Prodej hobby pot\u0159eb<\/li>\n\n\n\n<li>Prodej hudebnin a hudebn\u00edch n\u00e1stroj\u016f<\/li>\n\n\n\n<li>Prodej kancel\u00e1\u0159sk\u00fdch pot\u0159eb a vybaven\u00ed<\/li>\n\n\n\n<li>Prodej klenot\u016f a hodinek<\/li>\n\n\n\n<li>Prodej knih a tiskovin<\/li>\n\n\n\n<li>Prodej kv\u011btin<\/li>\n\n\n\n<li>Prodej m\u00e9di\u00ed a nosi\u010d\u016f informac\u00ed<\/li>\n\n\n\n<li>Prodej military zbo\u017e\u00ed<\/li>\n\n\n\n<li>Prodej mobili\u00e1\u0159\u016f<\/li>\n\n\n\n<li>Prodej n\u00e1bytku<\/li>\n\n\n\n<li>Prodej obal\u016f<\/li>\n\n\n\n<li>Prodej pap\u00edrnick\u00e9ho zbo\u017e\u00ed<\/li>\n\n\n\n<li>Prodej potravin<\/li>\n\n\n\n<li>Prodej reklamn\u00edho zbo\u017e\u00ed<\/li>\n\n\n\n<li>Prodej skla, porcel\u00e1nu a keramiky<\/li>\n\n\n\n<li>Prodej spole\u010densk\u00fdch pot\u0159eb<\/li>\n\n\n\n<li>Prodej sportovn\u00edch pot\u0159eb<\/li>\n\n\n\n<li>Prodej stavebnin<\/li>\n\n\n\n<li>Prodej surovin a polotovar\u016f<\/li>\n\n\n\n<li>Prodej tab\u00e1kov\u00fdch v\u00fdrobk\u016f a pot\u0159eb<\/li>\n\n\n\n<li>Prodej textilu, od\u011bv\u016f a obuvi<\/li>\n\n\n\n<li>Prodej u\u010debn\u00edch a demonstra\u010dn\u00edch pom\u016fcek<\/li>\n\n\n\n<li>Prodej um\u011bleck\u00fdch p\u0159edm\u011bt\u016f<\/li>\n\n\n\n<li>Prodej v\u00fdpo\u010detn\u00ed techniky<\/li>\n\n\n\n<li>Prodej z\u00e1bavn\u00edho zbo\u017e\u00ed<\/li>\n\n\n\n<li>Prodej zem\u011bd\u011blsk\u00fdch komodit<\/li>\n\n\n\n<li>Prodej \u017eelez\u00e1\u0159sk\u00e9ho zbo\u017e\u00ed<\/li>\n\n\n\n<li>Prodejn\u00ed automaty<\/li>\n\n\n\n<li>Zdravotnick\u00e9 zbo\u017e\u00ed a l\u00e9\u010diva<\/li>\n<\/ul>\n\n<\/div><\/details>\n\n\n\n<details class=\"expander is-style-default is-style-symbol is-style-symbol-icon limiter-item-hidden\">\n\t<summary data-datalayer-name=\"\" data-datalayer-text=\"Slu\u017eby a \u0159emesla\">\n\t\t\t\t\t<span><img loading=\"lazy\" decoding=\"async\" width=\"32\" height=\"32\" src=\"https:\/\/o-seznam.cz\/wp-content\/uploads\/sites\/5\/2026\/03\/ikonka-sluzby-a-remesla-32x32-1.svg\" class=\"attachment-full size-full\" alt=\"\" \/><\/span>\n\t\t\t\t<strong>Slu\u017eby a \u0159emesla<\/strong>\n\t\t\t<\/summary>\n\t<div class=\"inner-blocks\">\n\n<p>Tempor id incididunt ipsum in consequat dolor. Incididunt, ipsum in consequat. Consequat dolor, aliqua laboris pariatur aliquip tempor sed. Laboris, pariatur aliquip tempor. Tempor sed magna veniam reprehenderit voluptate.<\/p>\n\n\n\n<ul class=\"wp-block-list\">\n<li>Administrativn\u00ed slu\u017eby<\/li>\n\n\n\n<li>Astrologie a numerologie<\/li>\n\n\n\n<li>Banky a finan\u010dn\u00ed slu\u017eby<\/li>\n\n\n\n<li>Bezpe\u010dnostn\u00ed slu\u017eby<\/li>\n\n\n\n<li>Cestovn\u00ed slu\u017eby<\/li>\n\n\n\n<li>Doprava a p\u0159eprava<\/li>\n\n\n\n<li>Ekologick\u00e9 slu\u017eby<\/li>\n\n\n\n<li>Fotografick\u00e9 slu\u017eby<\/li>\n\n\n\n<li>Jazykov\u00e9 slu\u017eby<\/li>\n\n\n\n<li>Komun\u00e1ln\u00ed a m\u011bstsk\u00e9 slu\u017eby<\/li>\n\n\n\n<li>Krej\u010dovstv\u00ed a st\u0159ihy<\/li>\n\n\n\n<li>Medi\u00e1ln\u00ed slu\u017eby<\/li>\n\n\n\n<li>Oh\u0148ostroje, pyrotechnick\u00e9 slu\u017eby<\/li>\n\n\n\n<li>On-line slu\u017eby<\/li>\n\n\n\n<li>Po\u010d\u00edta\u010dov\u00e9 a internetov\u00e9 slu\u017eby<\/li>\n\n\n\n<li>Polygrafick\u00e9 slu\u017eby<\/li>\n\n\n\n<li>Poradensk\u00e9 slu\u017eby pro firmy<\/li>\n\n\n\n<li>Povrchov\u00e9 \u00fapravy<\/li>\n\n\n\n<li>Pr\u00e1vn\u00ed slu\u017eby<\/li>\n\n\n\n<li>Projektov\u00e9 pr\u00e1ce<\/li>\n\n\n\n<li>P\u016fj\u010dovny<\/li>\n\n\n\n<li>Reality<\/li>\n\n\n\n<li>Reklamn\u00ed a marketingov\u00e9 slu\u017eby<\/li>\n\n\n\n<li>Restaura\u010dn\u00ed a pohostinsk\u00e9 slu\u017eby<\/li>\n\n\n\n<li>Revize<\/li>\n\n\n\n<li>\u0158emesla<\/li>\n\n\n\n<li>Sb\u011brny druhotn\u00fdch surovin<\/li>\n\n\n\n<li>Servisy a oprav\u00e1\u0159stv\u00ed<\/li>\n\n\n\n<li>Slu\u017eby p\u00e9\u010de o t\u011blo<\/li>\n\n\n\n<li>Slu\u017eby pro d\u016fm, byt a zahradu<\/li>\n\n\n\n<li>Spole\u010densk\u00e9 slu\u017eby<\/li>\n\n\n\n<li>Sportovn\u00ed slu\u017eby<\/li>\n\n\n\n<li>Stavebnictv\u00ed<\/li>\n\n\n\n<li>Stroj\u00edrenstv\u00ed<\/li>\n\n\n\n<li>Telekomunikace<\/li>\n\n\n\n<li>Trh pr\u00e1ce<\/li>\n\n\n\n<li>Ubytovac\u00ed slu\u017eby<\/li>\n\n\n\n<li>\u00daklid, \u00fadr\u017eba a \u010di\u0161t\u011bn\u00ed<\/li>\n\n\n\n<li>Um\u011bleck\u00e9 a z\u00e1bavn\u00ed slu\u017eby<\/li>\n\n\n\n<li>V\u00fduka<\/li>\n\n\n\n<li>Zdravotnick\u00e9 slu\u017eby<\/li>\n<\/ul>\n\n<\/div><\/details>\n\n\n\n<details class=\"expander is-style-default is-style-symbol is-style-symbol-icon limiter-item-hidden\">\n\t<summary data-datalayer-name=\"\" data-datalayer-text=\"D\u016fm, byt a zahrada\">\n\t\t\t\t\t<span><img loading=\"lazy\" decoding=\"async\" width=\"32\" height=\"32\" src=\"https:\/\/o-seznam.cz\/wp-content\/uploads\/sites\/5\/2026\/03\/ikonka-dum-byt-zahrada-32x32-1.svg\" class=\"attachment-full size-full\" alt=\"\" \/><\/span>\n\t\t\t\t<strong>D\u016fm, byt a zahrada<\/strong>\n\t\t\t<\/summary>\n\t<div class=\"inner-blocks\">\n\n<p>Tempor id incididunt ipsum in consequat dolor. Incididunt, ipsum in consequat. Consequat dolor, aliqua laboris pariatur aliquip tempor sed. Laboris, pariatur aliquip tempor. Tempor sed magna veniam reprehenderit voluptate.<\/p>\n\n\n\n<ul class=\"wp-block-list\">\n<li>On-line prodej pot\u0159eb pro bydlen\u00ed<\/li>\n\n\n\n<li>Prodej stavebnin<\/li>\n\n\n\n<li>Prodej sv\u00edtidel a osv\u011btlen\u00ed<\/li>\n\n\n\n<li>Prodej vybaven\u00ed dom\u016f<\/li>\n\n\n\n<li>Prodej vybaven\u00ed pro zahradu<\/li>\n\n\n\n<li>Reality<\/li>\n\n\n\n<li>Slu\u017eby pro d\u016fm, byt a zahradu<\/li>\n\n\n\n<li>Velkoobchod pot\u0159eb pro bydlen\u00ed<\/li>\n\n\n\n<li>Vybaven\u00ed pro d\u016fm, byt a zahradu<\/li>\n\n\n\n<li>V\u00fdroba baz\u00e9n\u016f a p\u0159\u00edslu\u0161enstv\u00ed<\/li>\n<\/ul>\n\n<\/div><\/details>\n\n\n\n<details class=\"expander is-style-default is-style-symbol is-style-symbol-icon limiter-item-hidden\">\n\t<summary data-datalayer-name=\"\" data-datalayer-text=\"Prvn\u00ed pomoc a zdravotnictv\u00ed\">\n\t\t\t\t\t<span><img loading=\"lazy\" decoding=\"async\" width=\"32\" height=\"32\" src=\"https:\/\/o-seznam.cz\/wp-content\/uploads\/sites\/5\/2026\/03\/ikonka-prvni-pomoc-zdravotnictvi-32x32-1.svg\" class=\"attachment-full size-full\" alt=\"\" \/><\/span>\n\t\t\t\t<strong>Prvn\u00ed pomoc a zdravotnictv\u00ed<\/strong>\n\t\t\t<\/summary>\n\t<div class=\"inner-blocks\">\n\n<p>Tempor id incididunt ipsum in consequat dolor. Incididunt, ipsum in consequat. Consequat dolor, aliqua laboris pariatur aliquip tempor sed. Laboris, pariatur aliquip tempor. Tempor sed magna veniam reprehenderit voluptate.<\/p>\n\n\n\n<ul class=\"wp-block-list\">\n<li>Datab\u00e1ze zdravotnick\u00fdch za\u0159\u00edzen\u00ed<\/li>\n\n\n\n<li>L\u00e9k\u00e1rny<\/li>\n\n\n\n<li>Nemocnice<\/li>\n\n\n\n<li>Z\u00e1chrann\u00e9 slu\u017eby<\/li>\n\n\n\n<li>Zdravotn\u00ed instituce<\/li>\n\n\n\n<li>Zdravotnick\u00e1 za\u0159\u00edzen\u00ed<\/li>\n\n\n\n<li>Zdravotnick\u00e9 slu\u017eby<\/li>\n\n\n\n<li>Zdravotnick\u00e9 zbo\u017e\u00ed a l\u00e9\u010diva<\/li>\n<\/ul>\n\n<\/div><\/details>\n\n\n\n<details class=\"expander is-style-default is-style-symbol is-style-symbol-icon limiter-item-hidden\">\n\t<summary data-datalayer-name=\"\" data-datalayer-text=\"V\u0161e pro firmy\">\n\t\t\t\t\t<span><img loading=\"lazy\" decoding=\"async\" width=\"32\" height=\"32\" src=\"https:\/\/o-seznam.cz\/wp-content\/uploads\/sites\/5\/2026\/03\/ikonka-vse-pro-firmy-32x32-1.svg\" class=\"attachment-full size-full\" alt=\"\" \/><\/span>\n\t\t\t\t<strong>V\u0161e pro firmy<\/strong>\n\t\t\t<\/summary>\n\t<div class=\"inner-blocks\">\n\n<p>Tempor id incididunt ipsum in consequat dolor. Incididunt, ipsum in consequat. Consequat dolor, aliqua laboris pariatur aliquip tempor sed. Laboris, pariatur aliquip tempor. Tempor sed magna veniam reprehenderit voluptate.<\/p>\n\n\n\n<ul class=\"wp-block-list\">\n<li>Prodej vybaven\u00ed a techniky pro firmy<\/li>\n\n\n\n<li>Slu\u017eby pro firmy<\/li>\n\n\n\n<li>V\u00fdroba vybaven\u00ed a techniky pro firmy<\/li>\n<\/ul>\n\n<\/div><\/details>\n\n\n\n<details class=\"expander is-style-default is-style-symbol is-style-symbol-icon limiter-item-hidden\">\n\t<summary data-datalayer-name=\"\" data-datalayer-text=\"Velkoobchod a v\u00fdroba\">\n\t\t\t\t\t<span><img loading=\"lazy\" decoding=\"async\" width=\"32\" height=\"32\" src=\"https:\/\/o-seznam.cz\/wp-content\/uploads\/sites\/5\/2026\/03\/ikonka-velkoobchod-a-vyroba-32x32-1.svg\" class=\"attachment-full size-full\" alt=\"\" \/><\/span>\n\t\t\t\t<strong>Velkoobchod a v\u00fdroba<\/strong>\n\t\t\t<\/summary>\n\t<div class=\"inner-blocks\">\n\n<p>Tempor id incididunt ipsum in consequat dolor. Incididunt, ipsum in consequat. Consequat dolor, aliqua laboris pariatur aliquip tempor sed. Laboris, pariatur aliquip tempor. Tempor sed magna veniam reprehenderit voluptate.<\/p>\n\n\n\n<ul class=\"wp-block-list\">\n<li>Auto-moto v\u00fdrobci<\/li>\n\n\n\n<li>Rozvody a v\u00fdroba elekt\u0159iny, plynu a vody<\/li>\n\n\n\n<li>Velkoobchod<\/li>\n\n\n\n<li>V\u00fdroba d\u00e1rkov\u00e9ho zbo\u017e\u00ed<\/li>\n\n\n\n<li>V\u00fdroba d\u011btsk\u00fdch pot\u0159eb<\/li>\n\n\n\n<li>V\u00fdroba drogerie a chemie<\/li>\n\n\n\n<li>V\u00fdroba elektroniky a elektrotechniky<\/li>\n\n\n\n<li>V\u00fdroba hobby pot\u0159eb<\/li>\n\n\n\n<li>V\u00fdroba hutn\u00edch produkt\u016f<\/li>\n\n\n\n<li>V\u00fdroba instala\u010dn\u00edho zbo\u017e\u00ed a materi\u00e1l\u016f<\/li>\n\n\n\n<li>V\u00fdroba klenot\u016f a hodinek<\/li>\n\n\n\n<li>V\u00fdroba m\u00e9di\u00ed a nosi\u010d\u016f informac\u00ed<\/li>\n\n\n\n<li>V\u00fdroba mobili\u00e1\u0159\u016f<\/li>\n\n\n\n<li>V\u00fdroba n\u00e1bytku<\/li>\n\n\n\n<li>V\u00fdroba obal\u016f<\/li>\n\n\n\n<li>V\u00fdroba pap\u00edrov\u00e9ho a polygrafick\u00e9ho zbo\u017e\u00ed<\/li>\n\n\n\n<li>V\u00fdroba potravin<\/li>\n\n\n\n<li>V\u00fdroba pot\u0159eb pro bydlen\u00ed<\/li>\n\n\n\n<li>V\u00fdroba reklamn\u00edho zbo\u017e\u00ed<\/li>\n\n\n\n<li>V\u00fdroba skla, porcel\u00e1nu a keramiky<\/li>\n\n\n\n<li>V\u00fdroba sportovn\u00edch pot\u0159eb<\/li>\n\n\n\n<li>V\u00fdroba stavebnin<\/li>\n\n\n\n<li>V\u00fdroba surovin a polotovar\u016f<\/li>\n\n\n\n<li>V\u00fdroba textilu, od\u011bv\u016f a obuvi<\/li>\n\n\n\n<li>V\u00fdroba um\u011bleck\u00fdch p\u0159edm\u011bt\u016f<\/li>\n\n\n\n<li>V\u00fdroba vybaven\u00ed a techniky pro firmy<\/li>\n\n\n\n<li>V\u00fdroba v\u00fdpo\u010detn\u00ed komunika\u010dn\u00ed techniky<\/li>\n\n\n\n<li>V\u00fdroba zbo\u017e\u00ed pro z\u00e1bavu a atrakce<\/li>\n\n\n\n<li>V\u00fdroba zdravotnick\u00e9 techniky<\/li>\n\n\n\n<li>V\u00fdroba zdravotnick\u00e9ho zbo\u017e\u00ed a techniky<\/li>\n\n\n\n<li>V\u00fdroba zem\u011bd\u011blsk\u00fdch komodit<\/li>\n\n\n\n<li>V\u00fdroba \u017eelez\u00e1\u0159sk\u00e9ho zbo\u017e\u00ed<\/li>\n<\/ul>\n\n<\/div><\/details>\n\n<\/div><\/div>\n\n<\/div>\n<\/div>\n\n\n\n<div class=\"wp-block-group is-layout-constrained wp-block-group-is-layout-constrained\"><div class=\"mediaText is-position-right is-orientation-landscape is-style-default\">\n\t\n\t<div class=\"mediaText__media\">\n\t\t<img loading=\"lazy\" decoding=\"async\" width=\"1845\" height=\"1236\" src=\"https:\/\/o-seznam.cz\/wp-content\/uploads\/sites\/5\/2026\/02\/reklama-sociodemografie-1.jpg\" class=\"\" alt=\"\" srcset=\"https:\/\/o-seznam.cz\/wp-content\/uploads\/sites\/5\/2026\/02\/reklama-sociodemografie-1.jpg 1845w, https:\/\/o-seznam.cz\/wp-content\/uploads\/sites\/5\/2026\/02\/reklama-sociodemografie-1-992x665.jpg 992w, https:\/\/o-seznam.cz\/wp-content\/uploads\/sites\/5\/2026\/02\/reklama-sociodemografie-1-320x214.jpg 320w, https:\/\/o-seznam.cz\/wp-content\/uploads\/sites\/5\/2026\/02\/reklama-sociodemografie-1-768x514.jpg 768w, https:\/\/o-seznam.cz\/wp-content\/uploads\/sites\/5\/2026\/02\/reklama-sociodemografie-1-1536x1029.jpg 1536w\" sizes=\"auto, (max-width: 1845px) 100vw, 1845px\" \/>\t<\/div>\n\n\t<div class=\"mediaText__content is-layout-flow\">\n\n<div class=\"wp-block-group is-layout-constrained wp-container-core-group-is-layout-beff7c7e wp-block-group-is-layout-constrained\">\n<h2 class=\"wp-block-heading\">Slu\u017eby maj\u00ed na Firmy.cz v\u00fdhodn\u011bj\u0161\u00ed pozice<\/h2>\n\n\n\n<p class=\"is-style-wrap-balance\">Ch\u00e1peme, jak d\u016fle\u017eit\u00e9 je pro poskytovatele slu\u017eeb b\u00fdt vid\u011bt ve sv\u00e9m regionu a oslovit m\u00edstn\u00ed z\u00e1kazn\u00edky. Na Firm\u00e1ch se nezobraz\u00edte jen t\u011bm, kte\u0159\u00ed v\u00e1s hledaj\u00ed, ale i t\u011bm, kte\u0159\u00ed proch\u00e1zej\u00ed relevantn\u00ed kategorie ve sv\u00e9m okol\u00ed a pot\u0159ebuj\u00ed va\u0161e slu\u017eby.<\/p>\n<\/div>\n\n\n\n<p class=\"is-style-next\"><a href=\"https:\/\/o-seznam.cz\/reklama\/firmy\/navstevnost-a-sociodemografie\/\" data-type=\"link\" data-id=\"https:\/\/o-seznam.cz\/reklama\/firmy\/navstevnost-a-sociodemografie\/\">Chci zn\u00e1t publikum<\/a><\/p>\n\n<\/div>\t\n<\/div>\n<\/div>\n\n\n\n<div class=\"wp-block-buttons is-content-justification-center is-layout-flex wp-container-core-buttons-is-layout-a89b3969 wp-block-buttons-is-layout-flex\">\n<div class=\"wp-block-button\"><a class=\"wp-block-button__link wp-element-button\">Prohl\u00e9dnout slu\u017eby<\/a><\/div>\n<\/div>\n\n\n\n<div class=\"wp-block-group is-layout-constrained wp-block-group-is-layout-constrained\">\n<h2 class=\"wp-block-heading\"><strong>Za\u010dn\u011bte jednoduchou registrac\u00ed firmy<\/strong><\/h2>\n\n\n<div class=\"wp-block-seznam-timeline\">\n\t\n<div class=\"wp-block-seznam-timeline-item\">\n\t\n\n<p><strong>1. <strong>P\u0159idat firmu<\/strong><\/strong><\/p>\n\n\n\n<p>Na str\u00e1nce <em>admin.firmy.cz<\/em> klikn\u011bte na <em>Zalo\u017eit novou firmu<\/em>.<\/p>\n\n<\/div>\n\n\n<div class=\"wp-block-seznam-timeline-item\">\n\t\n\n<p><strong>2. <strong>Vytvo\u0159it \u00fa\u010det<\/strong><\/strong><\/p>\n\n\n\n<p>Zadejte I\u010cO nebo n\u00e1zev sv\u00e9 firmy, stiskn\u011bte <em>Vyhledat <\/em>a z nalezen\u00fdch firem vyberte tu svou.<\/p>\n\n<\/div>\n\n\n<div class=\"wp-block-seznam-timeline-item\">\n\t\n\n<p><strong>3. <strong>Dopl\u0148te \u00fadaje<\/strong><\/strong><\/p>\n\n\n\n<p>P\u0159idejte kontakty, popis \u010dinnosti, webovou adresu a dal\u0161\u00ed informace, aby va\u0161i potenci\u00e1ln\u00ed z\u00e1kazn\u00edci na\u0161li v\u0161e, co pot\u0159ebuj\u00ed.<\/p>\n\n<\/div>\n\n\n<div class=\"wp-block-seznam-timeline-item\">\n\t\n\n<p><strong>4. <strong>Hotovo!<\/strong><\/strong><\/p>\n\n\n\n<p>Po registraci na Firmy.cz se informace o va\u0161\u00ed firm\u011b budou zobrazovat i na dal\u0161\u00edch slu\u017eb\u00e1ch Seznamu.<\/p>\n\n<\/div>\n\n<\/div>\n<\/div>\n\n\n\n<div class=\"wp-block-buttons is-content-justification-center is-layout-flex wp-container-core-buttons-is-layout-a89b3969 wp-block-buttons-is-layout-flex\">\n<div class=\"wp-block-button\"><a class=\"wp-block-button__link wp-element-button\">Kdo jsou n\u00e1v\u0161t\u011bvn\u00edci Firmy.cz<\/a><\/div>\n<\/div>\n\n\n\n<div class=\"wp-block-group is-layout-constrained wp-block-group-is-layout-constrained\">\n<h2 class=\"wp-block-heading\">\u010cast\u00e9 ot\u00e1zky<\/h2>\n\n\n\n<div class=\"accordion\">\n\t<div class=\"accordion__items\">\n\n<details class=\"expander is-style-default\">\n\t<summary data-datalayer-name=\"\" data-datalayer-text=\"Jak mi Firmy.cz pomohou z\u00edskat v\u00edce z\u00e1kazn\u00edk\u016f?\">\n\t\t\t\t<strong>Jak mi Firmy.cz pomohou z\u00edskat v\u00edce z\u00e1kazn\u00edk\u016f?<\/strong>\n\t\t\t<\/summary>\n\t<div class=\"inner-blocks\">\n\n<p class=\"is-style-link-external\">Va\u0161e firma se zobraz\u00ed lidem, kte\u0159\u00ed aktivn\u011b hledaj\u00ed to, co nab\u00edz\u00edte. D\u00edky optimalizovan\u00e9mu profilu, recenz\u00edm a p\u0159esn\u00e9 lokalizaci m\u016f\u017eete zv\u00fd\u0161it n\u00e1v\u0161t\u011bvnost sv\u00e9ho webu, po\u010det objedn\u00e1vek nebo p\u0159\u00edm\u00e9 n\u00e1v\u0161t\u011bvy provozovny.<\/p>\n\n<\/div><\/details>\n\n\n\n<details class=\"expander is-style-default\">\n\t<summary data-datalayer-name=\"\" data-datalayer-text=\"Kolik inzerce na Firmy.cz stoj\u00ed?\">\n\t\t\t\t<strong>Kolik inzerce na Firmy.cz stoj\u00ed?<\/strong>\n\t\t\t<\/summary>\n\t<div class=\"inner-blocks\">\n\n<p>M\u00e1me r\u016fzn\u00e9 varianty z\u00e1pis\u016f \u2013 od z\u00e1kladn\u00edho (zdarma) a\u017e po pr\u00e9miov\u00e9 varianty s lep\u0161\u00ed viditelnost\u00ed a v\u00edce funkcemi v r\u00e1mci tarif\u016f Seznam Naplno. Cena z\u00e1vis\u00ed na zvolen\u00e9m tarifu. Pokud chete z\u00edskat v\u00edce informac\u00ed, nev\u00e1hejte n\u00e1s kontaktovat.<\/p>\n\n<\/div><\/details>\n\n\n\n<details class=\"expander is-style-default\">\n\t<summary data-datalayer-name=\"\" data-datalayer-text=\"Kdy\u017e u\u017e m\u00e1m web a soci\u00e1ln\u00ed s\u00edt\u011b, pro\u010d bych m\u011bl b\u00fdt i na Firmy.cz?\">\n\t\t\t\t<strong>Kdy\u017e u\u017e m\u00e1m web a soci\u00e1ln\u00ed s\u00edt\u011b, pro\u010d bych m\u011bl b\u00fdt i na Firmy.cz?<\/strong>\n\t\t\t<\/summary>\n\t<div class=\"inner-blocks\">\n\n<p>Firmy.cz p\u0159iv\u00e1d\u011bj\u00ed z\u00e1kazn\u00edky ve chv\u00edli, kdy hledaj\u00ed konkr\u00e9tn\u00ed slu\u017eby \u010di produkty. Na rozd\u00edl od soci\u00e1ln\u00edch s\u00edt\u00ed nebo jin\u00fdch platforem se u n\u00e1s lid\u00e9 rozhoduj\u00ed p\u0159\u00edmo \u2013 kdo se jim zobraz\u00ed, m\u00e1 vy\u0161\u0161\u00ed \u0161anci z\u00edskat zak\u00e1zku.<\/p>\n\n<\/div><\/details>\n\n\n\n<details class=\"expander is-style-default\">\n\t<summary data-datalayer-name=\"\" data-datalayer-text=\"Jak\u00fd je rozd\u00edl mezi z\u00e1kladn\u00edm a placen\u00fdm profilem?\">\n\t\t\t\t<strong>Jak\u00fd je rozd\u00edl mezi z\u00e1kladn\u00edm a placen\u00fdm profilem?<\/strong>\n\t\t\t<\/summary>\n\t<div class=\"inner-blocks\">\n\n<p>Z\u00e1kladn\u00ed profil v\u00e1m umo\u017en\u00ed b\u00fdt dohledateln\u00ed, ale s placen\u00fdm z\u00e1pisem z\u00edsk\u00e1te lep\u0161\u00ed pozici ve vyhled\u00e1v\u00e1n\u00ed, mo\u017enost p\u0159idat fotky, logo, kontaktn\u00ed \u00fadaje, provozn\u00ed dobu, slu\u017eby, a hlavn\u011b b\u00fdt v\u00edce na o\u010d\u00edch potenci\u00e1ln\u00edm z\u00e1kazn\u00edk\u016fm.<\/p>\n\n<\/div><\/details>\n\n\n\n<details class=\"expander is-style-default\">\n\t<summary data-datalayer-name=\"\" data-datalayer-text=\"Mohu sledovat, kolik lid\u00ed vid\u011blo m\u016fj profil nebo m\u011b kontaktovalo?\">\n\t\t\t\t<strong>Mohu sledovat, kolik lid\u00ed vid\u011blo m\u016fj profil nebo m\u011b kontaktovalo?<\/strong>\n\t\t\t<\/summary>\n\t<div class=\"inner-blocks\">\n\n<p>Ano, v administraci najdete statistiky n\u00e1v\u0161t\u011bvnosti, po\u010det proklik\u016f na web, zobrazen\u00ed telefonu i p\u0159\u00edm\u00e9 kontakty od z\u00e1kazn\u00edk\u016f.<\/p>\n\n<\/div><\/details>\n\n\n\n<details class=\"expander is-style-default\">\n\t<summary data-datalayer-name=\"\" data-datalayer-text=\"Co kdy\u017e m\u00e1m v\u00edce pobo\u010dek?\">\n\t\t\t\t<strong>Co kdy\u017e m\u00e1m v\u00edce pobo\u010dek?<\/strong>\n\t\t\t<\/summary>\n\t<div class=\"inner-blocks\">\n\n<p>Ka\u017edou pobo\u010dku si m\u016f\u017eete zalo\u017eit jako samostatn\u00fd profil, co\u017e zlep\u0161\u00ed dohledatelnost a umo\u017en\u00ed z\u00e1kazn\u00edk\u016fm naj\u00edt tu nejbli\u017e\u0161\u00ed. U placen\u00fdch z\u00e1pis\u016f m\u016f\u017eeme nab\u00eddnout i hromadnou spr\u00e1vu pomoc\u00ed feedu.<\/p>\n\n<\/div><\/details>\n\n\n\n<details class=\"expander is-style-default\">\n\t<summary data-datalayer-name=\"\" data-datalayer-text=\"Mohu sv\u016fj profil kdykoli upravit nebo smazat?\">\n\t\t\t\t<strong>Mohu sv\u016fj profil kdykoli upravit nebo smazat?<\/strong>\n\t\t\t<\/summary>\n\t<div class=\"inner-blocks\">\n\n<p>Ano, v\u0161echny informace ve va\u0161em profilu lze snadno upravovat v administraci. Pokud budete cht\u00edt profil zru\u0161it, sta\u010d\u00ed n\u00e1m d\u00e1t v\u011bd\u011bt.<\/p>\n\n<\/div><\/details>\n\n<\/div><\/div>\n\n<\/div>\n\n\n\n<div class=\"wp-block-group is-layout-constrained wp-block-group-is-layout-constrained\">\n<div class=\"wp-block-seznam-box is-layout-flow wp-block-seznam-box-is-layout-flow\">\n<div class=\"wp-block-group is-content-justification-center is-nowrap is-layout-flex wp-container-core-group-is-layout-23441af8 wp-block-group-is-layout-flex\">\n<p>R\u00e1di v\u00e1m pom\u016f\u017eeme naj\u00edt reklamu, kter\u00e1 funguje.<\/p>\n\n\n\n<div class=\"wp-block-buttons is-content-justification-right is-layout-flex wp-container-core-buttons-is-layout-d445cf74 wp-block-buttons-is-layout-flex\">\n<div class=\"wp-block-button\"><a class=\"wp-block-button__link wp-element-button\" href=\"#\">Pot\u0159ebuji poradit<\/a><\/div>\n<\/div>\n<\/div>\n<\/div>\n<\/div>\n\n\n\n<div class=\"wp-block-group is-layout-constrained wp-block-group-is-layout-constrained\"><div class=\"wp-block-seznam-cover\"><div class=\"cover is-content is-align-y-center\" style=\"background-color:#000000;\"><div class=\"cover__content is-layout-constrained\">\n\n<div class=\"wp-block-group is-content-justification-left is-layout-constrained wp-container-core-group-is-layout-9c6c10db wp-block-group-is-layout-constrained\">\n<h2 class=\"wp-block-heading has-text-align-left\">Seznam na\u0161ich slu\u017eeb<\/h2>\n\n\n\n<p>Pod\u00edvejte se, na jak\u00fdch webech m\u016f\u017eete b\u00fdt d\u00edky Seznamu vid\u011bt.<\/p>\n\n\n\n<div class=\"wp-block-buttons is-layout-flex wp-block-buttons-is-layout-flex\" style=\"margin-top:var(--wp--preset--spacing--8)\">\n<div class=\"wp-block-button is-style-secondary-2\"><a class=\"wp-block-button__link wp-element-button\" href=\"https:\/\/o-seznam.cz\/reklama\/nase-sluzby\/\">Uk\u00e1zat slu\u017eby<\/a><\/div>\n<\/div>\n<\/div>\n\n<\/div><\/div><\/div>\n\n\n<\/div>\n","protected":false},"excerpt":{"rendered":"<p>Z\u00edskejte nov\u00e9 z\u00e1kazn\u00edky na Firmy.cz<\/p>\n","protected":false},"author":67,"featured_media":10403,"parent":0,"menu_order":2,"comment_status":"closed","ping_status":"closed","template":"page-no-head","meta":{"_acf_changed":false,"_relevanssi_hide_post":"","_relevanssi_hide_content":"","_relevanssi_pin_for_all":"","_relevanssi_pin_keywords":"","_relevanssi_unpin_keywords":"","_relevanssi_related_keywords":"","_relevanssi_related_include_ids":"","_relevanssi_related_exclude_ids":"","_relevanssi_related_no_append":"","_relevanssi_related_not_related":"","_relevanssi_related_posts":"","_relevanssi_noindex_reason":"SEO Framework Relevanssi index exclude","footnotes":""},"page_category":[86,98,84,88],"page_tag":[],"class_list":["post-8046","page","type-page","status-publish","has-post-thumbnail","hentry"],"acf":[],"lang":"cs","translations":{"cs":8046},"pll_sync_post":[],"_links":{"self":[{"href":"https:\/\/o-seznam.cz\/reklama\/wp-json\/wp\/v2\/pages\/8046","targetHints":{"allow":["GET"]}}],"collection":[{"href":"https:\/\/o-seznam.cz\/reklama\/wp-json\/wp\/v2\/pages"}],"about":[{"href":"https:\/\/o-seznam.cz\/reklama\/wp-json\/wp\/v2\/types\/page"}],"author":[{"embeddable":true,"href":"https:\/\/o-seznam.cz\/reklama\/wp-json\/wp\/v2\/users\/67"}],"replies":[{"embeddable":true,"href":"https:\/\/o-seznam.cz\/reklama\/wp-json\/wp\/v2\/comments?post=8046"}],"version-history":[{"count":62,"href":"https:\/\/o-seznam.cz\/reklama\/wp-json\/wp\/v2\/pages\/8046\/revisions"}],"predecessor-version":[{"id":12256,"href":"https:\/\/o-seznam.cz\/reklama\/wp-json\/wp\/v2\/pages\/8046\/revisions\/12256"}],"wp:featuredmedia":[{"embeddable":true,"href":"https:\/\/o-seznam.cz\/reklama\/wp-json\/wp\/v2\/media\/10403"}],"wp:attachment":[{"href":"https:\/\/o-seznam.cz\/reklama\/wp-json\/wp\/v2\/media?parent=8046"}],"wp:term":[{"taxonomy":"page_category","embeddable":true,"href":"https:\/\/o-seznam.cz\/reklama\/wp-json\/wp\/v2\/page_category?post=8046"},{"taxonomy":"page_tag","embeddable":true,"href":"https:\/\/o-seznam.cz\/reklama\/wp-json\/wp\/v2\/page_tag?post=8046"}],"curies":[{"name":"wp","href":"https:\/\/api.w.org\/{rel}","templated":true}]}}