{"id":7533,"date":"2025-04-26T07:48:45","date_gmt":"2025-04-26T05:48:45","guid":{"rendered":"https:\/\/o-seznam.cz\/reklama\/?page_id=7533"},"modified":"2026-04-20T10:16:47","modified_gmt":"2026-04-20T08:16:47","slug":"super","status":"publish","type":"page","link":"https:\/\/o-seznam.cz\/reklama\/super\/","title":{"rendered":"Super.cz"},"content":{"rendered":"\n<div class=\"wp-block-group alignwide is-layout-constrained wp-block-group-is-layout-constrained\"><div class=\"alignwide alignwide wp-block-seznam-hero\"><div class=\"cover is-hero is-hero-default\" style=\"background-color:#f4f5f7;\"><img decoding=\"async\" width=\"1280\" height=\"512\" src=\"https:\/\/o-seznam.cz\/wp-content\/uploads\/sites\/5\/2026\/02\/reklama-super-1.png\" class=\"cover__media cover__media--desktop\" alt=\"\" fetchpriority=\"high\" srcset=\"https:\/\/o-seznam.cz\/wp-content\/uploads\/sites\/5\/2026\/02\/reklama-super-1.png 2000w, https:\/\/o-seznam.cz\/wp-content\/uploads\/sites\/5\/2026\/02\/reklama-super-1-992x397.png 992w, https:\/\/o-seznam.cz\/wp-content\/uploads\/sites\/5\/2026\/02\/reklama-super-1-1984x794.png 1984w, https:\/\/o-seznam.cz\/wp-content\/uploads\/sites\/5\/2026\/02\/reklama-super-1-320x128.png 320w, https:\/\/o-seznam.cz\/wp-content\/uploads\/sites\/5\/2026\/02\/reklama-super-1-768x307.png 768w, https:\/\/o-seznam.cz\/wp-content\/uploads\/sites\/5\/2026\/02\/reklama-super-1-1536x614.png 1536w\" sizes=\"(max-width: 1280px) 100vw, 1280px\" \/><div class=\"cover__content is-layout-constrained\">\n\n<div class=\"wp-block-group is-content-justification-left is-layout-constrained wp-container-core-group-is-layout-54099046 wp-block-group-is-layout-constrained\">\n<h1 class=\"wp-block-heading has-text-align-left has-base-color has-text-color has-link-color wp-elements-469bc321799f4186497f5e9a521451de\">Super.cz p\u0159il\u00e1k\u00e1<br>a\u017e 4 miliony<br>\u010dten\u00e1\u0159\u016f t\u00fddn\u011b<\/h1>\n<\/div>\n\n\n\n<div class=\"wp-block-group is-content-justification-left is-layout-constrained wp-container-core-group-is-layout-128e448e wp-block-group-is-layout-constrained\">\n<p class=\"has-base-color has-text-color has-link-color wp-elements-4b5909c27e11f70f78d8f0863b0220e6\">Zaujm\u011bte reklamou atraktivn\u00ed c\u00edlovou skupinu, zat\u00edmco se bav\u00ed a odpo\u010d\u00edv\u00e1.<\/p>\n\n\n\n<div class=\"wp-block-buttons is-layout-flex wp-block-buttons-is-layout-flex\" style=\"margin-top:var(--wp--preset--spacing--8)\">\n<div class=\"wp-block-button is-style-default\"><a class=\"wp-block-button__link wp-element-button\" href=\"#\">Inzerovat na Super.cz<\/a><\/div>\n<\/div>\n<\/div>\n\n<\/div><\/div><\/div>\n\n\n<\/div>\n\n\n\n<div class=\"wp-block-group is-layout-constrained wp-block-group-is-layout-constrained\">\n<h2 class=\"wp-block-heading has-text-align-center\">V\u00fdhody inzerce na Super.cz<\/h2>\n\n\n\n<div class=\"wp-block-columns pattern-columns-3-icons is-layout-flex wp-container-core-columns-is-layout-28f84493 wp-block-columns-is-layout-flex\">\n<div class=\"wp-block-column is-layout-flow wp-container-core-column-is-layout-16b3bfcb wp-block-column-is-layout-flow\"><figure class=\"aligncenter aligncenter wp-block-seznam-icon\"><img loading=\"lazy\" decoding=\"async\" width=\"64\" height=\"64\" src=\"https:\/\/o-seznam.cz\/wp-content\/uploads\/sites\/5\/2024\/08\/seznam-volba-formatu.svg\" class=\"attachment-full size-full\" alt=\"\" \/><\/figure>\n\n\n\n<p class=\"has-text-align-center is-style-wrap-balance\"><strong>Vysok\u00fd z\u00e1sah<\/strong><\/p>\n\n\n\n<p class=\"has-text-align-center is-style-wrap-balance\">Ka\u017ed\u00fd den oslov\u00edme a\u017e 4 miliony \u010dten\u00e1\u0159\u016f hledaj\u00edc\u00ed z\u00e1bavu a novinky. Va\u0161e zna\u010dka se tak m\u016f\u017ee st\u00e1t sou\u010d\u00e1st\u00ed jejich obl\u00edben\u00e9ho \u010dten\u00ed.<\/p>\n<\/div>\n\n\n\n<div class=\"wp-block-column is-layout-flow wp-container-core-column-is-layout-16b3bfcb wp-block-column-is-layout-flow\"><figure class=\"aligncenter aligncenter wp-block-seznam-icon\"><img loading=\"lazy\" decoding=\"async\" width=\"64\" height=\"64\" src=\"https:\/\/o-seznam.cz\/wp-content\/uploads\/sites\/5\/2025\/04\/ikonka-sklik-reklamy-pod-kontrolou.svg\" class=\"attachment-full size-full\" alt=\"\" \/><\/figure>\n\n\n\n<p class=\"has-text-align-center is-style-wrap-balance\"><strong>Po\u0159\u00e1d na o\u010d\u00edch<\/strong><\/p>\n\n\n\n<p class=\"has-text-align-center is-style-wrap-balance\">Vyb\u00edrat m\u016f\u017eete z videoreklamy, audioform\u00e1t\u016f, nebo t\u0159eba sticky reklamy, kter\u00e1 elegantn\u011b doprov\u00e1z\u00ed \u010dten\u00e1\u0159e p\u0159i prohl\u00ed\u017een\u00ed cel\u00e9 str\u00e1nky.<\/p>\n<\/div>\n\n\n\n<div class=\"wp-block-column is-layout-flow wp-container-core-column-is-layout-16b3bfcb wp-block-column-is-layout-flow\"><figure class=\"aligncenter aligncenter wp-block-seznam-icon\"><img loading=\"lazy\" decoding=\"async\" width=\"64\" height=\"64\" src=\"https:\/\/o-seznam.cz\/wp-content\/uploads\/sites\/5\/2025\/04\/ikonka-sklik-presne-cileni.svg\" class=\"attachment-full size-full\" alt=\"\" \/><\/figure>\n\n\n\n<p class=\"has-text-align-center is-style-wrap-balance\"><strong>Chytr\u00e9 c\u00edlen\u00ed<\/strong><\/p>\n\n\n\n<p class=\"has-text-align-center is-style-wrap-balance\">Zam\u011b\u0159te svou reklamu podle obsahu \u010dl\u00e1nk\u016f, regionu, v\u011bku, pohlav\u00ed, nebo z\u00e1jm\u016f, n\u00e1kupn\u00edho chov\u00e1n\u00ed a typu za\u0159\u00edzen\u00ed.<\/p>\n<\/div>\n<\/div>\n<\/div>\n\n\n\n<div class=\"wp-block-group is-layout-constrained wp-block-group-is-layout-constrained\">\n<h2 class=\"wp-block-heading\">Reklamn\u00ed form\u00e1ty, na kter\u00fdch budete vid\u011bt<\/h2>\n\n\n\n<div class=\"wp-block-group is-content-justification-left is-layout-constrained wp-container-core-group-is-layout-8a34ab60 wp-block-group-is-layout-constrained\">\n<p>Vyberte si z na\u0161\u00ed \u0161irok\u00e9 nab\u00eddky reklam pro po\u010d\u00edta\u010d i mobil, co se nejl\u00e9pe hod\u00ed k va\u0161\u00ed strategii. Abyste dos\u00e1hli co nejlep\u0161\u00edch v\u00fdsledk\u016f, pom\u016f\u017ee i \u0161ikovn\u011b kombinovat jednotliv\u00e9 form\u00e1ty.<\/p>\n<\/div>\n\n\n<div class=\"carousel is-loading has-dots is-style-side-buttons is-rounded wp-block-seznam-carousel\">\n\t<div class=\"carousel__inner\">\t\n\t\t<div class=\"inner-blocks carousel__body\">\n\n\n<div class=\"adformat is-style-box\">\n\t\n\t<div class=\"adformat__media\">\n\t\t<div class=\"adformat__media-inner\">\n\t\t\t<img loading=\"lazy\" decoding=\"async\" width=\"492\" height=\"277\" src=\"https:\/\/o-seznam.cz\/wp-content\/uploads\/sites\/5\/2025\/08\/reklama-super-branding-492x277.png\" class=\"attachment-ipq-492x277-true size-ipq-492x277-true\" alt=\"\" srcset=\"https:\/\/o-seznam.cz\/wp-content\/uploads\/sites\/5\/2025\/08\/reklama-super-branding-492x277.png 492w, https:\/\/o-seznam.cz\/wp-content\/uploads\/sites\/5\/2025\/08\/reklama-super-branding-320x180.png 320w, https:\/\/o-seznam.cz\/wp-content\/uploads\/sites\/5\/2025\/08\/reklama-super-branding-768x432.png 768w, https:\/\/o-seznam.cz\/wp-content\/uploads\/sites\/5\/2025\/08\/reklama-super-branding.png 800w\" sizes=\"auto, (max-width: 492px) 100vw, 492px\" \/>\t\t<\/div>\n\t<\/div>\n\n\t<div class=\"adformat__content\">\n\t\t<h4 class=\"text-center sm:text-left\">Branding<\/h4>\n\t\t<div class=\"mt-f2\">\n\t\t\tPrakticky nep\u0159ehl\u00e9dnuteln\u00fd reklamn\u00ed form\u00e1t, kter\u00fd zab\u00edr\u00e1 velkou plochu na pozad\u00ed cel\u00e9ho webu s viditelnost\u00ed a\u017e 98 %.\t\t<\/div>\n\n\t\n\t<\/div>\n\n<\/div>\n\n\n\n\n\n\n<div class=\"adformat is-style-box\">\n\t\n\t<div class=\"adformat__media\">\n\t\t<div class=\"adformat__media-inner\">\n\t\t\t<video src=\"https:\/\/o-seznam.cz\/reklama\/wp-content\/uploads\/sites\/5\/2025\/08\/reklama-super-branding-scratcher.mp4\" autoplay muted loop><\/video>\t\t<\/div>\n\t<\/div>\n\n\t<div class=\"adformat__content\">\n\t\t<h4 class=\"text-center sm:text-left\">Branding Scratcher<\/h4>\n\t\t<div class=\"mt-f2\">\n\t\t\tInteraktivn\u00ed varianta brandingu. Reklama, kter\u00e1 p\u0159i najet\u00ed my\u0161i odhal\u00ed dal\u0161\u00ed obsah a zvy\u0161uje tak u\u017eivatelskou interakci. Tento form\u00e1t podporuje zapojen\u00ed u\u017eivatel\u016f a pom\u00e1h\u00e1 zv\u00fd\u0161it \u0161ance na konverze. \t\t<\/div>\n\n\t\n\t<\/div>\n\n<\/div>\n\n\n\n\n\n\n<div class=\"adformat is-style-box\">\n\t\n\t<div class=\"adformat__media\">\n\t\t<div class=\"adformat__media-inner\">\n\t\t\t<img loading=\"lazy\" decoding=\"async\" width=\"492\" height=\"277\" src=\"https:\/\/o-seznam.cz\/wp-content\/uploads\/sites\/5\/2025\/08\/reklama-super-mobilni-square-492x277.png\" class=\"attachment-ipq-492x277-true size-ipq-492x277-true\" alt=\"\" srcset=\"https:\/\/o-seznam.cz\/wp-content\/uploads\/sites\/5\/2025\/08\/reklama-super-mobilni-square-492x277.png 492w, https:\/\/o-seznam.cz\/wp-content\/uploads\/sites\/5\/2025\/08\/reklama-super-mobilni-square-320x180.png 320w, https:\/\/o-seznam.cz\/wp-content\/uploads\/sites\/5\/2025\/08\/reklama-super-mobilni-square-768x432.png 768w, https:\/\/o-seznam.cz\/wp-content\/uploads\/sites\/5\/2025\/08\/reklama-super-mobilni-square.png 800w\" sizes=\"auto, (max-width: 492px) 100vw, 492px\" \/>\t\t<\/div>\n\t<\/div>\n\n\t<div class=\"adformat__content\">\n\t\t<h4 class=\"text-center sm:text-left\">Mobiln\u00ed Square Premium<\/h4>\n\t\t<div class=\"mt-f2\">\n\t\t\tS Mobiln\u00edm Square Premium z\u00edsk\u00e1te v\u00fdrazn\u00fd \u010dtvercov\u00fd banner, kter\u00fd se zobrazuje p\u0159\u00edmo v obsahu \u010dl\u00e1nk\u016f na na\u0161ich top webech. D\u00edky tomuto form\u00e1tu snadno upout\u00e1te pozornost z\u00e1kazn\u00edk\u016f a p\u0159irozen\u011b je zapoj\u00edte do sv\u00e9ho sd\u011blen\u00ed.\t\t<\/div>\n\n\t\n\t<\/div>\n\n<\/div>\n\n\n\n<\/div>\t<\/div>\n<\/div>\n\n\n\n\n\n\n<p class=\"is-style-link-external\"><a href=\"https:\/\/seznam.prehledreklam.cz\/cs\/primy-nakup\/#W3sibiI6InNlcnZlciIsInYiOls1OV19XQ==\" target=\"_blank\" rel=\"noreferrer noopener\">Proj\u00edt v\u0161echny form\u00e1ty<\/a><\/p>\n<\/div>\n\n\n\n<div class=\"wp-block-group is-layout-constrained wp-block-group-is-layout-constrained\"><div class=\"mediaText is-position-left is-orientation-landscape is-style-default\">\n\t\n\t<div class=\"mediaText__media\">\n\t\t<img loading=\"lazy\" decoding=\"async\" width=\"1845\" height=\"1236\" src=\"https:\/\/o-seznam.cz\/wp-content\/uploads\/sites\/5\/2026\/02\/reklama-sociodemografie-1.jpg\" class=\"\" alt=\"\" srcset=\"https:\/\/o-seznam.cz\/wp-content\/uploads\/sites\/5\/2026\/02\/reklama-sociodemografie-1.jpg 1845w, https:\/\/o-seznam.cz\/wp-content\/uploads\/sites\/5\/2026\/02\/reklama-sociodemografie-1-992x665.jpg 992w, https:\/\/o-seznam.cz\/wp-content\/uploads\/sites\/5\/2026\/02\/reklama-sociodemografie-1-320x214.jpg 320w, https:\/\/o-seznam.cz\/wp-content\/uploads\/sites\/5\/2026\/02\/reklama-sociodemografie-1-768x514.jpg 768w, https:\/\/o-seznam.cz\/wp-content\/uploads\/sites\/5\/2026\/02\/reklama-sociodemografie-1-1536x1029.jpg 1536w\" sizes=\"auto, (max-width: 1845px) 100vw, 1845px\" \/>\t<\/div>\n\n\t<div class=\"mediaText__content is-layout-flow\">\n\n<div class=\"wp-block-group is-layout-constrained wp-container-core-group-is-layout-beff7c7e wp-block-group-is-layout-constrained\">\n<h2 class=\"wp-block-heading\">Zas\u00e1hn\u011bte p\u0159esn\u011b, koho chcete<\/h2>\n\n\n\n<p class=\"is-style-wrap-balance\">Super.cz v\u00e1m otev\u00edr\u00e1 cestu k lidem, kte\u0159\u00ed sleduj\u00ed trendy, r\u00e1di zkou\u0161\u00ed nov\u00e9 v\u011bci a jsou p\u0159ipraveni nakupovat. D\u00edky podrobn\u00fdm statistik\u00e1m nav\u00edc budete m\u00edt dobr\u00fd p\u0159ehled, kdo va\u0161i reklamu vid\u011bl a jak zap\u016fsobila.<\/p>\n<\/div>\n\n\n\n<p class=\"is-style-next\"><a href=\"https:\/\/o-seznam.cz\/reklama\/super\/navstevnost-a-sociodemografie-super-cz\/\">Chci zn\u00e1t publikum<\/a><\/p>\n\n<\/div>\t\n<\/div>\n<\/div>\n\n\n\n<div class=\"wp-block-group is-layout-constrained wp-block-group-is-layout-constrained\">\n<h2 class=\"wp-block-heading\">Pom\u016f\u017ee v\u00e1m spr\u00e1vn\u00e9 c\u00edlen\u00ed<\/h2>\n\n\n\n<div class=\"wp-block-group is-content-justification-left is-layout-constrained wp-container-core-group-is-layout-8a34ab60 wp-block-group-is-layout-constrained\">\n<p>Va\u0161i reklamu um\u00edst\u00edme k relevantn\u00edmu obsahu, do konkr\u00e9tn\u00edch region\u016f i k c\u00edlov\u00fdm skupin\u00e1m podle v\u011bku a z\u00e1jm\u016f. D\u00edky c\u00edlen\u00ed zv\u00fd\u0161\u00edte pravd\u011bpodobnost, \u017ee se va\u0161e sd\u011blen\u00ed dostane k lidem, kte\u0159\u00ed maj\u00ed o va\u0161i nab\u00eddku z\u00e1jem, a dos\u00e1hne lep\u0161\u00edho v\u00fdkonu.<\/p>\n<\/div>\n\n\n\n<div class=\"wp-block-group is-layout-constrained wp-block-group-is-layout-constrained\">\n<div class=\"accordion\">\n\t<div class=\"accordion__items\">\n\n<details class=\"expander is-style-default is-style-symbol is-style-symbol-icon\">\n\t<summary data-datalayer-name=\"\" data-datalayer-text=\"Kontextov\u00e9 c\u00edlen\u00ed\">\n\t\t\t\t\t<span><img loading=\"lazy\" decoding=\"async\" width=\"32\" height=\"32\" src=\"https:\/\/o-seznam.cz\/wp-content\/uploads\/sites\/5\/2025\/03\/ikonka-kontextove-cileni.svg\" class=\"attachment-full size-full\" alt=\"\" \/><\/span>\n\t\t\t\t<strong>Kontextov\u00e9 c\u00edlen\u00ed<\/strong>\n\t\t\t<\/summary>\n\t<div class=\"inner-blocks\">\n\n<p>Reklamu um\u00edst\u00edme k \u010dl\u00e1nk\u016fm, kter\u00e9 p\u0159\u00edmo souvis\u00ed s va\u0161\u00edm oborem.<\/p>\n\n<\/div><\/details>\n\n\n\n<details class=\"expander is-style-default is-style-symbol is-style-symbol-icon\">\n\t<summary data-datalayer-name=\"\" data-datalayer-text=\"Geografick\u00e9 c\u00edlen\u00ed\">\n\t\t\t\t\t<span><img loading=\"lazy\" decoding=\"async\" width=\"32\" height=\"32\" src=\"https:\/\/o-seznam.cz\/wp-content\/uploads\/sites\/5\/2025\/04\/ikonka-sklik-regionalni-cileni.svg\" class=\"attachment-full size-full\" alt=\"\" \/><\/span>\n\t\t\t\t<strong>Geografick\u00e9 c\u00edlen\u00ed<\/strong>\n\t\t\t<\/summary>\n\t<div class=\"inner-blocks\">\n\n<p>Pokud podnik\u00e1te lok\u00e1ln\u011b, m\u016f\u017ee pomoct c\u00edlen\u00ed na konkr\u00e9tn\u00ed region.<\/p>\n\n<\/div><\/details>\n\n\n\n<details class=\"expander is-style-default is-style-symbol is-style-symbol-icon\">\n\t<summary data-datalayer-name=\"\" data-datalayer-text=\"Demografick\u00e9 c\u00edlen\u00ed\">\n\t\t\t\t\t<span><img loading=\"lazy\" decoding=\"async\" width=\"32\" height=\"32\" src=\"https:\/\/o-seznam.cz\/wp-content\/uploads\/sites\/5\/2025\/03\/ikonka-sociodemograficke-cileni.svg\" class=\"attachment-full size-full\" alt=\"\" \/><\/span>\n\t\t\t\t<strong>Demografick\u00e9 c\u00edlen\u00ed<\/strong>\n\t\t\t<\/summary>\n\t<div class=\"inner-blocks\">\n\n<p>Vyberte si v\u011bk a pohlav\u00ed, kde bude nejv\u00edce va\u0161ich potenci\u00e1ln\u00edch z\u00e1kazn\u00edk\u016f.<\/p>\n\n<\/div><\/details>\n\n\n\n<details class=\"expander is-style-default is-style-symbol is-style-symbol-icon\">\n\t<summary data-datalayer-name=\"\" data-datalayer-text=\"Behavior\u00e1ln\u00ed c\u00edlen\u00ed\">\n\t\t\t\t\t<span><img loading=\"lazy\" decoding=\"async\" width=\"32\" height=\"32\" src=\"https:\/\/o-seznam.cz\/wp-content\/uploads\/sites\/5\/2025\/03\/ikonka-cileni-na-zajmy.svg\" class=\"attachment-full size-full\" alt=\"\" \/><\/span>\n\t\t\t\t<strong>Behavior\u00e1ln\u00ed c\u00edlen\u00ed<\/strong>\n\t\t\t<\/summary>\n\t<div class=\"inner-blocks\">\n\n<p>Oslovte lidi podle jejich z\u00e1jm\u016f, n\u00e1kupn\u00edho chov\u00e1n\u00ed a typu za\u0159\u00edzen\u00ed.<\/p>\n\n<\/div><\/details>\n\n<\/div><\/div>\n\n<\/div>\n<\/div>\n\n\n\n\n\n<div class=\"wp-block-group is-layout-constrained wp-block-group-is-layout-constrained\">\n<h2 class=\"wp-block-heading\">Odpov\u011bdi na \u010dast\u00e9 ot\u00e1zky<\/h2>\n\n\n\n<div class=\"accordion\">\n\t<div class=\"accordion__items\">\n\n<details class=\"expander is-style-default\">\n\t<summary data-datalayer-name=\"\" data-datalayer-text=\"V \u010dem je super inzerce na Super.cz?\">\n\t\t\t\t<strong>V \u010dem je super inzerce na Super.cz?<\/strong>\n\t\t\t<\/summary>\n\t<div class=\"inner-blocks\">\n\n<p>\u010cten\u00ed Super.cz lid\u00e9 \u010dasto berou jako odpo\u010dinek a odm\u011bnu, podobn\u011b jako samotn\u00e9 nakupov\u00e1n\u00ed. V dobr\u00e9 n\u00e1lad\u011b jsou otev\u0159en\u011bj\u0161\u00ed i nov\u00fdm nab\u00eddk\u00e1m a produkt\u016fm, co\u017e je ide\u00e1ln\u00ed p\u0159\u00edle\u017eitost uk\u00e1zat jim va\u0161i reklamu.<\/p>\n\n<\/div><\/details>\n\n\n\n<details class=\"expander is-style-default\">\n\t<summary data-datalayer-name=\"\" data-datalayer-text=\"Jak\u00e9 reklamn\u00ed form\u00e1ty Super.cz nab\u00edz\u00ed?\">\n\t\t\t\t<strong>Jak\u00e9 reklamn\u00ed form\u00e1ty Super.cz nab\u00edz\u00ed?<\/strong>\n\t\t\t<\/summary>\n\t<div class=\"inner-blocks\">\n\n<p>M\u016f\u017eete vyu\u017e\u00edt bannery, videoreklamy, r\u016fzn\u00e9 mobiln\u00ed form\u00e1ty nebo t\u0159eba Rich Media. Konkr\u00e9tn\u00ed typy najdete s popisky v na\u0161em p\u0159ehledu reklam.<\/p>\n\n<\/div><\/details>\n\n\n\n<details class=\"expander is-style-default\">\n\t<summary data-datalayer-name=\"\" data-datalayer-text=\"M\u00e1m men\u0161\u00ed firmu i rozpo\u010det, jakou inzerci byste mi doporu\u010dili? \">\n\t\t\t\t<strong>M\u00e1m men\u0161\u00ed firmu i rozpo\u010det, jakou inzerci byste mi doporu\u010dili? <\/strong>\n\t\t\t<\/summary>\n\t<div class=\"inner-blocks\">\n\n<p>Ka\u017ed\u00e9 podnik\u00e1n\u00ed je trochu jin\u00e9, proto na n\u011bj v\u011bt\u0161inou nefunguj\u00ed univerz\u00e1ln\u00ed rady. Nab\u00eddku ale r\u00e1di p\u0159izp\u016fsob\u00edme va\u0161emu rozpo\u010dtu a strategii tak, abyste dos\u00e1hli dobr\u00fdch v\u00fdsledk\u016f.<\/p>\n\n<\/div><\/details>\n\n\n\n<details class=\"expander is-style-default\">\n\t<summary data-datalayer-name=\"\" data-datalayer-text=\"Jak\u00e9 jsou na Super.cz mo\u017enosti obsahov\u00e9 spolupr\u00e1ce? \">\n\t\t\t\t<strong>Jak\u00e9 jsou na Super.cz mo\u017enosti obsahov\u00e9 spolupr\u00e1ce? <\/strong>\n\t\t\t<\/summary>\n\t<div class=\"inner-blocks\">\n\n<p>Nejlep\u0161\u00ed p\u0159edstavu o mo\u017enostech obsahov\u00e9 spolupr\u00e1ce si ud\u011bl\u00e1te, kdy\u017e nav\u0161t\u00edv\u00edte Seznam Brand Studio. Kdykoli se samoz\u0159ejm\u011b m\u016f\u017eete obr\u00e1tit i na na\u0161e specialisty, kte\u0159\u00ed s v\u00e1mi v\u0161echno podrobn\u011b proberou.<\/p>\n\n<\/div><\/details>\n\n<\/div><\/div>\n\n<\/div>\n\n\n\n<div class=\"wp-block-group is-layout-constrained wp-block-group-is-layout-constrained\">\n<div class=\"wp-block-seznam-box is-layout-flow wp-block-seznam-box-is-layout-flow\">\n<div class=\"wp-block-group is-content-justification-center is-nowrap is-layout-flex wp-container-core-group-is-layout-23441af8 wp-block-group-is-layout-flex\">\n<p>R\u00e1di v\u00e1m pom\u016f\u017eeme naj\u00edt reklamu, kter\u00e1 funguje.<\/p>\n\n\n\n<div class=\"wp-block-buttons is-content-justification-right is-layout-flex wp-container-core-buttons-is-layout-d445cf74 wp-block-buttons-is-layout-flex\">\n<div class=\"wp-block-button\"><a class=\"wp-block-button__link wp-element-button\" href=\"#\">Pot\u0159ebuji poradit<\/a><\/div>\n<\/div>\n<\/div>\n<\/div>\n<\/div>\n\n\n\n<div class=\"wp-block-group is-layout-constrained wp-block-group-is-layout-constrained\"><div class=\"wp-block-seznam-cover\"><div class=\"cover is-content is-align-y-center\" style=\"background-color:#000000;\"><div class=\"cover__content is-layout-constrained\">\n\n<div class=\"wp-block-group is-content-justification-left is-layout-constrained wp-container-core-group-is-layout-9c6c10db wp-block-group-is-layout-constrained\">\n<h2 class=\"wp-block-heading has-text-align-left\">Seznam na\u0161ich slu\u017eeb<\/h2>\n\n\n\n<p>Pod\u00edvejte se, na jak\u00fdch webech m\u016f\u017eete b\u00fdt d\u00edky Seznamu vid\u011bt.<\/p>\n\n\n\n<div class=\"wp-block-buttons is-layout-flex wp-block-buttons-is-layout-flex\" style=\"margin-top:var(--wp--preset--spacing--8)\">\n<div class=\"wp-block-button is-style-secondary-2\"><a class=\"wp-block-button__link wp-element-button\" href=\"https:\/\/o-seznam.cz\/reklama\/nase-sluzby\/\">Uk\u00e1zat slu\u017eby<\/a><\/div>\n<\/div>\n<\/div>\n\n<\/div><\/div><\/div>\n\n\n<\/div>\n","protected":false},"excerpt":{"rendered":"<p>Super.cz p\u0159il\u00e1k\u00e1 a\u017e 4 miliony \u010dten\u00e1\u0159\u016f t\u00fddn\u011b<\/p>\n","protected":false},"author":2,"featured_media":10391,"parent":0,"menu_order":0,"comment_status":"closed","ping_status":"closed","template":"page-no-head","meta":{"_acf_changed":false,"_relevanssi_hide_post":"","_relevanssi_hide_content":"","_relevanssi_pin_for_all":"","_relevanssi_pin_keywords":"","_relevanssi_unpin_keywords":"","_relevanssi_related_keywords":"","_relevanssi_related_include_ids":"","_relevanssi_related_exclude_ids":"","_relevanssi_related_no_append":"","_relevanssi_related_not_related":"","_relevanssi_related_posts":"","_relevanssi_noindex_reason":"SEO Framework Relevanssi index exclude","footnotes":""},"page_category":[86,98,84],"page_tag":[],"class_list":["post-7533","page","type-page","status-publish","has-post-thumbnail","hentry"],"acf":[],"lang":"cs","translations":{"cs":7533},"pll_sync_post":[],"_links":{"self":[{"href":"https:\/\/o-seznam.cz\/reklama\/wp-json\/wp\/v2\/pages\/7533","targetHints":{"allow":["GET"]}}],"collection":[{"href":"https:\/\/o-seznam.cz\/reklama\/wp-json\/wp\/v2\/pages"}],"about":[{"href":"https:\/\/o-seznam.cz\/reklama\/wp-json\/wp\/v2\/types\/page"}],"author":[{"embeddable":true,"href":"https:\/\/o-seznam.cz\/reklama\/wp-json\/wp\/v2\/users\/2"}],"replies":[{"embeddable":true,"href":"https:\/\/o-seznam.cz\/reklama\/wp-json\/wp\/v2\/comments?post=7533"}],"version-history":[{"count":34,"href":"https:\/\/o-seznam.cz\/reklama\/wp-json\/wp\/v2\/pages\/7533\/revisions"}],"predecessor-version":[{"id":12462,"href":"https:\/\/o-seznam.cz\/reklama\/wp-json\/wp\/v2\/pages\/7533\/revisions\/12462"}],"wp:featuredmedia":[{"embeddable":true,"href":"https:\/\/o-seznam.cz\/reklama\/wp-json\/wp\/v2\/media\/10391"}],"wp:attachment":[{"href":"https:\/\/o-seznam.cz\/reklama\/wp-json\/wp\/v2\/media?parent=7533"}],"wp:term":[{"taxonomy":"page_category","embeddable":true,"href":"https:\/\/o-seznam.cz\/reklama\/wp-json\/wp\/v2\/page_category?post=7533"},{"taxonomy":"page_tag","embeddable":true,"href":"https:\/\/o-seznam.cz\/reklama\/wp-json\/wp\/v2\/page_tag?post=7533"}],"curies":[{"name":"wp","href":"https:\/\/api.w.org\/{rel}","templated":true}]}}