{"id":488,"date":"2024-03-29T19:25:50","date_gmt":"2024-03-29T18:25:50","guid":{"rendered":"https:\/\/o-seznam.cz\/reklama\/?page_id=488"},"modified":"2026-04-21T10:55:03","modified_gmt":"2026-04-21T08:55:03","slug":"agentury","status":"publish","type":"page","link":"https:\/\/o-seznam.cz\/reklama\/agsr\/agentury\/","title":{"rendered":"Ocen\u011bn\u00e9 agentury"},"content":{"rendered":"<div style=\"--special-accent:#f6c64f;--wp--preset--color--accent:#f6c64f;--wp--preset--color--accent-dark:#dbac34;--wp--custom--color--accent:#f6c64f;--wp--custom--color--accent-dark:#dbac34;--wp--custom--color--contrast-accent:#000000;--wp--custom--color--link:#f6c64f;--wp--custom--color--link-hover:#dbac34;\" class=\"is-scheme-dark-2 is-scheme-dark has-vertical-padding alignfull wp-block-seznam-area\">\n\n\t\n<div class=\"inner-blocks is-layout-constrained wp-container-seznam-area-is-layout-ff6e4433 wp-block-seznam-area-is-layout-constrained\">\n<div class=\"wp-block-group is-layout-constrained wp-block-group-is-layout-constrained\">\n<h1 class=\"wp-block-heading has-accent-color has-text-color has-link-color wp-elements-437e625d62a07f39e5f51eafc19cca3b\">Ocen\u011bn\u00e9 agentury<\/h1>\n\n\n\n<div class=\"wp-block-group is-content-justification-left is-layout-constrained wp-container-core-group-is-layout-0ed21503 wp-block-group-is-layout-constrained\">\n<p class=\"has-neutral-60-color has-text-color has-link-color wp-elements-7064309b8adf1982a709c08a9d253fc2\">Seznamte se s agenturami, kter\u00e9 dok\u00e1zaly chyt\u0159e, kreativn\u011b a \u00fa\u010dinn\u011b dos\u00e1hnout marketingov\u00fdch c\u00edl\u016f sv\u00fdch klient\u016f. Jejich pr\u00e1ci oce\u0148ujeme od roku 2021.<\/p>\n<\/div>\n<\/div>\n\n\n\n<div class=\"wp-block-group is-layout-constrained wp-block-group-is-layout-constrained\">\n<h2 class=\"wp-block-heading\" id=\"2024\">2024<\/h2>\n\n\n\n<div class=\"wp-block-seznam-tiles has-columns-3 pattern-cards\" style=\"--seznam-tiles--columns:3\"><div class=\"inner-blocks\">\n<div class=\"wp-block-seznam-box is-layout-flow wp-block-seznam-box-is-layout-flow\">\n<div class=\"wp-block-group is-layout-flow wp-container-core-group-is-layout-2915da19 wp-block-group-is-layout-flow\">\n<figure class=\"wp-block-image aligncenter size-full is-resized\"><img loading=\"lazy\" decoding=\"async\" width=\"800\" height=\"400\" src=\"https:\/\/o-seznam.cz\/reklama\/wp-content\/uploads\/sites\/5\/2025\/09\/agsr-01-cross-medialni-spoluprace.svg\" alt=\"\" class=\"wp-image-9049\" style=\"width:auto;height:125px\"\/><\/figure>\n\n\n\n<p class=\"has-accent-color has-text-color has-link-color wp-elements-003aec128c24c48f4f62889a0814aaa1\"><strong>Cross-medi\u00e1ln\u00ed spolupr\u00e1ce<\/strong><\/p>\n\n\n\n<p class=\"has-neutral-60-color has-text-color has-link-color wp-elements-34d61b45d1cb5f92087675ae8ddd1e18\">Prvn\u00ed p\u0159\u00ed\u010dku zaslou\u017een\u011b z\u00edskaly agentury EuroAgency a&nbsp;Performio za kampa\u0148 pro Mountfield, kde efektivn\u011b vyu\u017eily cross-medi\u00e1ln\u00ed mix i&nbsp;potenci\u00e1l ostatn\u00edch kan\u00e1l\u016f Seznamu.<\/p>\n<\/div>\n<\/div>\n\n\n\n<div class=\"wp-block-seznam-box is-layout-flow wp-block-seznam-box-is-layout-flow\">\n<div class=\"wp-block-group is-layout-flow wp-container-core-group-is-layout-2915da19 wp-block-group-is-layout-flow\">\n<figure class=\"wp-block-image aligncenter size-full is-resized\"><img loading=\"lazy\" decoding=\"async\" width=\"400\" height=\"400\" src=\"https:\/\/o-seznam.cz\/reklama\/wp-content\/uploads\/sites\/5\/2024\/04\/agsr-mindsquared.png\" alt=\"\" class=\"wp-image-554\" style=\"width:auto;height:125px\" srcset=\"https:\/\/o-seznam.cz\/wp-content\/uploads\/sites\/5\/2024\/04\/agsr-mindsquared.png 400w, https:\/\/o-seznam.cz\/wp-content\/uploads\/sites\/5\/2024\/04\/agsr-mindsquared-150x150.png 150w, https:\/\/o-seznam.cz\/wp-content\/uploads\/sites\/5\/2024\/04\/agsr-mindsquared-256x256.png 256w\" sizes=\"auto, (max-width: 400px) 100vw, 400px\" \/><\/figure>\n\n\n\n<p class=\"has-accent-color has-text-color has-link-color wp-elements-4f9c55e5d75b1cad498d70232e97a29d\"><strong>Skokan roku<\/strong><\/p>\n\n\n\n<p class=\"has-neutral-60-color has-text-color has-link-color wp-elements-8512022fdfc0b8ab42fb4080a864d079\">Ocen\u011bn\u00ed Skokan roku n\u00e1le\u017e\u00ed agentu\u0159e Mindsquared za nejvy\u0161\u0161\u00ed meziro\u010dn\u00ed n\u00e1r\u016fst spoluprac\u00ed v r\u00e1mci stejn\u00e9ho klientsk\u00e9ho portfolia.<\/p>\n<\/div>\n<\/div>\n\n\n\n<div class=\"wp-block-seznam-box is-layout-flow wp-block-seznam-box-is-layout-flow\">\n<div class=\"wp-block-group is-layout-flow wp-container-core-group-is-layout-2915da19 wp-block-group-is-layout-flow\">\n<figure class=\"wp-block-image aligncenter size-full is-resized\"><img loading=\"lazy\" decoding=\"async\" width=\"800\" height=\"400\" src=\"https:\/\/o-seznam.cz\/reklama\/wp-content\/uploads\/sites\/5\/2025\/09\/agsr-03-sklik-overena-agentura-roku.svg\" alt=\"\" class=\"wp-image-9051\" style=\"width:auto;height:125px\"\/><\/figure>\n\n\n\n<p class=\"has-accent-color has-text-color has-link-color wp-elements-b05e16b48b9886c4be330656947004ec\"><strong>Sklik Ov\u011b\u0159en\u00e1 agentura roku<\/strong><\/p>\n\n\n\n<p class=\"has-neutral-60-color has-text-color has-link-color wp-elements-2ae4226581550424d20ffd17c056b3af\">V\u00fdhru si odn\u00e1\u0161\u00ed Agentura Deserved za nejlep\u0161\u00ed vyu\u017eit\u00ed Skliku. U&nbsp;klientsk\u00fdch portfoli\u00ed uk\u00e1zala, \u017ee um\u00ed kombinovat form\u00e1ty i&nbsp;c\u00edlen\u00ed a&nbsp;aktivn\u011b vyu\u017e\u00edv\u00e1 nov\u00fdch funkc\u00ed v&nbsp;syst\u00e9mu.<\/p>\n<\/div>\n<\/div>\n\n\n\n<div class=\"wp-block-seznam-box is-layout-flow wp-block-seznam-box-is-layout-flow\">\n<div class=\"wp-block-group is-layout-flow wp-container-core-group-is-layout-2915da19 wp-block-group-is-layout-flow\">\n<figure class=\"wp-block-image aligncenter size-full is-resized\"><img loading=\"lazy\" decoding=\"async\" width=\"800\" height=\"400\" src=\"https:\/\/o-seznam.cz\/reklama\/wp-content\/uploads\/sites\/5\/2025\/09\/agsr-04-sklik-certifikovana-agentura-roku.svg\" alt=\"\" class=\"wp-image-9052\" style=\"width:auto;height:125px\"\/><\/figure>\n\n\n\n<p class=\"has-accent-color has-text-color has-link-color wp-elements-07f5fe58cf402c4acde7202c7315d389\"><strong>Sklik Certifikovan\u00e1 agentura roku<\/strong><\/p>\n\n\n\n<p class=\"has-neutral-60-color has-text-color has-link-color wp-elements-cc018e29e445bc9aadbeec34fb939140\">V\u00fdhercem se stala agentura Acomware za nejvy\u0161\u0161\u00ed \u00farove\u0148 partnersk\u00e9 spolupr\u00e1ce. Dok\u00e1zala u sv\u00fdch klient\u016f nejl\u00e9pe vyu\u017e\u00edt dostupn\u00e9 funkce a c\u00edlen\u00ed, \u010d\u00edm\u017e potvrdila, \u017ee je \u0161pi\u010dkou v oboru.<\/p>\n<\/div>\n<\/div>\n\n\n\n<div class=\"wp-block-seznam-box is-layout-flow wp-block-seznam-box-is-layout-flow\">\n<div class=\"wp-block-group is-layout-flow wp-container-core-group-is-layout-2915da19 wp-block-group-is-layout-flow\">\n<figure class=\"wp-block-image aligncenter size-full is-resized\"><img loading=\"lazy\" decoding=\"async\" width=\"800\" height=\"400\" src=\"https:\/\/o-seznam.cz\/reklama\/wp-content\/uploads\/sites\/5\/2025\/09\/agsr-05-sklik-obsahova-spoluprace.svg\" alt=\"\" class=\"wp-image-9053\" style=\"width:auto;height:125px\"\/><\/figure>\n\n\n\n<p class=\"has-accent-color has-text-color has-link-color wp-elements-9ed64231956d996afa20e860981fe36e\"><strong>Obsahov\u00e1 spolupr\u00e1ce roku<\/strong><\/p>\n\n\n\n<p class=\"has-neutral-60-color has-text-color has-link-color wp-elements-058504a465413d4014d7355359bca52c\">Agentura Omnicom Media Group zv\u00edt\u011bzila s kampan\u00ed pro Dacii klienta Renault \u010cesk\u00e1 republika, kter\u00e1 propojila Seznam Native se seri\u00e1lem tip\u016f na v\u00fdlety a guerillovou akc\u00ed se \u201ezabahn\u011bn\u00fdm\u201c Dusterem. V\u00fdsledkem byl velk\u00fd ohlas ve\u0159ejnosti a dvojn\u00e1sobn\u00fd z\u00e1jem o test vozu.<\/p>\n<\/div>\n<\/div>\n\n\n\n<div class=\"wp-block-seznam-box is-layout-flow wp-block-seznam-box-is-layout-flow\">\n<div class=\"wp-block-group is-layout-flow wp-container-core-group-is-layout-2915da19 wp-block-group-is-layout-flow\">\n<figure class=\"wp-block-image aligncenter size-full is-resized\"><img loading=\"lazy\" decoding=\"async\" width=\"800\" height=\"400\" src=\"https:\/\/o-seznam.cz\/reklama\/wp-content\/uploads\/sites\/5\/2025\/09\/agsr-06-videokampan-roku.svg\" alt=\"\" class=\"wp-image-9054\" style=\"width:auto;height:125px\"\/><\/figure>\n\n\n\n<p class=\"has-accent-color has-text-color has-link-color wp-elements-57d7e6aca728950b567f04bb232a5488\"><strong>Videokampa\u0148 roku<\/strong><\/p>\n\n\n\n<p class=\"has-neutral-60-color has-text-color has-link-color wp-elements-4dccd27f32974688fe030149ec80c32a\">V\u00fdhercem se stala agentura Dentsu za kampa\u0148 pro Fortunu. Vyu\u017eila v n\u00ed exkluzivn\u00ed spolupr\u00e1ci u videocastu Nosi\u010di vody, kter\u00fd nav\u00edc zar\u00e1movala brandingem okolo \u010dl\u00e1nk\u016f, kde tyto videocasty vych\u00e1zej\u00ed a propojila tak zna\u010dku s publikem.<\/p>\n<\/div>\n<\/div>\n\n\n\n<div class=\"wp-block-seznam-box is-layout-flow wp-block-seznam-box-is-layout-flow\">\n<div class=\"wp-block-group is-layout-flow wp-container-core-group-is-layout-2915da19 wp-block-group-is-layout-flow\">\n<figure class=\"wp-block-image aligncenter size-full is-resized\"><img loading=\"lazy\" decoding=\"async\" width=\"800\" height=\"400\" src=\"https:\/\/o-seznam.cz\/reklama\/wp-content\/uploads\/sites\/5\/2025\/09\/agsr-07-csr-kampan-roku.svg\" alt=\"\" class=\"wp-image-9055\" style=\"width:auto;height:125px\"\/><\/figure>\n\n\n\n<p class=\"has-accent-color has-text-color has-link-color wp-elements-cafb78f062a81ee0f127784180e98d3c\"><strong>CSR kampa\u0148 roku<\/strong><\/p>\n\n\n\n<p class=\"has-neutral-60-color has-text-color has-link-color wp-elements-7626dac36d134a5f84a051d7ee1eb806\">V\u00edt\u011bzn\u00e1 kampa\u0148 \u201eStejn\u00ed, ale jin\u00ed\u201c od agentury VML pro \u010cesk\u00fd paralympijsk\u00fd v\u00fdbor zv\u00fd\u0161ila z\u00e1jem o&nbsp;parasport i&nbsp;paralympijsk\u00e9 hry. Emotivn\u011b uk\u00e1zala, \u017ee sport p\u0159in\u00e1\u0161\u00ed stejn\u00e9 emoce v\u0161em, a&nbsp;p\u0159inesla v\u00fdrazn\u00fd r\u016fst sledovanosti i&nbsp;n\u00e1v\u0161t\u011bvnosti webu.<\/p>\n<\/div>\n<\/div>\n\n\n\n<div class=\"wp-block-seznam-box is-layout-flow wp-block-seznam-box-is-layout-flow\">\n<div class=\"wp-block-group is-layout-flow wp-container-core-group-is-layout-2915da19 wp-block-group-is-layout-flow\">\n<figure class=\"wp-block-image aligncenter size-full is-resized\"><img loading=\"lazy\" decoding=\"async\" width=\"800\" height=\"400\" src=\"https:\/\/o-seznam.cz\/reklama\/wp-content\/uploads\/sites\/5\/2025\/09\/agsr-08-offline-kampan-roku.svg\" alt=\"\" class=\"wp-image-9056\" style=\"width:auto;height:125px\"\/><\/figure>\n\n\n\n<p class=\"has-accent-color has-text-color has-link-color wp-elements-951e80e2351dc0a96daf5c15a29b28fd\"><strong>Offline kampa\u0148 roku<\/strong><\/p>\n\n\n\n<p class=\"has-neutral-60-color has-text-color has-link-color wp-elements-e197f03b6c8f03dbd40656704da4822e\">V\u00edt\u011bzn\u00e9 body za offline kampa\u0148 pro Fidorku od klienta Modelez z\u00edskala agentura Publicis Groupe. S&nbsp;r\u00e1diem Expres FM nav\u00e1zala na po\u0159ad \u201enebududoma\u201c a&nbsp;prom\u011bnila ho v&nbsp;road-trip s&nbsp;tipy na v\u00fdlet po \u010cR. \u0160irok\u00e9 spektrum kan\u00e1l\u016f zajistilo, \u017ee kampa\u0148 zas\u00e1hla \u0161irok\u00e9 publikum.<\/p>\n<\/div>\n<\/div>\n<\/div><\/div>\n<\/div>\n\n\n\n<div class=\"wp-block-group is-layout-constrained wp-block-group-is-layout-constrained\">\n<h2 class=\"wp-block-heading\" id=\"2023\">2023<\/h2>\n\n\n\n<div class=\"wp-block-seznam-tiles has-columns-3 pattern-cards\" style=\"--seznam-tiles--columns:3\"><div class=\"inner-blocks\">\n<div class=\"wp-block-seznam-box is-layout-flow wp-block-seznam-box-is-layout-flow\">\n<div class=\"wp-block-group is-layout-flow wp-container-core-group-is-layout-2915da19 wp-block-group-is-layout-flow\">\n<figure class=\"wp-block-image aligncenter size-full is-resized\"><img loading=\"lazy\" decoding=\"async\" width=\"400\" height=\"400\" src=\"https:\/\/o-seznam.cz\/reklama\/wp-content\/uploads\/sites\/5\/2024\/10\/agsr-omd-3.png\" alt=\"\" class=\"wp-image-5897\" style=\"width:auto;height:125px\" srcset=\"https:\/\/o-seznam.cz\/wp-content\/uploads\/sites\/5\/2024\/10\/agsr-omd-3.png 400w, https:\/\/o-seznam.cz\/wp-content\/uploads\/sites\/5\/2024\/10\/agsr-omd-3-320x320.png 320w, https:\/\/o-seznam.cz\/wp-content\/uploads\/sites\/5\/2024\/10\/agsr-omd-3-256x256.png 256w\" sizes=\"auto, (max-width: 400px) 100vw, 400px\" \/><\/figure>\n\n\n\n<p class=\"has-accent-color has-text-color has-link-color wp-elements-003aec128c24c48f4f62889a0814aaa1\"><strong>Cross-medi\u00e1ln\u00ed spolupr\u00e1ce<\/strong><\/p>\n\n\n\n<p class=\"has-neutral-60-color has-text-color has-link-color wp-elements-761f801b1dd04eea71319243128ecbc3\">V\u00fdhercem se stala agentura OMD za kampan\u011b pro Kaufland. Agentura vyu\u017eila nejrozmanit\u011bj\u0161\u00ed kombinaci m\u00e9di\u00ed v r\u00e1mci cross-medi\u00e1ln\u00edho mixu, \u010d\u00edm\u017e splnila kl\u00ed\u010dovou podm\u00ednku nominace.<\/p>\n<\/div>\n<\/div>\n\n\n\n<div class=\"wp-block-seznam-box is-layout-flow wp-block-seznam-box-is-layout-flow\">\n<div class=\"wp-block-group is-layout-flow wp-container-core-group-is-layout-2915da19 wp-block-group-is-layout-flow\">\n<figure class=\"wp-block-image aligncenter size-full is-resized\"><img loading=\"lazy\" decoding=\"async\" width=\"400\" height=\"400\" src=\"https:\/\/o-seznam.cz\/reklama\/wp-content\/uploads\/sites\/5\/2024\/04\/agsr-knowlimits.png\" alt=\"\" class=\"wp-image-553\" style=\"width:auto;height:125px\" srcset=\"https:\/\/o-seznam.cz\/wp-content\/uploads\/sites\/5\/2024\/04\/agsr-knowlimits.png 400w, https:\/\/o-seznam.cz\/wp-content\/uploads\/sites\/5\/2024\/04\/agsr-knowlimits-150x150.png 150w, https:\/\/o-seznam.cz\/wp-content\/uploads\/sites\/5\/2024\/04\/agsr-knowlimits-256x256.png 256w\" sizes=\"auto, (max-width: 400px) 100vw, 400px\" \/><\/figure>\n\n\n\n<p class=\"has-accent-color has-text-color has-link-color wp-elements-4f9c55e5d75b1cad498d70232e97a29d\"><strong>Skokan roku<\/strong><\/p>\n\n\n\n<p class=\"has-neutral-60-color has-text-color has-link-color wp-elements-75ae22dfa5321ffdd3063732492ea1e1\">Komunika\u010dn\u00ed skupin\u011b Knowlimits Group zaslou\u017een\u011b n\u00e1le\u017e\u00ed titul Skokan roku. D\u00edky dosa\u017een\u00ed nejvy\u0161\u0161\u00edho meziro\u010dn\u00edho n\u00e1r\u016fstu spoluprac\u00ed v r\u00e1mci stejn\u00e9ho klientsk\u00e9ho portfolia.<\/p>\n<\/div>\n<\/div>\n\n\n\n<div class=\"wp-block-seznam-box is-layout-flow wp-block-seznam-box-is-layout-flow\">\n<div class=\"wp-block-group is-layout-flow wp-container-core-group-is-layout-2915da19 wp-block-group-is-layout-flow\">\n<figure class=\"wp-block-image aligncenter size-full is-resized\"><img loading=\"lazy\" decoding=\"async\" width=\"400\" height=\"400\" src=\"https:\/\/o-seznam.cz\/reklama\/wp-content\/uploads\/sites\/5\/2024\/04\/agsr-knowlimits.png\" alt=\"\" class=\"wp-image-553\" style=\"width:auto;height:125px\" srcset=\"https:\/\/o-seznam.cz\/wp-content\/uploads\/sites\/5\/2024\/04\/agsr-knowlimits.png 400w, https:\/\/o-seznam.cz\/wp-content\/uploads\/sites\/5\/2024\/04\/agsr-knowlimits-150x150.png 150w, https:\/\/o-seznam.cz\/wp-content\/uploads\/sites\/5\/2024\/04\/agsr-knowlimits-256x256.png 256w\" sizes=\"auto, (max-width: 400px) 100vw, 400px\" \/><\/figure>\n\n\n\n<p class=\"has-accent-color has-text-color has-link-color wp-elements-9ab9c925ffd1483b4b1b6e1c2c4fdc2c\"><strong>Absolutn\u00ed Skokan roku<\/strong><\/p>\n\n\n\n<p class=\"has-neutral-60-color has-text-color has-link-color wp-elements-a412f452f50c825538f5a18e72331bd9\">U skupiny Knowlimits Group jsme zaznamenali nejvy\u0161\u0161\u00ed n\u00e1r\u016fst objemu spoluprac\u00ed na stejn\u00e9m klientsk\u00e9m portfoliu oproti p\u0159edchoz\u00edmu roku. Proto skupin\u011b n\u00e1le\u017e\u00ed ocen\u011bn\u00ed Absolutn\u00ed skokan roku.<\/p>\n<\/div>\n<\/div>\n\n\n\n<div class=\"wp-block-seznam-box is-layout-flow wp-block-seznam-box-is-layout-flow\">\n<div class=\"wp-block-group is-layout-flow wp-container-core-group-is-layout-2915da19 wp-block-group-is-layout-flow\">\n<figure class=\"wp-block-image aligncenter size-full is-resized\"><img loading=\"lazy\" decoding=\"async\" width=\"400\" height=\"400\" src=\"https:\/\/o-seznam.cz\/reklama\/wp-content\/uploads\/sites\/5\/2024\/10\/agsr-msl-3.png\" alt=\"\" class=\"wp-image-5898\" style=\"width:auto;height:125px\" srcset=\"https:\/\/o-seznam.cz\/wp-content\/uploads\/sites\/5\/2024\/10\/agsr-msl-3.png 400w, https:\/\/o-seznam.cz\/wp-content\/uploads\/sites\/5\/2024\/10\/agsr-msl-3-320x320.png 320w, https:\/\/o-seznam.cz\/wp-content\/uploads\/sites\/5\/2024\/10\/agsr-msl-3-256x256.png 256w\" sizes=\"auto, (max-width: 400px) 100vw, 400px\" \/><\/figure>\n\n\n\n<p class=\"has-accent-color has-text-color has-link-color wp-elements-9ed64231956d996afa20e860981fe36e\"><strong>Obsahov\u00e1 spolupr\u00e1ce roku<\/strong><\/p>\n\n\n\n<p class=\"has-neutral-60-color has-text-color has-link-color wp-elements-631bf3d12f2c7ac7cdff0f2e0d7026ed\">Agenturu MSL jsme ocenili za kampa\u0148 \u017divot pohledem ko\u010dek pro Whiskas. Body si p\u0159ipsala za odvahu experimentovat s nov\u00fdmi koncepty. Kampa\u0148 tak z\u00edskala miliony div\u00e1k\u016f na Streamu.<\/p>\n<\/div>\n<\/div>\n\n\n\n<div class=\"wp-block-seznam-box is-layout-flow wp-block-seznam-box-is-layout-flow\">\n<div class=\"wp-block-group is-layout-flow wp-container-core-group-is-layout-2915da19 wp-block-group-is-layout-flow\">\n<figure class=\"wp-block-image aligncenter size-full is-resized\"><img loading=\"lazy\" decoding=\"async\" width=\"400\" height=\"400\" src=\"https:\/\/o-seznam.cz\/reklama\/wp-content\/uploads\/sites\/5\/2024\/04\/agsr-dentsu.png\" alt=\"\" class=\"wp-image-552\" style=\"width:auto;height:125px\" srcset=\"https:\/\/o-seznam.cz\/wp-content\/uploads\/sites\/5\/2024\/04\/agsr-dentsu.png 400w, https:\/\/o-seznam.cz\/wp-content\/uploads\/sites\/5\/2024\/04\/agsr-dentsu-150x150.png 150w, https:\/\/o-seznam.cz\/wp-content\/uploads\/sites\/5\/2024\/04\/agsr-dentsu-256x256.png 256w\" sizes=\"auto, (max-width: 400px) 100vw, 400px\" \/><\/figure>\n\n\n\n<p class=\"has-accent-color has-text-color has-link-color wp-elements-f06b2a3bd89eddcac558dc2aacc7107c\"><strong>Audio spolupr\u00e1ce roku<\/strong><\/p>\n\n\n\n<p class=\"has-neutral-60-color has-text-color has-link-color wp-elements-564d585b8368d8d38784b5a16be4ad06\">Agenturu Dentsu jsme ocenili za celoro\u010dn\u00ed \u00fasp\u011b\u0161nou spolupr\u00e1ci mezi Fortunou a podcastem Nosi\u010di vody. Spojen\u00ed sportovn\u00edho podcastu s tipy a kurzy od Fortuny v\u00fdrazn\u011b pos\u00edlilo pov\u011bdom\u00ed o zna\u010dce.<\/p>\n<\/div>\n<\/div>\n\n\n\n<div class=\"wp-block-seznam-box is-layout-flow wp-block-seznam-box-is-layout-flow\">\n<div class=\"wp-block-group is-layout-flow wp-container-core-group-is-layout-2915da19 wp-block-group-is-layout-flow\">\n<figure class=\"wp-block-image aligncenter size-full is-resized\"><img loading=\"lazy\" decoding=\"async\" width=\"400\" height=\"400\" src=\"https:\/\/o-seznam.cz\/reklama\/wp-content\/uploads\/sites\/5\/2024\/09\/agsr-wavemaker.png\" alt=\"\" class=\"wp-image-5842\" style=\"width:auto;height:125px\" srcset=\"https:\/\/o-seznam.cz\/wp-content\/uploads\/sites\/5\/2024\/09\/agsr-wavemaker.png 400w, https:\/\/o-seznam.cz\/wp-content\/uploads\/sites\/5\/2024\/09\/agsr-wavemaker-320x320.png 320w, https:\/\/o-seznam.cz\/wp-content\/uploads\/sites\/5\/2024\/09\/agsr-wavemaker-256x256.png 256w\" sizes=\"auto, (max-width: 400px) 100vw, 400px\" \/><\/figure>\n\n\n\n<p class=\"has-accent-color has-text-color has-link-color wp-elements-57d7e6aca728950b567f04bb232a5488\"><strong>Videokampa\u0148 roku<\/strong><\/p>\n\n\n\n<p class=\"has-neutral-60-color has-text-color has-link-color wp-elements-4cfa207ca4104f876c3e3327d6177115\">Agentura Wavemaker si vyslou\u017eila titul za kampa\u0148 pro NETFLIX s novou s\u00e9ri\u00ed Sex Education. Kampa\u0148 spojuj\u00edc\u00ed humor a vzd\u011bl\u00e1n\u00ed vzbudila velk\u00fd z\u00e1jem a efektivn\u011b p\u0159edala u\u017eite\u010dn\u00e9 informace.<\/p>\n<\/div>\n<\/div>\n\n\n\n<div class=\"wp-block-seznam-box is-layout-flow wp-block-seznam-box-is-layout-flow\">\n<div class=\"wp-block-group is-layout-flow wp-container-core-group-is-layout-2915da19 wp-block-group-is-layout-flow\">\n<figure class=\"wp-block-image aligncenter size-full is-resized\"><img loading=\"lazy\" decoding=\"async\" width=\"400\" height=\"400\" src=\"https:\/\/o-seznam.cz\/reklama\/wp-content\/uploads\/sites\/5\/2024\/04\/agsr-publicis.png\" alt=\"\" class=\"wp-image-562\" style=\"width:auto;height:125px\" srcset=\"https:\/\/o-seznam.cz\/wp-content\/uploads\/sites\/5\/2024\/04\/agsr-publicis.png 400w, https:\/\/o-seznam.cz\/wp-content\/uploads\/sites\/5\/2024\/04\/agsr-publicis-150x150.png 150w, https:\/\/o-seznam.cz\/wp-content\/uploads\/sites\/5\/2024\/04\/agsr-publicis-256x256.png 256w\" sizes=\"auto, (max-width: 400px) 100vw, 400px\" \/><\/figure>\n\n\n\n<p class=\"has-accent-color has-text-color has-link-color wp-elements-5eb6ca67697ea4e295825b4016cd54ec\"><strong>Programatick\u00e1 spolupr\u00e1ce <\/strong><\/p>\n\n\n\n<p class=\"has-neutral-60-color has-text-color has-link-color wp-elements-3c54904567eaf88d211e71b3cccaa816\">Publicis Groupe vyhr\u00e1la titul za pr\u00e1ci s cookieless c\u00edlen\u00edm v Skliku nap\u0159\u00ed\u010d sv\u00fdm klientsk\u00fdm portfoliem. Body z\u00edskala i za chytr\u00e9 propojen\u00ed spolupr\u00e1ce Seznamu s TMBK u Bud\u011bjovick\u00e9ho Budvaru.<\/p>\n<\/div>\n<\/div>\n\n\n\n<div class=\"wp-block-seznam-box is-layout-flow wp-block-seznam-box-is-layout-flow\">\n<div class=\"wp-block-group is-layout-flow wp-container-core-group-is-layout-2915da19 wp-block-group-is-layout-flow\">\n<figure class=\"wp-block-image aligncenter size-full is-resized\"><img loading=\"lazy\" decoding=\"async\" width=\"800\" height=\"400\" src=\"https:\/\/o-seznam.cz\/reklama\/wp-content\/uploads\/sites\/5\/2024\/09\/agsr-seeya-champion-2.png\" alt=\"\" class=\"wp-image-5858\" style=\"width:auto;height:125px\" srcset=\"https:\/\/o-seznam.cz\/wp-content\/uploads\/sites\/5\/2024\/09\/agsr-seeya-champion-2.png 800w, https:\/\/o-seznam.cz\/wp-content\/uploads\/sites\/5\/2024\/09\/agsr-seeya-champion-2-320x160.png 320w, https:\/\/o-seznam.cz\/wp-content\/uploads\/sites\/5\/2024\/09\/agsr-seeya-champion-2-768x384.png 768w\" sizes=\"auto, (max-width: 800px) 100vw, 800px\" \/><\/figure>\n\n\n\n<p class=\"has-accent-color has-text-color has-link-color wp-elements-cafb78f062a81ee0f127784180e98d3c\"><strong>CSR kampa\u0148 roku<\/strong><\/p>\n\n\n\n<p class=\"has-neutral-60-color has-text-color has-link-color wp-elements-dc0c44ff7d556041847f136b887b915a\">Agentury Championship Music a Seeya Creative vyhr\u00e1ly s kampan\u00ed pro iniciativu Pod sv\u00edcnem. Upozor\u0148ovaly v n\u00ed na dom\u00e1c\u00ed n\u00e1sil\u00ed a z\u00e1rove\u0148 nab\u00eddly n\u011bkolik rad pro ohro\u017een\u00e9.<\/p>\n<\/div>\n<\/div>\n\n\n\n<div class=\"wp-block-seznam-box is-layout-flow wp-block-seznam-box-is-layout-flow\">\n<div class=\"wp-block-group is-layout-flow wp-container-core-group-is-layout-2915da19 wp-block-group-is-layout-flow\">\n<figure class=\"wp-block-image aligncenter size-full is-resized\"><img loading=\"lazy\" decoding=\"async\" width=\"400\" height=\"400\" src=\"https:\/\/o-seznam.cz\/reklama\/wp-content\/uploads\/sites\/5\/2024\/09\/agsr-wavemaker.png\" alt=\"\" class=\"wp-image-5842\" style=\"width:auto;height:125px\" srcset=\"https:\/\/o-seznam.cz\/wp-content\/uploads\/sites\/5\/2024\/09\/agsr-wavemaker.png 400w, https:\/\/o-seznam.cz\/wp-content\/uploads\/sites\/5\/2024\/09\/agsr-wavemaker-320x320.png 320w, https:\/\/o-seznam.cz\/wp-content\/uploads\/sites\/5\/2024\/09\/agsr-wavemaker-256x256.png 256w\" sizes=\"auto, (max-width: 400px) 100vw, 400px\" \/><\/figure>\n\n\n\n<p class=\"has-accent-color has-text-color has-link-color wp-elements-951e80e2351dc0a96daf5c15a29b28fd\"><strong>Offline kampa\u0148 roku<\/strong><\/p>\n\n\n\n<p class=\"has-neutral-60-color has-text-color has-link-color wp-elements-497f56f0268efebd29729d34320607c0\">Agentura Wavemaker z\u00edskala cenu za kampa\u0148 pro Netflix k seri\u00e1lu Zakl\u00edna\u010d, kterou d\u011blala ve spolupr\u00e1ci s r\u00e1diem Expres FM. V\u00fdhrou byla cesta na premi\u00e9ru do Lod\u017ee s moder\u00e1torkou B\u00e1rou Hacsi.<\/p>\n<\/div>\n<\/div>\n<\/div><\/div>\n<\/div>\n\n\n\n<div class=\"wp-block-group is-layout-constrained wp-block-group-is-layout-constrained\">\n<h2 class=\"wp-block-heading\" id=\"2022\">2022<\/h2>\n\n\n\n<div class=\"wp-block-seznam-tiles has-columns-3 pattern-cards\" style=\"--seznam-tiles--columns:3\"><div class=\"inner-blocks\">\n<div class=\"wp-block-seznam-box is-layout-flow wp-block-seznam-box-is-layout-flow\">\n<div class=\"wp-block-group is-layout-flow wp-container-core-group-is-layout-2915da19 wp-block-group-is-layout-flow\">\n<figure class=\"wp-block-image aligncenter size-full is-resized\"><img loading=\"lazy\" decoding=\"async\" width=\"400\" height=\"400\" src=\"https:\/\/o-seznam.cz\/reklama\/wp-content\/uploads\/sites\/5\/2024\/04\/agsr-mindsquared.png\" alt=\"\" class=\"wp-image-554\" style=\"width:auto;height:125px\" srcset=\"https:\/\/o-seznam.cz\/wp-content\/uploads\/sites\/5\/2024\/04\/agsr-mindsquared.png 400w, https:\/\/o-seznam.cz\/wp-content\/uploads\/sites\/5\/2024\/04\/agsr-mindsquared-150x150.png 150w, https:\/\/o-seznam.cz\/wp-content\/uploads\/sites\/5\/2024\/04\/agsr-mindsquared-256x256.png 256w\" sizes=\"auto, (max-width: 400px) 100vw, 400px\" \/><\/figure>\n\n\n\n<p class=\"has-accent-color has-text-color has-link-color wp-elements-003aec128c24c48f4f62889a0814aaa1\"><strong>Cross-medi\u00e1ln\u00ed spolupr\u00e1ce<\/strong><\/p>\n\n\n\n<p class=\"has-neutral-60-color has-text-color has-link-color wp-elements-2eec412fef78c6e722b006bf3781169b\">Ocenili jsme agenturu Mindsquared za \u0161irokou \u0161k\u00e1lu reklamn\u00edch form\u00e1t\u016f vyu\u017eit\u00fdch p\u0159i propagaci klienta na Seznamu, do kter\u00e9 investovali p\u0159es 80 milion\u016f korun.<\/p>\n<\/div>\n<\/div>\n\n\n\n<div class=\"wp-block-seznam-box is-layout-flow wp-block-seznam-box-is-layout-flow\">\n<div class=\"wp-block-group is-layout-flow wp-container-core-group-is-layout-2915da19 wp-block-group-is-layout-flow\">\n<figure class=\"wp-block-image aligncenter size-full is-resized\"><img loading=\"lazy\" decoding=\"async\" width=\"400\" height=\"400\" src=\"https:\/\/o-seznam.cz\/reklama\/wp-content\/uploads\/sites\/5\/2024\/04\/agsr-knowlimits.png\" alt=\"\" class=\"wp-image-553\" style=\"width:auto;height:125px\" srcset=\"https:\/\/o-seznam.cz\/wp-content\/uploads\/sites\/5\/2024\/04\/agsr-knowlimits.png 400w, https:\/\/o-seznam.cz\/wp-content\/uploads\/sites\/5\/2024\/04\/agsr-knowlimits-150x150.png 150w, https:\/\/o-seznam.cz\/wp-content\/uploads\/sites\/5\/2024\/04\/agsr-knowlimits-256x256.png 256w\" sizes=\"auto, (max-width: 400px) 100vw, 400px\" \/><\/figure>\n\n\n\n<p class=\"has-accent-color has-text-color has-link-color wp-elements-4f9c55e5d75b1cad498d70232e97a29d\"><strong>Skokan roku<\/strong><\/p>\n\n\n\n<p class=\"has-neutral-60-color has-text-color has-link-color wp-elements-fd207a8be505d94fd6c072e59d177986\">Agentura Knowlimits Group vyk\u00e1zala nejvy\u0161\u0161\u00ed procentu\u00e1ln\u00ed meziro\u010dn\u00ed n\u00e1r\u016fst spoluprac\u00ed a stala se tak jednozna\u010dn\u00fdm Skokanem roku.<\/p>\n<\/div>\n<\/div>\n\n\n\n<div class=\"wp-block-seznam-box is-layout-flow wp-block-seznam-box-is-layout-flow\">\n<div class=\"wp-block-group is-layout-flow wp-container-core-group-is-layout-2915da19 wp-block-group-is-layout-flow\">\n<figure class=\"wp-block-image aligncenter size-full is-resized\"><img loading=\"lazy\" decoding=\"async\" width=\"400\" height=\"400\" src=\"https:\/\/o-seznam.cz\/reklama\/wp-content\/uploads\/sites\/5\/2024\/04\/agsr-publicis.png\" alt=\"\" class=\"wp-image-562\" style=\"width:auto;height:125px\" srcset=\"https:\/\/o-seznam.cz\/wp-content\/uploads\/sites\/5\/2024\/04\/agsr-publicis.png 400w, https:\/\/o-seznam.cz\/wp-content\/uploads\/sites\/5\/2024\/04\/agsr-publicis-150x150.png 150w, https:\/\/o-seznam.cz\/wp-content\/uploads\/sites\/5\/2024\/04\/agsr-publicis-256x256.png 256w\" sizes=\"auto, (max-width: 400px) 100vw, 400px\" \/><\/figure>\n\n\n\n<p class=\"has-accent-color has-text-color has-link-color wp-elements-9ab9c925ffd1483b4b1b6e1c2c4fdc2c\"><strong>Absolutn\u00ed Skokan roku<\/strong><\/p>\n\n\n\n<p class=\"has-neutral-60-color has-text-color has-link-color wp-elements-b260e0e82f2672e49bfdc9d9c4fb8160\">Publicis Groupe zaznamenala v\u00fdrazn\u00fd absolutn\u00ed n\u00e1r\u016fst reklamn\u00edch investic na Seznamu, co\u017e ji vy\u0161vihlo a\u017e na pozici Absolutn\u00edho skokana roku.<\/p>\n<\/div>\n<\/div>\n\n\n\n<div class=\"wp-block-seznam-box is-layout-flow wp-block-seznam-box-is-layout-flow\">\n<div class=\"wp-block-group is-layout-flow wp-container-core-group-is-layout-2915da19 wp-block-group-is-layout-flow\">\n<figure class=\"wp-block-image aligncenter size-full is-resized\"><img loading=\"lazy\" decoding=\"async\" width=\"400\" height=\"400\" src=\"https:\/\/o-seznam.cz\/reklama\/wp-content\/uploads\/sites\/5\/2024\/04\/agsr-ogilvy.png\" alt=\"\" class=\"wp-image-557\" style=\"width:auto;height:125px\" srcset=\"https:\/\/o-seznam.cz\/wp-content\/uploads\/sites\/5\/2024\/04\/agsr-ogilvy.png 400w, https:\/\/o-seznam.cz\/wp-content\/uploads\/sites\/5\/2024\/04\/agsr-ogilvy-150x150.png 150w, https:\/\/o-seznam.cz\/wp-content\/uploads\/sites\/5\/2024\/04\/agsr-ogilvy-256x256.png 256w\" sizes=\"auto, (max-width: 400px) 100vw, 400px\" \/><\/figure>\n\n\n\n<p class=\"has-accent-color has-text-color has-link-color wp-elements-9ed64231956d996afa20e860981fe36e\"><strong>Obsahov\u00e1 spolupr\u00e1ce roku<\/strong><\/p>\n\n\n\n<p class=\"has-neutral-60-color has-text-color has-link-color wp-elements-c01c7f1ec01a2dd602062f806878d910\">Ocenili jsme Ogilvy za kampa\u0148 A\u0165 tu po n\u00e1s n\u011bco z\u016fstane pro Kru\u0161ovice. Rozhoduj\u00edc\u00ed byli \u00fasp\u011bch, inovace a pro-\u010dten\u00e1\u0159sk\u00fd p\u0159\u00edstup.<\/p>\n<\/div>\n<\/div>\n\n\n\n<div class=\"wp-block-seznam-box is-layout-flow wp-block-seznam-box-is-layout-flow\">\n<div class=\"wp-block-group is-layout-flow wp-container-core-group-is-layout-2915da19 wp-block-group-is-layout-flow\">\n<figure class=\"wp-block-image aligncenter size-full is-resized\"><img loading=\"lazy\" decoding=\"async\" width=\"400\" height=\"400\" src=\"https:\/\/o-seznam.cz\/reklama\/wp-content\/uploads\/sites\/5\/2024\/04\/agsr-omg.png\" alt=\"\" class=\"wp-image-559\" style=\"width:auto;height:125px\" srcset=\"https:\/\/o-seznam.cz\/wp-content\/uploads\/sites\/5\/2024\/04\/agsr-omg.png 400w, https:\/\/o-seznam.cz\/wp-content\/uploads\/sites\/5\/2024\/04\/agsr-omg-150x150.png 150w, https:\/\/o-seznam.cz\/wp-content\/uploads\/sites\/5\/2024\/04\/agsr-omg-256x256.png 256w\" sizes=\"auto, (max-width: 400px) 100vw, 400px\" \/><\/figure>\n\n\n\n<p class=\"has-accent-color has-text-color has-link-color wp-elements-f06b2a3bd89eddcac558dc2aacc7107c\"><strong>Audio spolupr\u00e1ce roku<\/strong><\/p>\n\n\n\n<p class=\"has-neutral-60-color has-text-color has-link-color wp-elements-165008877956070deb77768b01e639f6\">OMG jsme ocenili za \u00fasp\u011b\u0161n\u00e9 vyu\u017eit\u00ed podcast\u016f Seznamu k osloven\u00ed c\u00edlov\u00e9 skupiny s obsahem Ve Vat\u011b Energo Speci\u00e1l pro Komer\u010dn\u00ed banku.<\/p>\n<\/div>\n<\/div>\n\n\n\n<div class=\"wp-block-seznam-box is-layout-flow wp-block-seznam-box-is-layout-flow\">\n<div class=\"wp-block-group is-layout-flow wp-container-core-group-is-layout-2915da19 wp-block-group-is-layout-flow\">\n<figure class=\"wp-block-image aligncenter size-full is-resized\"><img loading=\"lazy\" decoding=\"async\" width=\"800\" height=\"400\" src=\"https:\/\/o-seznam.cz\/reklama\/wp-content\/uploads\/sites\/5\/2024\/04\/agsr-omg-zaraguza.png\" alt=\"\" class=\"wp-image-558\" style=\"width:auto;height:125px\" srcset=\"https:\/\/o-seznam.cz\/wp-content\/uploads\/sites\/5\/2024\/04\/agsr-omg-zaraguza.png 800w, https:\/\/o-seznam.cz\/wp-content\/uploads\/sites\/5\/2024\/04\/agsr-omg-zaraguza-768x384.png 768w\" sizes=\"auto, (max-width: 800px) 100vw, 800px\" \/><\/figure>\n\n\n\n<p class=\"has-accent-color has-text-color has-link-color wp-elements-57d7e6aca728950b567f04bb232a5488\"><strong>Videokampa\u0148 roku<\/strong><\/p>\n\n\n\n<p class=\"has-neutral-60-color has-text-color has-link-color wp-elements-ad97b3b6057a52d18bb6b780beb1728c\">Cenu z\u00edskali OMG a Zaraguza za kampa\u0148 pro \u0160koda Auto. Vyu\u017eili potenci\u00e1l seri\u00e1lu Lajna, origin\u00e1ln\u011b zapojili licencovanou postavu do sv\u00fdch spot\u016f a efektivn\u011b tak vyu\u017eili nab\u00edzen\u00e9 produkty Seznamu pro videoreklamu.<\/p>\n<\/div>\n<\/div>\n\n\n\n<div class=\"wp-block-seznam-box is-layout-flow wp-block-seznam-box-is-layout-flow\">\n<div class=\"wp-block-group is-layout-flow wp-container-core-group-is-layout-2915da19 wp-block-group-is-layout-flow\">\n<figure class=\"wp-block-image aligncenter size-full is-resized\"><img loading=\"lazy\" decoding=\"async\" width=\"800\" height=\"400\" src=\"https:\/\/o-seznam.cz\/reklama\/wp-content\/uploads\/sites\/5\/2024\/04\/agsr-oak-vmlyr.png\" alt=\"\" class=\"wp-image-555\" style=\"width:auto;height:125px\" srcset=\"https:\/\/o-seznam.cz\/wp-content\/uploads\/sites\/5\/2024\/04\/agsr-oak-vmlyr.png 800w, https:\/\/o-seznam.cz\/wp-content\/uploads\/sites\/5\/2024\/04\/agsr-oak-vmlyr-768x384.png 768w\" sizes=\"auto, (max-width: 800px) 100vw, 800px\" \/><\/figure>\n\n\n\n<p class=\"has-accent-color has-text-color has-link-color wp-elements-cafb78f062a81ee0f127784180e98d3c\"><strong>CSR kampa\u0148 roku<\/strong><\/p>\n\n\n\n<p class=\"has-neutral-60-color has-text-color has-link-color wp-elements-79a1221fabc7736f7b313dfc72ce2b75\">OAK a VMLY&amp;R vyu\u017eili v kampani pro \u010ceskou spo\u0159itelnu s n\u00e1zvem Dnes jsme #siln\u011bj\u0161\u00ed, dnes pom\u00e1h\u00e1me autentick\u00e9 p\u0159\u00edb\u011bhy pam\u011btn\u00edk\u016f ze sb\u00edrky Pam\u011bti n\u00e1roda. Svou reakc\u00ed na situaci na Ukrajin\u011b a v\u00fdzvou k podpo\u0159e sb\u00edrky si vyslou\u017eili i toto ocen\u011bn\u00ed.<\/p>\n<\/div>\n<\/div>\n\n\n\n<div class=\"wp-block-seznam-box is-layout-flow wp-block-seznam-box-is-layout-flow\">\n<div class=\"wp-block-group is-layout-flow wp-container-core-group-is-layout-2915da19 wp-block-group-is-layout-flow\">\n<figure class=\"wp-block-image aligncenter size-full is-resized\"><img loading=\"lazy\" decoding=\"async\" width=\"400\" height=\"400\" src=\"https:\/\/o-seznam.cz\/reklama\/wp-content\/uploads\/sites\/5\/2024\/04\/agsr-dentsu.png\" alt=\"\" class=\"wp-image-552\" style=\"width:auto;height:125px\" srcset=\"https:\/\/o-seznam.cz\/wp-content\/uploads\/sites\/5\/2024\/04\/agsr-dentsu.png 400w, https:\/\/o-seznam.cz\/wp-content\/uploads\/sites\/5\/2024\/04\/agsr-dentsu-150x150.png 150w, https:\/\/o-seznam.cz\/wp-content\/uploads\/sites\/5\/2024\/04\/agsr-dentsu-256x256.png 256w\" sizes=\"auto, (max-width: 400px) 100vw, 400px\" \/><\/figure>\n\n\n\n<p class=\"has-accent-color has-text-color has-link-color wp-elements-f977beef53fd0ee5b6f6b23680380d61\"><strong>Inov\u00e1tor roku<\/strong><\/p>\n\n\n\n<p class=\"has-neutral-60-color has-text-color has-link-color wp-elements-0f8d0fc5ab450914f2d41072340046de\">Agentura Dentsu z\u00edskala cenu za vyu\u017eit\u00ed novinek od Seznamu, zejm\u00e9na dynamick\u00e9ho retargetingu n\u00e1v\u0161t\u011bvn\u00edk\u016f Seznamu a pokro\u010dil\u00e9ho c\u00edlen\u00ed na prohl\u00ed\u017ee\u010de v r\u00e1mci RTB v kampani pro \u0159et\u011bzec Albert.<\/p>\n<\/div>\n<\/div>\n\n\n\n<div class=\"wp-block-seznam-box is-layout-flow wp-block-seznam-box-is-layout-flow\">\n<div class=\"wp-block-group is-layout-flow wp-container-core-group-is-layout-2915da19 wp-block-group-is-layout-flow\">\n<figure class=\"wp-block-image aligncenter size-full is-resized\"><img loading=\"lazy\" decoding=\"async\" width=\"400\" height=\"400\" src=\"https:\/\/o-seznam.cz\/reklama\/wp-content\/uploads\/sites\/5\/2024\/04\/agsr-omg.png\" alt=\"\" class=\"wp-image-559\" style=\"width:auto;height:125px\" srcset=\"https:\/\/o-seznam.cz\/wp-content\/uploads\/sites\/5\/2024\/04\/agsr-omg.png 400w, https:\/\/o-seznam.cz\/wp-content\/uploads\/sites\/5\/2024\/04\/agsr-omg-150x150.png 150w, https:\/\/o-seznam.cz\/wp-content\/uploads\/sites\/5\/2024\/04\/agsr-omg-256x256.png 256w\" sizes=\"auto, (max-width: 400px) 100vw, 400px\" \/><\/figure>\n\n\n\n<p class=\"has-accent-color has-text-color has-link-color wp-elements-1216c974dcaaef558532d9560abc3205\"><strong>Cena poroty<\/strong><\/p>\n\n\n\n<p class=\"has-neutral-60-color has-text-color has-link-color wp-elements-cfb979f8a63d77f1f7469bbd2cd9e375\">Projekt P\u0159\u00edli\u0161 hlasit\u00e9 nebezpe\u010d\u00ed zaru\u010dil OMG cenu i v t\u00e9to kategorii. V osv\u011btov\u00e9m obsahu na Seznamu si lid\u00e9 mohli poslechnout ruchy pra\u017esk\u00fdch \u010dtvrt\u00ed, kter\u00e9 mohou p\u0159esahovat zdravou m\u00edru. Pro klienta to byla prvn\u00ed pr\u00e1ce tohoto typu.<\/p>\n<\/div>\n<\/div>\n<\/div><\/div>\n<\/div>\n\n\n\n<div class=\"wp-block-group is-layout-constrained wp-block-group-is-layout-constrained\">\n<h2 class=\"wp-block-heading\" id=\"2021\">2021<\/h2>\n\n\n\n<div class=\"wp-block-seznam-tiles has-columns-3 pattern-cards\" style=\"--seznam-tiles--columns:3\"><div class=\"inner-blocks\">\n<div class=\"wp-block-seznam-box is-layout-flow wp-block-seznam-box-is-layout-flow\">\n<div class=\"wp-block-group is-layout-flow wp-container-core-group-is-layout-2915da19 wp-block-group-is-layout-flow\">\n<figure class=\"wp-block-image aligncenter size-full is-resized\"><img loading=\"lazy\" decoding=\"async\" width=\"400\" height=\"400\" src=\"https:\/\/o-seznam.cz\/reklama\/wp-content\/uploads\/sites\/5\/2024\/04\/agsr-performiocz.png\" alt=\"\" class=\"wp-image-560\" style=\"width:auto;height:125px\" srcset=\"https:\/\/o-seznam.cz\/wp-content\/uploads\/sites\/5\/2024\/04\/agsr-performiocz.png 400w, https:\/\/o-seznam.cz\/wp-content\/uploads\/sites\/5\/2024\/04\/agsr-performiocz-150x150.png 150w, https:\/\/o-seznam.cz\/wp-content\/uploads\/sites\/5\/2024\/04\/agsr-performiocz-256x256.png 256w\" sizes=\"auto, (max-width: 400px) 100vw, 400px\" \/><\/figure>\n\n\n\n<p class=\"has-accent-color has-text-color has-link-color wp-elements-003aec128c24c48f4f62889a0814aaa1\"><strong>Cross-medi\u00e1ln\u00ed spolupr\u00e1ce<\/strong><\/p>\n\n\n\n<p class=\"has-neutral-60-color has-text-color has-link-color wp-elements-1ab4a0ca419596366b859b5503a03053\">Performio jsme ocenili za skv\u011bl\u00e9 propojen\u00ed r\u016fzn\u00fdch m\u00e9di\u00ed pro ePoji\u0161t\u011bn\u00ed.cz ze skupiny Srovnejto.cz.<\/p>\n<\/div>\n<\/div>\n\n\n\n<div class=\"wp-block-seznam-box is-layout-flow wp-block-seznam-box-is-layout-flow\">\n<div class=\"wp-block-group is-layout-flow wp-container-core-group-is-layout-2915da19 wp-block-group-is-layout-flow\">\n<figure class=\"wp-block-image aligncenter size-full is-resized\"><img loading=\"lazy\" decoding=\"async\" width=\"400\" height=\"400\" src=\"https:\/\/o-seznam.cz\/reklama\/wp-content\/uploads\/sites\/5\/2024\/04\/agsr-knowlimits.png\" alt=\"\" class=\"wp-image-553\" style=\"width:auto;height:125px\" srcset=\"https:\/\/o-seznam.cz\/wp-content\/uploads\/sites\/5\/2024\/04\/agsr-knowlimits.png 400w, https:\/\/o-seznam.cz\/wp-content\/uploads\/sites\/5\/2024\/04\/agsr-knowlimits-150x150.png 150w, https:\/\/o-seznam.cz\/wp-content\/uploads\/sites\/5\/2024\/04\/agsr-knowlimits-256x256.png 256w\" sizes=\"auto, (max-width: 400px) 100vw, 400px\" \/><\/figure>\n\n\n\n<p class=\"has-accent-color has-text-color has-link-color wp-elements-4f9c55e5d75b1cad498d70232e97a29d\"><strong>Skokan roku<\/strong><\/p>\n\n\n\n<p class=\"has-neutral-60-color has-text-color has-link-color wp-elements-1ec1f16bfc5b665fc7d4169726ebf1cc\">Knowlimits Group vynikla s vysok\u00fdm procentu\u00e1ln\u00edm n\u00e1r\u016fstem reklamn\u00edch v\u00fddaj\u016f na Seznamu, co\u017e z n\u00ed ud\u011blalo Skokana roku.<\/p>\n<\/div>\n<\/div>\n\n\n\n<div class=\"wp-block-seznam-box is-layout-flow wp-block-seznam-box-is-layout-flow\">\n<div class=\"wp-block-group is-layout-flow wp-container-core-group-is-layout-2915da19 wp-block-group-is-layout-flow\">\n<figure class=\"wp-block-image aligncenter size-full is-resized\"><img loading=\"lazy\" decoding=\"async\" width=\"400\" height=\"400\" src=\"https:\/\/o-seznam.cz\/reklama\/wp-content\/uploads\/sites\/5\/2024\/04\/agsr-performiocz.png\" alt=\"\" class=\"wp-image-560\" style=\"width:auto;height:125px\" srcset=\"https:\/\/o-seznam.cz\/wp-content\/uploads\/sites\/5\/2024\/04\/agsr-performiocz.png 400w, https:\/\/o-seznam.cz\/wp-content\/uploads\/sites\/5\/2024\/04\/agsr-performiocz-150x150.png 150w, https:\/\/o-seznam.cz\/wp-content\/uploads\/sites\/5\/2024\/04\/agsr-performiocz-256x256.png 256w\" sizes=\"auto, (max-width: 400px) 100vw, 400px\" \/><\/figure>\n\n\n\n<p class=\"has-accent-color has-text-color has-link-color wp-elements-9ab9c925ffd1483b4b1b6e1c2c4fdc2c\"><strong>Absolutn\u00ed Skokan roku<\/strong><\/p>\n\n\n\n<p class=\"has-neutral-60-color has-text-color has-link-color wp-elements-f8275d577239c2da6a718488f061784b\">Performio z\u00edskalo ocen\u011bn\u00ed i za nejvy\u0161\u0161\u00ed meziro\u010dn\u00ed procentu\u00e1ln\u00ed n\u00e1r\u016fst spoluprac\u00ed u Seznam.cz.<\/p>\n<\/div>\n<\/div>\n\n\n\n<div class=\"wp-block-seznam-box is-layout-flow wp-block-seznam-box-is-layout-flow\">\n<div class=\"wp-block-group is-layout-flow wp-container-core-group-is-layout-2915da19 wp-block-group-is-layout-flow\">\n<figure class=\"wp-block-image aligncenter size-full is-resized\"><img loading=\"lazy\" decoding=\"async\" width=\"400\" height=\"400\" src=\"https:\/\/o-seznam.cz\/reklama\/wp-content\/uploads\/sites\/5\/2024\/04\/agsr-symbio.png\" alt=\"\" class=\"wp-image-587\" style=\"width:auto;height:125px\" srcset=\"https:\/\/o-seznam.cz\/wp-content\/uploads\/sites\/5\/2024\/04\/agsr-symbio.png 400w, https:\/\/o-seznam.cz\/wp-content\/uploads\/sites\/5\/2024\/04\/agsr-symbio-150x150.png 150w, https:\/\/o-seznam.cz\/wp-content\/uploads\/sites\/5\/2024\/04\/agsr-symbio-256x256.png 256w\" sizes=\"auto, (max-width: 400px) 100vw, 400px\" \/><\/figure>\n\n\n\n<p class=\"has-accent-color has-text-color has-link-color wp-elements-9ed64231956d996afa20e860981fe36e\"><strong>Obsahov\u00e1 spolupr\u00e1ce roku<\/strong><\/p>\n\n\n\n<p class=\"has-neutral-60-color has-text-color has-link-color wp-elements-e803c9ef9e0611fe90cf9f3a5160a3ae\">Symbio Digital jsme ocenili za projekt D\u011bti a pen\u00edze, kter\u00fd hrav\u011b a \u00fa\u010dinn\u011b zvy\u0161oval finan\u010dn\u00ed gramotnost \u017e\u00e1k\u016f.<\/p>\n<\/div>\n<\/div>\n\n\n\n<div class=\"wp-block-seznam-box is-layout-flow wp-block-seznam-box-is-layout-flow\">\n<div class=\"wp-block-group is-layout-flow wp-container-core-group-is-layout-2915da19 wp-block-group-is-layout-flow\">\n<figure class=\"wp-block-image aligncenter size-full is-resized\"><img loading=\"lazy\" decoding=\"async\" width=\"400\" height=\"400\" src=\"https:\/\/o-seznam.cz\/reklama\/wp-content\/uploads\/sites\/5\/2024\/04\/agsr-dentsu.png\" alt=\"\" class=\"wp-image-552\" style=\"width:auto;height:125px\" srcset=\"https:\/\/o-seznam.cz\/wp-content\/uploads\/sites\/5\/2024\/04\/agsr-dentsu.png 400w, https:\/\/o-seznam.cz\/wp-content\/uploads\/sites\/5\/2024\/04\/agsr-dentsu-150x150.png 150w, https:\/\/o-seznam.cz\/wp-content\/uploads\/sites\/5\/2024\/04\/agsr-dentsu-256x256.png 256w\" sizes=\"auto, (max-width: 400px) 100vw, 400px\" \/><\/figure>\n\n\n\n<p class=\"has-accent-color has-text-color has-link-color wp-elements-a43861431ea4b6ecf3742f635cd5e3b8\"><strong>Vyu\u017eit\u00ed audioform\u00e1t\u016f<\/strong><\/p>\n\n\n\n<p class=\"has-neutral-60-color has-text-color has-link-color wp-elements-72611470a64620aa3affa6f3dd38a17b\">Dentsu porota ocenila za inovativn\u00ed pr\u00e1ci pro Fortunu. Nav\u00e1z\u00e1n\u00edm partnerstv\u00ed s fotbalov\u00fdm podcastem Nosi\u010di vody agentura chyt\u0159e propojila poslucha\u010de s c\u00edlovou skupinou klienta.<\/p>\n<\/div>\n<\/div>\n\n\n\n<div class=\"wp-block-seznam-box is-layout-flow wp-block-seznam-box-is-layout-flow\">\n<div class=\"wp-block-group is-layout-flow wp-container-core-group-is-layout-2915da19 wp-block-group-is-layout-flow\">\n<figure class=\"wp-block-image aligncenter size-full is-resized\"><img loading=\"lazy\" decoding=\"async\" width=\"400\" height=\"400\" src=\"https:\/\/o-seznam.cz\/reklama\/wp-content\/uploads\/sites\/5\/2024\/04\/agsr-marketup.png\" alt=\"\" class=\"wp-image-588\" style=\"width:auto;height:125px\" srcset=\"https:\/\/o-seznam.cz\/wp-content\/uploads\/sites\/5\/2024\/04\/agsr-marketup.png 400w, https:\/\/o-seznam.cz\/wp-content\/uploads\/sites\/5\/2024\/04\/agsr-marketup-150x150.png 150w, https:\/\/o-seznam.cz\/wp-content\/uploads\/sites\/5\/2024\/04\/agsr-marketup-256x256.png 256w, https:\/\/o-seznam.cz\/wp-content\/uploads\/sites\/5\/2024\/04\/agsr-marketup-64x64.png 64w, https:\/\/o-seznam.cz\/wp-content\/uploads\/sites\/5\/2024\/04\/agsr-marketup-128x128.png 128w\" sizes=\"auto, (max-width: 400px) 100vw, 400px\" \/><\/figure>\n\n\n\n<p class=\"has-accent-color has-text-color has-link-color wp-elements-3e19bfd92e2ed9e372138dd88ae06c4b\"><strong>Videospolupr\u00e1ce roku<\/strong><\/p>\n\n\n\n<p class=\"has-neutral-60-color has-text-color has-link-color wp-elements-4621314446862b502553d465a8c46bc2\">Marketup sv\u00fdm odv\u00e1\u017en\u00fdm p\u0159\u00edstupem k investic\u00edm do videa a vyu\u017eit\u00edm kvalitn\u00edho kan\u00e1lu uk\u00e1zal, \u017ee videoreklama je \u00fa\u010dinn\u00fdm n\u00e1strojem pro budov\u00e1n\u00ed zna\u010dek. Za to z\u00edskali i tohle ocen\u011bn\u00ed.<\/p>\n<\/div>\n<\/div>\n\n\n\n<div class=\"wp-block-seznam-box is-layout-flow wp-block-seznam-box-is-layout-flow\">\n<div class=\"wp-block-group is-layout-flow wp-container-core-group-is-layout-2915da19 wp-block-group-is-layout-flow\">\n<figure class=\"wp-block-image aligncenter size-full is-resized\"><img loading=\"lazy\" decoding=\"async\" width=\"400\" height=\"400\" src=\"https:\/\/o-seznam.cz\/reklama\/wp-content\/uploads\/sites\/5\/2024\/04\/agsr-phd.png\" alt=\"\" class=\"wp-image-561\" style=\"width:auto;height:125px\" srcset=\"https:\/\/o-seznam.cz\/wp-content\/uploads\/sites\/5\/2024\/04\/agsr-phd.png 400w, https:\/\/o-seznam.cz\/wp-content\/uploads\/sites\/5\/2024\/04\/agsr-phd-150x150.png 150w, https:\/\/o-seznam.cz\/wp-content\/uploads\/sites\/5\/2024\/04\/agsr-phd-256x256.png 256w\" sizes=\"auto, (max-width: 400px) 100vw, 400px\" \/><\/figure>\n\n\n\n<p class=\"has-accent-color has-text-color has-link-color wp-elements-57d7e6aca728950b567f04bb232a5488\"><strong>Videokampa\u0148 roku<\/strong><\/p>\n\n\n\n<p class=\"has-neutral-60-color has-text-color has-link-color wp-elements-c9b829b1e9e3e02c17dfbd1dab71c4fb\">Agentu\u0159e PHD jsme ud\u011blili cenu za pr\u00e1ci pro Hornbach. Jejich kreativn\u00ed p\u0159\u00edstup k form\u00e1tu videa zahrnoval vtipn\u00fd spot o dom\u00e1c\u00edm kutilstv\u00ed p\u0159izp\u016fsoben\u00fd pro mobiln\u00ed za\u0159\u00edzen\u00ed.<\/p>\n<\/div>\n<\/div>\n\n\n\n<div class=\"wp-block-seznam-box is-layout-flow wp-block-seznam-box-is-layout-flow\">\n<div class=\"wp-block-group is-layout-flow wp-container-core-group-is-layout-2915da19 wp-block-group-is-layout-flow\">\n<figure class=\"wp-block-image aligncenter size-full is-resized\"><img loading=\"lazy\" decoding=\"async\" width=\"400\" height=\"400\" src=\"https:\/\/o-seznam.cz\/reklama\/wp-content\/uploads\/sites\/5\/2024\/04\/agsr-publicis.png\" alt=\"\" class=\"wp-image-562\" style=\"width:auto;height:125px\" srcset=\"https:\/\/o-seznam.cz\/wp-content\/uploads\/sites\/5\/2024\/04\/agsr-publicis.png 400w, https:\/\/o-seznam.cz\/wp-content\/uploads\/sites\/5\/2024\/04\/agsr-publicis-150x150.png 150w, https:\/\/o-seznam.cz\/wp-content\/uploads\/sites\/5\/2024\/04\/agsr-publicis-256x256.png 256w\" sizes=\"auto, (max-width: 400px) 100vw, 400px\" \/><\/figure>\n\n\n\n<p class=\"has-accent-color has-text-color has-link-color wp-elements-f977beef53fd0ee5b6f6b23680380d61\"><strong>Inov\u00e1tor roku<\/strong><\/p>\n\n\n\n<p class=\"has-neutral-60-color has-text-color has-link-color wp-elements-7c819471c746b5c37ec4dd9581b5f734\">Publicis Groupe z\u00edskala cenu za pe\u010dliv\u00e9 testov\u00e1n\u00ed novinek v obsahov\u00e9 s\u00edti Skliku a za vyu\u017eit\u00ed dynamick\u00e9ho retargetingu a \u00fadaj\u016f prvn\u00ed strany v RTB pro klienta Samsung.<\/p>\n<\/div>\n<\/div>\n<\/div><\/div>\n<\/div>\n<\/div>\n\n\t\n\t\n<\/div>\n","protected":false},"excerpt":{"rendered":"","protected":false},"author":2,"featured_media":0,"parent":334,"menu_order":0,"comment_status":"closed","ping_status":"closed","template":"page-no-head","meta":{"_acf_changed":false,"_relevanssi_hide_post":"","_relevanssi_hide_content":"","_relevanssi_pin_for_all":"","_relevanssi_pin_keywords":"","_relevanssi_unpin_keywords":"","_relevanssi_related_keywords":"","_relevanssi_related_include_ids":"","_relevanssi_related_exclude_ids":"","_relevanssi_related_no_append":"","_relevanssi_related_not_related":"","_relevanssi_related_posts":"","_relevanssi_noindex_reason":"","footnotes":""},"page_category":[],"page_tag":[],"class_list":["post-488","page","type-page","status-publish","hentry"],"acf":[],"lang":"cs","translations":{"cs":488},"pll_sync_post":[],"_links":{"self":[{"href":"https:\/\/o-seznam.cz\/reklama\/wp-json\/wp\/v2\/pages\/488","targetHints":{"allow":["GET"]}}],"collection":[{"href":"https:\/\/o-seznam.cz\/reklama\/wp-json\/wp\/v2\/pages"}],"about":[{"href":"https:\/\/o-seznam.cz\/reklama\/wp-json\/wp\/v2\/types\/page"}],"author":[{"embeddable":true,"href":"https:\/\/o-seznam.cz\/reklama\/wp-json\/wp\/v2\/users\/2"}],"replies":[{"embeddable":true,"href":"https:\/\/o-seznam.cz\/reklama\/wp-json\/wp\/v2\/comments?post=488"}],"version-history":[{"count":42,"href":"https:\/\/o-seznam.cz\/reklama\/wp-json\/wp\/v2\/pages\/488\/revisions"}],"predecessor-version":[{"id":12503,"href":"https:\/\/o-seznam.cz\/reklama\/wp-json\/wp\/v2\/pages\/488\/revisions\/12503"}],"up":[{"embeddable":true,"href":"https:\/\/o-seznam.cz\/reklama\/wp-json\/wp\/v2\/pages\/334"}],"wp:attachment":[{"href":"https:\/\/o-seznam.cz\/reklama\/wp-json\/wp\/v2\/media?parent=488"}],"wp:term":[{"taxonomy":"page_category","embeddable":true,"href":"https:\/\/o-seznam.cz\/reklama\/wp-json\/wp\/v2\/page_category?post=488"},{"taxonomy":"page_tag","embeddable":true,"href":"https:\/\/o-seznam.cz\/reklama\/wp-json\/wp\/v2\/page_tag?post=488"}],"curies":[{"name":"wp","href":"https:\/\/api.w.org\/{rel}","templated":true}]}}