{"id":367,"date":"2024-03-28T16:38:10","date_gmt":"2024-03-28T15:38:10","guid":{"rendered":"https:\/\/o-seznam.cz\/reklama\/?page_id=367"},"modified":"2026-04-20T17:07:14","modified_gmt":"2026-04-20T15:07:14","slug":"pravidla","status":"publish","type":"page","link":"https:\/\/o-seznam.cz\/reklama\/agsr\/pravidla\/","title":{"rendered":"Pravidla Agenturn\u00ed spolupr\u00e1ce roku"},"content":{"rendered":"<div style=\"--special-accent:#f6c64f;--wp--preset--color--accent:#f6c64f;--wp--preset--color--accent-dark:#dbac34;--wp--custom--color--accent:#f6c64f;--wp--custom--color--accent-dark:#dbac34;--wp--custom--color--contrast-accent:#000000;--wp--custom--color--link:#f6c64f;--wp--custom--color--link-hover:#dbac34;\" class=\"is-scheme-dark-2 is-scheme-dark has-vertical-padding alignfull wp-block-seznam-area\">\n\n\t\n<div class=\"inner-blocks is-layout-constrained wp-container-seznam-area-is-layout-ff6e4433 wp-block-seznam-area-is-layout-constrained\">\n<h1 class=\"wp-block-heading has-accent-color has-text-color has-link-color wp-elements-48258a515af754a8c265493099dae76f\">Pravidla Agenturn\u00ed spolupr\u00e1ce roku<\/h1>\n\n\n\n\n\n<div class=\"wp-block-group is-content-justification-left is-layout-constrained wp-container-core-group-is-layout-0ed21503 wp-block-group-is-layout-constrained\">\n<h2 class=\"wp-block-heading\">Obecn\u00e1 ustanoven\u00ed<\/h2>\n\n\n\n<ol class=\"wp-block-list\">\n<li>P\u0159edm\u011btem t\u011bchto Pravidel Ankety (d\u00e1le jen \u201ePravidla\u201c) je \u00faprava pr\u00e1vn\u00edho vztahu mezi \u00fa\u010dastn\u00edky a po\u0159adatelem ankety \u201eAgenturn\u00ed spolupr\u00e1ce roku 2025\u201c (d\u00e1le jen \u201eAnketa\u201c).<\/li>\n\n\n\n<li>Po\u0159adatelem a vyhla\u0161ovatelem Ankety je obchodn\u00ed spole\u010dnost Seznam.cz, a.s., se s\u00eddlem Radlick\u00e1 3294\/10, 150 00 Praha 5, I\u010cO: 26168685 (d\u00e1le jen \u201ePo\u0159adatel\u201c).<\/li>\n\n\n\n<li>Anketa nepodl\u00e9h\u00e1 z\u00e1konu \u010d. 186\/2016 Sb. o hazardn\u00edch hr\u00e1ch, v platn\u00e9m zn\u011bn\u00ed.<\/li>\n\n\n\n<li>Anketa je zve\u0159ejn\u011bna, vyhl\u00e1\u0161ena a propagov\u00e1na na internetu, a to na internetov\u00fdch str\u00e1nk\u00e1ch Po\u0159adatele a \u00fa\u010dtech Po\u0159adatele na soci\u00e1ln\u00edch s\u00edt\u00edch Facebook, Instagram, X a LinkedIn (d\u00e1le jen \u201eZve\u0159ejn\u011bn\u00ed Ankety\u201c). Anketa nen\u00ed \u017e\u00e1dn\u00fdm zp\u016fsobem po\u0159\u00e1d\u00e1na, sponzorov\u00e1na, podporov\u00e1na, vyhodnocov\u00e1na, ani jinak spravov\u00e1na soci\u00e1ln\u00edmi s\u00edt\u011bmi Facebook, Instagram, X a LinkedIn, ani jejich provozovateli. Provozovatel\u016fm soci\u00e1ln\u00edch s\u00edt\u00ed Facebook, Instagram, X a LinkedIn nevznikaj\u00ed ve spojen\u00ed s Anketou \u017e\u00e1dn\u00e1 pr\u00e1va ani povinnosti, a to ani v\u016f\u010di jej\u00edm \u00fa\u010dastn\u00edk\u016fm. \u00dapln\u00e9 zn\u011bn\u00ed Pravidel je zve\u0159ejn\u011bno na webov\u00fdch str\u00e1nk\u00e1ch Po\u0159adatele.<\/li>\n\n\n\n<li>Po\u0159adatel p\u0159edpokl\u00e1d\u00e1 Zve\u0159ejn\u011bn\u00ed Ankety v pr\u016fb\u011bhu b\u0159ezna 2026.<\/li>\n\n\n\n<li>Anketa prob\u00edh\u00e1 na \u00fazem\u00ed \u010cesk\u00e9 republiky od okam\u017eiku Zve\u0159ejn\u011bn\u00ed Ankety do vyhl\u00e1\u0161en\u00ed v\u00fdherc\u016f (d\u00e1le jen \u201eTerm\u00edn Ankety\u201c).<\/li>\n\n\n\n<li>P\u0159edm\u011btem Ankety je hodnocen\u00ed reklamn\u00edch kampan\u00ed, r\u016fstu \u010di vyu\u017eit\u00ed inovativn\u00edch postup\u016f \u00fa\u010dastn\u00edky Ankety za obdob\u00ed od 1. 1. 2025 do 31. 12. 2025 (d\u00e1le jen \u201eHodnocen\u00e9 obdob\u00ed\u201c) v n\u00e1sleduj\u00edc\u00edch kategori\u00edch.\n<ol style=\"list-style-type:lower-alpha\" class=\"wp-block-list\">\n<li>Sklik ov\u011b\u0159en\u00e1 agentura roku<\/li>\n\n\n\n<li>Sklik certifikovan\u00e1 agentura roku<\/li>\n\n\n\n<li>Cross-medi\u00e1ln\u00ed spolupr\u00e1ce<\/li>\n\n\n\n<li>Skokan roku<\/li>\n\n\n\n<li>Obsahov\u00e1 spolupr\u00e1ce roku<\/li>\n\n\n\n<li>Videokampa\u0148 roku<\/li>\n\n\n\n<li>CSR kampa\u0148 roku<\/li>\n\n\n\n<li>Offline kampa\u0148 roku<\/li>\n<\/ol>\n<\/li>\n<\/ol>\n\n\n\n<p>(d\u00e1le spole\u010dn\u011b nebo jednotliv\u011b jen &#8222;Kategorie&#8220;).<\/p>\n<\/div>\n\n\n\n<div class=\"wp-block-group is-content-justification-left is-layout-constrained wp-container-core-group-is-layout-0ed21503 wp-block-group-is-layout-constrained\">\n<h2 class=\"wp-block-heading\">\u00da\u010dastn\u00edci Ankety<\/h2>\n\n\n\n<ol class=\"wp-block-list\">\n<li>\u00da\u010dastn\u00edkem Ankety pro Kategorie uveden\u00e9 v \u010dl. I. odst. 7. p\u00edsm. a) a\u017e h) t\u011bchto Pravidel je ka\u017ed\u00e1 agentura nebo agenturn\u00ed skupina, kter\u00e1 v Hodnocen\u00e9m obdob\u00ed spolupracovala s Po\u0159adatelem. Pro tyto Kategorie jsou \u00fa\u010dastn\u00edci do Ankety za\u0159azeni automaticky, registrace ani jin\u00fd \u00fakon \u00fa\u010dastn\u00edka sm\u011b\u0159uj\u00edc\u00ed k \u00fa\u010dasti v Anket\u011b nen\u00ed vy\u017eadov\u00e1n.<\/li>\n\n\n\n<li>\u00da\u010dastn\u00edkem Ankety pro Kategorii uvedenou v \u010dl. I. odst. 7 p\u00edsm. a) a\u017e h) t\u011bchto Pravidel m\u016f\u017ee b\u00fdt tak\u00e9 agentura nebo agenturn\u00ed skupina nespolupracuj\u00edc\u00ed s Po\u0159adatelem, a to na z\u00e1klad\u011b nominace. \u00da\u010dastn\u00edky Ankety pro tuto kategorii je mo\u017en\u00e9 v pr\u016fb\u011bhu Term\u00ednu Ankety nominovat prost\u0159ednictv\u00edm e-mailu <a href=\"mailto:nominace@agsr.cz\" target=\"_blank\" rel=\"noreferrer noopener\" class=\"is-style-link-external\">nominace@agsr.cz<\/a>. Nominace mus\u00ed obsahovat ozna\u010den\u00ed nominovan\u00e9 agentury nebo agenturn\u00ed skupiny a ozna\u010den\u00ed projektu, za kter\u00fd je do Ankety nominov\u00e1na.<\/li>\n<\/ol>\n\n\n\n<p>(\u00fa\u010dastn\u00edci Ankety dle \u010dl. II. odst. 1 a odst. 2 d\u00e1le spole\u010dn\u011b jako &#8222;\u00da\u010dastn\u00edci&#8220; nebo jednotliv\u011b jako &#8222;\u00da\u010dastn\u00edk&#8220;).<\/p>\n<\/div>\n\n\n\n<div class=\"wp-block-group is-content-justification-left is-layout-constrained wp-container-core-group-is-layout-0ed21503 wp-block-group-is-layout-constrained\">\n<h2 class=\"wp-block-heading\">V\u00fdherci<\/h2>\n\n\n\n<ol class=\"wp-block-list\">\n<li>Na z\u00e1klad\u011b subjektivn\u00edho hodnocen\u00ed dev\u00edti\u010dlenn\u00e9 poroty slo\u017een\u00e9 z odborn\u00fdch garant\u016f ur\u010den\u00fdch Po\u0159adatelem pro ka\u017edou z Kategori\u00ed bude z \u00da\u010dastn\u00edk\u016f vybr\u00e1no celkem osm v\u00fdherc\u016f Ankety, a to pro ka\u017edou Kategorii po jednom v\u00fdherci (d\u00e1le spole\u010dn\u011b jen \u201eV\u00fdherci\u201c a jednotliv\u011b jen \u201eV\u00fdherce\u201c). Ka\u017ed\u00e9mu V\u00fdherci bude p\u0159ed\u00e1na cena \u2013 autorsk\u00e9 d\u00edlo \u010desk\u00e9ho um\u011blce.<\/li>\n\n\n\n<li>Vyhl\u00e1\u0161en\u00ed V\u00fdherc\u016f v kategorii a) a b) prob\u011bhne 27. kv\u011btna na konferenci Seznam Expert f\u00f3rum v DOX+ (d\u00e1le jen \u201eVyhl\u00e1\u0161en\u00ed V\u00fdherc\u016f\u201c). \u00da\u010dastn\u00edci budou informov\u00e1ni o p\u0159esn\u00e9m term\u00ednu a zp\u016fsobu Vyhl\u00e1\u0161en\u00ed V\u00fdherc\u016f nejpozd\u011bji 30 dn\u016f p\u0159edem.<\/li>\n\n\n\n<li>Vyhl\u00e1\u0161en\u00ed V\u00fdherc\u016f v kategorii c) a\u017e h) prob\u011bhne 17. z\u00e1\u0159\u00ed 2026 na konferenci Seznam f\u00f3rum v DOX+ (d\u00e1le jen \u201eVyhl\u00e1\u0161en\u00ed V\u00fdherc\u016f\u201c). \u00da\u010dastn\u00edci budou informov\u00e1ni o p\u0159esn\u00e9m term\u00ednu a zp\u016fsobu Vyhl\u00e1\u0161en\u00ed V\u00fdherc\u016f nejpozd\u011bji 30 dn\u016f p\u0159edem.<\/li>\n\n\n\n<li>V p\u0159\u00edpad\u011b, \u017ee se V\u00fdherce nez\u00fa\u010dastn\u00ed Vyhl\u00e1\u0161en\u00ed V\u00fdherc\u016f a po\u0159adateli se nepoda\u0159\u00ed V\u00fdherce kontaktovat ani do 30 dn\u016f ode dne Vyhl\u00e1\u0161en\u00ed V\u00fdherc\u016f, n\u00e1rok V\u00fdherce na cenu zanikne.<\/li>\n\n\n\n<li>Po\u0159adatel nen\u00ed nikterak povinen komunikovat s \u00da\u010dastn\u00edky, kte\u0159\u00ed se nestanou V\u00fdherci, ani jak\u00fdmkoli zp\u016fsobem od\u016fvod\u0148ovat \u010di jinak obhajovat v\u00fdsledky Ankety.<\/li>\n<\/ol>\n<\/div>\n\n\n\n<div class=\"wp-block-group is-content-justification-left is-layout-constrained wp-container-core-group-is-layout-0ed21503 wp-block-group-is-layout-constrained\">\n<h2 class=\"wp-block-heading\">Ochrana osobn\u00edch \u00fadaj\u016f<\/h2>\n\n\n\n<ol class=\"wp-block-list\">\n<li>Za \u00fa\u010delem nominace agentury nebo agenturn\u00ed skupiny do Ankety &#8222;Agenturn\u00ed spolupr\u00e1ce roku 2024&#8220; dostupn\u00e9 na internetov\u00e9 adrese (URL) <a href=\"https:\/\/o-seznam.cz\/reklama\/agsr\/\" class=\"is-style-next\">https:\/\/o-seznam.cz\/reklama\/agsr\/<\/a> (d\u00e1le jen &#8222;Slu\u017eba&#8220;) v Kategorii dle \u010dl. I. odst. 7 p\u00edsm. a) a\u017e h) t\u011bchto Pravidel (tj. Corporate Social Responsibility (CSR) kampa\u0148 roku) u\u017eivatelem Slu\u017eby (d\u00e1le jen &#8222;U\u017eivatel&#8220;) prost\u0159ednictv\u00edm e-mailu Po\u0159adatele <a href=\"mailto:nominace@agsr.cz\" target=\"_blank\" rel=\"noreferrer noopener\" class=\"is-style-link-external\">nominace@agsr.cz<\/a> je Po\u0159adatel jako provozovatel Slu\u017eby opr\u00e1vn\u011bn zpracov\u00e1vat osobn\u00ed \u00fadaje U\u017eivatel\u016f (zejm\u00e9na adresn\u00e9 a popisn\u00e9 \u00fadaje v rozsahu n\u00ed\u017ee uveden\u00e9m), kter\u00e9 tito U\u017eivatel\u00e9 poskytnou Po\u0159adateli v r\u00e1mci u\u017e\u00edv\u00e1n\u00ed Slu\u017eby.<\/li>\n\n\n\n<li>Osobn\u00ed \u00fadaje U\u017eivatele budou zpracov\u00e1ny Po\u0159adatelem v nezbytn\u00e9m rozsahu za \u00fa\u010delem poskytov\u00e1n\u00ed Slu\u017eby, a to pro za\u0159azen\u00ed U\u017eivatelovy nominace do Ankety a n\u00e1slednou souvisej\u00edc\u00ed komunikaci. <\/li>\n\n\n\n<li>Takov\u00e9 zpracov\u00e1n\u00ed osobn\u00edch \u00fadaj\u016f je z\u00e1konn\u00e9, jeliko\u017e je nezbytn\u00e9 pro spln\u011bn\u00ed smlouvy, na jej\u00edm\u017e z\u00e1klad\u011b U\u017eivatel pou\u017e\u00edv\u00e1 Slu\u017ebu, a jej\u00ed\u017e smluvn\u00ed stranou je U\u017eivatel jako subjekt osobn\u00edch \u00fadaj\u016f. <\/li>\n\n\n\n<li>Po\u0159adatel postupuje p\u0159i zpracov\u00e1n\u00ed osobn\u00edch \u00fadaj\u016f v souladu s na\u0159\u00edzen\u00edm Evropsk\u00e9ho parlamentu a Rady (EU) \u010d. 2016\/679 o ochran\u011b fyzick\u00fdch osob v souvislosti se zpracov\u00e1n\u00edm osobn\u00edch \u00fadaj\u016f a o voln\u00e9m pohybu t\u011bchto \u00fadaj\u016f (obecn\u00e9 na\u0159\u00edzen\u00ed o ochran\u011b osobn\u00edch \u00fadaj\u016f, d\u00e1le jen &#8222;na\u0159\u00edzen\u00ed&#8220;), z\u00e1konem \u010d. 110\/2019 Sb., o zpracov\u00e1n\u00ed osobn\u00edch \u00fadaj\u016f, z\u00e1konem \u010d. 111\/2019 Sb., kter\u00fdm se m\u011bn\u00ed n\u011bkter\u00e9 z\u00e1kony s p\u0159ijet\u00edm z\u00e1kona o zpracov\u00e1n\u00ed osobn\u00edch \u00fadaj\u016f, z\u00e1konem \u010d. 480\/2004 Sb., o n\u011bkter\u00fdch slu\u017eb\u00e1ch informa\u010dn\u00ed spole\u010dnosti, z\u00e1konem \u010d. 127\/2005 Sb., o elektronick\u00fdch komunikac\u00edch a dal\u0161\u00edmi pr\u00e1vn\u00edmi p\u0159edpisy upravuj\u00edc\u00edmi ochranu osobn\u00edch \u00fadaj\u016f. <\/li>\n\n\n\n<li>Podrobn\u011bj\u0161\u00ed informace o nakl\u00e1d\u00e1n\u00ed s osobn\u00edmi \u00fadaji jsou uvedeny na internetov\u00fdch str\u00e1nk\u00e1ch Po\u0159adatele, a to v p\u0159\u00edslu\u0161n\u00e9 sekci.<\/li>\n<\/ol>\n<\/div>\n\n\n\n<div class=\"wp-block-group is-content-justification-left is-layout-constrained wp-container-core-group-is-layout-0ed21503 wp-block-group-is-layout-constrained\">\n<h2 class=\"wp-block-heading\">Z\u00e1v\u011bre\u010dn\u00e1 ustanoven\u00ed<\/h2>\n\n\n\n<ol class=\"wp-block-list\">\n<li>Po\u0159adatel si vyhrazuje pr\u00e1vo rozhodnout o zm\u011bn\u011b Term\u00ednu Ankety, v\u010detn\u011b mo\u017enosti Anketu i bez uveden\u00ed d\u016fvodu p\u0159ed\u010dasn\u011b ukon\u010dit. <\/li>\n\n\n\n<li>Po\u0159adatel si vyhrazuje pr\u00e1vo kdykoliv Pravidla zm\u011bnit. Zm\u011bna Pravidel je \u00fa\u010dinn\u00e1 od okam\u017eiku jej\u00edho zve\u0159ejn\u011bn\u00ed na webov\u00fdch str\u00e1nk\u00e1ch Po\u0159adatele. <\/li>\n\n\n\n<li>Po\u0159adatel je opr\u00e1vn\u011bn vy\u0159adit z Ankety, a to i bez p\u0159edchoz\u00edho upozorn\u011bn\u00ed, \u00da\u010dastn\u00edka, kter\u00fd poru\u0161\u00ed tato Pravidla a dal\u0161\u00ed podm\u00ednky specifikovan\u00e9 ve Zve\u0159ejn\u011bn\u00ed Ankety, obecn\u011b z\u00e1vazn\u00e9 pr\u00e1vn\u00ed p\u0159edpisy, dobr\u00e9 mravy \u010di po\u0161kod\u00ed dobr\u00e9 jm\u00e9no Po\u0159adatele, p\u0159\u00edpadn\u011b vybran\u00fdch Obdarovan\u00fdch nebo u kter\u00e9ho bude m\u00edt Po\u0159adatel na takov\u00e9 poru\u0161en\u00ed d\u016fvodn\u00e9 podez\u0159en\u00ed.<\/li>\n<\/ol>\n<\/div>\n<\/div>\n\n\t\n\t\n<\/div>\n","protected":false},"excerpt":{"rendered":"","protected":false},"author":2,"featured_media":0,"parent":334,"menu_order":0,"comment_status":"closed","ping_status":"closed","template":"page-no-head","meta":{"_acf_changed":false,"_relevanssi_hide_post":"","_relevanssi_hide_content":"","_relevanssi_pin_for_all":"","_relevanssi_pin_keywords":"","_relevanssi_unpin_keywords":"","_relevanssi_related_keywords":"","_relevanssi_related_include_ids":"","_relevanssi_related_exclude_ids":"","_relevanssi_related_no_append":"","_relevanssi_related_not_related":"","_relevanssi_related_posts":"","_relevanssi_noindex_reason":"","footnotes":""},"page_category":[],"page_tag":[],"class_list":["post-367","page","type-page","status-publish","hentry"],"acf":[],"lang":"cs","translations":{"cs":367},"pll_sync_post":[],"_links":{"self":[{"href":"https:\/\/o-seznam.cz\/reklama\/wp-json\/wp\/v2\/pages\/367","targetHints":{"allow":["GET"]}}],"collection":[{"href":"https:\/\/o-seznam.cz\/reklama\/wp-json\/wp\/v2\/pages"}],"about":[{"href":"https:\/\/o-seznam.cz\/reklama\/wp-json\/wp\/v2\/types\/page"}],"author":[{"embeddable":true,"href":"https:\/\/o-seznam.cz\/reklama\/wp-json\/wp\/v2\/users\/2"}],"replies":[{"embeddable":true,"href":"https:\/\/o-seznam.cz\/reklama\/wp-json\/wp\/v2\/comments?post=367"}],"version-history":[{"count":37,"href":"https:\/\/o-seznam.cz\/reklama\/wp-json\/wp\/v2\/pages\/367\/revisions"}],"predecessor-version":[{"id":12499,"href":"https:\/\/o-seznam.cz\/reklama\/wp-json\/wp\/v2\/pages\/367\/revisions\/12499"}],"up":[{"embeddable":true,"href":"https:\/\/o-seznam.cz\/reklama\/wp-json\/wp\/v2\/pages\/334"}],"wp:attachment":[{"href":"https:\/\/o-seznam.cz\/reklama\/wp-json\/wp\/v2\/media?parent=367"}],"wp:term":[{"taxonomy":"page_category","embeddable":true,"href":"https:\/\/o-seznam.cz\/reklama\/wp-json\/wp\/v2\/page_category?post=367"},{"taxonomy":"page_tag","embeddable":true,"href":"https:\/\/o-seznam.cz\/reklama\/wp-json\/wp\/v2\/page_tag?post=367"}],"curies":[{"name":"wp","href":"https:\/\/api.w.org\/{rel}","templated":true}]}}