{"id":12512,"date":"2026-04-21T14:01:07","date_gmt":"2026-04-21T12:01:07","guid":{"rendered":"https:\/\/o-seznam.cz\/reklama\/?page_id=12512"},"modified":"2026-04-28T08:54:01","modified_gmt":"2026-04-28T06:54:01","slug":"lide-cz","status":"publish","type":"page","link":"https:\/\/o-seznam.cz\/reklama\/lide-cz\/","title":{"rendered":"Lide.cz"},"content":{"rendered":"\n<div class=\"wp-block-group alignwide is-layout-constrained wp-block-group-is-layout-constrained\"><div class=\"alignwide alignwide wp-block-seznam-hero\"><div class=\"cover is-hero is-hero-default\" style=\"background-color:#f4f5f7;\"><img decoding=\"async\" width=\"1280\" height=\"512\" src=\"https:\/\/o-seznam.cz\/wp-content\/uploads\/sites\/5\/2026\/04\/reklama-lidecz-1.png\" class=\"cover__media cover__media--desktop\" alt=\"\" fetchpriority=\"high\" srcset=\"https:\/\/o-seznam.cz\/wp-content\/uploads\/sites\/5\/2026\/04\/reklama-lidecz-1.png 2000w, https:\/\/o-seznam.cz\/wp-content\/uploads\/sites\/5\/2026\/04\/reklama-lidecz-1-992x397.png 992w, https:\/\/o-seznam.cz\/wp-content\/uploads\/sites\/5\/2026\/04\/reklama-lidecz-1-1984x794.png 1984w, https:\/\/o-seznam.cz\/wp-content\/uploads\/sites\/5\/2026\/04\/reklama-lidecz-1-320x128.png 320w, https:\/\/o-seznam.cz\/wp-content\/uploads\/sites\/5\/2026\/04\/reklama-lidecz-1-768x307.png 768w, https:\/\/o-seznam.cz\/wp-content\/uploads\/sites\/5\/2026\/04\/reklama-lidecz-1-1536x614.png 1536w\" sizes=\"(max-width: 1280px) 100vw, 1280px\" \/><div class=\"cover__content is-layout-constrained\">\n\n<div class=\"wp-block-group is-layout-grid wp-container-core-group-is-layout-d88a0cef wp-block-group-is-layout-grid\">\n<h1 class=\"wp-block-heading has-text-align-left has-neutral-color has-text-color has-link-color wp-elements-fb3c6db984eeb4f5d8cab6a5915b9eae\">Reklama na Lid\u00e9.cz v\u00e1s dostane do diskuze<\/h1>\n<\/div>\n\n\n\n<div class=\"wp-block-group is-content-justification-left is-layout-constrained wp-container-core-group-is-layout-128e448e wp-block-group-is-layout-constrained\">\n<p class=\"has-neutral-color has-text-color has-link-color wp-elements-13837245d08023323f761230a062b158\">Ud\u011blejte sv\u00e9 zna\u010dce reklamu tam, kde se vedou kultivovan\u00e9 debaty.<\/p>\n\n\n\n<div class=\"wp-block-buttons is-layout-flex wp-block-buttons-is-layout-flex\" style=\"margin-top:var(--wp--preset--spacing--8)\">\n<div class=\"wp-block-button is-style-default\"><a class=\"wp-block-button__link wp-element-button\">Inzerovat na Lid\u00e9.cz<\/a><\/div>\n<\/div>\n<\/div>\n\n<\/div><\/div><\/div>\n\n\n<\/div>\n\n\n\n<div class=\"wp-block-group is-layout-constrained wp-block-group-is-layout-constrained\">\n<h2 class=\"wp-block-heading has-text-align-center\">V\u00fdhody inzerce na Lide.cz<\/h2>\n\n\n\n<div class=\"wp-block-columns pattern-columns-3-icons is-layout-flex wp-container-core-columns-is-layout-28f84493 wp-block-columns-is-layout-flex\">\n<div class=\"wp-block-column is-layout-flow wp-container-core-column-is-layout-16b3bfcb wp-block-column-is-layout-flow\"><figure class=\"aligncenter aligncenter wp-block-seznam-icon\"><img loading=\"lazy\" decoding=\"async\" width=\"64\" height=\"64\" src=\"https:\/\/o-seznam.cz\/wp-content\/uploads\/sites\/5\/2025\/04\/ikonka-sklik-presne-cileni.svg\" class=\"attachment-full size-full\" alt=\"\" \/><\/figure>\n\n\n\n<p class=\"has-text-align-center is-style-wrap-balance\"><strong>V\u00fdrazn\u00fd m\u011bs\u00ed\u010dn\u00ed z\u00e1sah<\/strong><\/p>\n\n\n\n<p class=\"has-text-align-center is-style-wrap-balance\">Skoro 2,5 milionu re\u00e1ln\u00fdch u\u017eivatel\u016f m\u011bs\u00ed\u010dn\u011b v\u00e1m zajist\u00ed stabiln\u00ed z\u00e1sah na \u010desk\u00e9m trhu m\u00edsto p\u0159ehlcen\u00fdch glob\u00e1ln\u00edch platforem.<\/p>\n<\/div>\n\n\n\n<div class=\"wp-block-column is-layout-flow wp-container-core-column-is-layout-16b3bfcb wp-block-column-is-layout-flow\"><figure class=\"aligncenter aligncenter wp-block-seznam-icon\"><img loading=\"lazy\" decoding=\"async\" width=\"64\" height=\"64\" src=\"https:\/\/o-seznam.cz\/wp-content\/uploads\/sites\/5\/2025\/04\/ikonka-sklik-reklamy-pod-kontrolou.svg\" class=\"attachment-full size-full\" alt=\"\" \/><\/figure>\n\n\n\n<p class=\"has-text-align-center is-style-wrap-balance\"><strong>Nadpr\u016fm\u011brn\u00e1 pozornost a zapojen\u00ed<\/strong><\/p>\n\n\n\n<p class=\"has-text-align-center is-style-wrap-balance\">Pr\u016fm\u011brn\u011b p\u0159es 5 minut na n\u00e1v\u0161t\u011bvu znamen\u00e1 v\u00edce \u010dasu na kontakt s va\u0161\u00ed zna\u010dkou, a t\u00edm i vy\u0161\u0161\u00ed \u0161anci, \u017ee si v\u00e1s lid\u00e9 zapamatuj\u00ed.<\/p>\n<\/div>\n\n\n\n<div class=\"wp-block-column is-layout-flow wp-container-core-column-is-layout-16b3bfcb wp-block-column-is-layout-flow\"><figure class=\"aligncenter aligncenter wp-block-seznam-icon\"><img loading=\"lazy\" decoding=\"async\" width=\"64\" height=\"64\" src=\"https:\/\/o-seznam.cz\/wp-content\/uploads\/sites\/5\/2025\/07\/mobilni-uzivatele.svg\" class=\"attachment-full size-full\" alt=\"\" \/><\/figure>\n\n\n\n<p class=\"has-text-align-center is-style-wrap-balance\"><strong>Mobiln\u00ed dostupnost<\/strong><\/p>\n\n\n\n<p class=\"has-text-align-center is-style-wrap-balance\">P\u0159es 60 % n\u00e1v\u0161t\u011bvn\u00edk\u016f se do diskuz\u00ed zapojuje p\u0159es mobil, a tak va\u0161e sd\u011blen\u00ed oslov\u00ed potenci\u00e1ln\u00ed z\u00e1kazn\u00edky kdykoli a kdekoli.<\/p>\n<\/div>\n<\/div>\n<\/div>\n\n\n\n<div class=\"wp-block-group is-layout-constrained wp-block-group-is-layout-constrained\">\n<h2 class=\"wp-block-heading\">\u00dasp\u011b\u0161n\u00e1 reklama za\u010d\u00edn\u00e1 spr\u00e1vn\u00fdm form\u00e1tem<\/h2>\n\n\n\n<div class=\"wp-block-group is-content-justification-left is-layout-constrained wp-container-core-group-is-layout-8a34ab60 wp-block-group-is-layout-constrained\">\n<p>A\u0165 u\u017e s\u00e1z\u00edte na bannery nebo nativn\u00ed inzerci, pom\u016f\u017eeme v\u00e1m vybrat form\u00e1t, kter\u00fd p\u0159irozen\u011b sed\u00ed do prost\u0159ed\u00ed a vzbud\u00ed o va\u0161i zna\u010dku skute\u010dn\u00fd z\u00e1jem.<\/p>\n<\/div>\n\n\n<div class=\"carousel is-loading has-dots is-style-side-buttons is-rounded wp-block-seznam-carousel\">\n\t<div class=\"carousel__inner\">\t\n\t\t<div class=\"inner-blocks carousel__body\">\n\n\n<div class=\"adformat is-style-box\">\n\t\n\t<div class=\"adformat__media\">\n\t\t<div class=\"adformat__media-inner\">\n\t\t\t<img loading=\"lazy\" decoding=\"async\" width=\"492\" height=\"277\" src=\"https:\/\/o-seznam.cz\/wp-content\/uploads\/sites\/5\/2025\/08\/reklama-lide-mobilni-square-premium-492x277.png\" class=\"attachment-ipq-492x277-true size-ipq-492x277-true\" alt=\"\" srcset=\"https:\/\/o-seznam.cz\/wp-content\/uploads\/sites\/5\/2025\/08\/reklama-lide-mobilni-square-premium-492x277.png 492w, https:\/\/o-seznam.cz\/wp-content\/uploads\/sites\/5\/2025\/08\/reklama-lide-mobilni-square-premium-320x180.png 320w, https:\/\/o-seznam.cz\/wp-content\/uploads\/sites\/5\/2025\/08\/reklama-lide-mobilni-square-premium-768x432.png 768w, https:\/\/o-seznam.cz\/wp-content\/uploads\/sites\/5\/2025\/08\/reklama-lide-mobilni-square-premium.png 800w\" sizes=\"auto, (max-width: 492px) 100vw, 492px\" \/>\t\t<\/div>\n\t<\/div>\n\n\t<div class=\"adformat__content\">\n\t\t<h4 class=\"text-center sm:text-left\">Mobiln\u00ed Square Premium<\/h4>\n\t\t<div class=\"mt-f2\">\n\t\t\tS Mobiln\u00edm Square Premium z\u00edsk\u00e1te v\u00fdrazn\u00fd \u010dtvercov\u00fd banner, kter\u00fd se zobrazuje p\u0159\u00edmo v obsahu \u010dl\u00e1nk\u016f na na\u0161ich top webech. D\u00edky tomuto form\u00e1tu snadno upout\u00e1te pozornost z\u00e1kazn\u00edk\u016f a p\u0159irozen\u011b je zapoj\u00edte do sv\u00e9ho sd\u011blen\u00ed.\t\t<\/div>\n\n\t\n\t<\/div>\n\n<\/div>\n\n\n\n\n\n\n<div class=\"adformat is-style-box\">\n\t\n\t<div class=\"adformat__media\">\n\t\t<div class=\"adformat__media-inner\">\n\t\t\t<img loading=\"lazy\" decoding=\"async\" width=\"492\" height=\"277\" src=\"https:\/\/o-seznam.cz\/wp-content\/uploads\/sites\/5\/2025\/08\/reklama-lide-nativni-inzerat-492x277.png\" class=\"attachment-ipq-492x277-true size-ipq-492x277-true\" alt=\"\" srcset=\"https:\/\/o-seznam.cz\/wp-content\/uploads\/sites\/5\/2025\/08\/reklama-lide-nativni-inzerat-492x277.png 492w, https:\/\/o-seznam.cz\/wp-content\/uploads\/sites\/5\/2025\/08\/reklama-lide-nativni-inzerat-320x180.png 320w, https:\/\/o-seznam.cz\/wp-content\/uploads\/sites\/5\/2025\/08\/reklama-lide-nativni-inzerat-768x432.png 768w, https:\/\/o-seznam.cz\/wp-content\/uploads\/sites\/5\/2025\/08\/reklama-lide-nativni-inzerat.png 800w\" sizes=\"auto, (max-width: 492px) 100vw, 492px\" \/>\t\t<\/div>\n\t<\/div>\n\n\t<div class=\"adformat__content\">\n\t\t<h4 class=\"text-center sm:text-left\">Nativn\u00ed inzer\u00e1t<\/h4>\n\t\t<div class=\"mt-f2\">\n\t\t\tS nativn\u00edm inzer\u00e1tem oslov\u00edte publikum prost\u0159ednictv\u00edm reklamy, kter\u00e1 lad\u00ed s okoln\u00edm obsahem a designem str\u00e1nky. Tento form\u00e1t zaji\u0161\u0165uje vy\u0161\u0161\u00ed m\u00edru prokliku a lep\u0161\u00ed u\u017eivatelsk\u00fd z\u00e1\u017eitek, proto\u017ee reklama je vn\u00edm\u00e1na jako sou\u010d\u00e1st p\u0159irozen\u00e9ho obsahu.\t\t<\/div>\n\n\t\n\t<\/div>\n\n<\/div>\n\n\n\n<\/div>\t<\/div>\n<\/div>\n\n\n\n\n<p class=\"is-style-link-external\"><a href=\"https:\/\/seznam.prehledreklam.cz\/cs\/primy-nakup\/#W3sibiI6InNlcnZlciIsInYiOlsyMjRdfV0=\" target=\"_blank\" rel=\"noreferrer noopener\">Proj\u00edt v\u0161echny form\u00e1ty<\/a><\/p>\n<\/div>\n\n\n\n<div class=\"wp-block-group is-layout-constrained wp-block-group-is-layout-constrained\"><div class=\"mediaText is-position-left is-orientation-landscape is-style-default\">\n\t\n\t<div class=\"mediaText__media\">\n\t\t<img loading=\"lazy\" decoding=\"async\" width=\"1845\" height=\"1236\" src=\"https:\/\/o-seznam.cz\/wp-content\/uploads\/sites\/5\/2026\/02\/reklama-sociodemografie-1.jpg\" class=\"\" alt=\"\" srcset=\"https:\/\/o-seznam.cz\/wp-content\/uploads\/sites\/5\/2026\/02\/reklama-sociodemografie-1.jpg 1845w, https:\/\/o-seznam.cz\/wp-content\/uploads\/sites\/5\/2026\/02\/reklama-sociodemografie-1-992x665.jpg 992w, https:\/\/o-seznam.cz\/wp-content\/uploads\/sites\/5\/2026\/02\/reklama-sociodemografie-1-320x214.jpg 320w, https:\/\/o-seznam.cz\/wp-content\/uploads\/sites\/5\/2026\/02\/reklama-sociodemografie-1-768x514.jpg 768w, https:\/\/o-seznam.cz\/wp-content\/uploads\/sites\/5\/2026\/02\/reklama-sociodemografie-1-1536x1029.jpg 1536w\" sizes=\"auto, (max-width: 1845px) 100vw, 1845px\" \/>\t<\/div>\n\n\t<div class=\"mediaText__content is-layout-flow\">\n\n<div class=\"wp-block-group is-layout-constrained wp-container-core-group-is-layout-beff7c7e wp-block-group-is-layout-constrained\">\n<h2 class=\"wp-block-heading\">Lid\u00e9, kte\u0159\u00ed aktivn\u011b sd\u00edl\u00ed sv\u00e9 post\u0159ehy<\/h2>\n\n\n\n<p class=\"is-style-wrap-balance\">Va\u0161i reklamu na Lid\u00e9.cz uvid\u00ed vzd\u011blan\u011bj\u0161\u00ed publikum s m\u00edrnou p\u0159evahou mu\u017e\u016f ve v\u011bku 35 a\u017e 54 let. Sleduj\u00ed d\u011bn\u00ed kolem sebe a r\u00e1di sd\u00edl\u00ed sv\u00e9 post\u0159ehy s ostatn\u00edmi.<\/p>\n<\/div>\n\n\n\n<p class=\"is-style-next\"><a href=\"https:\/\/o-seznam.cz\/reklama\/lide-cz\/navstevnost-a-sociodemografie\/\" data-type=\"link\" data-id=\"https:\/\/o-seznam.cz\/reklama\/navstevnost-a-sociodemografie\/\">Chci zn\u00e1t publikum<\/a><\/p>\n\n<\/div>\t\n<\/div>\n<\/div>\n\n\n\n<div class=\"wp-block-group is-layout-constrained wp-block-group-is-layout-constrained\">\n<h2 class=\"wp-block-heading\">C\u00edlen\u00e9 osloven\u00ed relevantn\u00edho publika<\/h2>\n\n\n\n<div class=\"wp-block-group is-content-justification-left is-layout-constrained wp-container-core-group-is-layout-8a34ab60 wp-block-group-is-layout-constrained\">\n<p>Zvy\u0161te \u0161anci, \u017ee se va\u0161e reklamn\u00ed sd\u011blen\u00ed dostane k lidem, kte\u0159\u00ed v\u00e1\u0161 produkt nebo slu\u017ebu opravdu budou cht\u00edt d\u0159\u00edv nebo pozd\u011bji koupit. Sta\u010d\u00ed si strategicky vybrat, jestli rad\u011bji c\u00edlit na konkr\u00e9tn\u00ed region, podle v\u011bku a pohlav\u00ed nebo se soust\u0159edit na z\u00e1jmy \u010dten\u00e1\u0159\u016f.<\/p>\n<\/div>\n\n\n\n<div class=\"accordion\">\n\t<div class=\"accordion__items\">\n<details class=\"expander is-style-default is-style-symbol is-style-symbol-icon\" open>\n\t<summary data-datalayer-name=\"expander_targeting_9965\" data-datalayer-text=\"Technick\u00e9 c\u00edlen\u00ed\">\n\t\t\t\t\t<span><img loading=\"lazy\" decoding=\"async\" width=\"32\" height=\"32\" src=\"https:\/\/o-seznam.cz\/wp-content\/uploads\/sites\/5\/2025\/04\/ikonka-sklik-optimalizace.svg\" class=\"attachment-full size-full\" alt=\"\" \/><\/span>\n\t\t\t\t<strong>Technick\u00e9 c\u00edlen\u00ed<\/strong>\n\t\t\t<\/summary>\n\t<div class=\"inner-blocks\">\n<p>Oslovte \u010dten\u00e1\u0159ky podle jejich lokality, za\u0159\u00edzen\u00ed nebo opera\u010dn\u00edho syst\u00e9mu, kter\u00fd pou\u017e\u00edvaj\u00ed.<\/p>\n<\/div><\/details>\n\n<details class=\"expander is-style-default is-style-symbol is-style-symbol-icon\">\n\t<summary data-datalayer-name=\"expander_targeting_9970\" data-datalayer-text=\"Behavior\u00e1ln\u00ed c\u00edlen\u00ed\">\n\t\t\t\t\t<span><img loading=\"lazy\" decoding=\"async\" width=\"32\" height=\"32\" src=\"https:\/\/o-seznam.cz\/wp-content\/uploads\/sites\/5\/2025\/03\/ikonka-cileni-na-zajmy.svg\" class=\"attachment-full size-full\" alt=\"\" \/><\/span>\n\t\t\t\t<strong>Behavior\u00e1ln\u00ed c\u00edlen\u00ed<\/strong>\n\t\t\t<\/summary>\n\t<div class=\"inner-blocks\">\n<p>Oslovte lidi podle jejich z\u00e1jm\u016f, n\u00e1kupn\u00edho chov\u00e1n\u00ed a typu za\u0159\u00edzen\u00ed.<\/p>\n<\/div><\/details>\n\n<details class=\"expander is-style-default is-style-symbol is-style-symbol-icon\">\n\t<summary data-datalayer-name=\"expander_targeting_9972\" data-datalayer-text=\"Tematick\u00e9 c\u00edlen\u00ed\">\n\t\t\t\t\t<span><img loading=\"lazy\" decoding=\"async\" width=\"32\" height=\"32\" src=\"https:\/\/o-seznam.cz\/wp-content\/uploads\/sites\/5\/2025\/04\/ikonka-sklik-garantova-reklama.svg\" class=\"attachment-full size-full\" alt=\"\" \/><\/span>\n\t\t\t\t<strong>Tematick\u00e9 c\u00edlen\u00ed<\/strong>\n\t\t\t<\/summary>\n\t<div class=\"inner-blocks\">\n<p>Spojte svou zna\u010dku s v\u00fdznamn\u00fdmi momenty jako Valent\u00fdn, za\u010d\u00e1tek \u0161koln\u00edho roku nebo V\u00e1noce.<\/p>\n<\/div><\/details>\n<\/div><\/div>\n\n<\/div>\n\n\n\n<div class=\"wp-block-group is-layout-constrained wp-block-group-is-layout-constrained\">\n<div class=\"wp-block-seznam-box is-layout-flow wp-block-seznam-box-is-layout-flow\">\n<div class=\"wp-block-group is-content-justification-center is-nowrap is-layout-flex wp-container-core-group-is-layout-23441af8 wp-block-group-is-layout-flex\">\n<p>R\u00e1di v\u00e1m pom\u016f\u017eeme naj\u00edt reklamu, kter\u00e1 funguje.<\/p>\n\n\n\n<div class=\"wp-block-buttons is-content-justification-right is-layout-flex wp-container-core-buttons-is-layout-d445cf74 wp-block-buttons-is-layout-flex\">\n<div class=\"wp-block-button\"><a class=\"wp-block-button__link wp-element-button\" href=\"#\">Pot\u0159ebuji poradit<\/a><\/div>\n<\/div>\n<\/div>\n<\/div>\n<\/div>\n\n\n\n<div class=\"wp-block-group is-layout-constrained wp-block-group-is-layout-constrained\"><div class=\"wp-block-seznam-cover\"><div class=\"cover is-content is-align-y-center\" style=\"background-color:#000000;\"><div class=\"cover__content is-layout-constrained\">\n\n<div class=\"wp-block-group is-content-justification-left is-layout-constrained wp-container-core-group-is-layout-9c6c10db wp-block-group-is-layout-constrained\">\n<h2 class=\"wp-block-heading has-text-align-left\">Seznam na\u0161ich slu\u017eeb<\/h2>\n\n\n\n<p>Pod\u00edvejte se, na jak\u00fdch webech m\u016f\u017eete b\u00fdt d\u00edky Seznamu vid\u011bt.<\/p>\n\n\n\n<div class=\"wp-block-buttons is-layout-flex wp-block-buttons-is-layout-flex\" style=\"margin-top:var(--wp--preset--spacing--8)\">\n<div class=\"wp-block-button is-style-secondary-2\"><a class=\"wp-block-button__link wp-element-button\" href=\"https:\/\/o-seznam.cz\/reklama\/nase-sluzby\/\">Uk\u00e1zat slu\u017eby<\/a><\/div>\n<\/div>\n<\/div>\n\n<\/div><\/div><\/div>\n\n\n<\/div>\n","protected":false},"excerpt":{"rendered":"<p>Reklama na Lid\u00e9.cz v\u00e1s dostane do diskuze<\/p>\n","protected":false},"author":67,"featured_media":12124,"parent":0,"menu_order":0,"comment_status":"closed","ping_status":"closed","template":"page-no-head","meta":{"_acf_changed":false,"_relevanssi_hide_post":"","_relevanssi_hide_content":"","_relevanssi_pin_for_all":"","_relevanssi_pin_keywords":"","_relevanssi_unpin_keywords":"","_relevanssi_related_keywords":"","_relevanssi_related_include_ids":"","_relevanssi_related_exclude_ids":"","_relevanssi_related_no_append":"","_relevanssi_related_not_related":"","_relevanssi_related_posts":"","_relevanssi_noindex_reason":"SEO Framework Relevanssi index exclude","footnotes":""},"page_category":[98,84],"page_tag":[],"class_list":["post-12512","page","type-page","status-publish","has-post-thumbnail","hentry"],"acf":[],"lang":"cs","translations":{"cs":12512},"pll_sync_post":[],"_links":{"self":[{"href":"https:\/\/o-seznam.cz\/reklama\/wp-json\/wp\/v2\/pages\/12512","targetHints":{"allow":["GET"]}}],"collection":[{"href":"https:\/\/o-seznam.cz\/reklama\/wp-json\/wp\/v2\/pages"}],"about":[{"href":"https:\/\/o-seznam.cz\/reklama\/wp-json\/wp\/v2\/types\/page"}],"author":[{"embeddable":true,"href":"https:\/\/o-seznam.cz\/reklama\/wp-json\/wp\/v2\/users\/67"}],"replies":[{"embeddable":true,"href":"https:\/\/o-seznam.cz\/reklama\/wp-json\/wp\/v2\/comments?post=12512"}],"version-history":[{"count":15,"href":"https:\/\/o-seznam.cz\/reklama\/wp-json\/wp\/v2\/pages\/12512\/revisions"}],"predecessor-version":[{"id":12690,"href":"https:\/\/o-seznam.cz\/reklama\/wp-json\/wp\/v2\/pages\/12512\/revisions\/12690"}],"wp:featuredmedia":[{"embeddable":true,"href":"https:\/\/o-seznam.cz\/reklama\/wp-json\/wp\/v2\/media\/12124"}],"wp:attachment":[{"href":"https:\/\/o-seznam.cz\/reklama\/wp-json\/wp\/v2\/media?parent=12512"}],"wp:term":[{"taxonomy":"page_category","embeddable":true,"href":"https:\/\/o-seznam.cz\/reklama\/wp-json\/wp\/v2\/page_category?post=12512"},{"taxonomy":"page_tag","embeddable":true,"href":"https:\/\/o-seznam.cz\/reklama\/wp-json\/wp\/v2\/page_tag?post=12512"}],"curies":[{"name":"wp","href":"https:\/\/api.w.org\/{rel}","templated":true}]}}