{"id":645,"date":"2025-12-01T15:27:11","date_gmt":"2025-12-01T14:27:11","guid":{"rendered":"https:\/\/o-seznam.cz\/napoveda\/?page_id=645"},"modified":"2025-12-11T08:26:02","modified_gmt":"2025-12-11T07:26:02","slug":"smluvni-podminky-darovani","status":"publish","type":"page","link":"https:\/\/o-seznam.cz\/napoveda\/smluvni-podminky-darovani\/","title":{"rendered":"Smluvn\u00ed podm\u00ednky pro \u00fa\u010dely darov\u00e1n\u00ed ve prosp\u011bch slu\u017eeb nebo web\u016f spole\u010dnosti Seznam.cz, a.s."},"content":{"rendered":"\n<div class=\"wp-block-group is-content-justification-left is-layout-constrained wp-container-core-group-is-layout-b08e1d43 wp-block-group-is-layout-constrained\">\n<ol class=\"wp-block-list\">\n<li>Tyto smluvn\u00ed podm\u00ednky pro \u00fa\u010dely darov\u00e1n\u00ed ve prosp\u011bch slu\u017eeb nebo web\u016f spole\u010dnosti Seznam.cz, a.s. upravuj\u00ed smluvn\u00ed vztah <strong>darov\u00e1n\u00ed <\/strong>ve smyslu \u00a7 2055 a n\u00e1sl. z\u00e1kona \u010d. 89\/2012 Sb., ob\u010dansk\u00e9ho z\u00e1kon\u00edku, ve zn\u011bn\u00ed pozd\u011bj\u0161\u00edch p\u0159edpis\u016f (d\u00e1le jen \u201e<strong>ob\u010dansk\u00fd z\u00e1kon\u00edk<\/strong>\u201c), mezi spole\u010dnost\u00ed Seznam.cz, a.s., se s\u00eddlem Praha 5 \u2013 Sm\u00edchov, Radlick\u00e1 3294\/10, PS\u010c: 150 00, I\u010cO: 26168685, zapsanou v obchodn\u00edm rejst\u0159\u00edku veden\u00e9m M\u011bstsk\u00fdm soudem v Praze, odd\u00edl B, vlo\u017eka 6493 (d\u00e1le jen \u201e<strong>Provozovatel<\/strong>\u201c \u010di \u201e<strong>Obdarovan\u00fd<\/strong>\u201c) a U\u017eivatelem (ve smyslu tohoto pojmu podle smluvn\u00edch podm\u00ednek pro registraci u\u017eivatel\u016f slu\u017eeb poskytovan\u00fdch Provozovatelem) jako\u017eto d\u00e1rcem (d\u00e1le jen \u201e<strong>U\u017eivatel<\/strong>\u201c \u010di \u201e<strong>D\u00e1rce<\/strong>\u201c), kter\u00fd daruje ve prosp\u011bch slu\u017eeb nebo web\u016f Provozovatele <strong>pen\u011b\u017eit\u00fd dar<\/strong> (d\u00e1le jen \u201e<strong>Dar<\/strong>\u201c).<\/li>\n<\/ol>\n\n\n\n<ol start=\"2\" class=\"wp-block-list\">\n<li>Dar je mo\u017en\u00e9 pouk\u00e1zat pouze na Provozovatelem stanoven\u00fdch slu\u017eb\u00e1ch nebo webech a zp\u016fsobem stanoven\u00fdm Provozovatelem, <strong>a to v\u017edy ve prosp\u011bch Provozovatele jako obdarovan\u00e9ho<\/strong>.<\/li>\n<\/ol>\n\n\n\n<ol start=\"3\" class=\"wp-block-list\">\n<li>D\u00e1rce mus\u00ed b\u00fdt registrovan\u00fd U\u017eivatel Provozovatele.<\/li>\n<\/ol>\n\n\n\n<ol start=\"4\" class=\"wp-block-list\">\n<li>D\u00e1rce nen\u00ed opr\u00e1vn\u011bn pouk\u00e1zat Dar, pokud je nezletil\u00fd (tj. nedovr\u0161il 18 let).<\/li>\n<\/ol>\n\n\n\n<ol start=\"5\" class=\"wp-block-list\">\n<li>Obdarovan\u00fd uv\u00e1d\u00ed, \u017ee <strong>Dar nen\u00ed mo\u017en\u00e9 pou\u017e\u00edt jako polo\u017eku sni\u017euj\u00edc\u00ed z\u00e1klad dan\u011b, jeliko\u017e nejsou spln\u011bny podm\u00ednky pro uplatn\u011bn\u00ed podle z\u00e1kona \u010d. 586\/1992 Sb<\/strong>., o dan\u00edch z&nbsp;p\u0159\u00edjm\u016f, ve zn\u011bn\u00ed pozd\u011bj\u0161\u00edch p\u0159edpis\u016f.<\/li>\n<\/ol>\n\n\n\n<ol start=\"6\" class=\"wp-block-list\">\n<li>Obdarovan\u00fd nevystavuje D\u00e1rc\u016fm za poskytnut\u00ed Daru \u017e\u00e1dn\u00e9 potvrzen\u00ed nebo fakturu \u010di da\u0148ov\u00fd doklad.<\/li>\n<\/ol>\n\n\n\n<ol start=\"7\" class=\"wp-block-list\">\n<li>Obdarovan\u00fd si vyhrazuje pr\u00e1vo stanovit minim\u00e1ln\u00ed a maxim\u00e1ln\u00ed v\u00fd\u0161i Daru.<\/li>\n<\/ol>\n\n\n\n<div class=\"wp-block-group is-layout-constrained wp-block-group-is-layout-constrained\">\n<ol start=\"8\" class=\"wp-block-list\">\n<li>Obdarovan\u00fd si vyhrazuje pr\u00e1vo Dar odm\u00edtnout, zejm\u00e9na pokud:<\/li>\n<\/ol>\n\n\n\n<ul class=\"wp-block-list\">\n<li>poch\u00e1z\u00ed z neidentifikovan\u00e9ho nebo podez\u0159el\u00e9ho zdroje<\/li>\n\n\n\n<li>by jeho p\u0159ijet\u00ed bylo v rozporu se z\u00e1konem nebo dobr\u00fdmi mravy<\/li>\n\n\n\n<li>je od osoby, kter\u00e1 nen\u00ed zp\u016fsobil\u00e1 pr\u00e1vn\u011b jednat<\/li>\n\n\n\n<li>se jedn\u00e1 o nepen\u011b\u017eit\u00fd Dar<\/li>\n<\/ul>\n<\/div>\n\n\n\n<ol start=\"9\" class=\"wp-block-list\">\n<li>V\u00fdslovn\u011b se vylu\u010duj\u00ed ustanoven\u00ed \u00a7 2068, \u00a72028 ob\u010dansk\u00e9ho z\u00e1kon\u00edku.<\/li>\n<\/ol>\n\n\n\n<ol start=\"10\" class=\"wp-block-list\">\n<li>Obdarovan\u00fd Dar nevrac\u00ed.<\/li>\n<\/ol>\n\n\n\n<ol start=\"11\" class=\"wp-block-list\">\n<li>Obdarovan\u00fd neodpov\u00edd\u00e1 za dostupnost platebn\u00edch metod na v\u0161ech platform\u00e1ch a za\u0159\u00edzen\u00edch. Odpov\u011bdnost za pr\u016fb\u011bh transakc\u00ed nese v\u00fdhradn\u011b poskytovatel platebn\u00edch slu\u017eeb.<\/li>\n<\/ol>\n\n\n\n<ol start=\"12\" class=\"wp-block-list\">\n<li>V\u00fdslovn\u011b se stanov\u00ed, \u017ee nen\u00ed stanoven \u00fa\u010del Daru.<\/li>\n<\/ol>\n\n\n\n<ol start=\"13\" class=\"wp-block-list\">\n<li>Dar je mo\u017en\u00e9 pouk\u00e1zat jednor\u00e1zov\u011b.<\/li>\n<\/ol>\n\n\n\n<ol start=\"14\" class=\"wp-block-list\">\n<li>Po pouk\u00e1z\u00e1n\u00ed Daru bude D\u00e1rci dostupn\u00e1 informace o proveden\u00e9 platb\u011b v rozhran\u00ed \u00fa\u010dtu U\u017eivatele.<\/li>\n<\/ol>\n\n\n\n<ol start=\"15\" class=\"wp-block-list\">\n<li>Osobn\u00ed \u00fadaje:<\/li>\n<\/ol>\n\n\n\n<ol style=\"list-style-type:lower-alpha\" class=\"wp-block-list\">\n<li>Provozovatel postupuje p\u0159i zpracov\u00e1n\u00ed osobn\u00edch \u00fadaj\u016f v souladu s na\u0159\u00edzen\u00edm Evropsk\u00e9ho parlamentu a Rady (EU) \u010d. 2016\/679 o ochran\u011b fyzick\u00fdch osob v souvislosti se zpracov\u00e1n\u00edm osobn\u00edch \u00fadaj\u016f a o voln\u00e9m pohybu t\u011bchto \u00fadaj\u016f (obecn\u00e9 na\u0159\u00edzen\u00ed o ochran\u011b osobn\u00edch \u00fadaj\u016f, d\u00e1le jen \u201eNa\u0159\u00edzen\u00ed&nbsp;\u201c), z\u00e1konem \u010d. 110\/2019 Sb., o zpracov\u00e1n\u00ed osobn\u00edch \u00fadaj\u016f, z\u00e1konem \u010d. 111\/2019 Sb., kter\u00fdm se m\u011bn\u00ed n\u011bkter\u00e9 z\u00e1kony s p\u0159ijet\u00edm z\u00e1kona o zpracov\u00e1n\u00ed osobn\u00edch \u00fadaj\u016f, z\u00e1konem \u010d. 480\/2004 Sb., o n\u011bkter\u00fdch slu\u017eb\u00e1ch informa\u010dn\u00ed spole\u010dnosti, z\u00e1konem \u010d. 127\/2005 Sb., o elektronick\u00fdch komunikac\u00edch, a dal\u0161\u00edmi pr\u00e1vn\u00edmi p\u0159edpisy upravuj\u00edc\u00ed ochranu osobn\u00edch \u00fadaj\u016f.<\/li>\n\n\n\n<li>Pro \u00fa\u010dely poskytnut\u00ed Daru podle t\u011bchto smluvn\u00edch podm\u00ednek ze strany D\u00e1rce je Provozovatel opr\u00e1vn\u011bn zpracov\u00e1vat osobn\u00ed \u00fadaje D\u00e1rce nebo osobn\u00ed \u00fadaje poskytnut\u00e9 nebo zadan\u00e9 D\u00e1rcem (zejm\u00e9na adresn\u00e9 a popisn\u00e9 \u00fadaje). Takov\u00e9 zpracov\u00e1n\u00ed osobn\u00edch \u00fadaj\u016f je z\u00e1konn\u00e9, jeliko\u017e je nezbytn\u00e9 pro pln\u011bn\u00ed podle t\u011bchto smluvn\u00edch podm\u00ednek.<\/li>\n\n\n\n<li>V konkr\u00e9tn\u00edch p\u0159\u00edpadech m\u016f\u017ee Provozovatel zpracov\u00e1vat osobn\u00ed \u00fadaje nad r\u00e1mec v\u00fd\u0161e uveden\u00e9ho, pokud je takov\u00e9to zpracov\u00e1n\u00ed nezbytn\u00e9 pro \u00fa\u010dely opr\u00e1vn\u011bn\u00fdch z\u00e1jm\u016f Provozovatele nebo t\u0159et\u00edch osob, a to v\u017edy v souladu se z\u00e1konn\u00fdmi po\u017eadavky na zpracov\u00e1v\u00e1n\u00ed osobn\u00edch \u00fadaj\u016f.<\/li>\n\n\n\n<li>D\u00e1rce t\u00edmto ve smyslu z\u00e1kona \u010d. 480\/2004 Sb., o n\u011bkter\u00fdch slu\u017eb\u00e1ch informa\u010dn\u00ed spole\u010dnosti, ud\u011bluje Provozovateli souhlas se zas\u00edl\u00e1n\u00edm obchodn\u00edch sd\u011blen\u00ed s informacemi o slu\u017eb\u00e1ch a produktech Provozovatele, a to na D\u00e1rcem poskytnut\u00e9 e-mailov\u00e9 adresy.<\/li>\n\n\n\n<li>Pokud D\u00e1rce p\u0159edal \u010di p\u0159ed\u00e1 Provozovateli osobn\u00ed \u00fadaje jin\u00fdch fyzick\u00fdch osob, je D\u00e1rce povinen tyto fyzick\u00e9 osoby informovat o zpracov\u00e1n\u00ed osobn\u00edch \u00fadaj\u016f a zas\u00edl\u00e1n\u00ed obchodn\u00edch sd\u011blen\u00ed Provozovatele v rozsahu zde uveden\u00e9m a zajistit tak z\u00e1konnost zpracov\u00e1n\u00ed osobn\u00edch \u00fadaj\u016f. V opa\u010dn\u00e9m p\u0159\u00edpad\u011b D\u00e1rce odpov\u00edd\u00e1 Provozovateli za zp\u016fsobenou \u0161kodu.<\/li>\n\n\n\n<li>Podrobn\u011bj\u0161\u00ed informace o nakl\u00e1d\u00e1n\u00ed s osobn\u00edmi \u00fadaji jsou uvedeny na internetov\u00fdch str\u00e1nk\u00e1ch Provozovatele, a to v p\u0159\u00edslu\u0161n\u00e9 sekci.<\/li>\n<\/ol>\n\n\n\n<ol start=\"16\" class=\"wp-block-list\">\n<li>Smluvn\u00ed podm\u00ednky pro registraci u\u017eivatel\u016f slu\u017eeb poskytovan\u00fdch Provozovatelem se u\u017eij\u00ed p\u0159im\u011b\u0159en\u011b, v&nbsp;p\u0159\u00edpad\u011b rozporu se zn\u011bn\u00edm smluvn\u00edch podm\u00ednek maj\u00ed smluvn\u00ed podm\u00ednky pro \u00fa\u010dely darov\u00e1n\u00ed ve prosp\u011bch slu\u017eeb nebo web\u016f Provozovatele p\u0159ednost.<\/li>\n<\/ol>\n\n\n\n<ol start=\"17\" class=\"wp-block-list\">\n<li>Provozovatel si vyhrazuje pr\u00e1vo ukon\u010dit mo\u017enost darov\u00e1n\u00ed podle t\u011bchto smluvn\u00edch podm\u00ednek pro \u00fa\u010dely darov\u00e1n\u00ed ve prosp\u011bch slu\u017eeb nebo web\u016f Provozovatele.<\/li>\n<\/ol>\n\n\n\n<ol start=\"18\" class=\"wp-block-list\">\n<li>Smluvn\u00ed vztah darov\u00e1n\u00ed podle t\u011bchto smluvn\u00edch podm\u00ednek pro \u00fa\u010dely darov\u00e1n\u00ed ve prosp\u011bch slu\u017eeb nebo web\u016f Provozovatele nen\u00ed spot\u0159ebitelskou smlouvou.<\/li>\n<\/ol>\n\n\n\n<ol start=\"19\" class=\"wp-block-list\">\n<li>Provozovatel si vyhrazuje pr\u00e1vo tyto smluvn\u00ed podm\u00ednky pro \u00fa\u010dely darov\u00e1n\u00ed ve prosp\u011bch slu\u017eeb nebo web\u016f Provozovatele v&nbsp;p\u0159im\u011b\u0159en\u00e9m rozsahu jednostrann\u011b zm\u011bnit, zejm\u00e9na p\u0159i zm\u011bn\u011b legislativy, technick\u00e9 zm\u011bn\u011b nebo v&nbsp;p\u0159\u00edpad\u011b zm\u011bny provozn\u00edch, organiza\u010dn\u00edch nebo obchodn\u00edch proces\u016f Provozovatele. Provozovatel ozn\u00e1m\u00ed zm\u011bnu prost\u0159ednictv\u00edm rozhran\u00ed nebo prost\u0159ednictv\u00edm e-mailov\u00e9 zpr\u00e1vy minim\u00e1ln\u011b 7&nbsp;dn\u00ed p\u0159ed \u00fa\u010dinnost\u00ed t\u00e9to zm\u011bny.<\/li>\n<\/ol>\n\n\n\n<ol start=\"20\" class=\"wp-block-list\">\n<li>Tyto smluvn\u00ed podm\u00ednky pro \u00fa\u010dely darov\u00e1n\u00ed ve prosp\u011bch slu\u017eeb nebo web\u016f Provozovatele nab\u00fdvaj\u00ed platnosti a \u00fa\u010dinnosti dne 10.12.2025.<\/li>\n<\/ol>\n<\/div>\n","protected":false},"excerpt":{"rendered":"","protected":false},"author":67,"featured_media":0,"parent":0,"menu_order":0,"comment_status":"closed","ping_status":"closed","template":"","meta":{"_acf_changed":false,"_relevanssi_hide_post":"","_relevanssi_hide_content":"","_relevanssi_pin_for_all":"","_relevanssi_pin_keywords":"","_relevanssi_unpin_keywords":"","_relevanssi_related_keywords":"","_relevanssi_related_include_ids":"","_relevanssi_related_exclude_ids":"","_relevanssi_related_no_append":"","_relevanssi_related_not_related":"","_relevanssi_related_posts":"","_relevanssi_noindex_reason":"","footnotes":""},"page_category":[],"page_tag":[],"service_status_category":[],"class_list":["post-645","page","type-page","status-publish","hentry"],"acf":[],"lang":"cs","translations":{"cs":645},"pll_sync_post":[],"_links":{"self":[{"href":"https:\/\/o-seznam.cz\/napoveda\/wp-json\/wp\/v2\/pages\/645","targetHints":{"allow":["GET"]}}],"collection":[{"href":"https:\/\/o-seznam.cz\/napoveda\/wp-json\/wp\/v2\/pages"}],"about":[{"href":"https:\/\/o-seznam.cz\/napoveda\/wp-json\/wp\/v2\/types\/page"}],"author":[{"embeddable":true,"href":"https:\/\/o-seznam.cz\/napoveda\/wp-json\/wp\/v2\/users\/67"}],"replies":[{"embeddable":true,"href":"https:\/\/o-seznam.cz\/napoveda\/wp-json\/wp\/v2\/comments?post=645"}],"version-history":[{"count":9,"href":"https:\/\/o-seznam.cz\/napoveda\/wp-json\/wp\/v2\/pages\/645\/revisions"}],"predecessor-version":[{"id":676,"href":"https:\/\/o-seznam.cz\/napoveda\/wp-json\/wp\/v2\/pages\/645\/revisions\/676"}],"wp:attachment":[{"href":"https:\/\/o-seznam.cz\/napoveda\/wp-json\/wp\/v2\/media?parent=645"}],"wp:term":[{"taxonomy":"page_category","embeddable":true,"href":"https:\/\/o-seznam.cz\/napoveda\/wp-json\/wp\/v2\/page_category?post=645"},{"taxonomy":"page_tag","embeddable":true,"href":"https:\/\/o-seznam.cz\/napoveda\/wp-json\/wp\/v2\/page_tag?post=645"},{"taxonomy":"service_status_category","embeddable":true,"href":"https:\/\/o-seznam.cz\/napoveda\/wp-json\/wp\/v2\/service_status_category?post=645"}],"curies":[{"name":"wp","href":"https:\/\/api.w.org\/{rel}","templated":true}]}}