{"id":345,"date":"2025-06-25T09:43:50","date_gmt":"2025-06-25T07:43:50","guid":{"rendered":"https:\/\/o-seznam.cz\/napoveda\/?page_id=345"},"modified":"2025-06-25T09:43:51","modified_gmt":"2025-06-25T07:43:51","slug":"smluvni-podminky-sluzby-kupi-cz","status":"publish","type":"page","link":"https:\/\/o-seznam.cz\/napoveda\/smluvni-podminky-sluzby-kupi-cz\/","title":{"rendered":"Smluvn\u00ed podm\u00ednky slu\u017eby Kupi.cz"},"content":{"rendered":"\n<div class=\"wp-block-group is-layout-constrained wp-block-group-is-layout-constrained\">\n<h2 class=\"wp-block-heading\"><strong>Smluvn\u00ed podm\u00ednky slu\u017eby Kupi.cz<\/strong><\/h2>\n\n\n\n<div class=\"wp-block-group is-layout-constrained wp-block-group-is-layout-constrained\">\n<div class=\"wp-block-group is-layout-constrained wp-block-group-is-layout-constrained\">\n<h2 class=\"wp-block-heading\"><strong>Z\u00e1kladn\u00ed ustanoven\u00ed<\/strong><\/h2>\n\n\n\n<p class=\"is-style-link-external\">Provozovatelem internetov\u00fdch str\u00e1nek dostupn\u00fdch z internetov\u00e9 adresy (URL): <a href=\"https:\/\/www.kupi.cz\/\">https:\/\/www.kupi.cz<\/a> a mobiln\u00ed aplikace Kupi.cz (d\u00e1le t\u00e9\u017e \u201e<strong>Slu\u017eba<\/strong>\u201c) je spole\u010dnost Kupi.cz retail, s.r.o., I\u010c: 02869802, se s\u00eddlem Radlick\u00e1 3294\/10, 150 00 Praha 5, zapsan\u00e1 v obchodn\u00edm rejst\u0159\u00edku veden\u00e9m M\u011bstsk\u00fdm soudem v Praze, odd\u00edl C, vlo\u017eka 224583 (d\u00e1le t\u00e9\u017e \u201e<strong>Provozovatel<\/strong>\u201c).<\/p>\n\n\n\n<p>Ka\u017ed\u00fd u\u017eivatel Slu\u017eby je povinen se p\u0159ed u\u017e\u00edv\u00e1n\u00edm Slu\u017eby sezn\u00e1mit s t\u011bmito V\u0161eobecn\u00fdmi podm\u00ednkami u\u017eit\u00ed (d\u00e1le t\u00e9\u017e \u201e<strong>Podm\u00ednky<\/strong>\u201c), pou\u017e\u00edv\u00e1n\u00edm Slu\u017eby pak projevuje souhlas s t\u011bmito Podm\u00ednkami a jejich jednotliv\u00fdmi ustanoven\u00edmi a je povinen se jimi \u0159\u00eddit.<\/p>\n\n\n\n<p>Tyto podm\u00ednky upravuj\u00ed u\u017eit\u00ed Slu\u017eby, d\u00e1le upravuj\u00ed pr\u00e1va a povinnosti osob u\u017e\u00edvaj\u00edc\u00edch Slu\u017ebu (d\u00e1le jen \u201e<strong>U\u017eivatel<\/strong>\u201c) p\u0159i vstupu na Slu\u017ebu a dal\u0161\u00edm u\u017e\u00edv\u00e1n\u00ed Slu\u017eby, jako\u017e i dal\u0161\u00ed souvisej\u00edc\u00ed pr\u00e1vn\u00ed vztahy.<\/p>\n\n\n\n<p class=\"is-style-link-external\">Funkce Slu\u017eby jsou dostupn\u00e9 pouze registrovan\u00fdm U\u017eivatel\u016fm Slu\u017eby. U\u017eivatel se m\u016f\u017ee na Slu\u017eb\u011b p\u0159ihl\u00e1sit prost\u0159ednictv\u00edm u\u017eivatelsk\u00e9ho \u00fa\u010dtu <a href=\"https:\/\/www.seznam.cz\/\" data-type=\"link\" data-id=\"https:\/\/www.seznam.cz\/\">Seznam.cz<\/a> nebo prost\u0159ednictv\u00edm u\u017eivatelsk\u00e9ho \u00fa\u010dtu <a href=\"https:\/\/www.facebook.com\/\" data-type=\"link\" data-id=\"https:\/\/www.facebook.com\/\">Facebook<\/a>. V p\u0159\u00edpad\u011b p\u0159ihl\u00e1\u0161en\u00ed prost\u0159ednictv\u00edm u\u017eivatelsk\u00e9ho \u00fa\u010dtu <a href=\"https:\/\/www.seznam.cz\/\" data-type=\"link\" data-id=\"https:\/\/www.seznam.cz\/\">Seznam.cz<\/a> se registrace U\u017eivatele \u0159\u00edd\u00ed t\u011bmito Podm\u00ednkami a Smluvn\u00edmi podm\u00ednkami pro registraci u\u017eivatel\u016f spole\u010dnosti Seznam.cz, a.s., I\u010cO: 26168685.<\/p>\n\n\n\n<p>C\u00edlem Slu\u017eby je poskytnout u\u017eivatel\u016fm p\u0159ehledn\u00e9 informace o slev\u00e1ch zbo\u017e\u00ed v kamenn\u00fdch prodejn\u00e1ch a e-shopech, jako\u017e i dal\u0161\u00ed informace s t\u00edmto spojen\u00e9 (ak\u010dn\u00ed let\u00e1ky, seznam prodejen, otev\u00edrac\u00ed doby, apod.).<\/p>\n\n\n\n<p>Ve\u0161ker\u00e9 informace na Slu\u017eb\u011b poch\u00e1z\u00ed z ofici\u00e1ln\u00edch webov\u00fdch str\u00e1nek obchodn\u00edk\u016f a mohou se m\u011bnit.<\/p>\n\n\n\n<p>Provozovatel neodpov\u00edd\u00e1 za obsah let\u00e1k\u016f publikovan\u00fdch na Slu\u017eb\u011b a nen\u00ed vlastn\u00edkem takto publikovan\u00e9ho obsahu. Provozovatel nen\u00ed vlastn\u00edkem, ani prim\u00e1rn\u00edm dr\u017eitelem pr\u00e1v du\u0161evn\u00edho vlastnictv\u00ed obsahu, kter\u00fd se m\u016f\u017ee na Slu\u017eb\u011b vyskytovat.<\/p>\n\n\n\n<p>Provozovatel nen\u00ed prodejcem zbo\u017e\u00ed nebo slu\u017eeb publikovan\u00fdch na Slu\u017eb\u011b a prost\u0159ednictv\u00edm Slu\u017eby nen\u00ed mo\u017en\u00e9 zbo\u017e\u00ed ani slu\u017eby nakupovat, ani jinak vstoupit do jak\u00e9hokoliv pr\u00e1vn\u00edho vztahu se subjektem, jeho\u017e let\u00e1ky se na Slu\u017eb\u011b objevuj\u00ed.<\/p>\n\n\n\n<p>Provozovatel nen\u00ed obchodn\u00edm, ani jin\u00fdm z\u00e1stupcem obchodn\u00edk\u016f.<\/p>\n<\/div>\n<\/div>\n\n\n\n<div class=\"wp-block-group is-layout-constrained wp-block-group-is-layout-constrained\">\n<div class=\"wp-block-group is-layout-constrained wp-block-group-is-layout-constrained\">\n<h2 class=\"wp-block-heading\"><strong>Z\u0159eknut\u00ed se z\u00e1ruky<\/strong><\/h2>\n\n\n\n<p>Rozum\u00edte a p\u0159ij\u00edm\u00e1te, \u017ee:<\/p>\n\n\n\n<p>\u00dadaje na Slu\u017eb\u011b jsou poskytov\u00e1ny \u201etak, jak jsou\u201c, tedy bez z\u00e1ruky jejich p\u0159esnosti. Slu\u017ebu pou\u017e\u00edv\u00e1te na vlastn\u00ed riziko. Provozovatel nenese \u017e\u00e1dnou odpov\u011bdnost za n\u00e1sledky pou\u017eit\u00ed informac\u00ed nalezen\u00fdch na Slu\u017eb\u011b.<\/p>\n\n\n\n<p><strong>Provozovatel nezaru\u010duje:<\/strong><\/p>\n\n\n\n<ul class=\"wp-block-list\">\n<li>\u017ee informace na Slu\u017eb\u011b odpov\u00eddaj\u00ed \u00fa\u010delu va\u0161\u00ed n\u00e1v\u0161t\u011bvy;<\/li>\n\n\n\n<li>nep\u0159eru\u0161en\u00fd provoz Slu\u017eby;<\/li>\n\n\n\n<li>bezchybn\u00fd provoz Slu\u017eby.<\/li>\n<\/ul>\n\n\n\n<p>Ve\u0161ker\u00e9 informace o produktech a slev\u00e1ch uveden\u00e9 na Slu\u017eb\u011b jsou \u010derp\u00e1ny z ofici\u00e1ln\u00edch materi\u00e1l\u016f uveden\u00fdch prodejc\u016f (tj. webov\u00e9 str\u00e1nky prodejc\u016f, ak\u010dn\u00ed let\u00e1ky, atd.). Slevy uveden\u00e9 na Slu\u017eb\u011b plat\u00ed od a do uveden\u00e9ho data nebo do vyprod\u00e1n\u00ed z\u00e1sob. Uveden\u00e9 informace maj\u00ed pouze informativn\u00ed charakter a nemohou b\u00fdt pou\u017eity pro vym\u00e1h\u00e1n\u00ed zbo\u017e\u00ed dle uveden\u00fdch specifikac\u00ed. Provozovatel neodpov\u00edd\u00e1 za \u0161kodu zp\u016fsobenou chybnou informac\u00ed \u010di nespr\u00e1vnost\u00ed \u00fadaj\u016f uveden\u00fdch na Slu\u017eb\u011b. Riziko vzniku \u0161kody v souvislosti s chybn\u00fdmi \u00fadaji nese v\u00fdhradn\u011b U\u017eivatel s\u00e1m.<\/p>\n\n\n\n<p>Slu\u017eba m\u016f\u017ee obsahovat odkazy internetov\u00e9 str\u00e1nky provozovan\u00e9 t\u0159et\u00edmi osobami. Uzn\u00e1v\u00e1te a souhlas\u00edte, \u017ee Provozovatel nenese \u017e\u00e1dnou odpov\u011bdnost za p\u0159\u00edstupnost nebo obsah t\u011bchto zdroj\u016f ani za n\u00e1sledky spojen\u00e9 s pou\u017eit\u00edm takov\u00e9ho obsahu.<\/p>\n\n\n\n<p>Provozovatel nenese \u017e\u00e1dnou odpov\u011bdnost za p\u0159esnost informac\u00ed prezentovan\u00fdch na Slu\u017eb\u011b a vyhrazuje si pr\u00e1vo bez p\u0159edchoz\u00edho upozorn\u011bn\u00ed a bez n\u00e1hrady zm\u011bnit jak\u00fdkoli materi\u00e1l um\u00edst\u011bn\u00fd na Slu\u017eb\u011b.<\/p>\n\n\n\n<p>Provozovatel m\u016f\u017ee kdykoliv do\u010dasn\u011b nebo trvale ukon\u010dit provozov\u00e1n\u00ed Slu\u017eby bez p\u0159edchoz\u00edho upozorn\u011bn\u00ed a bez n\u00e1hrady.<\/p>\n<\/div>\n<\/div>\n\n\n\n<div class=\"wp-block-group is-layout-constrained wp-block-group-is-layout-constrained\">\n<div class=\"wp-block-group is-layout-constrained wp-block-group-is-layout-constrained\">\n<h2 class=\"wp-block-heading\"><strong>Zak\u00e1zan\u00e1 \u010dinnost<\/strong><\/h2>\n\n\n\n<p>U\u017eivatel Slu\u017eby nesm\u00ed pou\u017e\u00edvat mechanismy, n\u00e1stroje, programov\u00e9 vybaven\u00ed nebo postupy, kter\u00e9 maj\u00ed nebo by mohly m\u00edt negativn\u00ed vliv na provoz za\u0159\u00edzen\u00ed Provozovatele, bezpe\u010dnost internetu \u010di dal\u0161\u00edch u\u017eivatel\u016f internetu.<\/p>\n\n\n\n<p>U\u017eivatel nesm\u00ed vyv\u00edjet \u010dinnost sm\u011b\u0159uj\u00edc\u00ed k tomu, aby byl znemo\u017en\u011bn nebo omezen provoz serveru Provozovatele, na kter\u00e9m je Slu\u017eba provozov\u00e1na, nebo prov\u00e1d\u011bt jin\u00e9 \u00fatoky na tento server, ani nesm\u00ed b\u00fdt p\u0159i takov\u00e9 \u010dinnosti n\u00e1pomocen t\u0159et\u00ed osob\u011b. U\u017eivatel zejm\u00e9na nesm\u00ed server Provozovatele, na kter\u00e9m je Slu\u017eba provozov\u00e1na, zat\u011b\u017eovat automatizovan\u00fdmi po\u017eadavky.<\/p>\n\n\n\n<p>U\u017eivatel Slu\u017eby nesm\u00ed \u017e\u00e1dn\u00fdm zp\u016fsobem (automatizovan\u011b i neautomatizovan\u011b) vyt\u011b\u017eovat datab\u00e1zi a\/nebo Slu\u017ebu Provozovatele. U\u017eivatel nen\u00ed opr\u00e1vn\u011bn \u017e\u00e1dn\u00fdm zp\u016fsobem p\u0159eb\u00edrat obsah Slu\u017eby.<\/p>\n\n\n\n<p>U\u017eivatel m\u016f\u017ee slu\u017ebu pou\u017e\u00edvat pouze k osobn\u00edm \u00fa\u010del\u016fm. Vyu\u017eit\u00ed pro firemn\u00ed \u00fa\u010dely nen\u00ed mo\u017en\u00e9.<\/p>\n<\/div>\n<\/div>\n\n\n\n<div class=\"wp-block-group is-layout-constrained wp-block-group-is-layout-constrained\">\n<div class=\"wp-block-group is-layout-constrained wp-block-group-is-layout-constrained\">\n<h2 class=\"wp-block-heading\"><strong>Soukrom\u00ed<\/strong><\/h2>\n\n\n\n<p>Provozovatel i spole\u010dnost Seznam.cz postupuje p\u0159i zpracov\u00e1n\u00ed osobn\u00edch \u00fadaj\u016f v souladu s na\u0159\u00edzen\u00edm Evropsk\u00e9ho parlamentu a Rady (EU) \u010d. 2016\/679 o ochran\u011b fyzick\u00fdch osob v souvislosti se zpracov\u00e1n\u00edm osobn\u00edch \u00fadaj\u016f a o voln\u00e9m pohybu t\u011bchto \u00fadaj\u016f (obecn\u00e9 na\u0159\u00edzen\u00ed o ochran\u011b osobn\u00edch \u00fadaj\u016f, d\u00e1le jen \u201ena\u0159\u00edzen\u00ed\u201c), z\u00e1konem \u010d. 110\/2019 Sb., o zpracov\u00e1n\u00ed osobn\u00edch \u00fadaj\u016f, z\u00e1konem \u010d. 111\/2019 Sb., kter\u00fdm se m\u011bn\u00ed n\u011bkter\u00e9 z\u00e1kony s p\u0159ijet\u00edm z\u00e1kona o zpracov\u00e1n\u00ed osobn\u00edch \u00fadaj\u016f, z\u00e1konem \u010d. 480\/2004 Sb., o n\u011bkter\u00fdch slu\u017eb\u00e1ch informa\u010dn\u00ed spole\u010dnosti, z\u00e1konem \u010d. 127\/2005 Sb., o elektronick\u00fdch komunikac\u00edch a dal\u0161\u00edmi pr\u00e1vn\u00edmi p\u0159edpisy upravuj\u00edc\u00ed ochranu osobn\u00edch \u00fadaj\u016f.<\/p>\n\n\n\n<p class=\"is-style-link-external\">V p\u0159\u00edpad\u011b p\u0159ihl\u00e1\u0161en\u00ed U\u017eivatele p\u0159es Slu\u017ebu do u\u017eivatelsk\u00e9ho \u00fa\u010dtu <a href=\"https:\/\/www.seznam.cz\/\" data-type=\"link\" data-id=\"https:\/\/www.seznam.cz\/\">Seznam.cz<\/a> neposkytuje spole\u010dnost Seznam.cz p\u0159\u00edstup Provozovateli k osobn\u00edm \u00fadaj\u016fm U\u017eivatele. Pro \u00fa\u010dely funkc\u00ed Slu\u017eby vy\u017eaduj\u00edc\u00ed osobn\u00ed \u00fadaje U\u017eivatele, o kter\u00e9 U\u017eivatel na Slu\u017eby za\u017e\u00e1d\u00e1 (nap\u0159. zas\u00edl\u00e1n\u00ed let\u00e1k\u016f do e-mailov\u00e9 schr\u00e1nky U\u017eivatele), je spole\u010dnost <a href=\"https:\/\/www.seznam.cz\/\" data-type=\"link\" data-id=\"https:\/\/www.seznam.cz\/\">Seznam.cz<\/a> opr\u00e1vn\u011bna p\u0159edat osobn\u00ed \u00fadaje U\u017eivatele nezbytn\u00e9 pro poskytnut\u00ed dan\u00e9 funkce v rozsahu po\u017eadovan\u00e9 U\u017eivatelem (zejm\u00e9na adresn\u00e9 \u00fadaje). Takov\u00e9 zpracov\u00e1n\u00ed osobn\u00edch \u00fadaj\u016f je z\u00e1konn\u00e9, jeliko\u017e je nezbytn\u00e9 pro pln\u011bn\u00ed smlouvy, na jej\u00edm\u017e z\u00e1klad\u011b U\u017eivatel u\u017e\u00edv\u00e1 konkr\u00e9tn\u00ed po\u017eadovanou slu\u017ebu Slu\u017eby, a jej\u00ed\u017e smluvn\u00ed stranou je U\u017eivatel, jako subjekt osobn\u00edch \u00fadaj\u016f.<\/p>\n\n\n\n<p class=\"is-style-link-external\">V konkr\u00e9tn\u00edch p\u0159\u00edpadech m\u016f\u017ee Provozovatel \u010di spole\u010dnost <a href=\"https:\/\/www.seznam.cz\/\" data-type=\"link\" data-id=\"https:\/\/www.seznam.cz\/\">Seznam.cz<\/a> zpracov\u00e1vat osobn\u00ed \u00fadaje nad r\u00e1mec v\u00fd\u0161e uveden\u00e9ho dle konkr\u00e9tn\u00edho \u00fa\u010delu pro ochranu opr\u00e1vn\u011bn\u00fdch z\u00e1jm\u016f Provozovatele \u010di spole\u010dnosti Seznam.cz nebo t\u0159et\u00edch osob (nap\u0159. z\u00e1jem na bezpe\u010dn\u00e9m fungov\u00e1n\u00ed Slu\u017eby) dle z\u00e1konn\u00fdch po\u017eadavk\u016f na zpracov\u00e1v\u00e1n\u00ed osobn\u00edch \u00fadaj\u016f.<\/p>\n\n\n\n<p class=\"is-style-link-external\">Podrobn\u011bj\u0161\u00ed informace o nakl\u00e1d\u00e1n\u00ed s osobn\u00edmi \u00fadaji jsou uvedeny na internetov\u00fdch str\u00e1nk\u00e1ch spole\u010dnosti <a href=\"https:\/\/www.seznam.cz\/\" data-type=\"link\" data-id=\"https:\/\/www.seznam.cz\/\">Seznam.cz<\/a>, a to v p\u0159\u00edslu\u0161n\u00e9 sekci.<\/p>\n<\/div>\n<\/div>\n\n\n\n<div class=\"wp-block-group is-layout-constrained wp-block-group-is-layout-constrained\">\n<div class=\"wp-block-group is-layout-constrained wp-block-group-is-layout-constrained\">\n<h2 class=\"wp-block-heading\"><strong>Obchodn\u00ed sd\u011blen\u00ed<\/strong><\/h2>\n\n\n\n<p class=\"is-style-link-external\">U\u017eivatel t\u00edmto ve smyslu z\u00e1kona \u010d. 480\/2004 Sb., o n\u011bkter\u00fdch slu\u017eb\u00e1ch informa\u010dn\u00ed spole\u010dnosti ud\u011bluje Provozovateli souhlas se zas\u00edl\u00e1n\u00edm obchodn\u00edch sd\u011blen\u00ed s informacemi o slu\u017eb\u00e1ch a produktech Provozovatele, a to na U\u017eivatelem poskytnut\u00e9 e-mailov\u00e9 adresy. Tento souhlas je poskytov\u00e1n U\u017eivatelem i v p\u0159\u00edpad\u011b zas\u00edl\u00e1n\u00ed obchodn\u00edch sd\u011blen\u00ed t\u0159et\u00edch stran, pokud si U\u017eivatel nastavil v nastaven\u00ed Slu\u017eby slu\u017ebu Slevov\u00fd zpravodaj, Mimo\u0159\u00e1dn\u00e9 nab\u00eddky nebo Informa\u010dn\u00ed servis. V takov\u00e9m p\u0159\u00edpad\u011b Provozovatel \u010di spole\u010dnost <a href=\"https:\/\/www.seznam.cz\/\" data-type=\"link\" data-id=\"https:\/\/www.seznam.cz\/\">Seznam.cz<\/a> neposkytuje osobn\u00ed \u00fadaje U\u017eivatel\u016f t\u0159et\u00edm stran\u00e1m.<\/p>\n<\/div>\n<\/div>\n\n\n\n<div class=\"wp-block-group is-layout-constrained wp-block-group-is-layout-constrained\">\n<div class=\"wp-block-group is-layout-constrained wp-block-group-is-layout-constrained\">\n<h2 class=\"wp-block-heading\"><strong>P\u0159enos informac\u00ed<\/strong><\/h2>\n\n\n\n<p>S ve\u0161ker\u00fdmi neosobn\u00edmi sd\u011blen\u00edmi nebo materi\u00e1ly, kter\u00e9 p\u0159enesete na Slu\u017ebu prost\u0159ednictv\u00edm elektronick\u00e9 po\u0161ty nebo jin\u00fdm zp\u016fsobem, v\u010detn\u011b ve\u0161ker\u00fdch \u00fadaj\u016f, ot\u00e1zek, koment\u00e1\u0159\u016f, recenz\u00ed, hodnocen\u00ed, n\u00e1vrh\u016f a podobn\u011b, je a bude zach\u00e1zeno jako s ned\u016fv\u011brn\u00fdmi a otev\u0159en\u00fdmi sd\u011blen\u00edmi \u010di materi\u00e1ly. V\u0161e, co p\u0159enesete nebo za\u0161lete, se stane vlastnictv\u00edm Provozovatele a bude moci b\u00fdt pou\u017eito pro jak\u00fdkoliv \u00fa\u010del, v\u010detn\u011b, mimo jin\u00e9ho, reprodukce, sd\u011blen\u00ed, p\u0159enosu, zve\u0159ejn\u011bn\u00ed, vys\u00edl\u00e1n\u00ed a zasl\u00e1n\u00ed. Provozovatel nem\u00e1 \u017e\u00e1dnou povinnost pou\u017e\u00edvat p\u0159edlo\u017een\u00e9 informace.<\/p>\n<\/div>\n<\/div>\n\n\n\n<div class=\"wp-block-group is-layout-constrained wp-block-group-is-layout-constrained\">\n<div class=\"wp-block-group is-layout-constrained wp-block-group-is-layout-constrained\">\n<h2 class=\"wp-block-heading\"><strong>Z\u00e1v\u011bre\u010dn\u00e1 ustanoven\u00ed<\/strong><\/h2>\n\n\n\n<p>Slu\u017eba a jeho jednotliv\u00e9 sou\u010d\u00e1sti (software, grafick\u00fd design atd.) je chr\u00e1n\u011bno autorsk\u00fdm pr\u00e1vem Provozovatele. Ka\u017ed\u00fd je povinen vyvarovat se poru\u0161ov\u00e1n\u00ed t\u011bchto autorsk\u00fdch pr\u00e1v, jinak se vystavuje mo\u017enosti soudn\u00edho postihu (n\u00e1hrada \u0161kody, trestn\u00ed odpov\u011bdnost atd.).<\/p>\n\n\n\n<p>V p\u0159\u00edpad\u011b, \u017ee U\u017eivatel bude vyv\u00edjet \u010dinnost sm\u011b\u0159uj\u00edc\u00ed ke znemo\u017en\u011bn\u00ed nebo omezen\u00ed provozu Slu\u017eby Provozovatele (vi\u010f. Zak\u00e1zan\u00e1 \u010dinnost upravena v t\u011bchto Podm\u00ednk\u00e1ch), je Provozovatel opr\u00e1vn\u011bn zablokovat \u010di omezit p\u0159\u00edstup U\u017eivatele na Slu\u017ebu, a to i bez p\u0159edchoz\u00edho upozorn\u011bn\u00ed a bez n\u00e1hrady. Z\u00e1rove\u0148 je Provozovatel opr\u00e1vn\u011bn po\u017eadovat n\u00e1hradu \u0161kody v pln\u00e9 v\u00fd\u0161i, kterou U\u017eivatel v d\u016fsledku \u010dinnosti sm\u011b\u0159uj\u00edc\u00ed ke znemo\u017en\u011bn\u00ed\/omezen\u00ed provozu Slu\u017eby Provozovateli zp\u016fsobil.<\/p>\n\n\n\n<p>Provozovatel si vyhrazuje pr\u00e1vo v p\u0159im\u011b\u0159en\u00e9m rozsahu jednostrann\u011b tyto Podm\u00ednky zm\u011bnit, zejm\u00e9na p\u0159i zm\u011bn\u011b legislativy, technick\u00e9 zm\u011bn\u011b Slu\u017eby \u010di slu\u017eeb na Slu\u017eby \u010di v p\u0159\u00edpad\u011b zm\u011bny provozn\u00edch, organiza\u010dn\u00edch \u010di obchodn\u00edch proces\u016f u Provozovatele. Provozovatel ozn\u00e1m\u00ed zm\u011bnu U\u017eivateli prost\u0159ednictv\u00edm rozhran\u00ed Slu\u017eby minim\u00e1ln\u011b 7 dn\u00ed p\u0159ed \u00fa\u010dinnost\u00ed t\u00e9to zm\u011bny. U\u017eivatel m\u00e1 pr\u00e1vo odm\u00edtnout zm\u011bnu Podm\u00ednek a p\u0159estat u\u017e\u00edvat Slu\u017ebu. Pokud U\u017eivatel u\u017e\u00edv\u00e1 po \u00fa\u010dinnosti zm\u011bny Podm\u00ednek i nad\u00e1le Slu\u017ebu, m\u00e1 se zato, \u017ee p\u0159ij\u00edm\u00e1 t\u00edm zm\u011bnu Podm\u00ednek.<\/p>\n\n\n\n<p>Je-li nebo stane-li se n\u011bkter\u00e9 z ustanoven\u00ed Podm\u00ednek neplatn\u00fdm nebo ne\u00fa\u010dinn\u00fdm, nam\u00edsto takov\u00fdch neplatn\u00fdch ustanoven\u00ed nastoup\u00ed ustanoven\u00ed, jeho\u017e smysl se neplatn\u00e9mu ustanoven\u00ed co nejv\u00edce p\u0159ibli\u017euje. Neplatnost\u00ed nebo ne\u00fa\u010dinnost\u00ed n\u011bkter\u00e9ho ustanoven\u00ed nen\u00ed dot\u010dena platnost a \u00fa\u010dinnost ostatn\u00edch ustanoven\u00ed.<\/p>\n<\/div>\n<\/div>\n\n\n\n<p>Tyto Podm\u00ednky nab\u00fdvaj\u00ed platnosti a \u00fa\u010dinnosti dne 12.8.2019.<\/p>\n\n\n\n<p>Kupi.cz retail, s.r.o.<br>Radlick\u00e1 3294\/10<br>150 00 Praha 5<\/p>\n<\/div>\n","protected":false},"excerpt":{"rendered":"<p>Smluvn\u00ed podm\u00ednky slu\u017eby Kupi.cz Z\u00e1kladn\u00ed ustanoven\u00ed Provozovatelem internetov\u00fdch str\u00e1nek dostupn\u00fdch z internetov\u00e9 adresy (URL): https:\/\/www.kupi.cz a mobiln\u00ed aplikace Kupi.cz (d\u00e1le t\u00e9\u017e \u201eSlu\u017eba\u201c) je spole\u010dnost Kupi.cz retail, s.r.o., I\u010c: 02869802, se s\u00eddlem Radlick\u00e1 3294\/10, 150 00 Praha 5, zapsan\u00e1 v obchodn\u00edm rejst\u0159\u00edku veden\u00e9m M\u011bstsk\u00fdm soudem v Praze, odd\u00edl C, vlo\u017eka 224583 (d\u00e1le t\u00e9\u017e \u201eProvozovatel\u201c). Ka\u017ed\u00fd u\u017eivatel [&hellip;]<\/p>\n","protected":false},"author":67,"featured_media":0,"parent":0,"menu_order":0,"comment_status":"closed","ping_status":"closed","template":"","meta":{"_acf_changed":false,"_relevanssi_hide_post":"","_relevanssi_hide_content":"","_relevanssi_pin_for_all":"","_relevanssi_pin_keywords":"","_relevanssi_unpin_keywords":"","_relevanssi_related_keywords":"","_relevanssi_related_include_ids":"","_relevanssi_related_exclude_ids":"","_relevanssi_related_no_append":"","_relevanssi_related_not_related":"","_relevanssi_related_posts":"","_relevanssi_noindex_reason":"","footnotes":""},"page_category":[],"page_tag":[],"service_status_category":[],"class_list":["post-345","page","type-page","status-publish","hentry"],"acf":[],"lang":"cs","translations":{"cs":345},"pll_sync_post":[],"_links":{"self":[{"href":"https:\/\/o-seznam.cz\/napoveda\/wp-json\/wp\/v2\/pages\/345","targetHints":{"allow":["GET"]}}],"collection":[{"href":"https:\/\/o-seznam.cz\/napoveda\/wp-json\/wp\/v2\/pages"}],"about":[{"href":"https:\/\/o-seznam.cz\/napoveda\/wp-json\/wp\/v2\/types\/page"}],"author":[{"embeddable":true,"href":"https:\/\/o-seznam.cz\/napoveda\/wp-json\/wp\/v2\/users\/67"}],"replies":[{"embeddable":true,"href":"https:\/\/o-seznam.cz\/napoveda\/wp-json\/wp\/v2\/comments?post=345"}],"version-history":[{"count":6,"href":"https:\/\/o-seznam.cz\/napoveda\/wp-json\/wp\/v2\/pages\/345\/revisions"}],"predecessor-version":[{"id":447,"href":"https:\/\/o-seznam.cz\/napoveda\/wp-json\/wp\/v2\/pages\/345\/revisions\/447"}],"wp:attachment":[{"href":"https:\/\/o-seznam.cz\/napoveda\/wp-json\/wp\/v2\/media?parent=345"}],"wp:term":[{"taxonomy":"page_category","embeddable":true,"href":"https:\/\/o-seznam.cz\/napoveda\/wp-json\/wp\/v2\/page_category?post=345"},{"taxonomy":"page_tag","embeddable":true,"href":"https:\/\/o-seznam.cz\/napoveda\/wp-json\/wp\/v2\/page_tag?post=345"},{"taxonomy":"service_status_category","embeddable":true,"href":"https:\/\/o-seznam.cz\/napoveda\/wp-json\/wp\/v2\/service_status_category?post=345"}],"curies":[{"name":"wp","href":"https:\/\/api.w.org\/{rel}","templated":true}]}}