{"id":121,"date":"2024-10-12T00:50:03","date_gmt":"2024-10-11T22:50:03","guid":{"rendered":"https:\/\/o-seznam.cz\/napoveda\/ucet\/?page_id=121"},"modified":"2025-10-23T13:22:53","modified_gmt":"2025-10-23T11:22:53","slug":"telefonni-cislo","status":"publish","type":"page","link":"https:\/\/o-seznam.cz\/napoveda\/ucet\/prihlasovani\/ucet-sluzby\/telefonni-cislo\/","title":{"rendered":"P\u0159ihl\u00e1\u0161en\u00ed telefonn\u00edm \u010d\u00edslem"},"content":{"rendered":"\n<div class=\"wp-block-group is-layout-constrained wp-block-group-is-layout-constrained\">\n<p class=\"is-style-link-external\">Ve sv\u00e9m <a href=\"https:\/\/ucet.seznam.cz\" data-type=\"link\" data-id=\"ucet.seznam.cz\" target=\"_blank\" rel=\"noreferrer noopener\">u\u017eivatelsk\u00e9m \u00fa\u010dtu<\/a> m\u016f\u017eete nastavit, zda se ke sv\u00e9mu \u00fa\u010dtu krom\u011b e-mailov\u00e9 adresy budete p\u0159ihla\u0161ovat tak\u00e9 telefonn\u00edm \u010d\u00edslem.<\/p>\n\n\n\n<p>Telefonn\u00ed \u010d\u00edslo lze tak\u00e9 pou\u017e\u00edt m\u00edsto n\u00e1zvu e-mailov\u00e9 adresy, p\u0159ihl\u00e1\u0161en\u00ed je v tomto p\u0159\u00edpad\u011b stejn\u00e9.<\/p>\n\n\n\n<figure class=\"wp-block-image size-full\"><img loading=\"lazy\" decoding=\"async\" width=\"700\" height=\"105\" src=\"https:\/\/o-seznam.cz\/napoveda\/ucet\/wp-content\/uploads\/sites\/10\/2024\/10\/ucet-prihlaseni-telefonem.png\" alt=\"\" class=\"wp-image-367\" srcset=\"https:\/\/o-seznam.cz\/napoveda\/ucet\/wp-content\/uploads\/sites\/10\/2024\/10\/ucet-prihlaseni-telefonem.png 700w, https:\/\/o-seznam.cz\/napoveda\/ucet\/wp-content\/uploads\/sites\/10\/2024\/10\/ucet-prihlaseni-telefonem-320x48.png 320w\" sizes=\"auto, (max-width: 700px) 100vw, 700px\" \/><\/figure>\n\n\n\n<p>Na \u00fa\u010dtu, kde je mo\u017enost Pou\u017e\u00edvat telefonn\u00ed \u010d\u00edslo pro p\u0159ihla\u0161ov\u00e1n\u00ed nastavena jako Aktivn\u00ed, nebo je na telefonn\u00ed \u010d\u00edslo zalo\u017een, se m\u016f\u017eete p\u0159ihl\u00e1sit tak, \u017ee na p\u0159ihla\u0161ovac\u00edm formul\u00e1\u0159i vypln\u00edte Telefonn\u00ed \u010d\u00edslo do p\u0159ihla\u0161ovac\u00edho pole.<\/p>\n\n\n\n<div class=\"wp-block-seznam-box is-layout-flow wp-block-seznam-box-is-layout-flow\">\n<p>Pokud p\u0159i p\u0159ihla\u0161ov\u00e1n\u00ed zad\u00e1v\u00e1te jin\u00e9 ne\u017e \u010desk\u00e9 mobiln\u00ed telefonn\u00ed \u010d\u00edslo, je nutn\u00e9 zadat ho i s mezin\u00e1rodn\u00ed p\u0159edvolbou, nap\u0159. +421 xxx xxx xxx.<\/p>\n<\/div>\n\n\n\n<figure class=\"wp-block-image size-full is-resized\"><img loading=\"lazy\" decoding=\"async\" width=\"411\" height=\"519\" src=\"https:\/\/o-seznam.cz\/napoveda\/ucet\/wp-content\/uploads\/sites\/10\/2025\/07\/prihlaseni-login.png\" alt=\"\" class=\"wp-image-2281\" style=\"width:311px;height:auto\" srcset=\"https:\/\/o-seznam.cz\/napoveda\/ucet\/wp-content\/uploads\/sites\/10\/2025\/07\/prihlaseni-login.png 411w, https:\/\/o-seznam.cz\/napoveda\/ucet\/wp-content\/uploads\/sites\/10\/2025\/07\/prihlaseni-login-253x320.png 253w\" sizes=\"auto, (max-width: 411px) 100vw, 411px\" \/><\/figure>\n\n\n\n<p>Heslo pro p\u0159ihl\u00e1\u0161en\u00ed je stejn\u00e9 jako v p\u0159\u00edpad\u011b, kdy se p\u0159ihla\u0161ujete e-mailovou adresou. P\u0159ihl\u00e1\u0161en\u00ed e-mailovou adresou m\u016f\u017eete pou\u017e\u00edvat i nad\u00e1le.<\/p>\n\n\n\n<p>Pokud pou\u017e\u00edv\u00e1te telefonn\u00ed \u010d\u00edslo m\u00edsto n\u00e1zvu e-mailu, je nutno heslo nap\u0159ed nastavit.<\/p>\n\n\n\n<div class=\"wp-block-seznam-box is-layout-flow wp-block-seznam-box-is-layout-flow\">\n<p>Pokud m\u00e1te stejn\u00e9 telefonn\u00ed \u010d\u00edslo nastaven\u00e9 na v\u00edce \u00fa\u010dtech, p\u0159ihla\u0161ovat se s n\u00edm m\u016f\u017eete jen na jednom \u00fa\u010dtu. Zapnut\u00ed mo\u017enosti Pou\u017e\u00edvat telefonn\u00ed \u010d\u00edslo pro p\u0159ihla\u0161ov\u00e1n\u00ed na jednom \u00fa\u010dtu automaticky tuto mo\u017enost vypne na ostatn\u00edch \u00fa\u010dtech.<\/p>\n<\/div>\n\n\n\n<p>Kdy\u017e na sv\u00e9m \u00fa\u010dtu mo\u017enost p\u0159ihla\u0161ov\u00e1n\u00ed telefonn\u00edm \u010d\u00edslem nechcete, sta\u010d\u00ed ji jednodu\u0161e vypnout kliknut\u00edm na Vypnout na prav\u00e9 stran\u011b v nastaven\u00ed \u00fa\u010dtu.<\/p>\n<\/div>\n","protected":false},"excerpt":{"rendered":"<p>Ve sv\u00e9m u\u017eivatelsk\u00e9m \u00fa\u010dtu m\u016f\u017eete nastavit, zda se ke sv\u00e9mu \u00fa\u010dtu krom\u011b e-mailov\u00e9 adresy budete p\u0159ihla\u0161ovat tak\u00e9 telefonn\u00edm \u010d\u00edslem. Telefonn\u00ed \u010d\u00edslo lze tak\u00e9 pou\u017e\u00edt m\u00edsto n\u00e1zvu e-mailov\u00e9 adresy, p\u0159ihl\u00e1\u0161en\u00ed je v tomto p\u0159\u00edpad\u011b stejn\u00e9. Na \u00fa\u010dtu, kde je mo\u017enost Pou\u017e\u00edvat telefonn\u00ed \u010d\u00edslo pro p\u0159ihla\u0161ov\u00e1n\u00ed nastavena jako Aktivn\u00ed, nebo je na telefonn\u00ed \u010d\u00edslo zalo\u017een, se m\u016f\u017eete [&hellip;]<\/p>\n","protected":false},"author":6,"featured_media":0,"parent":119,"menu_order":0,"comment_status":"closed","ping_status":"closed","template":"page-sidemenu","meta":{"_acf_changed":false,"_relevanssi_hide_post":"","_relevanssi_hide_content":"","_relevanssi_pin_for_all":"","_relevanssi_pin_keywords":"","_relevanssi_unpin_keywords":"","_relevanssi_related_keywords":"","_relevanssi_related_include_ids":"","_relevanssi_related_exclude_ids":"","_relevanssi_related_no_append":"","_relevanssi_related_not_related":"","_relevanssi_related_posts":"","_relevanssi_noindex_reason":"","footnotes":""},"page_category":[24],"page_tag":[],"service_status_category":[],"class_list":["post-121","page","type-page","status-publish","hentry"],"acf":[],"lang":"cs","translations":{"cs":121,"en":1394},"pll_sync_post":[],"_links":{"self":[{"href":"https:\/\/o-seznam.cz\/napoveda\/ucet\/wp-json\/wp\/v2\/pages\/121","targetHints":{"allow":["GET"]}}],"collection":[{"href":"https:\/\/o-seznam.cz\/napoveda\/ucet\/wp-json\/wp\/v2\/pages"}],"about":[{"href":"https:\/\/o-seznam.cz\/napoveda\/ucet\/wp-json\/wp\/v2\/types\/page"}],"author":[{"embeddable":true,"href":"https:\/\/o-seznam.cz\/napoveda\/ucet\/wp-json\/wp\/v2\/users\/6"}],"replies":[{"embeddable":true,"href":"https:\/\/o-seznam.cz\/napoveda\/ucet\/wp-json\/wp\/v2\/comments?post=121"}],"version-history":[{"count":7,"href":"https:\/\/o-seznam.cz\/napoveda\/ucet\/wp-json\/wp\/v2\/pages\/121\/revisions"}],"predecessor-version":[{"id":2581,"href":"https:\/\/o-seznam.cz\/napoveda\/ucet\/wp-json\/wp\/v2\/pages\/121\/revisions\/2581"}],"up":[{"embeddable":true,"href":"https:\/\/o-seznam.cz\/napoveda\/ucet\/wp-json\/wp\/v2\/pages\/119"}],"wp:attachment":[{"href":"https:\/\/o-seznam.cz\/napoveda\/ucet\/wp-json\/wp\/v2\/media?parent=121"}],"wp:term":[{"taxonomy":"page_category","embeddable":true,"href":"https:\/\/o-seznam.cz\/napoveda\/ucet\/wp-json\/wp\/v2\/page_category?post=121"},{"taxonomy":"page_tag","embeddable":true,"href":"https:\/\/o-seznam.cz\/napoveda\/ucet\/wp-json\/wp\/v2\/page_tag?post=121"},{"taxonomy":"service_status_category","embeddable":true,"href":"https:\/\/o-seznam.cz\/napoveda\/ucet\/wp-json\/wp\/v2\/service_status_category?post=121"}],"curies":[{"name":"wp","href":"https:\/\/api.w.org\/{rel}","templated":true}]}}