{"id":29,"date":"2024-12-01T01:10:28","date_gmt":"2024-12-01T00:10:28","guid":{"rendered":"https:\/\/o-seznam.cz\/napoveda\/sauto\/?page_id=29"},"modified":"2026-08-17T16:52:22","modified_gmt":"2026-08-17T14:52:22","slug":"technicke-podminky","status":"publish","type":"page","link":"https:\/\/o-seznam.cz\/napoveda\/sauto\/prihlaseni-firemni-inzerce\/technicke-podminky\/","title":{"rendered":"Technick\u00e9 podm\u00ednky Sauto.cz"},"content":{"rendered":"\n<div class=\"wp-block-group is-layout-constrained wp-block-group-is-layout-constrained\">\n<h2 class=\"wp-block-heading\">\u0158azen\u00ed inzer\u00e1t\u016f na Sauto.cz:<\/h2>\n<\/div>\n\n\n\n<div class=\"wp-block-group is-layout-constrained wp-block-group-is-layout-constrained\">\n<h2 class=\"wp-block-heading\">Inzer\u00e1ty<\/h2>\n\n\n\n<p>Inzer\u00e1ty se na Slu\u017eb\u011b daj\u00ed vyhledat na z\u00e1klad\u011b zvolen\u00fdch filtr\u016f, ty mohou b\u00fdt bu\u010fto obecn\u00e9 \u2013 nap\u0159\u00edklad kategorie vozidel osobn\u00ed, nebo specifick\u00e9. Specifick\u00e9 filtrov\u00e1n\u00ed lze prov\u00e9st prost\u0159ednictv\u00edm v\u00fdb\u011bru v\u00fdrobce, modelu, n\u00e1jezdu a dal\u0161\u00ed nab\u00eddky podle strukturovan\u00fdch dat z inzer\u00e1t\u016f.<\/p>\n<\/div>\n\n\n\n<div class=\"wp-block-group is-layout-constrained wp-block-group-is-layout-constrained\">\n<h2 class=\"wp-block-heading\">Prodejci<\/h2>\n\n\n\n<p>Prodejce je mo\u017en\u00e9 hledat v adres\u00e1\u0159i prodejc\u016f bu\u010f dle regionu nebo p\u0159es vyhled\u00e1vac\u00ed pole. V\u00fdsledky ze v\u0161ech hled\u00e1n\u00ed jsou \u0159azeny dle abecedy.<\/p>\n<\/div>\n\n\n\n<div class=\"wp-block-group is-layout-constrained wp-block-group-is-layout-constrained\">\n<h2 class=\"wp-block-heading\">Parametry \u0159azen\u00ed v\u00fdpisu inzer\u00e1t\u016f<\/h2>\n\n\n\n<p>Aby nab\u00eddka inzerovan\u00fdch vozidel byla pro u\u017eivatele slu\u017eby co nejaktu\u00e1ln\u011bj\u0161\u00ed, hlavn\u00edm parametrem pro \u0159azen\u00ed v\u00fdpisu inzer\u00e1t\u016f ve v\u00fdchoz\u00edm pohledu je \u010dasov\u00e9 raz\u00edtko vlo\u017een\u00ed inzer\u00e1tu. V p\u0159\u00edpad\u011b shody \u010dasov\u00e9ho raz\u00edtka je v po\u0159ad\u00ed up\u0159ednostn\u011bn inzer\u00e1t s nejvy\u0161\u0161\u00edm ID inzer\u00e1tu.<\/p>\n\n\n\n<p>Za \u00fa\u010delem zviditeln\u011bn\u00ed inzer\u00e1tu a mo\u017enosti efektivn\u011bji oslovit potenci\u00e1ln\u00ed z\u00e1jemce mohou inzerenti (Objednatel\u00e9) vyu\u017e\u00edt n\u011bkterou z dopl\u0148kov\u00fdch placen\u00fdch slu\u017eeb, kter\u00e9 jsou pops\u00e1ny n\u00ed\u017ee. Jedn\u00e1 se o TOPov\u00e1n\u00ed a P\u0159ednostn\u00ed v\u00fdpis, p\u0159i jejich vyu\u017eit\u00ed doch\u00e1z\u00ed k up\u0159ednost\u0148ov\u00e1n\u00ed inzer\u00e1t\u016f v po\u0159ad\u00ed tak, \u017ee se inzer\u00e1t, u n\u011bj\u017e byla n\u011bkter\u00e1 z dopl\u0148kov\u00fdch slu\u017eeb vyu\u017eita, posouv\u00e1 ve v\u00fdpisu inzer\u00e1t\u016f na vy\u0161\u0161\u00ed pozici.<\/p>\n\n\n\n<p>U\u017eivatel\u00e9 maj\u00ed mo\u017enost \u0159adit inzer\u00e1ty dle n\u00ed\u017ee popsan\u00fdch mo\u017enost\u00ed \u0159azen\u00ed.<\/p>\n<\/div>\n\n\n\n<div class=\"wp-block-group is-layout-constrained wp-block-group-is-layout-constrained\">\n<h2 class=\"wp-block-heading\">Mo\u017enosti \u0159azen\u00ed<\/h2>\n\n\n\n<ul class=\"wp-block-list\">\n<li>Od nejlevn\u011bj\u0161\u00edho \u2013 \u0159azen\u00ed od nejni\u017e\u0161\u00ed ceny, d\u00e1le podle ID inzer\u00e1tu od nejv\u011bt\u0161\u00edho;<\/li>\n\n\n\n<li>Od nejdra\u017e\u0161\u00edho \u2013 \u0159azen\u00ed od nejvy\u0161\u0161\u00ed ceny, d\u00e1le podle ID inzer\u00e1tu od nejv\u011bt\u0161\u00edho;<\/li>\n\n\n\n<li>Podle stavu tachometru \u2013 \u0159azen\u00ed podle nejmen\u0161\u00edho n\u00e1jezdu vzestupn\u011b, dle hodnocen\u00ed od spole\u010dnosti Cebia od nejvy\u0161\u0161\u00edho, d\u00e1le dle data v\u00fdroby od nejnov\u011bj\u0161\u00edho, d\u00e1le dle ceny od nejni\u017e\u0161\u00ed;<\/li>\n\n\n\n<li>Podle roku v\u00fdroby \u2013 od nejnov\u011bj\u0161\u00edho, d\u00e1le dle ceny od nejni\u017e\u0161\u00ed, d\u00e1le dle hodnocen\u00ed od spole\u010dnosti Cebia dle nejvy\u0161\u0161\u00edho, d\u00e1le dle tachometru od nejni\u017e\u0161\u00edho;<\/li>\n\n\n\n<li>Podle data vlo\u017een\u00ed \u2013 dle \u010dasu vlo\u017een\u00ed inzer\u00e1tu do Administra\u010dn\u00edho syst\u00e9mu od nejbli\u017e\u0161\u00edho, d\u00e1le dle ID inzer\u00e1tu od nejvy\u0161\u0161\u00edho. Datum a \u010das platby inzer\u00e1tu nem\u00e1 na \u0159azen\u00ed vliv. P\u0159i vyu\u017eit\u00ed dopl\u0148kov\u00e9 slu\u017eby TOPov\u00e1n\u00ed se TOPovan\u00e9 inzer\u00e1ty budou zobrazovat na p\u0159edn\u00edch pozic\u00edch. Doba zobrazov\u00e1n\u00ed na p\u0159edn\u00edch pozic\u00edch z\u00e1le\u017e\u00ed na \u010detnosti vkl\u00e1d\u00e1n\u00ed nov\u00fdch inzer\u00e1t\u016f, \u010di frekvenci TOPov\u00e1n\u00ed dal\u0161\u00edmi inzerenty (Objednateli) a Provozovatel tuto dobu negarantuje. P\u0159i vyu\u017eit\u00ed dopl\u0148kov\u00e9 slu\u017eby P\u0159ednostn\u00ed v\u00fdpis se inzer\u00e1t zobrazuje ve v\u00fdpisu inzer\u00e1t\u016f na 7. \u010di 8. m\u00edst\u011b.<\/li>\n<\/ul>\n<\/div>\n\n\n\n<div class=\"wp-block-group is-layout-constrained wp-block-group-is-layout-constrained\">\n<h2 class=\"wp-block-heading\">Seznam.cz \u2013 hint<\/h2>\n\n\n\n<p>Pokud se zobraz\u00ed p\u0159i zad\u00e1n\u00ed fulltextov\u00e9ho dotazu hint na Sauto.cz, jsou inzer\u00e1ty v hintu \u0159azeny dle \u010dasov\u00e9ho raz\u00edtka od nejnov\u011bj\u0161\u00edho inzer\u00e1tu, p\u0159i shod\u011b pak dle ID inzer\u00e1tu, a to od nejvy\u0161\u0161\u00edho. V hintu se zobraz\u00ed prvn\u00ed 3 inzer\u00e1ty z dan\u00e9ho filtru.<\/p>\n<\/div>\n\n\n\n<div class=\"wp-block-group is-layout-constrained wp-block-group-is-layout-constrained\">\n<h2 class=\"wp-block-heading\">Reklamn\u00ed pozice<\/h2>\n\n\n\n<p>Na Slu\u017eb\u011b m\u016f\u017ee b\u00fdt um\u00edst\u011bna reklama \u010di jin\u00e1 propagace, a to jak v r\u00e1mci Slu\u017eby, tak i v r\u00e1mci n\u00e1hledu konkr\u00e9tn\u00edho inzer\u00e1tu. Tato reklama v\u0161ak bude vhodn\u00fdm zp\u016fsobem odd\u011blena od jednotliv\u00fdch inzer\u00e1t\u016f. Jednotliv\u00e9 reklamn\u00ed pozice a reklamn\u00ed form\u00e1ty jsou bl\u00ed\u017ee pops\u00e1ny v <a href=\"https:\/\/www.seznam.cz\/reklama\/cz\/obsahovy-web\/ceniky\/\" data-type=\"link\" data-id=\"https:\/\/www.seznam.cz\/reklama\/cz\/obsahovy-web\/ceniky\/\">Cen\u00edku<\/a>.<\/p>\n<\/div>\n\n\n\n<div class=\"wp-block-group is-layout-constrained wp-block-group-is-layout-constrained\">\n<h2 class=\"wp-block-heading\">Vlastn\u00ed karta vozu<\/h2>\n\n\n\n<p>Registrovan\u00fd firemn\u00ed prodejce m\u00e1 mo\u017enost objednat si dopl\u0148kovou slu\u017ebu \u201eVlastn\u00ed kartu vozu\u201c. T\u00edm dos\u00e1hne um\u00edst\u011bn\u00ed banner\u016f v detailech v\u0161ech sv\u00fdch inzer\u00e1t\u016f. Rozpis bannerov\u00fdch form\u00e1t\u016f a cen naleznete <a href=\"https:\/\/o-seznam.cz\/napoveda\/sauto\/prihlaseni-firemni-inzerce\/cenik-sluzeb\/\" data-type=\"link\" data-id=\"https:\/\/o-seznam.cz\/napoveda\/sauto\/prihlaseni-firemni-inzerce\/cenik-sluzeb\/\">ZDE<\/a>.<\/p>\n<\/div>\n\n\n\n<div class=\"wp-block-group is-layout-constrained wp-block-group-is-layout-constrained\">\n<h2 class=\"wp-block-heading\">P\u0159ednostn\u00ed v\u00fdpis<\/h2>\n\n\n\n<p>Objednatel (registrovan\u00fd firemn\u00ed prodejce) m\u00e1 mo\u017enost zakoupit si tzv. P\u0159ednostn\u00ed v\u00fdpis, co\u017e je dopl\u0148kov\u00e1 slu\u017eba zpoplatn\u011bn\u00e1 dle platn\u00e9ho <a href=\"https:\/\/o-seznam.cz\/napoveda\/sauto\/prihlaseni-firemni-inzerce\/cenik-sluzeb\/\" data-type=\"link\" data-id=\"https:\/\/o-seznam.cz\/napoveda\/sauto\/prihlaseni-firemni-inzerce\/cenik-sluzeb\/\">Cen\u00edku<\/a>. P\u0159ednostn\u00ed v\u00fdpis znamen\u00e1, \u017ee tato pozice je sou\u010d\u00e1st\u00ed v\u00fdpisu inzer\u00e1t\u016f a je defaultn\u011b na 7. \u010di 8. m\u00edst\u011b po dobu jednoho t\u00fddne. V t\u00e9to pozici m\u016f\u017ee Objednatel m\u011bnit vybran\u00e9 vozy, kter\u00e9 odpov\u00eddaj\u00ed nastaven\u00e9mu filtru na v\u00fdrobce.<\/p>\n<\/div>\n\n\n\n<div class=\"wp-block-group is-layout-constrained wp-block-group-is-layout-constrained\">\n<h2 class=\"wp-block-heading\">TOPov\u00e1n\u00ed<\/h2>\n\n\n\n<p>TOPov\u00e1n\u00ed je dopl\u0148kovou slu\u017ebou zpoplatn\u011bnou dle platn\u00e9ho Cen\u00edku. Prost\u0159ednictv\u00edm TOPov\u00e1n\u00ed m\u016f\u017ee Objednatel TOPovat svou inzerci, \u010d\u00edm\u017e ji posune na p\u0159edn\u00ed pozice ve v\u00fdpisu inzer\u00e1t\u016f. Na t\u00e9to pozici se inzer\u00e1t zobraz\u00ed do doby, ne\u017e bude slu\u017eba TOPov\u00e1n\u00ed vyu\u017eita pro jin\u00fd inzer\u00e1t nebo ne\u017e dojde k vlo\u017een\u00ed nov\u00e9ho inzer\u00e1tu. S ohledem na dynamick\u00fd charakter t\u00e9to dopl\u0148kov\u00e9 slu\u017eby nelze garantovat minim\u00e1ln\u00ed dobu, po kterou bude inzer\u00e1t um\u00edst\u011bn na p\u0159edn\u00edch pozic\u00edch.<\/p>\n\n\n\n<p>TOPov\u00e1n\u00ed lze prov\u00e9st v administra\u010dn\u00edm syst\u00e9mu Slu\u017eby.<\/p>\n<\/div>\n\n\n\n<div class=\"wp-block-group is-layout-constrained wp-block-group-is-layout-constrained\">\n<h2 class=\"wp-block-heading\">Zrcadlen\u00ed na Sbazar<\/h2>\n\n\n\n<p>Objednatel\u00e9 (registrovan\u00ed firemn\u00ed prodejci), kte\u0159\u00ed maj\u00ed p\u0159edplatn\u00e9 inzerce ve velikosti Sauto 10, Sauto 100, Sauto 200 nebo Sauto 300 si mohou objednat slu\u017ebu Zrcadlen\u00ed na Sbazar. Ta jim zajist\u00ed automatick\u00e9 kop\u00edrov\u00e1n\u00ed jejich prodejn\u00edch inzer\u00e1t\u016f z jejich profilu Sauto.cz na slu\u017ebu Sbazar.<\/p>\n<\/div>\n","protected":false},"excerpt":{"rendered":"<p>\u0158azen\u00ed inzer\u00e1t\u016f na Sauto.cz: Inzer\u00e1ty Inzer\u00e1ty se na Slu\u017eb\u011b daj\u00ed vyhledat na z\u00e1klad\u011b zvolen\u00fdch filtr\u016f, ty mohou b\u00fdt bu\u010fto obecn\u00e9 \u2013 nap\u0159\u00edklad kategorie vozidel osobn\u00ed, nebo specifick\u00e9. Specifick\u00e9 filtrov\u00e1n\u00ed lze prov\u00e9st prost\u0159ednictv\u00edm v\u00fdb\u011bru v\u00fdrobce, modelu, n\u00e1jezdu a dal\u0161\u00ed nab\u00eddky podle strukturovan\u00fdch dat z inzer\u00e1t\u016f. Prodejci Prodejce je mo\u017en\u00e9 hledat v adres\u00e1\u0159i prodejc\u016f bu\u010f dle regionu [&hellip;]<\/p>\n","protected":false},"author":6,"featured_media":0,"parent":49,"menu_order":50,"comment_status":"closed","ping_status":"closed","template":"page-sidemenu","meta":{"_acf_changed":false,"_relevanssi_hide_post":"","_relevanssi_hide_content":"","_relevanssi_pin_for_all":"","_relevanssi_pin_keywords":"","_relevanssi_unpin_keywords":"","_relevanssi_related_keywords":"","_relevanssi_related_include_ids":"","_relevanssi_related_exclude_ids":"","_relevanssi_related_no_append":"","_relevanssi_related_not_related":"","_relevanssi_related_posts":"","_relevanssi_noindex_reason":"","footnotes":"","_members_access_role":[],"_members_access_error":""},"page_category":[3],"page_tag":[],"service_status_category":[18],"class_list":["post-29","page","type-page","status-publish","hentry"],"acf":[],"_links":{"self":[{"href":"https:\/\/o-seznam.cz\/napoveda\/sauto\/wp-json\/wp\/v2\/pages\/29","targetHints":{"allow":["GET"]}}],"collection":[{"href":"https:\/\/o-seznam.cz\/napoveda\/sauto\/wp-json\/wp\/v2\/pages"}],"about":[{"href":"https:\/\/o-seznam.cz\/napoveda\/sauto\/wp-json\/wp\/v2\/types\/page"}],"author":[{"embeddable":true,"href":"https:\/\/o-seznam.cz\/napoveda\/sauto\/wp-json\/wp\/v2\/users\/6"}],"replies":[{"embeddable":true,"href":"https:\/\/o-seznam.cz\/napoveda\/sauto\/wp-json\/wp\/v2\/comments?post=29"}],"version-history":[{"count":6,"href":"https:\/\/o-seznam.cz\/napoveda\/sauto\/wp-json\/wp\/v2\/pages\/29\/revisions"}],"predecessor-version":[{"id":438,"href":"https:\/\/o-seznam.cz\/napoveda\/sauto\/wp-json\/wp\/v2\/pages\/29\/revisions\/438"}],"up":[{"embeddable":true,"href":"https:\/\/o-seznam.cz\/napoveda\/sauto\/wp-json\/wp\/v2\/pages\/49"}],"wp:attachment":[{"href":"https:\/\/o-seznam.cz\/napoveda\/sauto\/wp-json\/wp\/v2\/media?parent=29"}],"wp:term":[{"taxonomy":"page_category","embeddable":true,"href":"https:\/\/o-seznam.cz\/napoveda\/sauto\/wp-json\/wp\/v2\/page_category?post=29"},{"taxonomy":"page_tag","embeddable":true,"href":"https:\/\/o-seznam.cz\/napoveda\/sauto\/wp-json\/wp\/v2\/page_tag?post=29"},{"taxonomy":"service_status_category","embeddable":true,"href":"https:\/\/o-seznam.cz\/napoveda\/sauto\/wp-json\/wp\/v2\/service_status_category?post=29"}],"curies":[{"name":"wp","href":"https:\/\/api.w.org\/{rel}","templated":true}]}}