{"id":19869,"date":"2025-11-14T15:32:34","date_gmt":"2025-11-14T14:32:34","guid":{"rendered":"https:\/\/o-seznam.cz\/kariera\/?page_id=19869"},"modified":"2025-11-18T17:58:29","modified_gmt":"2025-11-18T16:58:29","slug":"vera-laurichova","status":"publish","type":"page","link":"https:\/\/o-seznam.cz\/kariera\/vera-laurichova\/","title":{"rendered":"V\u011bra Laurichov\u00e1"},"content":{"rendered":"\n<div class=\"wp-block-group alignwide is-layout-constrained wp-block-group-is-layout-constrained\"><div class=\"alignwide alignwide wp-block-seznam-hero\"><div class=\"cover is-hero is-hero-default has-mobile-image bg-neutral-40\"><img decoding=\"async\" width=\"1280\" height=\"512\" src=\"https:\/\/o-seznam.cz\/kariera\/wp-content\/uploads\/sites\/2\/2025\/11\/seznam-cz-vera-laurichova.jpg\" class=\"cover__media cover__media--desktop\" alt=\"\" fetchpriority=\"high\" srcset=\"https:\/\/o-seznam.cz\/kariera\/wp-content\/uploads\/sites\/2\/2025\/11\/seznam-cz-vera-laurichova.jpg 2000w, https:\/\/o-seznam.cz\/kariera\/wp-content\/uploads\/sites\/2\/2025\/11\/seznam-cz-vera-laurichova-992x397.jpg 992w, https:\/\/o-seznam.cz\/kariera\/wp-content\/uploads\/sites\/2\/2025\/11\/seznam-cz-vera-laurichova-1984x794.jpg 1984w, https:\/\/o-seznam.cz\/kariera\/wp-content\/uploads\/sites\/2\/2025\/11\/seznam-cz-vera-laurichova-320x128.jpg 320w, https:\/\/o-seznam.cz\/kariera\/wp-content\/uploads\/sites\/2\/2025\/11\/seznam-cz-vera-laurichova-768x307.jpg 768w, https:\/\/o-seznam.cz\/kariera\/wp-content\/uploads\/sites\/2\/2025\/11\/seznam-cz-vera-laurichova-1536x614.jpg 1536w\" sizes=\"(max-width: 1280px) 100vw, 1280px\" \/><img decoding=\"async\" width=\"608\" height=\"541\" src=\"https:\/\/o-seznam.cz\/kariera\/wp-content\/uploads\/sites\/2\/2025\/11\/seznam-cz-vera-laurichova-mobile.jpg\" class=\"cover__media cover__media--mobile\" alt=\"\" fetchpriority=\"high\" srcset=\"https:\/\/o-seznam.cz\/kariera\/wp-content\/uploads\/sites\/2\/2025\/11\/seznam-cz-vera-laurichova-mobile.jpg 1052w, https:\/\/o-seznam.cz\/kariera\/wp-content\/uploads\/sites\/2\/2025\/11\/seznam-cz-vera-laurichova-mobile-992x883.jpg 992w, https:\/\/o-seznam.cz\/kariera\/wp-content\/uploads\/sites\/2\/2025\/11\/seznam-cz-vera-laurichova-mobile-320x285.jpg 320w, https:\/\/o-seznam.cz\/kariera\/wp-content\/uploads\/sites\/2\/2025\/11\/seznam-cz-vera-laurichova-mobile-768x683.jpg 768w\" sizes=\"(max-width: 608px) 100vw, 608px\" \/><div class=\"cover__content is-layout-constrained\">\n\n<h1 class=\"wp-block-heading has-text-align-left\">V\u011bra Laurichov\u00e1<\/h1>\n\n\n\n<div class=\"wp-block-group is-content-justification-left is-layout-constrained wp-container-core-group-is-layout-59d06cab wp-block-group-is-layout-constrained\">\n<p>V Seznamu se star\u00e1 o to, aby zam\u011bstnanci dostali v\u010das v\u00fdplaty. Ve voln\u00e9m \u010dase se v\u011bnuje lukost\u0159elb\u011b a d\u00edky t\u00e9to z\u00e1lib\u011b za\u010dala pom\u00e1hat lidem s handicapem, kte\u0159\u00ed sd\u00edl\u00ed stejnou v\u00e1\u0161e\u0148. Dnes p\u016fsob\u00ed jako asistentka paralukost\u0159elc\u016f.<\/p>\n<\/div>\n\n<\/div><\/div><\/div>\n\n\n<\/div>\n\n\n\n<div class=\"wp-block-group is-content-justification-left is-layout-constrained wp-container-core-group-is-layout-0ed21503 wp-block-group-is-layout-constrained\">\n<h2 class=\"wp-block-heading\">Jak dlouho se st\u0159elb\u011b v\u011bnuje\u0161?<\/h2>\n\n\n\n<p>St\u0159\u00edl\u00edm u\u017e n\u011bkolik let, ale l\u00edbilo se mi to u\u017e v d\u011btstv\u00ed. Lukost\u0159elba je pro m\u011b zp\u016fsob meditace, i kdy\u017e za\u010d\u00e1tky nebyly lehk\u00e9 \u2013 n\u011bjakou dobu trvalo, ne\u017e jsem trefila ter\u010d. Za\u010d\u00ednala jsem na klubov\u00e9m, klasick\u00e9m, hol\u00e9m luku s tr\u00e9ninkov\u00fdmi \u0161\u00edpy. Jak se zlep\u0161ila technika, vym\u011bnila jsem ho za luk kladkov\u00fd. Za tu dobu jsem si ud\u011blala instruktorskou i tren\u00e9rskou licenci.<\/p>\n<\/div>\n\n\n\n<div class=\"wp-block-group is-content-justification-left is-layout-constrained wp-container-core-group-is-layout-0ed21503 wp-block-group-is-layout-constrained\">\n<h2 class=\"wp-block-heading\">Jak jsi se dostala k pozici asistentky paralukost\u0159elc\u016f?<\/h2>\n\n\n\n<p>N\u00e1hodou na st\u0159elnici. Potkala jsem tam tren\u00e9rku s voz\u00ed\u010dk\u00e1\u0159em Davidem Zikou (mo\u017en\u00e1 ho zn\u00e1te ze StarDance). Zaujal m\u011b zp\u016fsob, jak\u00fdm tr\u00e9nuje, a d\u00e1valo mi smysl, co \u0159\u00edk\u00e1. Postupem \u010dasu jsem se j\u00ed nab\u00eddla, \u017ee budu chodit na tr\u00e9ninky s Davidem. David toti\u017e pot\u0159eboval nav\u00fd\u0161it po\u010det tr\u00e9nink\u016f i asistenta, kter\u00fd by mu pom\u00e1hal s p\u0159\u00edpravou na samotn\u00fd tr\u00e9nink \u2013 p\u0159iv\u00e9zt\/odv\u00e9zt, don\u00e9st \u0161\u00edpy apod. <\/p>\n\n\n\n<p>Lukost\u0159elci, se kter\u00fdmi st\u0159\u00edl\u00edm, maj\u00ed takzvanou kategorii W1, co\u017e je nejvy\u0161\u0161\u00ed t\u011blesn\u00e9 posti\u017een\u00ed. Jsou pohybliv\u00ed pouze od rukou v\u00fd\u0161e, v\u011bt\u0161inou nemaj\u00ed pohybliv\u00e9 ani v\u0161echny prsty, neovl\u00e1daj\u00ed sv\u00e9 b\u0159i\u0161n\u00ed svaly. To znamen\u00e1, \u017ee mus\u00ed b\u00fdt na voz\u00edk zafixov\u00e1n\u00ed, aby je s\u00edla v\u00fdst\u0159elu neshodila na zem.<\/p>\n<\/div>\n\n\n\n<div class=\"wp-block-group is-layout-constrained wp-block-group-is-layout-constrained\">\n<figure class=\"wp-block-image size-large\"><img loading=\"lazy\" decoding=\"async\" width=\"1984\" height=\"1323\" src=\"https:\/\/o-seznam.cz\/kariera\/wp-content\/uploads\/sites\/2\/2025\/11\/seznam-cz-vera-laurichova-1-1984x1323.jpg\" alt=\"\" class=\"wp-image-19864\" srcset=\"https:\/\/o-seznam.cz\/kariera\/wp-content\/uploads\/sites\/2\/2025\/11\/seznam-cz-vera-laurichova-1-1984x1323.jpg 1984w, https:\/\/o-seznam.cz\/kariera\/wp-content\/uploads\/sites\/2\/2025\/11\/seznam-cz-vera-laurichova-1-992x661.jpg 992w, https:\/\/o-seznam.cz\/kariera\/wp-content\/uploads\/sites\/2\/2025\/11\/seznam-cz-vera-laurichova-1-320x213.jpg 320w, https:\/\/o-seznam.cz\/kariera\/wp-content\/uploads\/sites\/2\/2025\/11\/seznam-cz-vera-laurichova-1-768x512.jpg 768w, https:\/\/o-seznam.cz\/kariera\/wp-content\/uploads\/sites\/2\/2025\/11\/seznam-cz-vera-laurichova-1-1536x1024.jpg 1536w, https:\/\/o-seznam.cz\/kariera\/wp-content\/uploads\/sites\/2\/2025\/11\/seznam-cz-vera-laurichova-1-2048x1365.jpg 2048w\" sizes=\"auto, (max-width: 1984px) 100vw, 1984px\" \/><\/figure>\n<\/div>\n\n\n\n<div class=\"wp-block-group is-content-justification-left is-layout-constrained wp-container-core-group-is-layout-0ed21503 wp-block-group-is-layout-constrained\">\n<h2 class=\"wp-block-heading\">M\u00e1\u0161 n\u011bjak\u00e9 speci\u00e1ln\u00ed techniky nebo tr\u00e9ninkov\u00e9 metody, kter\u00e9 v\u00e1m pom\u00e1haj\u00ed zlep\u0161ovat v\u00fdkon?<\/h2>\n\n\n\n<p>Lukost\u0159elba je sp\u00ed\u0161 o hlav\u011b ne\u017e o t\u011ble, nen\u00ed to a\u017e tak v\u00fdkonnostn\u00ed sport. D\u016fle\u017eit\u00e9 je dodr\u017eov\u00e1n\u00ed tr\u00e9ninkov\u00fdch cykl\u016f \u2013 klasick\u00e9 f\u00e1ze zvy\u0161ov\u00e1n\u00ed kondice st\u0159\u00edd\u00e1m s f\u00e1zemi zam\u011b\u0159en\u00fdmi na techniku a koncentrace. D\u016fle\u017eit\u00fd je i odpo\u010dinek. Do tr\u00e9ninku samoz\u0159ejm\u011b pat\u0159\u00ed i ment\u00e1ln\u00ed p\u0159\u00edprava, psychick\u00e1 odolnost a schopnost vizualizace. Ve chv\u00edli v\u00fdst\u0159elu pro m\u011b neexistuje nic v\u00edc ne\u017e nau\u010den\u00e1 technika a ter\u010d.<\/p>\n<\/div>\n\n\n\n<div class=\"wp-block-group is-content-justification-left is-layout-constrained wp-container-core-group-is-layout-0ed21503 wp-block-group-is-layout-constrained\">\n<h2 class=\"wp-block-heading\">Co t\u011b motivuje usilovat o st\u00e1le lep\u0161\u00ed v\u00fdkony?<\/h2>\n\n\n\n<p>M\u011b osobn\u011b motivuje ka\u017ed\u00fd \u010dlov\u011bk, kter\u00fd je aktivn\u00ed a sna\u017e\u00ed se pod\u00e1vat st\u00e1le lep\u0161\u00ed v\u00fdkony. Lid\u00e9 s omezen\u00edm obdivuji o to v\u00edce.<\/p>\n<\/div>\n\n\n\n<div class=\"wp-block-group is-layout-constrained wp-block-group-is-layout-constrained\">\n<h2 class=\"wp-block-heading\">Nejnov\u011bj\u0161\u00ed nab\u00eddky<\/h2>\n\n\n<div class=\"wp-block-seznam-list-jobs\"><a class=\"box mb-2 text-neutral-black hover:text-neutral-black no-underline\" href=\"https:\/\/o-seznam.cz\/kariera\/488070-produktovy-manager-pro-llm\/\" data-datalayer-name=\"job_20471\" data-datalayer-text=\"Produktov\u00fd manager pro LLM\u00a0\">\n<h2 class=\"mt-0 mb-f2\">Produktov\u00fd manager pro LLM\u00a0<\/h2>\n<p class=\"mt-0 text-sm text-neutral-60\">\n\t\t\t<span class=\"text-complement\">Brno, Praha<\/span>\n\t\t<span class=\"text-neutral-20 mx-1\">\u2022<\/span>\n\t\tPro mu\u017ee i \u017eeny <span class=\"text-neutral-20 mx-1\">\u2022<\/span> Pln\u00fd \u00favazek<\/p>\n<\/a>\n<a class=\"box mb-2 text-neutral-black hover:text-neutral-black no-underline\" href=\"https:\/\/o-seznam.cz\/kariera\/487828-senior-python-backend-developer-pro-obsahove-platformy-seznamu\/\" data-datalayer-name=\"job_20464\" data-datalayer-text=\"Senior Python Backend Developer pro obsahov\u00e9 platformy Seznamu\">\n<h2 class=\"mt-0 mb-f2\">Senior Python Backend Developer pro obsahov\u00e9 platformy Seznamu<\/h2>\n<p class=\"mt-0 text-sm text-neutral-60\">\n\t\t\t<span class=\"text-complement\">Brno<\/span>\n\t\t<span class=\"text-neutral-20 mx-1\">\u2022<\/span>\n\t\tPro mu\u017ee i \u017eeny <span class=\"text-neutral-20 mx-1\">\u2022<\/span> Pln\u00fd \u00favazek<\/p>\n\t<div class=\"flex flex-wrap gap-x-3 gap-y-1 mt-f4\">\n\t\t<img loading=\"lazy\" decoding=\"async\" width=\"64\" height=\"64\" src=\"https:\/\/o-seznam.cz\/kariera\/wp-content\/uploads\/sites\/2\/2024\/04\/technologie-Docker.svg\" class=\"w-6 h-6 shrink-0\" alt=\"\" title=\"Docker\" \/><img loading=\"lazy\" decoding=\"async\" width=\"64\" height=\"64\" src=\"https:\/\/o-seznam.cz\/kariera\/wp-content\/uploads\/sites\/2\/2024\/04\/technologie-Flask.svg\" class=\"w-6 h-6 shrink-0\" alt=\"\" title=\"Flask\" \/><img loading=\"lazy\" decoding=\"async\" width=\"64\" height=\"64\" src=\"https:\/\/o-seznam.cz\/kariera\/wp-content\/uploads\/sites\/2\/2024\/04\/technologie-Gitlab.svg\" class=\"w-6 h-6 shrink-0\" alt=\"\" title=\"GitLab\" \/><img loading=\"lazy\" decoding=\"async\" width=\"64\" height=\"64\" src=\"https:\/\/o-seznam.cz\/kariera\/wp-content\/uploads\/sites\/2\/2024\/04\/technologie-Grafana.svg\" class=\"w-6 h-6 shrink-0\" alt=\"\" title=\"Grafana\" \/><img loading=\"lazy\" decoding=\"async\" width=\"64\" height=\"64\" src=\"https:\/\/o-seznam.cz\/kariera\/wp-content\/uploads\/sites\/2\/2024\/04\/technologie-Kubernetes.svg\" class=\"w-6 h-6 shrink-0\" alt=\"\" title=\"Kubernetes\" \/><img loading=\"lazy\" decoding=\"async\" width=\"64\" height=\"64\" src=\"https:\/\/o-seznam.cz\/kariera\/wp-content\/uploads\/sites\/2\/2024\/04\/technologie-MongoDB.svg\" class=\"w-6 h-6 shrink-0\" alt=\"\" title=\"MongoDB\" \/><img loading=\"lazy\" decoding=\"async\" width=\"64\" height=\"64\" src=\"https:\/\/o-seznam.cz\/kariera\/wp-content\/uploads\/sites\/2\/2024\/04\/technologie-Prometheus.svg\" class=\"w-6 h-6 shrink-0\" alt=\"\" title=\"Prometheus\" \/><img loading=\"lazy\" decoding=\"async\" width=\"64\" height=\"64\" src=\"https:\/\/o-seznam.cz\/kariera\/wp-content\/uploads\/sites\/2\/2024\/04\/technologie-Python.svg\" class=\"w-6 h-6 shrink-0\" alt=\"\" title=\"Python\" \/>\t<\/div>\n<\/a>\n<a class=\"box mb-2 text-neutral-black hover:text-neutral-black no-underline\" href=\"https:\/\/o-seznam.cz\/kariera\/487587-obchodnik-pro-liberec\/\" data-datalayer-name=\"job_20449\" data-datalayer-text=\"Obchodn\u00edk pro Liberec\">\n<h2 class=\"mt-0 mb-f2\">Obchodn\u00edk pro Liberec<\/h2>\n<p class=\"mt-0 text-sm text-neutral-60\">\n\t\t\t<span class=\"text-complement\">Liberec<\/span>\n\t\t<span class=\"text-neutral-20 mx-1\">\u2022<\/span>\n\t\tPro mu\u017ee i \u017eeny <span class=\"text-neutral-20 mx-1\">\u2022<\/span> Pln\u00fd \u00favazek<\/p>\n<\/a>\n<a class=\"box mb-2 text-neutral-black hover:text-neutral-black no-underline\" href=\"https:\/\/o-seznam.cz\/kariera\/487453-obchodnik-pro-severovychodni-kralovehradecko\/\" data-datalayer-name=\"job_20440\" data-datalayer-text=\"Obchodn\u00edk pro severov\u00fdchodn\u00ed Kr\u00e1lov\u00e9hradecko\">\n<h2 class=\"mt-0 mb-f2\">Obchodn\u00edk pro severov\u00fdchodn\u00ed Kr\u00e1lov\u00e9hradecko<\/h2>\n<p class=\"mt-0 text-sm text-neutral-60\">\n\t\t\t<span class=\"text-complement\">Hradec Kr\u00e1lov\u00e9<\/span>\n\t\t<span class=\"text-neutral-20 mx-1\">\u2022<\/span>\n\t\tPro mu\u017ee i \u017eeny <span class=\"text-neutral-20 mx-1\">\u2022<\/span> Pln\u00fd \u00favazek<\/p>\n<\/a>\n<\/div>\n\n\n\n<div class=\"wp-block-buttons is-content-justification-center is-layout-flex wp-container-core-buttons-is-layout-a89b3969 wp-block-buttons-is-layout-flex\">\n<div class=\"wp-block-button\"><a class=\"wp-block-button__link wp-element-button\" href=\"https:\/\/o-seznam.cz\/kariera\/volne-pozice\/\">Uk\u00e1zat v\u0161echny pozice<\/a><\/div>\n<\/div>\n<\/div>\n","protected":false},"excerpt":{"rendered":"<p>Jak dlouho se st\u0159elb\u011b v\u011bnuje\u0161? St\u0159\u00edl\u00edm u\u017e n\u011bkolik let, ale l\u00edbilo se mi to u\u017e v d\u011btstv\u00ed. Lukost\u0159elba je pro m\u011b zp\u016fsob meditace, i kdy\u017e za\u010d\u00e1tky nebyly lehk\u00e9 \u2013 n\u011bjakou dobu trvalo, ne\u017e jsem trefila ter\u010d. Za\u010d\u00ednala jsem na klubov\u00e9m, klasick\u00e9m, hol\u00e9m luku s tr\u00e9ninkov\u00fdmi \u0161\u00edpy. Jak se zlep\u0161ila technika, vym\u011bnila jsem ho za luk [&hellip;]<\/p>\n","protected":false},"author":2,"featured_media":0,"parent":0,"menu_order":0,"comment_status":"closed","ping_status":"closed","template":"page-no-head","meta":{"_acf_changed":false,"_relevanssi_hide_post":"","_relevanssi_hide_content":"","_relevanssi_pin_for_all":"","_relevanssi_pin_keywords":"","_relevanssi_unpin_keywords":"","_relevanssi_related_keywords":"","_relevanssi_related_include_ids":"","_relevanssi_related_exclude_ids":"","_relevanssi_related_no_append":"","_relevanssi_related_not_related":"","_relevanssi_related_posts":"","_relevanssi_noindex_reason":"","footnotes":""},"page_category":[],"page_tag":[],"class_list":["post-19869","page","type-page","status-publish","hentry"],"acf":[],"_links":{"self":[{"href":"https:\/\/o-seznam.cz\/kariera\/wp-json\/wp\/v2\/pages\/19869","targetHints":{"allow":["GET"]}}],"collection":[{"href":"https:\/\/o-seznam.cz\/kariera\/wp-json\/wp\/v2\/pages"}],"about":[{"href":"https:\/\/o-seznam.cz\/kariera\/wp-json\/wp\/v2\/types\/page"}],"author":[{"embeddable":true,"href":"https:\/\/o-seznam.cz\/kariera\/wp-json\/wp\/v2\/users\/2"}],"replies":[{"embeddable":true,"href":"https:\/\/o-seznam.cz\/kariera\/wp-json\/wp\/v2\/comments?post=19869"}],"version-history":[{"count":5,"href":"https:\/\/o-seznam.cz\/kariera\/wp-json\/wp\/v2\/pages\/19869\/revisions"}],"predecessor-version":[{"id":19894,"href":"https:\/\/o-seznam.cz\/kariera\/wp-json\/wp\/v2\/pages\/19869\/revisions\/19894"}],"wp:attachment":[{"href":"https:\/\/o-seznam.cz\/kariera\/wp-json\/wp\/v2\/media?parent=19869"}],"wp:term":[{"taxonomy":"page_category","embeddable":true,"href":"https:\/\/o-seznam.cz\/kariera\/wp-json\/wp\/v2\/page_category?post=19869"},{"taxonomy":"page_tag","embeddable":true,"href":"https:\/\/o-seznam.cz\/kariera\/wp-json\/wp\/v2\/page_tag?post=19869"}],"curies":[{"name":"wp","href":"https:\/\/api.w.org\/{rel}","templated":true}]}}