{"id":19816,"date":"2025-11-14T11:10:05","date_gmt":"2025-11-14T10:10:05","guid":{"rendered":"https:\/\/o-seznam.cz\/kariera\/?page_id=19816"},"modified":"2025-11-18T17:57:09","modified_gmt":"2025-11-18T16:57:09","slug":"anna-markova","status":"publish","type":"page","link":"https:\/\/o-seznam.cz\/kariera\/anna-markova\/","title":{"rendered":"Anna Markov\u00e1"},"content":{"rendered":"\n<div class=\"wp-block-group alignwide is-layout-constrained wp-block-group-is-layout-constrained\"><div class=\"alignwide alignwide wp-block-seznam-hero\"><div class=\"cover is-hero is-hero-default has-mobile-image bg-neutral-40\"><img decoding=\"async\" width=\"1280\" height=\"512\" src=\"https:\/\/o-seznam.cz\/kariera\/wp-content\/uploads\/sites\/2\/2025\/11\/seznam-cz-anna-markova.jpg\" class=\"cover__media cover__media--desktop\" alt=\"\" fetchpriority=\"high\" srcset=\"https:\/\/o-seznam.cz\/kariera\/wp-content\/uploads\/sites\/2\/2025\/11\/seznam-cz-anna-markova.jpg 2000w, https:\/\/o-seznam.cz\/kariera\/wp-content\/uploads\/sites\/2\/2025\/11\/seznam-cz-anna-markova-992x397.jpg 992w, https:\/\/o-seznam.cz\/kariera\/wp-content\/uploads\/sites\/2\/2025\/11\/seznam-cz-anna-markova-1984x794.jpg 1984w, https:\/\/o-seznam.cz\/kariera\/wp-content\/uploads\/sites\/2\/2025\/11\/seznam-cz-anna-markova-320x128.jpg 320w, https:\/\/o-seznam.cz\/kariera\/wp-content\/uploads\/sites\/2\/2025\/11\/seznam-cz-anna-markova-768x307.jpg 768w, https:\/\/o-seznam.cz\/kariera\/wp-content\/uploads\/sites\/2\/2025\/11\/seznam-cz-anna-markova-1536x614.jpg 1536w\" sizes=\"(max-width: 1280px) 100vw, 1280px\" \/><img decoding=\"async\" width=\"608\" height=\"541\" src=\"https:\/\/o-seznam.cz\/kariera\/wp-content\/uploads\/sites\/2\/2025\/11\/seznam-cz-anna-markova-mobile.jpg\" class=\"cover__media cover__media--mobile\" alt=\"\" fetchpriority=\"high\" srcset=\"https:\/\/o-seznam.cz\/kariera\/wp-content\/uploads\/sites\/2\/2025\/11\/seznam-cz-anna-markova-mobile.jpg 1052w, https:\/\/o-seznam.cz\/kariera\/wp-content\/uploads\/sites\/2\/2025\/11\/seznam-cz-anna-markova-mobile-992x883.jpg 992w, https:\/\/o-seznam.cz\/kariera\/wp-content\/uploads\/sites\/2\/2025\/11\/seznam-cz-anna-markova-mobile-320x285.jpg 320w, https:\/\/o-seznam.cz\/kariera\/wp-content\/uploads\/sites\/2\/2025\/11\/seznam-cz-anna-markova-mobile-768x683.jpg 768w\" sizes=\"(max-width: 608px) 100vw, 608px\" \/><div class=\"cover__content is-layout-constrained\">\n\n<h1 class=\"wp-block-heading has-text-align-left\">Anna Markov\u00e1<\/h1>\n\n\n\n<div class=\"wp-block-group is-content-justification-left is-layout-constrained wp-container-core-group-is-layout-59d06cab wp-block-group-is-layout-constrained\">\n<p>Dob\u0159e se postar\u00e1 o firemn\u00ed klienty a pr\u00e1ci skv\u011ble zvl\u00e1d\u00e1 skloubit se sv\u00fdm \u010dasov\u011b n\u00e1ro\u010dn\u00fdm kon\u00ed\u010dkem. Od d\u011btstv\u00ed se v\u011bnuje folklorn\u00edmu zp\u011bvu a tanci a se stodvaceti\u010dlenn\u00fdm tane\u010dn\u00edm souborem scestovala kus sv\u011bta.<\/p>\n<\/div>\n\n<\/div><\/div><\/div>\n\n\n<\/div>\n\n\n\n<div class=\"wp-block-group is-content-justification-left is-layout-constrained wp-container-core-group-is-layout-0ed21503 wp-block-group-is-layout-constrained\">\n<h2 class=\"wp-block-heading\">M\u00e1\u0161 obl\u00edben\u00fd region\u00e1ln\u00ed styl lidov\u00e9ho tance?<\/h2>\n\n\n\n<p>U lidov\u00e9ho tance p\u0159edev\u0161\u00edm z\u00e1le\u017e\u00ed, kde se tancuje. V\u00edc ne\u017e kde jinde tu plat\u00ed &#8222;jin\u00fd kraj, jin\u00fd mrav&#8220;. N\u00e1\u0161 soubor se v\u011bnuje konkr\u00e9tn\u011b tanci z oblasti uherskohradi\u0161\u0165sk\u00e9ho Dol\u0148\u00e1cka, kter\u00fd je typick\u00fd pro ji\u017en\u00ed Moravu.<\/p>\n<\/div>\n\n\n\n<div class=\"wp-block-group is-content-justification-left is-layout-constrained wp-container-core-group-is-layout-0ed21503 wp-block-group-is-layout-constrained\">\n<h2 class=\"wp-block-heading\">K tanci pat\u0159\u00ed i typick\u00e9 kroje, \u0161ijete si je sami?<\/h2>\n\n\n\n<p>Jen n\u011bco m\u00e1lo. N\u011bkde pomohou maminky a babi\u010dky. Ale cel\u00e9 kroje bychom nezvl\u00e1dli. Na n\u011bkter\u00e9 \u010d\u00e1sti, typicky boty, jsou pot\u0159eba speci\u00e1ln\u00ed techniky. Objedn\u00e1vaj\u00ed se na specializovan\u00fdch pracovi\u0161t\u00edch. Nejn\u00e1kladn\u011bj\u0161\u00ed a nejpracn\u011bj\u0161\u00ed \u010d\u00e1sti kroje jsou ty s v\u00fd\u0161ivkou, stuhy a ruk\u00e1vce. Kroje a tanec prost\u011b mus\u00ed vypadat hezky. S t\u00edm souvis\u00ed i v\u00fdb\u011br tane\u010dn\u00edho partnera, nesta\u010d\u00ed um\u011bt tan\u010dit, p\u00e1r mus\u00ed celkov\u011b ladit.<\/p>\n<\/div>\n\n\n\n<div class=\"wp-block-group is-content-justification-left is-layout-constrained wp-container-core-group-is-layout-0ed21503 wp-block-group-is-layout-constrained\">\n<h2 class=\"wp-block-heading\">Jak\u00e9 v\u00fdzvy jsi musela ve sv\u00e9m tane\u010dn\u00edm \u017eivot\u011b p\u0159ekonat?<\/h2>\n\n\n\n<p>Stalo se mi mockr\u00e1t, \u017ee se n\u011bco nepovedlo, ale to \u010dlov\u011bka posouv\u00e1. Nejt\u011b\u017e\u0161\u00ed byla puberta, zat\u00edmco j\u00e1 musela n\u011bkolikr\u00e1t t\u00fddne na dlouh\u00e9 zkou\u0161ky, kamar\u00e1di chodili na koupali\u0161t\u011b. Dote\u010f nech\u00e1pu, \u017ee se mi to poda\u0159ilo ust\u00e1t. Asi hlavn\u011b d\u00edky ostatn\u00edm ze souboru, kte\u0159\u00ed m\u011bli tanec stejn\u011b r\u00e1di jako j\u00e1. Jsou to cel\u00e9 ty roky m\u00ed p\u0159\u00e1tel\u00e9, moje druh\u00e1 rodina. Tanec je pro m\u011b \u017eivotn\u00ed styl, kter\u00fd chci p\u0159ed\u00e1vat d\u00e1l.<\/p>\n<\/div>\n\n\n\n<div class=\"wp-block-group is-layout-constrained wp-block-group-is-layout-constrained\">\n<figure class=\"wp-block-image size-large\"><img loading=\"lazy\" decoding=\"async\" width=\"1984\" height=\"1323\" src=\"https:\/\/o-seznam.cz\/kariera\/wp-content\/uploads\/sites\/2\/2025\/11\/seznam-cz-anna-markova-1-1984x1323.jpg\" alt=\"\" class=\"wp-image-19868\" srcset=\"https:\/\/o-seznam.cz\/kariera\/wp-content\/uploads\/sites\/2\/2025\/11\/seznam-cz-anna-markova-1-1984x1323.jpg 1984w, https:\/\/o-seznam.cz\/kariera\/wp-content\/uploads\/sites\/2\/2025\/11\/seznam-cz-anna-markova-1-992x661.jpg 992w, https:\/\/o-seznam.cz\/kariera\/wp-content\/uploads\/sites\/2\/2025\/11\/seznam-cz-anna-markova-1-320x213.jpg 320w, https:\/\/o-seznam.cz\/kariera\/wp-content\/uploads\/sites\/2\/2025\/11\/seznam-cz-anna-markova-1-768x512.jpg 768w, https:\/\/o-seznam.cz\/kariera\/wp-content\/uploads\/sites\/2\/2025\/11\/seznam-cz-anna-markova-1-1536x1024.jpg 1536w, https:\/\/o-seznam.cz\/kariera\/wp-content\/uploads\/sites\/2\/2025\/11\/seznam-cz-anna-markova-1-2048x1365.jpg 2048w\" sizes=\"auto, (max-width: 1984px) 100vw, 1984px\" \/><\/figure>\n<\/div>\n\n\n\n<div class=\"wp-block-group is-content-justification-left is-layout-constrained wp-container-core-group-is-layout-0ed21503 wp-block-group-is-layout-constrained\">\n<h2 class=\"wp-block-heading\">Jak lidov\u00fd tanec ovlivnil tv\u016fj pohled na hudbu?<\/h2>\n\n\n\n<p>M\u016fj kon\u00ed\u010dek m\u011b nau\u010dil m\u00edt r\u00e1da jakoukoliv muziku (nehled\u011b na \u017e\u00e1nr), kter\u00e1 je mi n\u011bjak\u00fdm zp\u016fsobem sympatick\u00e1. Co m\u011b ale fascinuje na lidov\u00e9m tanci je to, \u017ee pohybov\u011b vyjad\u0159uje, o \u010dem se v p\u00edsni zp\u00edv\u00e1. Tahle komplexnost mi u dne\u0161n\u00ed popul\u00e1rn\u00ed hudby sch\u00e1z\u00ed. Ale stejn\u011b jako dne\u0161n\u00ed hudba je i ta folklorn\u00ed prim\u00e1rn\u011b o l\u00e1sce, pr\u00e1ci, sexu a pit\u00ed. Takov\u00e9 texty ze \u017eivota, kter\u00fdmi si lid\u00e9 d\u0159\u00edve p\u0159ed\u00e1vali \u017eivotn\u00ed zku\u0161enosti.<\/p>\n<\/div>\n\n\n\n<div class=\"wp-block-group is-content-justification-left is-layout-constrained wp-container-core-group-is-layout-0ed21503 wp-block-group-is-layout-constrained\">\n<h2 class=\"wp-block-heading\">Jak\u00e9 momenty pova\u017euje\u0161 za nezapomenuteln\u00e9?<\/h2>\n\n\n\n<p>T\u0159eba ten, kdy jsme byli se souborem pozv\u00e1ni na folklorn\u00ed festival do Ji\u017en\u00ed Koreji. Tan\u010dit na tak exotick\u00e9m m\u00edst\u011b, m\u00edt mo\u017enost vid\u011bt soubory z cel\u00e9ho sv\u011bta, a nav\u00edc se dob\u0159e um\u00edstit bylo naprosto \u00fa\u017easn\u00e9.<\/p>\n<\/div>\n\n\n\n<div class=\"wp-block-group is-layout-constrained wp-block-group-is-layout-constrained\">\n<h2 class=\"wp-block-heading\">Nejnov\u011bj\u0161\u00ed nab\u00eddky<\/h2>\n\n\n<div class=\"wp-block-seznam-list-jobs\"><a class=\"box mb-2 text-neutral-black hover:text-neutral-black no-underline\" href=\"https:\/\/o-seznam.cz\/kariera\/488645-technical-seo-specialist\/\" data-datalayer-name=\"job_20477\" data-datalayer-text=\"Technical SEO Specialist\">\n<h2 class=\"mt-0 mb-f2\">Technical SEO Specialist<\/h2>\n<p class=\"mt-0 text-sm text-neutral-60\">\n\t\t\t<span class=\"text-complement\">Praha<\/span>\n\t\t<span class=\"text-neutral-20 mx-1\">\u2022<\/span>\n\t\tPro mu\u017ee i \u017eeny <span class=\"text-neutral-20 mx-1\">\u2022<\/span> Pln\u00fd \u00favazek<\/p>\n<\/a>\n<a class=\"box mb-2 text-neutral-black hover:text-neutral-black no-underline\" href=\"https:\/\/o-seznam.cz\/kariera\/488070-produktovy-manager-pro-llm\/\" data-datalayer-name=\"job_20471\" data-datalayer-text=\"Produktov\u00fd manager pro LLM\u00a0\">\n<h2 class=\"mt-0 mb-f2\">Produktov\u00fd manager pro LLM\u00a0<\/h2>\n<p class=\"mt-0 text-sm text-neutral-60\">\n\t\t\t<span class=\"text-complement\">Brno, Praha<\/span>\n\t\t<span class=\"text-neutral-20 mx-1\">\u2022<\/span>\n\t\tPro mu\u017ee i \u017eeny <span class=\"text-neutral-20 mx-1\">\u2022<\/span> Pln\u00fd \u00favazek<\/p>\n<\/a>\n<a class=\"box mb-2 text-neutral-black hover:text-neutral-black no-underline\" href=\"https:\/\/o-seznam.cz\/kariera\/487587-obchodnik-pro-liberec\/\" data-datalayer-name=\"job_20449\" data-datalayer-text=\"Obchodn\u00edk pro Liberec\">\n<h2 class=\"mt-0 mb-f2\">Obchodn\u00edk pro Liberec<\/h2>\n<p class=\"mt-0 text-sm text-neutral-60\">\n\t\t\t<span class=\"text-complement\">Liberec<\/span>\n\t\t<span class=\"text-neutral-20 mx-1\">\u2022<\/span>\n\t\tPro mu\u017ee i \u017eeny <span class=\"text-neutral-20 mx-1\">\u2022<\/span> Pln\u00fd \u00favazek<\/p>\n<\/a>\n<a class=\"box mb-2 text-neutral-black hover:text-neutral-black no-underline\" href=\"https:\/\/o-seznam.cz\/kariera\/487453-obchodnik-pro-severovychodni-kralovehradecko\/\" data-datalayer-name=\"job_20440\" data-datalayer-text=\"Obchodn\u00edk pro severov\u00fdchodn\u00ed Kr\u00e1lov\u00e9hradecko\">\n<h2 class=\"mt-0 mb-f2\">Obchodn\u00edk pro severov\u00fdchodn\u00ed Kr\u00e1lov\u00e9hradecko<\/h2>\n<p class=\"mt-0 text-sm text-neutral-60\">\n\t\t\t<span class=\"text-complement\">Hradec Kr\u00e1lov\u00e9<\/span>\n\t\t<span class=\"text-neutral-20 mx-1\">\u2022<\/span>\n\t\tPro mu\u017ee i \u017eeny <span class=\"text-neutral-20 mx-1\">\u2022<\/span> Pln\u00fd \u00favazek<\/p>\n<\/a>\n<\/div>\n\n\n\n<div class=\"wp-block-buttons is-content-justification-center is-layout-flex wp-container-core-buttons-is-layout-a89b3969 wp-block-buttons-is-layout-flex\">\n<div class=\"wp-block-button\"><a class=\"wp-block-button__link wp-element-button\" href=\"https:\/\/o-seznam.cz\/kariera\/volne-pozice\/\">Uk\u00e1zat v\u0161echny pozice<\/a><\/div>\n<\/div>\n<\/div>\n","protected":false},"excerpt":{"rendered":"<p>M\u00e1\u0161 obl\u00edben\u00fd region\u00e1ln\u00ed styl lidov\u00e9ho tance? U lidov\u00e9ho tance p\u0159edev\u0161\u00edm z\u00e1le\u017e\u00ed, kde se tancuje. V\u00edc ne\u017e kde jinde tu plat\u00ed &#8222;jin\u00fd kraj, jin\u00fd mrav&#8220;. N\u00e1\u0161 soubor se v\u011bnuje konkr\u00e9tn\u011b tanci z oblasti uherskohradi\u0161\u0165sk\u00e9ho Dol\u0148\u00e1cka, kter\u00fd je typick\u00fd pro ji\u017en\u00ed Moravu. K tanci pat\u0159\u00ed i typick\u00e9 kroje, \u0161ijete si je sami? Jen n\u011bco m\u00e1lo. N\u011bkde pomohou [&hellip;]<\/p>\n","protected":false},"author":2,"featured_media":0,"parent":0,"menu_order":0,"comment_status":"closed","ping_status":"closed","template":"page-no-head","meta":{"_acf_changed":false,"_relevanssi_hide_post":"","_relevanssi_hide_content":"","_relevanssi_pin_for_all":"","_relevanssi_pin_keywords":"","_relevanssi_unpin_keywords":"","_relevanssi_related_keywords":"","_relevanssi_related_include_ids":"","_relevanssi_related_exclude_ids":"","_relevanssi_related_no_append":"","_relevanssi_related_not_related":"","_relevanssi_related_posts":"","_relevanssi_noindex_reason":"","footnotes":""},"page_category":[],"page_tag":[],"class_list":["post-19816","page","type-page","status-publish","hentry"],"acf":[],"_links":{"self":[{"href":"https:\/\/o-seznam.cz\/kariera\/wp-json\/wp\/v2\/pages\/19816","targetHints":{"allow":["GET"]}}],"collection":[{"href":"https:\/\/o-seznam.cz\/kariera\/wp-json\/wp\/v2\/pages"}],"about":[{"href":"https:\/\/o-seznam.cz\/kariera\/wp-json\/wp\/v2\/types\/page"}],"author":[{"embeddable":true,"href":"https:\/\/o-seznam.cz\/kariera\/wp-json\/wp\/v2\/users\/2"}],"replies":[{"embeddable":true,"href":"https:\/\/o-seznam.cz\/kariera\/wp-json\/wp\/v2\/comments?post=19816"}],"version-history":[{"count":7,"href":"https:\/\/o-seznam.cz\/kariera\/wp-json\/wp\/v2\/pages\/19816\/revisions"}],"predecessor-version":[{"id":19893,"href":"https:\/\/o-seznam.cz\/kariera\/wp-json\/wp\/v2\/pages\/19816\/revisions\/19893"}],"wp:attachment":[{"href":"https:\/\/o-seznam.cz\/kariera\/wp-json\/wp\/v2\/media?parent=19816"}],"wp:term":[{"taxonomy":"page_category","embeddable":true,"href":"https:\/\/o-seznam.cz\/kariera\/wp-json\/wp\/v2\/page_category?post=19816"},{"taxonomy":"page_tag","embeddable":true,"href":"https:\/\/o-seznam.cz\/kariera\/wp-json\/wp\/v2\/page_tag?post=19816"}],"curies":[{"name":"wp","href":"https:\/\/api.w.org\/{rel}","templated":true}]}}