{"id":19096,"date":"2025-06-05T11:01:47","date_gmt":"2025-06-05T09:01:47","guid":{"rendered":"https:\/\/o-seznam.cz\/kariera\/?page_id=19096"},"modified":"2025-06-13T13:24:51","modified_gmt":"2025-06-13T11:24:51","slug":"scif","status":"publish","type":"page","link":"https:\/\/o-seznam.cz\/kariera\/scif\/","title":{"rendered":"Pr\u00e1ce pro SCIF"},"content":{"rendered":"\n<div class=\"wp-block-group is-content-justification-left is-layout-constrained wp-container-core-group-is-layout-8f9203fe wp-block-group-is-layout-constrained\">\n<p>Hled\u00e1me nov\u00e9 kolegy do t\u00fdmu SCIF (Seznam Cloud Infrastructure) \u2013 na\u0161\u00ed vlastn\u00ed cloudov\u00e9 platformy, kter\u00e1 dr\u017e\u00ed v chodu v\u0161echny slu\u017eby Seznamu. Od Vyhled\u00e1v\u00e1n\u00ed p\u0159es Email a\u017e po Sklik. SCIF b\u011b\u017e\u00ed na v\u00edce ne\u017e 12 000 serverech a 60 PB dat. Stav\u00edme na open source technologi\u00edch jako Kubernetes, OpenStack, Ceph nebo Terraform. A proto\u017ee se platforma neust\u00e1le rozv\u00edj\u00ed, pot\u0159ebujeme dal\u0161\u00ed lidi, kte\u0159\u00ed maj\u00ed chu\u0165 b\u00fdt u toho. Pokud v\u00e1s zaj\u00edm\u00e1 infrastruktura, v\u00fdvoj n\u00e1stroj\u016f, spr\u00e1va syst\u00e9m\u016f nebo datov\u00e9 technologie a nechcete d\u011blat v\u011bci jen \u201etak, jak se to d\u011bl\u00e1\u201c, jste u n\u00e1s spr\u00e1vn\u011b.<\/p>\n<\/div>\n\n\n\n<div class=\"wp-block-group alignfull is-layout-constrained wp-block-group-is-layout-constrained\">\n<div class=\"layout layout--stickybox alignfull mt-f6 wp-block-seznam-layout\">\n\t<div class=\"layout__lining\">\n\t\t<div class=\"layout__area\">\n\t\t\t\n<div class=\"layout__content is-layout-flow wp-container-seznam-layout-slot-is-layout-bed9b9fd wp-block-seznam-layout-slot-is-layout-flow\">\n\t\n\n<div class=\"wp-block-group is-layout-constrained wp-block-group-is-layout-constrained\"><div class=\"wp-block-seznam-list-jobs\"><div class=\"mb-f6\"><h2 class=\"mb-f2\">1 voln\u00e1 pozice <\/h2>\n<div class=\"wp-block-group is-nowrap is-layout-flex wp-container-core-group-is-layout-8acbb40a wp-block-group-is-layout-flex\">\n<figure class=\"wp-block-image size-large shrink-0 w-6 h-6\"><img loading=\"lazy\" decoding=\"async\" width=\"24\" height=\"24\" src=\"https:\/\/o-seznam.cz\/kariera\/wp-content\/uploads\/sites\/2\/2024\/03\/unisex-gray.svg\" alt=\"\" class=\"wp-image-14262\" style=\"object-fit:cover\"\/><\/figure>\n\n\n\n<p class=\"has-neutral-60-color has-text-color has-link-color has-small-font-size wp-elements-7ed63037b893513686a79fea9cc0c11f\">V\u0161echny pozice jsou vhodn\u00e9 pro mu\u017ee i \u017eeny.<\/p>\n<\/div>\n<\/div><a class=\"box mb-2 text-neutral-black hover:text-neutral-black no-underline\" href=\"https:\/\/o-seznam.cz\/kariera\/481268-virtualization-infrastructure-engineer\/\" data-datalayer-name=\"job_20165\" data-datalayer-text=\"Virtualization Infrastructure Engineer\">\n<h2 class=\"mt-0 mb-f2\">Virtualization Infrastructure Engineer<\/h2>\n<p class=\"mt-0 text-sm text-neutral-60\">\n\t\t\t<span class=\"text-complement\">Praha<\/span>\n\t\t<span class=\"text-neutral-20 mx-1\">\u2022<\/span>\n\t\tPro mu\u017ee i \u017eeny <span class=\"text-neutral-20 mx-1\">\u2022<\/span> Pln\u00fd \u00favazek<\/p>\n\t<div class=\"flex flex-wrap gap-x-3 gap-y-1 mt-f4\">\n\t\t<img loading=\"lazy\" decoding=\"async\" width=\"64\" height=\"64\" src=\"https:\/\/o-seznam.cz\/kariera\/wp-content\/uploads\/sites\/2\/2024\/04\/technologie-Ansible.svg\" class=\"w-6 h-6 shrink-0\" alt=\"\" title=\"Ansible\" \/><img loading=\"lazy\" decoding=\"async\" width=\"64\" height=\"64\" src=\"https:\/\/o-seznam.cz\/kariera\/wp-content\/uploads\/sites\/2\/2024\/04\/technologie-Kubernetes.svg\" class=\"w-6 h-6 shrink-0\" alt=\"\" title=\"Kubernetes\" \/><img loading=\"lazy\" decoding=\"async\" width=\"64\" height=\"64\" src=\"https:\/\/o-seznam.cz\/kariera\/wp-content\/uploads\/sites\/2\/2024\/04\/technologie-Linux.svg\" class=\"w-6 h-6 shrink-0\" alt=\"\" title=\"Linux\" \/><img loading=\"lazy\" decoding=\"async\" width=\"64\" height=\"64\" src=\"https:\/\/o-seznam.cz\/kariera\/wp-content\/uploads\/sites\/2\/2024\/04\/technologie-OpenStack.svg\" class=\"w-6 h-6 shrink-0\" alt=\"\" title=\"OpenStack\" \/><img loading=\"lazy\" decoding=\"async\" width=\"64\" height=\"64\" src=\"https:\/\/o-seznam.cz\/kariera\/wp-content\/uploads\/sites\/2\/2024\/04\/technologie-Prometheus.svg\" class=\"w-6 h-6 shrink-0\" alt=\"\" title=\"Prometheus\" \/><img loading=\"lazy\" decoding=\"async\" width=\"64\" height=\"64\" src=\"https:\/\/o-seznam.cz\/kariera\/wp-content\/uploads\/sites\/2\/2024\/04\/technologie-Python.svg\" class=\"w-6 h-6 shrink-0\" alt=\"\" title=\"Python\" \/>\t<\/div>\n<\/a>\n<\/div>\n\n\n\n<div class=\"wp-block-buttons is-content-justification-center is-layout-flex wp-container-core-buttons-is-layout-a89b3969 wp-block-buttons-is-layout-flex\">\n<div class=\"wp-block-button\"><a class=\"wp-block-button__link wp-element-button\" href=\"https:\/\/o-seznam.cz\/kariera\/volne-pozice\/\">Uk\u00e1zat v\u0161echny pozice<\/a><\/div>\n<\/div>\n<\/div>\n\n\n\n<div class=\"wp-block-group alignwide is-layout-constrained wp-block-group-is-layout-constrained\">\n<h2 class=\"wp-block-heading\">Jak to chod\u00ed v t\u00fdmu<\/h2>\n\n\n\n<div class=\"wp-block-group is-layout-constrained wp-block-group-is-layout-constrained\">\n<figure class=\"wp-block-gallery has-nested-images columns-2 is-cropped is-style-emphasize-one wp-block-gallery-1 is-layout-flex wp-block-gallery-is-layout-flex\">\n<figure class=\"wp-block-image size-large\"><img loading=\"lazy\" decoding=\"async\" width=\"1984\" height=\"1322\" data-id=\"19128\" src=\"https:\/\/o-seznam.cz\/kariera\/wp-content\/uploads\/sites\/2\/2025\/06\/6i3a3272-enhanced-nr-1984x1322.jpg\" alt=\"\" class=\"wp-image-19128\" srcset=\"https:\/\/o-seznam.cz\/kariera\/wp-content\/uploads\/sites\/2\/2025\/06\/6i3a3272-enhanced-nr-1984x1322.jpg 1984w, https:\/\/o-seznam.cz\/kariera\/wp-content\/uploads\/sites\/2\/2025\/06\/6i3a3272-enhanced-nr-992x661.jpg 992w, https:\/\/o-seznam.cz\/kariera\/wp-content\/uploads\/sites\/2\/2025\/06\/6i3a3272-enhanced-nr-320x213.jpg 320w, https:\/\/o-seznam.cz\/kariera\/wp-content\/uploads\/sites\/2\/2025\/06\/6i3a3272-enhanced-nr-768x512.jpg 768w, https:\/\/o-seznam.cz\/kariera\/wp-content\/uploads\/sites\/2\/2025\/06\/6i3a3272-enhanced-nr-1536x1024.jpg 1536w, https:\/\/o-seznam.cz\/kariera\/wp-content\/uploads\/sites\/2\/2025\/06\/6i3a3272-enhanced-nr.jpg 2048w\" sizes=\"auto, (max-width: 1984px) 100vw, 1984px\" \/><\/figure>\n\n\n\n<figure class=\"wp-block-image size-large\"><img loading=\"lazy\" decoding=\"async\" width=\"1984\" height=\"1322\" data-id=\"19132\" src=\"https:\/\/o-seznam.cz\/kariera\/wp-content\/uploads\/sites\/2\/2025\/06\/6i3a3385-enhanced-nr-1984x1322.jpg\" alt=\"\" class=\"wp-image-19132\" srcset=\"https:\/\/o-seznam.cz\/kariera\/wp-content\/uploads\/sites\/2\/2025\/06\/6i3a3385-enhanced-nr-1984x1322.jpg 1984w, https:\/\/o-seznam.cz\/kariera\/wp-content\/uploads\/sites\/2\/2025\/06\/6i3a3385-enhanced-nr-992x661.jpg 992w, https:\/\/o-seznam.cz\/kariera\/wp-content\/uploads\/sites\/2\/2025\/06\/6i3a3385-enhanced-nr-320x213.jpg 320w, https:\/\/o-seznam.cz\/kariera\/wp-content\/uploads\/sites\/2\/2025\/06\/6i3a3385-enhanced-nr-768x512.jpg 768w, https:\/\/o-seznam.cz\/kariera\/wp-content\/uploads\/sites\/2\/2025\/06\/6i3a3385-enhanced-nr-1536x1024.jpg 1536w, https:\/\/o-seznam.cz\/kariera\/wp-content\/uploads\/sites\/2\/2025\/06\/6i3a3385-enhanced-nr.jpg 2048w\" sizes=\"auto, (max-width: 1984px) 100vw, 1984px\" \/><\/figure>\n\n\n\n<figure class=\"wp-block-image size-large\"><img loading=\"lazy\" decoding=\"async\" width=\"1984\" height=\"1322\" data-id=\"19130\" src=\"https:\/\/o-seznam.cz\/kariera\/wp-content\/uploads\/sites\/2\/2025\/06\/vid-5205-enhanced-nr-1984x1322.jpg\" alt=\"\" class=\"wp-image-19130\" srcset=\"https:\/\/o-seznam.cz\/kariera\/wp-content\/uploads\/sites\/2\/2025\/06\/vid-5205-enhanced-nr-1984x1322.jpg 1984w, https:\/\/o-seznam.cz\/kariera\/wp-content\/uploads\/sites\/2\/2025\/06\/vid-5205-enhanced-nr-992x661.jpg 992w, https:\/\/o-seznam.cz\/kariera\/wp-content\/uploads\/sites\/2\/2025\/06\/vid-5205-enhanced-nr-320x213.jpg 320w, https:\/\/o-seznam.cz\/kariera\/wp-content\/uploads\/sites\/2\/2025\/06\/vid-5205-enhanced-nr-768x512.jpg 768w, https:\/\/o-seznam.cz\/kariera\/wp-content\/uploads\/sites\/2\/2025\/06\/vid-5205-enhanced-nr-1536x1024.jpg 1536w, https:\/\/o-seznam.cz\/kariera\/wp-content\/uploads\/sites\/2\/2025\/06\/vid-5205-enhanced-nr.jpg 2048w\" sizes=\"auto, (max-width: 1984px) 100vw, 1984px\" \/><\/figure>\n<\/figure>\n<\/div>\n<\/div>\n\n\n\n<p>SCIF tvo\u0159\u00ed n\u011bkolik t\u00fdm\u016f \u2013 ka\u017ed\u00fd m\u00e1 jin\u00e9 zam\u011b\u0159en\u00ed: datab\u00e1ze, storage, s\u00edt\u011b, n\u00e1stroje pro v\u00fdvoj\u00e1\u0159e nebo CI\/CD. \u010c\u00e1st n\u00e1stroj\u016f si vyv\u00edj\u00edme sami, \u010d\u00e1st p\u0159izp\u016fsobujeme z open source. Fungujeme jako remote-first, m\u016f\u017eeme pracovat vzd\u00e1len\u011b odkudkoli a pravideln\u011b se potk\u00e1v\u00e1me v kancel\u00e1\u0159\u00edch, na retrospektiv\u00e1ch, u sn\u00eddan\u011b nebo i u grilu. Lid\u00e9 u n\u00e1s z\u016fst\u00e1vaj\u00ed, proto\u017ee vid\u00ed, \u017ee SCIF m\u00e1 smysl. To, co stav\u00edme, nen\u00ed pozl\u00e1tko, ale z\u00e1klad, bez kter\u00e9ho by Seznam nefungoval. Pokud si chcete ov\u011b\u0159it, \u017ee n\u00e1\u0161 SCIF nen\u00ed sci-fi, p\u0159e\u010dt\u011bte si <a href=\"https:\/\/blog.seznam.cz\/2023\/03\/je-scif-sci-fi-pridejte-se-k-nam-a-zjistite-to\/\">\u010dl\u00e1nek<\/a> na blogu.<\/p>\n\n\n\n<div class=\"wp-block-group is-layout-constrained wp-block-group-is-layout-constrained\">\n<h2 class=\"wp-block-heading\">Kolegov\u00e9 \u0159\u00edkaj\u00ed<\/h2>\n\n\n<div class=\"wp-block-seznam-leaders\"><div class=\"carousel is-loading has-dots wp-block-seznam-carousel\">\n\t<div class=\"carousel__inner\">\t\n\t\t\n<div class=\"inner-blocks carousel__body\">\n\t\n\n \n<div class=\"person\">\n\t<div class=\"person__in\">\n\n\t\t\t\t<div class=\"person__photo\">\n\t\t\t\t<img loading=\"lazy\" decoding=\"async\" width=\"128\" height=\"128\" src=\"https:\/\/o-seznam.cz\/kariera\/wp-content\/uploads\/sites\/2\/2025\/04\/jan-mojzis-128x128.png\" class=\"rounded-full\" alt=\"\" srcset=\"https:\/\/o-seznam.cz\/kariera\/wp-content\/uploads\/sites\/2\/2025\/04\/jan-mojzis-128x128.png 128w, https:\/\/o-seznam.cz\/kariera\/wp-content\/uploads\/sites\/2\/2025\/04\/jan-mojzis-320x320.png 320w, https:\/\/o-seznam.cz\/kariera\/wp-content\/uploads\/sites\/2\/2025\/04\/jan-mojzis-256x256.png 256w, https:\/\/o-seznam.cz\/kariera\/wp-content\/uploads\/sites\/2\/2025\/04\/jan-mojzis.png 350w\" sizes=\"auto, (max-width: 128px) 100vw, 128px\" \/>\t\t\t<\/div>\n\t\t\n\t\t<div class=\"person__head\">\n\t\t\t<p class=\"my-0\"><strong>Jan Moj\u017e\u00ed\u0161<\/strong><\/p>\n\t\t\t<p class=\"mt-f1 mb-0 text-neutral-60 text-sm\">Infrastructure Teamleader Manager<\/p>\n\t\t<\/div>\n\n\t\t<div class=\"person__content mt-f2\">\t\t\n\t\t\t<div class=\"mt-f2\">\n\t\t\t\tDo Seznamu jsem nastoupil p\u0159ed cca 20 lety. Za to dobu jsem se posunul z pozice System administr\u00e1tora a\u017e do vedouc\u00ed pozice v na\u0161em intern\u00edm cloudu SCIF (Seznam Compute Infrastructure). Te\u010f vedu odd\u011blen\u00ed Tools t\u00fdm, kter\u00fd poskytuje v\u00fdvoj\u00e1\u0159\u016fm d\u016fle\u017eit\u00e9 n\u00e1stoje pro jejich \u010dinnost. Spravujeme Gitlab, r\u016fzn\u00e1 ulo\u017ei\u0161t\u011b bal\u00edk\u016f (Debian\/Pip\/NPM\/..), Docker registry. A krom\u011b toho tak\u00e9 vyv\u00edj\u00edme v Pythonu vlastn\u00ed syst\u00e9my jako nap\u0159. syst\u00e9m pro spr\u00e1vu SSL certifik\u00e1t\u016f, syst\u00e9m pro p\u0159ihla\u0161ov\u00e1n\u00ed u\u017eivatel\u016f a management u\u017eivatelsk\u00fdch rol\u00ed (IDM syst\u00e9m). Ve voln\u00e9m \u010dase se v\u011bnuji opera\u010dn\u00edmu syt\u00e9mu Debian, ve kter\u00e9m jsem DD (Debian developer) a udr\u017euji si tam n\u011bkolik bal\u00edk\u016f, mezi nimi i webov\u00fd server NGINX a jeho moduly.\t\t\t<\/div>\n\t\t<\/div>\n\n\t<\/div>\n<\/div>\n \n\n \n<div class=\"person\">\n\t<div class=\"person__in\">\n\n\t\t\t\t<div class=\"person__photo\">\n\t\t\t\t<img loading=\"lazy\" decoding=\"async\" width=\"128\" height=\"128\" src=\"https:\/\/o-seznam.cz\/kariera\/wp-content\/uploads\/sites\/2\/2025\/04\/lukas-zmrzlik-128x128.jpg\" class=\"rounded-full\" alt=\"\" srcset=\"https:\/\/o-seznam.cz\/kariera\/wp-content\/uploads\/sites\/2\/2025\/04\/lukas-zmrzlik-128x128.jpg 128w, https:\/\/o-seznam.cz\/kariera\/wp-content\/uploads\/sites\/2\/2025\/04\/lukas-zmrzlik-320x320.jpg 320w, https:\/\/o-seznam.cz\/kariera\/wp-content\/uploads\/sites\/2\/2025\/04\/lukas-zmrzlik-256x256.jpg 256w, https:\/\/o-seznam.cz\/kariera\/wp-content\/uploads\/sites\/2\/2025\/04\/lukas-zmrzlik.jpg 350w\" sizes=\"auto, (max-width: 128px) 100vw, 128px\" \/>\t\t\t<\/div>\n\t\t\n\t\t<div class=\"person__head\">\n\t\t\t<p class=\"my-0\"><strong>Luk\u00e1\u0161 Zmrzl\u00edk<\/strong><\/p>\n\t\t\t<p class=\"mt-f1 mb-0 text-neutral-60 text-sm\">Infrastructure Teamleader<\/p>\n\t\t<\/div>\n\n\t\t<div class=\"person__content mt-f2\">\t\t\n\t\t\t<div class=\"mt-f2\">\n\t\t\t\tSeznam m\u011b zam\u011bstn\u00e1v\u00e1 u\u017e 13. sez\u00f3nu. Nejprve jako Sys Admina a nyn\u00ed jako Vedouc\u00edho storage t\u00fdmu. I jako vedouc\u00edho m\u011b po\u0159\u00e1d bav\u00ed pr\u00e1ce v Consoli, testovat nov\u00e1 \u0159e\u0161en\u00ed a vym\u00fd\u0161let, jak na\u0161e slu\u017eby je\u0161t\u011b vylep\u0161it. Ve voln\u00e9m \u010dase r\u00e1d odpo\u010d\u00edv\u00e1m na Islandu, v posilovn\u011b nebo na fotbale. \t\t\t<\/div>\n\t\t<\/div>\n\n\t<\/div>\n<\/div>\n <\/div>\n\t<\/div>\n<\/div>\n<\/div>\n<\/div>\n\n\n\n<div class=\"wp-block-group is-layout-constrained wp-block-group-is-layout-constrained\">\n<h2 class=\"wp-block-heading\">\u010cast\u00e9 dotazy<\/h2>\n\n\n\n<div class=\"accordion limiter\" data-limiter=\"4\" data-limiter-selector=\"&gt; .accordion__items\">\n\t<div class=\"accordion__items\">\n<details class=\"expander is-style-default\">\n\t<summary data-datalayer-name=\"expander_faq_19841\" data-datalayer-text=\"Co je SCIF a pro\u010d ho Seznam buduje?\">\n\t\t\t\t<strong>Co je SCIF a pro\u010d ho Seznam buduje?<\/strong>\n\t\t\t<\/summary>\n\t<div class=\"inner-blocks\">\n<p>SCIF je priv\u00e1tn\u00ed cloudov\u00e1 platforma Seznamu na m\u00edru jeho pot\u0159eb\u00e1m \u2013 vyu\u017e\u00edv\u00e1 vlastn\u00ed datov\u00e1 centra, hardware i software. Slou\u017e\u00ed jako PaaS (Platform as a Service) pro v\u0161echny slu\u017eby, od Emailu po Vyhled\u00e1v\u00e1n\u00ed a Sklik<\/p>\n<\/div><\/details>\n\n<details class=\"expander is-style-default\">\n\t<summary data-datalayer-name=\"expander_faq_19101\" data-datalayer-text=\"Co je SCIF?\">\n\t\t\t\t<strong>Co je SCIF?<\/strong>\n\t\t\t<\/summary>\n\t<div class=\"inner-blocks\">\n<p>Seznam Cloud Infrastructure, je na\u0161e intern\u00ed cloudov\u00e1 platforma \u0161it\u00e1 na m\u00edru na\u0161im pot\u0159eb\u00e1m \u2013 vyu\u017e\u00edv\u00e1 vlastn\u00ed datov\u00e1 centra, hardware i software. Slou\u017e\u00ed jako PaaS (Platform as a Service) pro v\u0161echny slu\u017eby, od Emailu po Vyhled\u00e1v\u00e1n\u00ed a Sklik .<\/p>\n\n\n\n<p><\/p>\n<\/div><\/details>\n\n<details class=\"expander is-style-default\">\n\t<summary data-datalayer-name=\"expander_faq_19845\" data-datalayer-text=\"Co je to SCIF IT Akademie?\">\n\t\t\t\t<strong>Co je to SCIF IT Akademie?<\/strong>\n\t\t\t<\/summary>\n\t<div class=\"inner-blocks\">\n<p>Je to ro\u010dn\u00ed, intenzivn\u00ed vzd\u011bl\u00e1vac\u00ed program ur\u010den\u00fd pro IT nad\u0161ence s technick\u00fdmi z\u00e1klady. Absolventi se nau\u010d\u00ed spravovat priv\u00e1tn\u00ed cloud Seznamu (SCIF), pracovat s OpenStackem, Kubernetes, Ansiblem, Linuxem, Pythonem a dal\u0161\u00edmi n\u00e1stroji pro infrastrukturu, automatizaci a monitoring.<\/p>\n<\/div><\/details>\n\n<details class=\"expander is-style-default\">\n\t<summary data-datalayer-name=\"expander_faq_19107\" data-datalayer-text=\"Jak prob\u00edh\u00e1 za\u0161kolen\u00ed?\">\n\t\t\t\t<strong>Jak prob\u00edh\u00e1 za\u0161kolen\u00ed?<\/strong>\n\t\t\t<\/summary>\n\t<div class=\"inner-blocks\">\n<p>Za\u010d\u00edn\u00e1 \u00favodem do cloud prost\u0159ed\u00ed a technologi\u00ed, pokra\u010duje zapojen\u00edm do t\u00fdmu a vlastn\u00edch \u00fakol\u016f. Vyu\u017e\u00edt m\u016f\u017eete i na\u0161i SCIF IT Akademii. Denn\u011b jsme v kontaktu \u2013 sd\u00edl\u00edme zku\u0161enosti, ukazujeme si \u0159e\u0161en\u00ed a konzultujeme n\u00e1pady.<\/p>\n<\/div><\/details>\n\n<details class=\"expander is-style-default limiter-item-hidden\">\n\t<summary data-datalayer-name=\"expander_faq_19105\" data-datalayer-text=\"Jak\u00e9 n\u00e1stroje nab\u00edz\u00edte v\u00fdvoj\u00e1\u0159\u016fm?\">\n\t\t\t\t<strong>Jak\u00e9 n\u00e1stroje nab\u00edz\u00edte v\u00fdvoj\u00e1\u0159\u016fm?<\/strong>\n\t\t\t<\/summary>\n\t<div class=\"inner-blocks\">\n<p>GitLab, CI\/CD, Docker, bal\u00ed\u010dkov\u00e9 repozit\u00e1\u0159e (Debian, Docker, npm, PyPi) a dal\u0161\u00ed intern\u00ed n\u00e1stroje.<\/p>\n<\/div><\/details>\n\n<details class=\"expander is-style-default limiter-item-hidden\">\n\t<summary data-datalayer-name=\"expander_faq_19103\" data-datalayer-text=\"Jak\u00e9 technologie pou\u017e\u00edv\u00e1te?\">\n\t\t\t\t<strong>Jak\u00e9 technologie pou\u017e\u00edv\u00e1te?<\/strong>\n\t\t\t<\/summary>\n\t<div class=\"inner-blocks\">\n<p>Kubernetes, OpenStack, Ceph, Docker, Terraform, Ansible, Prometheus, CEPH, S3, Kafka, Hadoop a dal\u0161\u00ed. Datab\u00e1ze: PostgreSQL, MySQL, Elasticsearch, Redis, ScyllaDB. K\u00f3d: Python, Go, Bash.<\/p>\n<\/div><\/details>\n\n<details class=\"expander is-style-default limiter-item-hidden\">\n\t<summary data-datalayer-name=\"expander_faq_19843\" data-datalayer-text=\"Je mo\u017en\u00e9 se zapojit i bez p\u0159\u00edm\u00e9 zku\u0161enosti se SCIF technologiemi?\">\n\t\t\t\t<strong>Je mo\u017en\u00e9 se zapojit i bez p\u0159\u00edm\u00e9 zku\u0161enosti se SCIF technologiemi?<\/strong>\n\t\t\t<\/summary>\n\t<div class=\"inner-blocks\">\n<p>Ano, d\u00edky SCIF IT Akademii nab\u00edz\u00edme ro\u010dn\u00ed program pro talentovan\u00e9 juniorn\u00ed nebo mid-level nad\u0161ence. Nau\u010d\u00edme v\u00e1s pracovat s Linuxem, Kubernetes, OpenStackem a budeme v\u00e1s podporovat p\u0159i startu v infrastrukturn\u00edch projektech<\/p>\n\n\n\n<p><\/p>\n<\/div><\/details>\n<\/div><\/div>\n\n<\/div>\n\n\n\n<div class=\"wp-block-group is-layout-constrained wp-block-group-is-layout-constrained\">\n<div class=\"wp-block-group pattern-columns-2-icons is-layout-constrained wp-block-group-is-layout-constrained\">\n<h2 class=\"wp-block-heading has-text-align-left\">Pro\u010d do toho j\u00edt s n\u00e1mi<\/h2>\n\n\n\n<div class=\"wp-block-columns is-layout-flex wp-container-core-columns-is-layout-28f84493 wp-block-columns-is-layout-flex\">\n<div class=\"wp-block-column is-layout-flow wp-container-core-column-is-layout-16b3bfcb wp-block-column-is-layout-flow\"><figure class=\"aligncenter aligncenter wp-block-seznam-icon\"><img loading=\"lazy\" decoding=\"async\" width=\"64\" height=\"64\" src=\"https:\/\/o-seznam.cz\/kariera\/wp-content\/uploads\/sites\/2\/2024\/04\/seznam-cz-internetova-jednicka.svg\" class=\"attachment-full size-full\" alt=\"\" \/><\/figure>\n\n\n\n<p class=\"has-text-align-center is-style-wrap-balance\"><strong>\u010cesk\u00e1 internetov\u00e1 jedni\u010dka<\/strong><\/p>\n\n\n\n<p class=\"has-text-align-center is-style-wrap-balance\">Na vln\u00e1ch internetu jedeme u\u017e od roku 1996, tak\u017ee n\u011bjak\u00e1 ta bou\u0159e n\u00e1s nerozh\u00e1z\u00ed. M\u00e1me pevnou pozici i v dob\u011b siln\u00e9 konkurence a stabiln\u00ed m\u00edsto nab\u00edz\u00edme i v\u00e1m.<\/p>\n<\/div>\n\n\n\n<div class=\"wp-block-column is-layout-flow wp-container-core-column-is-layout-16b3bfcb wp-block-column-is-layout-flow\"><figure class=\"aligncenter aligncenter wp-block-seznam-icon\"><img loading=\"lazy\" decoding=\"async\" width=\"64\" height=\"64\" src=\"https:\/\/o-seznam.cz\/kariera\/wp-content\/uploads\/sites\/2\/2024\/04\/seznam-cz-sluzby-pomahaji.svg\" class=\"attachment-full size-full\" alt=\"\" \/><\/figure>\n\n\n\n<p class=\"has-text-align-center is-style-wrap-balance\"><strong>Slu\u017eby, kter\u00e9 pom\u00e1haj\u00ed<\/strong><\/p>\n\n\n\n<p class=\"has-text-align-center is-style-wrap-balance\">Z jedn\u00e9 domovsk\u00e9 str\u00e1nky jsme se po\u0159\u00e1dn\u011b rozrostli. Dnes m\u00e1me na triku \u0159adu obl\u00edben\u00fdch slu\u017eeb, kter\u00e9 denn\u011b uleh\u010duj\u00ed \u017eivot milion\u016fm lid\u00ed na \u010desk\u00e9m internetu.<\/p>\n<\/div>\n<\/div>\n\n\n\n<div class=\"wp-block-columns is-layout-flex wp-container-core-columns-is-layout-28f84493 wp-block-columns-is-layout-flex\">\n<div class=\"wp-block-column is-layout-flow wp-container-core-column-is-layout-16b3bfcb wp-block-column-is-layout-flow\"><figure class=\"aligncenter aligncenter wp-block-seznam-icon\"><img loading=\"lazy\" decoding=\"async\" width=\"64\" height=\"64\" src=\"https:\/\/o-seznam.cz\/kariera\/wp-content\/uploads\/sites\/2\/2024\/04\/seznam-cz-inovace-a-technologie.svg\" class=\"attachment-full size-full\" alt=\"\" \/><\/figure>\n\n\n\n<p class=\"has-text-align-center is-style-wrap-balance\"><strong>Inovace, AI a jedine\u010dn\u00e9 technologie<\/strong><\/p>\n\n\n\n<p class=\"has-text-align-center is-style-wrap-balance\">Inovujeme technologie tak, aby byl \u010desk\u00fd internet st\u00e1le bezpe\u010dn\u00fdm m\u00edstem. A um\u00edme rozvinout i v\u00e1\u0161 potenci\u00e1l, proto\u017ee na lidech n\u00e1m z\u00e1le\u017e\u00ed a\u017e na prvn\u00edm m\u00edst\u011b.<\/p>\n<\/div>\n\n\n\n<div class=\"wp-block-column is-layout-flow wp-container-core-column-is-layout-16b3bfcb wp-block-column-is-layout-flow\"><figure class=\"aligncenter aligncenter wp-block-seznam-icon\"><img loading=\"lazy\" decoding=\"async\" width=\"64\" height=\"64\" src=\"https:\/\/o-seznam.cz\/kariera\/wp-content\/uploads\/sites\/2\/2024\/04\/seznam-cz-nezavisla-media.svg\" class=\"attachment-full size-full\" alt=\"\" \/><\/figure>\n\n\n\n<p class=\"has-text-align-center is-style-wrap-balance\"><strong>Nez\u00e1visl\u00e1 m\u00e9dia<\/strong><\/p>\n\n\n\n<p class=\"has-text-align-center is-style-wrap-balance\">Nevlastn\u00ed n\u00e1s \u017e\u00e1dn\u00fd politik ani magn\u00e1t, za na\u0161\u00edm zpravodajstv\u00edm a publicistikou stoj\u00ed tvrd\u00e1 a poctiv\u00e1 pr\u00e1ce nez\u00e1visl\u00fdch novin\u00e1\u0159\u016f a prof\u00edk\u016f medi\u00e1ln\u00edho sv\u011bta.<\/p>\n<\/div>\n<\/div>\n\n\n\n<div class=\"wp-block-columns is-layout-flex wp-container-core-columns-is-layout-28f84493 wp-block-columns-is-layout-flex\">\n<div class=\"wp-block-column is-layout-flow wp-container-core-column-is-layout-16b3bfcb wp-block-column-is-layout-flow\"><figure class=\"aligncenter aligncenter wp-block-seznam-icon\"><img loading=\"lazy\" decoding=\"async\" width=\"64\" height=\"64\" src=\"https:\/\/o-seznam.cz\/kariera\/wp-content\/uploads\/sites\/2\/2024\/04\/seznam-cz-neformalni-prostredi.svg\" class=\"attachment-full size-full\" alt=\"\" \/><\/figure>\n\n\n\n<p class=\"has-text-align-center is-style-wrap-balance\"><strong>Korpor\u00e1t s neform\u00e1ln\u00edm prost\u0159ed\u00edm<\/strong><\/p>\n\n\n\n<p class=\"has-text-align-center is-style-wrap-balance\">Pravidla respektujeme, ale nehrot\u00edme. Zakl\u00e1d\u00e1me si na up\u0159\u00edmn\u00e9 komunikaci a pom\u00e1h\u00e1me si. A r\u00e1di se potk\u00e1v\u00e1me i ve fitku nebo v hospod\u011b.<\/p>\n<\/div>\n\n\n\n<div class=\"wp-block-column is-layout-flow wp-container-core-column-is-layout-16b3bfcb wp-block-column-is-layout-flow\"><figure class=\"aligncenter aligncenter wp-block-seznam-icon\"><img loading=\"lazy\" decoding=\"async\" width=\"64\" height=\"64\" src=\"https:\/\/o-seznam.cz\/kariera\/wp-content\/uploads\/sites\/2\/2024\/04\/seznam-cz-onboarding.svg\" class=\"attachment-full size-full\" alt=\"\" \/><\/figure>\n\n\n\n<p class=\"has-text-align-center is-style-wrap-balance\"><strong>Onboarding a zp\u011btn\u00e1 vazba<\/strong><\/p>\n\n\n\n<p class=\"has-text-align-center is-style-wrap-balance\">A\u0165 u\u017e nastoup\u00edte na jakoukoliv pozici, \u010dek\u00e1 v\u00e1s kompletn\u00ed za\u0161kolen\u00ed, p\u0159\u00e1telsk\u00fd p\u0159\u00edstup a pomocn\u00e9 ruce na\u0161ich skv\u011bl\u00fdch tren\u00e9r\u016f.<\/p>\n<\/div>\n<\/div>\n\n\n\n<div class=\"wp-block-buttons is-content-justification-center is-layout-flex wp-container-core-buttons-is-layout-a89b3969 wp-block-buttons-is-layout-flex\">\n<div class=\"wp-block-button\"><a class=\"wp-block-button__link wp-element-button\" href=\"https:\/\/o-seznam.cz\/kariera\/volne-pozice\/\">Uk\u00e1zat v\u0161echny pozice<\/a><\/div>\n<\/div>\n<\/div>\n<\/div>\n\n\n\n<div class=\"wp-block-group is-layout-constrained wp-block-group-is-layout-constrained\">\n<h2 class=\"wp-block-heading\">Na co se m\u016f\u017eete t\u011b\u0161it<\/h2>\n\n\n<div class=\"wp-block-seznam-benefits\">\n<div class=\"accordion limiter\" data-limiter=\"4\" data-limiter-selector=\"&gt; .accordion__items\">\n\t<div class=\"accordion__items\">\n<details class=\"expander is-style-default is-style-symbol is-style-symbol-icon\">\n\t<summary data-datalayer-name=\"expander_benefit_14191\" data-datalayer-text=\"Technika na p\u0159\u00e1n\u00ed\">\n\t\t\t\t\t<span><img loading=\"lazy\" decoding=\"async\" width=\"32\" height=\"32\" src=\"https:\/\/o-seznam.cz\/kariera\/wp-content\/uploads\/sites\/2\/2024\/03\/benefity-technika-32x32-1.svg\" class=\"attachment-full size-full\" alt=\"\" \/><\/span>\n\t\t\t\t<strong>Technika na p\u0159\u00e1n\u00ed<\/strong>\n\t\t\t<\/summary>\n\t<div class=\"inner-blocks\">Apple, Linux nebo Windows? V\u0161echno m\u00e1me a k dispozici d\u00e1me. A pokud u\u017e jste zvykl\u00ed na sv\u00e9 vymazlen\u00e9 mil\u00e1\u010dky, pracujte klidn\u011b na vlastn\u00edm za\u0159\u00edzen\u00ed a my v\u00e1m budeme finan\u010dn\u011b p\u0159isp\u00edvat.<\/div><\/details>\n\n<details class=\"expander is-style-default is-style-symbol is-style-symbol-icon\">\n\t<summary data-datalayer-name=\"expander_benefit_14194\" data-datalayer-text=\"Dovolen\u00e1 o t\u00fdden del\u0161\u00ed\">\n\t\t\t\t\t<span><img loading=\"lazy\" decoding=\"async\" width=\"32\" height=\"32\" src=\"https:\/\/o-seznam.cz\/kariera\/wp-content\/uploads\/sites\/2\/2024\/03\/benefity-dovolena-navic-32x32-1.svg\" class=\"attachment-full size-full\" alt=\"\" \/><\/span>\n\t\t\t\t<strong>Dovolen\u00e1 o t\u00fdden del\u0161\u00ed<\/strong>\n\t\t\t<\/summary>\n\t<div class=\"inner-blocks\">Dovolen\u00e9 nen\u00ed nikdy dost. Proto v\u00e1m ke standardn\u00edm 4 t\u00fddn\u016fm dovolen\u00e9 p\u0159id\u00e1me je\u0161t\u011b dal\u0161\u00ed t\u00fdden.<\/div><\/details>\n\n<details class=\"expander is-style-default is-style-symbol is-style-symbol-icon\">\n\t<summary data-datalayer-name=\"expander_benefit_14197\" data-datalayer-text=\"Dny volna nav\u00edc\">\n\t\t\t\t\t<span><img loading=\"lazy\" decoding=\"async\" width=\"32\" height=\"32\" src=\"https:\/\/o-seznam.cz\/kariera\/wp-content\/uploads\/sites\/2\/2024\/03\/benefity-free-days-32x32-1.svg\" class=\"attachment-full size-full\" alt=\"\" \/><\/span>\n\t\t\t\t<strong>Dny volna nav\u00edc<\/strong>\n\t\t\t<\/summary>\n\t<div class=\"inner-blocks\">K dovolen\u00e9 je\u0161t\u011b dal\u0161\u00edch 5 dn\u016f? No fakt. A\u0165 u\u017e chcete t\u0159eba jen leno\u0161it nebo v\u00e1s hezk\u00e9 po\u010das\u00ed naopak \u017eene ven, u\u017eijte si volno podle va\u0161ich p\u0159edstav.<\/div><\/details>\n\n<details class=\"expander is-style-default is-style-symbol is-style-symbol-icon\">\n\t<summary data-datalayer-name=\"expander_benefit_14200\" data-datalayer-text=\"Pru\u017en\u00e1 pracovn\u00ed doba\">\n\t\t\t\t\t<span><img loading=\"lazy\" decoding=\"async\" width=\"32\" height=\"32\" src=\"https:\/\/o-seznam.cz\/kariera\/wp-content\/uploads\/sites\/2\/2024\/03\/benefity-pruzna-pracovni-doba-32x32-1.svg\" class=\"attachment-full size-full\" alt=\"\" \/><\/span>\n\t\t\t\t<strong>Pru\u017en\u00e1 pracovn\u00ed doba<\/strong>\n\t\t\t<\/summary>\n\t<div class=\"inner-blocks\">N\u011bkdo je rann\u00ed pt\u00e1\u010de a nejv\u00edc pr\u00e1ce ud\u011bl\u00e1 se sv\u00edt\u00e1n\u00edm, n\u011bkdo zas sova a nejv\u00edc klidu na pr\u00e1ci m\u00e1 ve\u010der. D\u016fle\u017eit\u00e9 jsou pro n\u00e1s kvalitn\u00ed v\u00fdsledky, ne v\u00e1\u0161 rozvrh hodin.<\/div><\/details>\n\n<details class=\"expander is-style-default is-style-symbol is-style-symbol-icon limiter-item-hidden\">\n\t<summary data-datalayer-name=\"expander_benefit_14203\" data-datalayer-text=\"Home office lze dohodnout\">\n\t\t\t\t\t<span><img loading=\"lazy\" decoding=\"async\" width=\"32\" height=\"32\" src=\"https:\/\/o-seznam.cz\/kariera\/wp-content\/uploads\/sites\/2\/2024\/03\/benefity-home-office-32x32-1.svg\" class=\"attachment-full size-full\" alt=\"\" \/><\/span>\n\t\t\t\t<strong>Home office lze dohodnout<\/strong>\n\t\t\t<\/summary>\n\t<div class=\"inner-blocks\">V kancel\u00e1\u0159i bychom v\u00e1s p\u0159eci jen r\u00e1di ob\u010das potkali, a\u0165 se nediv\u00edme, kde jste se u n\u00e1s vzali. Ale \u017ee jde n\u011bkdy pr\u00e1ce l\u00edp od ruky z dom\u00e1c\u00edho prost\u0159ed\u00ed, tomu taky rozum\u00edme. Domluvte se s nad\u0159\u00edzen\u00fdm a jist\u011b najdete dobr\u00fd kompromis.<\/div><\/details>\n\n<details class=\"expander is-style-default is-style-symbol is-style-symbol-icon limiter-item-hidden\">\n\t<summary data-datalayer-name=\"expander_benefit_14206\" data-datalayer-text=\"Budget pro voln\u00fd \u010das\">\n\t\t\t\t\t<span><img loading=\"lazy\" decoding=\"async\" width=\"32\" height=\"32\" src=\"https:\/\/o-seznam.cz\/kariera\/wp-content\/uploads\/sites\/2\/2024\/03\/benefity-cafeterie-32x32-1.svg\" class=\"attachment-full size-full\" alt=\"\" \/><\/span>\n\t\t\t\t<strong>Budget pro voln\u00fd \u010das<\/strong>\n\t\t\t<\/summary>\n\t<div class=\"inner-blocks\">Vym\u011bnit body za kulturu, zdrav\u00ed, sport, dovolenou nebo extra volno? Beze v\u0161eho.<\/div><\/details>\n\n<details class=\"expander is-style-default is-style-symbol is-style-symbol-icon limiter-item-hidden\">\n\t<summary data-datalayer-name=\"expander_benefit_14212\" data-datalayer-text=\"Intern\u00ed vzd\u011bl\u00e1v\u00e1n\u00ed\">\n\t\t\t\t\t<span><img loading=\"lazy\" decoding=\"async\" width=\"32\" height=\"32\" src=\"https:\/\/o-seznam.cz\/kariera\/wp-content\/uploads\/sites\/2\/2024\/03\/benefity-interni-vzdelavani-32x32-1.svg\" class=\"attachment-full size-full\" alt=\"\" \/><\/span>\n\t\t\t\t<strong>Intern\u00ed vzd\u011bl\u00e1v\u00e1n\u00ed<\/strong>\n\t\t\t<\/summary>\n\t<div class=\"inner-blocks\">U n\u00e1s se nudit nebudete. Osobn\u00edmu i profesn\u00edmu rozvoji fand\u00edme a nab\u00edz\u00edme nekone\u010dn\u011b p\u0159\u00edle\u017eitost\u00ed k seberozvoji a vzd\u011bl\u00e1v\u00e1n\u00ed, v\u010detn\u011b pomoci od profesion\u00e1ln\u00edch tren\u00e9r\u016f.<\/div><\/details>\n<\/div><\/div>\n\n<\/div><\/div>\n\n\n\n<div class=\"wp-block-group is-layout-constrained wp-block-group-is-layout-constrained\">\n<div class=\"wp-block-group is-layout-constrained wp-block-group-is-layout-constrained\">\n<h2 class=\"wp-block-heading\">Prvn\u00ed dny v Seznamu<\/h2>\n\n\n\n<p>Koukn\u011bte, jak vypad\u00e1 prvn\u00ed den, a\u0165 se va\u0161e cesta na vysn\u011bnou pozici obejde bez zbyte\u010dn\u00fdch \u0161kobrtnut\u00ed.<\/p>\n\n\n\n<div class=\"accordion\">\n\t<div class=\"accordion__items\">\n\n<details class=\"expander is-style-default is-style-symbol is-style-symbol-number\">\n\t<summary data-datalayer-name=\"expander_cesta_vitejte\" data-datalayer-text=\"V\u00edtejte na palub\u011b aneb Pre-onboarding\">\n\t\t\t\t\t<span><span class=\"expander__number\">1<\/span><\/span>\n\t\t\t\t<strong>V\u00edtejte na palub\u011b aneb Pre-onboarding<\/strong>\n\t\t\t<\/summary>\n\t<div class=\"inner-blocks\">\n\n<p>Skv\u011ble, pl\u00e1cli jsme si na spolupr\u00e1ci. N\u00e1stupn\u00ed dokumenty podep\u00ed\u0161ete elektronicky klidn\u011b je\u0161t\u011b p\u0159ed n\u00e1stupem. \u017d\u00e1dn\u00e9 pap\u00edrov\u00e1n\u00ed, \u0161et\u0159\u00edme p\u0159\u00edrodu. A kdy\u017e budete cht\u00edt, m\u016f\u017eeme se rovnou domluvit na kafe s n\u011bk\u00fdm z t\u00fdmu, a\u0165 se nalad\u00edte na na\u0161i atmosf\u00e9ru.<\/p>\n\n<\/div><\/details>\n\n\n\n<details class=\"expander is-style-default is-style-symbol is-style-symbol-number\">\n\t<summary data-datalayer-name=\"expander_cesta_prvni_den\" data-datalayer-text=\"Hur\u00e1, v\u00e1\u0161 prvn\u00ed den v Seznamu\">\n\t\t\t\t\t<span><span class=\"expander__number\">2<\/span><\/span>\n\t\t\t\t<strong>Hur\u00e1, v\u00e1\u0161 prvn\u00ed den v Seznamu<\/strong>\n\t\t\t<\/summary>\n\t<div class=\"inner-blocks\">\n\n<p>Ka\u017ed\u00fd za\u010d\u00e1tek m\u011bs\u00edce v\u00edt\u00e1me v\u0161echny nov\u00e1\u010dky u n\u00e1s na centr\u00e1le v Praze. Vy\u0159e\u0161\u00edme pot\u0159ebnou administrativu, p\u0159ed\u00e1me v\u00e1m techniku, sezn\u00e1m\u00edme v\u00e1s s kolegy a nakonec v\u00e1s provedeme po na\u0161em labyrintu.<\/p>\n\n<\/div><\/details>\n\n\n\n<details class=\"expander is-style-default is-style-symbol is-style-symbol-number\">\n\t<summary data-datalayer-name=\"expander_cesta_adaptace\" data-datalayer-text=\"Adaptace aneb j\u00e9\u00e9\u00e9, funguje to!\">\n\t\t\t\t\t<span><span class=\"expander__number\">3<\/span><\/span>\n\t\t\t\t<strong>Adaptace aneb j\u00e9\u00e9\u00e9, funguje to!<\/strong>\n\t\t\t<\/summary>\n\t<div class=\"inner-blocks\">\n\n<p>Na za\u010d\u00e1tku to vypad\u00e1 mo\u017en\u00e1 trochu chaoticky, ale nebojte, m\u00e1me promakan\u00fd syst\u00e9m \u0161kolen\u00ed pro ka\u017edou pozici, tak\u017ee co neum\u00edte, r\u00e1di nau\u010d\u00edme.<\/p>\n\n<\/div><\/details>\n\n\n\n<details class=\"expander is-style-default is-style-symbol is-style-symbol-number\">\n\t<summary data-datalayer-name=\"expander_cesta_vzdelavani\" data-datalayer-text=\"Um\u00edte v\u0161e levou zadn\u00ed? Pak je tu intern\u00ed vzd\u011bl\u00e1v\u00e1n\u00ed\">\n\t\t\t\t\t<span><span class=\"expander__number\">4<\/span><\/span>\n\t\t\t\t<strong>Um\u00edte v\u0161e levou zadn\u00ed? Pak je tu intern\u00ed vzd\u011bl\u00e1v\u00e1n\u00ed<\/strong>\n\t\t\t<\/summary>\n\t<div class=\"inner-blocks\">\n\n<p>Po rozpa\u010dit\u00e9m za\u010d\u00e1tku jste u\u017e prof\u00edci v oboru, gratulujeme. A proto\u017ee um\u011bt v\u0161echno je nuda, n\u00e1\u0161 t\u00fdm tren\u00e9r\u016f v\u00e1m r\u00e1d porad\u00ed s dal\u0161\u00edm rozvojem. A nab\u00eddka je nekone\u010dn\u011b bohat\u00e1, vybrat si m\u016f\u017eete z na\u0161eho e-learningu nebo \u0161kolen\u00ed p\u0159\u00edmo na m\u00edru.<\/p>\n\n<\/div><\/details>\n\n<\/div><\/div>\n\n<\/div>\n<\/div>\n\n\n\n<div class=\"wp-block-group is-layout-constrained wp-block-group-is-layout-constrained\">\n<h2 class=\"wp-block-heading\">Kde n\u00e1s najdete<\/h2>\n\n\n<div class=\"wp-block-seznam-branches\"> \n<div class=\"branchesMap\">\n\t<div>\n \n\n \n<div class=\"max-w-[35rem] mx-auto my-f6 \">\n\t \n<div class=\"mapSilhouette\" data-points=\"[{&quot;id&quot;:13397,&quot;title&quot;:&quot;Praha&quot;,&quot;x&quot;:22.699999999999999,&quot;y&quot;:34.700000000000003,&quot;is_active&quot;:false},{&quot;id&quot;:13385,&quot;title&quot;:&quot;Brno&quot;,&quot;x&quot;:42.299999999999997,&quot;y&quot;:52.799999999999997,&quot;is_active&quot;:false},{&quot;id&quot;:13433,&quot;title&quot;:&quot;Plze\\u0148&quot;,&quot;x&quot;:13,&quot;y&quot;:45.299999999999997,&quot;is_active&quot;:false},{&quot;id&quot;:13425,&quot;title&quot;:&quot;Ostrava \\u2013 V\\u00edtkovice&quot;,&quot;x&quot;:58.700000000000003,&quot;y&quot;:33.799999999999997,&quot;is_active&quot;:false}]\">\n\t<img loading=\"lazy\" decoding=\"async\" src=\"https:\/\/o-seznam.cz\/kariera\/wp-content\/themes\/seznam\/assets\/images\/mapa-silouethe.svg\" width=\"560\" height=\"254\" alt=\"Mapa \u010cesko a Slovensko\" \/>\n\t<span class=\"mapSilhouette__point\" data-id=\"13397\"  style=\"left:22.7%;top:34.7%\"><\/span><span class=\"mapSilhouette__point\" data-id=\"13385\"  style=\"left:42.3%;top:52.8%\"><\/span><span class=\"mapSilhouette__point\" data-id=\"13433\"  style=\"left:13%;top:45.3%\"><\/span><span class=\"mapSilhouette__point\" data-id=\"13425\"  style=\"left:58.7%;top:33.8%\"><\/span><span class=\"mapSilhouette__pointer\" hidden=\"true\"><\/span><\/div>\n <\/div>\n \n\n\n<div class=\"accordion\">\n\t<div class=\"accordion__items\">\n\t\n<details class=\"expander is-style-box\" data-id=\"13397\">\n\t<summary data-datalayer-name=\"expander_branch_13397\" data-datalayer-text=\"Praha\">\n\t\t\t\t<strong>Praha<\/strong>\n\t\t\t<\/summary>\n\t<div class=\"inner-blocks\"> \n\n<div>Seznam.cz, a.s.<br \/>\r\nRadlick\u00e1 3294\/10<br \/>\r\n150 00 Praha 5 \u2013 Sm\u00edchov<\/div>\n\n\t<div class=\"my-6 sm:my-4 text-neutral-60\">\n\t\tNa\u0161e centr\u00e1la je velmi dob\u0159e dostupn\u00e1, m\u016f\u017eete dorazit metrem na lince B, jednou z nes\u010detn\u00fdch tramvaj\u00ed nebo autobusem. Autobusov\u00e9 n\u00e1dra\u017e\u00ed Na Kn\u00ed\u017eec\u00ed je hned za rohem.\t<\/div>\n\n<table class=\"mt-f2 mb-f4\"><tr style=\"\"><th class=\"pr-3 align-top text-left text-neutral-60 font-normal \"><span class=\"block pt-1\">Metro<\/span><\/th><td class=\"\"><div class=\"flex gap-2 flex-wrap\"><span style=\"min-width:2rem\" class=\"inline-block min-w-8 h-7 leading-7 px-2 text-center rounded-2 text-white text-xs whitespace-nowrap bg-[#D4BD42]\">B \u2013 And\u011bl<\/span> <\/div><\/td><\/tr><tr style=\"\"><th class=\"pr-3 align-top text-left text-neutral-60 font-normal pt-4\"><span class=\"block pt-1\">Tramvaj<\/span><\/th><td class=\"pt-4\"><div class=\"flex gap-2 flex-wrap\"><span style=\"min-width:2rem\" class=\"inline-block min-w-8 h-7 leading-7 px-2 text-center rounded-2 text-white text-xs whitespace-nowrap bg-[#3B84C9]\">4<\/span> <span style=\"min-width:2rem\" class=\"inline-block min-w-8 h-7 leading-7 px-2 text-center rounded-2 text-white text-xs whitespace-nowrap bg-[#3B84C9]\">5<\/span> <span style=\"min-width:2rem\" class=\"inline-block min-w-8 h-7 leading-7 px-2 text-center rounded-2 text-white text-xs whitespace-nowrap bg-[#3B84C9]\">7<\/span> <span style=\"min-width:2rem\" class=\"inline-block min-w-8 h-7 leading-7 px-2 text-center rounded-2 text-white text-xs whitespace-nowrap bg-[#3B84C9]\">9<\/span> <span style=\"min-width:2rem\" class=\"inline-block min-w-8 h-7 leading-7 px-2 text-center rounded-2 text-white text-xs whitespace-nowrap bg-[#3B84C9]\">10<\/span> <span style=\"min-width:2rem\" class=\"inline-block min-w-8 h-7 leading-7 px-2 text-center rounded-2 text-white text-xs whitespace-nowrap bg-[#3B84C9]\">12<\/span> <span style=\"min-width:2rem\" class=\"inline-block min-w-8 h-7 leading-7 px-2 text-center rounded-2 text-white text-xs whitespace-nowrap bg-[#3B84C9]\">15<\/span> <span style=\"min-width:2rem\" class=\"inline-block min-w-8 h-7 leading-7 px-2 text-center rounded-2 text-white text-xs whitespace-nowrap bg-[#3B84C9]\">16<\/span> <span style=\"min-width:2rem\" class=\"inline-block min-w-8 h-7 leading-7 px-2 text-center rounded-2 text-white text-xs whitespace-nowrap bg-[#3B84C9]\">20<\/span> <\/div><\/td><\/tr><tr style=\"\"><th class=\"pr-3 align-top text-left text-neutral-60 font-normal pt-4\"><span class=\"block pt-1\">Bus<\/span><\/th><td class=\"pt-4\"><div class=\"flex gap-2 flex-wrap\"><span style=\"min-width:2rem\" class=\"inline-block min-w-8 h-7 leading-7 px-2 text-center rounded-2 text-white text-xs whitespace-nowrap bg-[#3B84C9]\">120<\/span> <span style=\"min-width:2rem\" class=\"inline-block min-w-8 h-7 leading-7 px-2 text-center rounded-2 text-white text-xs whitespace-nowrap bg-[#3B84C9]\">123<\/span> <span style=\"min-width:2rem\" class=\"inline-block min-w-8 h-7 leading-7 px-2 text-center rounded-2 text-white text-xs whitespace-nowrap bg-[#3B84C9]\">137<\/span> <span style=\"min-width:2rem\" class=\"inline-block min-w-8 h-7 leading-7 px-2 text-center rounded-2 text-white text-xs whitespace-nowrap bg-[#3B84C9]\">167<\/span> <span style=\"min-width:2rem\" class=\"inline-block min-w-8 h-7 leading-7 px-2 text-center rounded-2 text-white text-xs whitespace-nowrap bg-[#3B84C9]\">191<\/span> <\/div><\/td><\/tr><\/table>\t\t\t\t<div>\n\t\t\t\t\t<a class=\"button wp-element-button is-style-secondary-2\" href=\"https:\/\/o-seznam.cz\/kariera\/praha\/\">Voln\u00e9 pozice na pobo\u010dce<\/a>\n\t\t\t\t<\/div>\n\t\t\t\n \n<\/div><\/details>\n\n<details class=\"expander is-style-box\" data-id=\"13385\">\n\t<summary data-datalayer-name=\"expander_branch_13385\" data-datalayer-text=\"Brno\">\n\t\t\t\t<strong>Brno<\/strong>\n\t\t\t<\/summary>\n\t<div class=\"inner-blocks\"> \n\n<div>Seznam.cz, a.s.<br \/>\r\nThe Campus Science Park \u2013 Budova C<br \/>\r\nPalachovo n\u00e1m\u011bst\u00ed 797\/4<br \/>\r\n625 00 Brno \u2013 Star\u00fd L\u00edskovec<\/div>\n\n\t<div class=\"my-6 sm:my-4 text-neutral-60\">\n\t\tNejbli\u017e\u0161\u00ed zast\u00e1vka je Nemocnice Bohunice. Pokud jste p\u0159ijeli vlakem, na n\u00e1dra\u017e\u00ed sko\u010dte do \u0161aliny \u010d. 8 a za 20 minut jste u n\u00e1s. Parkovat lze v podzemn\u00edch gar\u00e1\u017e\u00edch nebo v okoln\u00edch oblastech Campus Square.\t<\/div>\n\n<table class=\"mt-f2 mb-f4\"><tr style=\"\"><th class=\"pr-3 align-top text-left text-neutral-60 font-normal \"><span class=\"block pt-1\">\u0160alina<\/span><\/th><td class=\"\"><div class=\"flex gap-2 flex-wrap\"><span style=\"min-width:2rem\" class=\"inline-block min-w-8 h-7 leading-7 px-2 text-center rounded-2 text-white text-xs whitespace-nowrap bg-[#3B84C9]\">8<\/span> <\/div><\/td><\/tr><tr style=\"\"><th class=\"pr-3 align-top text-left text-neutral-60 font-normal pt-4\"><span class=\"block pt-1\">Bus<\/span><\/th><td class=\"pt-4\"><div class=\"flex gap-2 flex-wrap\"><span style=\"min-width:2rem\" class=\"inline-block min-w-8 h-7 leading-7 px-2 text-center rounded-2 text-white text-xs whitespace-nowrap bg-[#3B84C9]\">40<\/span> <span style=\"min-width:2rem\" class=\"inline-block min-w-8 h-7 leading-7 px-2 text-center rounded-2 text-white text-xs whitespace-nowrap bg-[#3B84C9]\">50<\/span> <span style=\"min-width:2rem\" class=\"inline-block min-w-8 h-7 leading-7 px-2 text-center rounded-2 text-white text-xs whitespace-nowrap bg-[#3B84C9]\">51<\/span> <span style=\"min-width:2rem\" class=\"inline-block min-w-8 h-7 leading-7 px-2 text-center rounded-2 text-white text-xs whitespace-nowrap bg-[#3B84C9]\">69<\/span> <span style=\"min-width:2rem\" class=\"inline-block min-w-8 h-7 leading-7 px-2 text-center rounded-2 text-white text-xs whitespace-nowrap bg-[#3B84C9]\">E56<\/span> <\/div><\/td><\/tr><tr style=\"\"><th class=\"pr-3 align-top text-left text-neutral-60 font-normal pt-4\"><span class=\"block pt-1\">Trolejbus<\/span><\/th><td class=\"pt-4\"><div class=\"flex gap-2 flex-wrap\"><span style=\"min-width:2rem\" class=\"inline-block min-w-8 h-7 leading-7 px-2 text-center rounded-2 text-white text-xs whitespace-nowrap bg-[#3B84C9]\">25<\/span> <span style=\"min-width:2rem\" class=\"inline-block min-w-8 h-7 leading-7 px-2 text-center rounded-2 text-white text-xs whitespace-nowrap bg-[#3B84C9]\">37<\/span> <\/div><\/td><\/tr><\/table>\t\t\t\t<div>\n\t\t\t\t\t<a class=\"button wp-element-button is-style-secondary-2\" href=\"https:\/\/o-seznam.cz\/kariera\/brno\/\">Voln\u00e9 pozice na pobo\u010dce<\/a>\n\t\t\t\t<\/div>\n\t\t\t\n \n<\/div><\/details>\n\n<details class=\"expander is-style-box\" data-id=\"13433\">\n\t<summary data-datalayer-name=\"expander_branch_13433\" data-datalayer-text=\"Plze\u0148\">\n\t\t\t\t<strong>Plze\u0148<\/strong>\n\t\t\t<\/summary>\n\t<div class=\"inner-blocks\"> \n\n<div>Seznam.cz, a.s.<br \/>\r\nN\u00e1m\u011bst\u00ed T. G. Masaryka 1931\/12<br \/>\r\n301 00 Plze\u0148 \u2013 Ji\u017en\u00ed P\u0159edm\u011bst\u00ed<\/div>\n\n\t<div class=\"my-6 sm:my-4 text-neutral-60\">\n\t\tVlakem bude nejlep\u0161\u00ed vystoupit a\u017e na vlakov\u00e9m n\u00e1dra\u017e\u00ed Plze\u0148 Ji\u017en\u00ed P\u0159edm\u011bst\u00ed a j\u00edt 10 minut p\u011b\u0161ky. A pokud jedete autem, v okol\u00ed se n\u011bjak\u00e9 parkovac\u00ed m\u00edsto v\u017edycky najde.\t<\/div>\n\n<table class=\"mt-f2 mb-f4\"><tr style=\"\"><th class=\"pr-3 align-top text-left text-neutral-60 font-normal \"><span class=\"block pt-1\">Tramvaj<\/span><\/th><td class=\"\"><div class=\"flex gap-2 flex-wrap\"><span style=\"min-width:2rem\" class=\"inline-block min-w-8 h-7 leading-7 px-2 text-center rounded-2 text-white text-xs whitespace-nowrap bg-[#3B84C9]\">4<\/span> <\/div><\/td><\/tr><\/table>\t\t\t\t<div>\n\t\t\t\t\t<a class=\"button wp-element-button is-style-secondary-2\" href=\"https:\/\/o-seznam.cz\/kariera\/plzen\/\">Voln\u00e9 pozice na pobo\u010dce<\/a>\n\t\t\t\t<\/div>\n\t\t\t\n \n<\/div><\/details>\n\n<details class=\"expander is-style-box\" data-id=\"13425\">\n\t<summary data-datalayer-name=\"expander_branch_13425\" data-datalayer-text=\"Ostrava \u2013 V\u00edtkovice\">\n\t\t\t\t<strong>Ostrava \u2013 V\u00edtkovice<\/strong>\n\t\t\t<\/summary>\n\t<div class=\"inner-blocks\"> \n\n<div>Seznam.cz, a.s.<br \/>\r\nRusk\u00e1 87\/11<br \/>\r\n703 00 Ostrava \u2013 V\u00edtkovice<\/div>\n\n\t<div class=\"my-6 sm:my-4 text-neutral-60\">\n\t\tPokud n\u00e1s nav\u0161t\u00edv\u00edte autem, p\u00e1r m\u00edst k parkov\u00e1n\u00ed najdete p\u0159\u00edmo na na\u0161em mal\u00e9m parkovi\u0161ti. A pokud chcete vyu\u017e\u00edt MHD, p\u0159\u00edmo z vlakov\u00e9ho n\u00e1dra\u017e\u00ed se k n\u00e1m dostanete tramvaj\u00ed \u010d. 1 nebo 2.\t<\/div>\n\n<table class=\"mt-f2 mb-f4\"><tr style=\"\"><th class=\"pr-3 align-top text-left text-neutral-60 font-normal \"><span class=\"block pt-1\">Tramvaj<\/span><\/th><td class=\"\"><div class=\"flex gap-2 flex-wrap\"><span style=\"min-width:2rem\" class=\"inline-block min-w-8 h-7 leading-7 px-2 text-center rounded-2 text-white text-xs whitespace-nowrap bg-[#3B84C9]\">1<\/span> <span style=\"min-width:2rem\" class=\"inline-block min-w-8 h-7 leading-7 px-2 text-center rounded-2 text-white text-xs whitespace-nowrap bg-[#3B84C9]\">2<\/span> <\/div><\/td><\/tr><\/table>\t\t\t\t<div>\n\t\t\t\t\t<a class=\"button wp-element-button is-style-secondary-2\" href=\"https:\/\/o-seznam.cz\/kariera\/ostrava\/\">Voln\u00e9 pozice na pobo\u010dce<\/a>\n\t\t\t\t<\/div>\n\t\t\t\n \n<\/div><\/details>\n<\/div><\/div>\n\n\n\t\n \n\t<\/div>\n<\/div>\n <\/div>\n<\/div>\n\n<\/div>\n\n\n<div class=\"layout__sidebar is-layout-flow wp-block-seznam-layout-slot-is-layout-flow\">\n\t\n\n<div class=\"cta-stickybox is-hidden-on-form-confirmation-loaded wp-block-seznam-cta-stickybox-hr\">\n\t<div class=\"cta-stickybox__inner\">\n\n\t\t\t\t\t<div class=\"cta-stickybox__head cta-stickybox__head--desktop\">\n\t\t\t\t\t\t\t\t<h3>Chcete u n\u00e1s pracovat?<\/h3>\n\t\t\t<\/div>\n\t\t\n\t\t<div class=\"cta-stickybox__head cta-stickybox__head--mobile\">\n\t\t\t\t\t\t<div>\n\t\t\t\t<p><strong>Chcete u n\u00e1s pracovat?<\/strong><\/p>\n\t\t\t\t<button class=\"cta-stickybox__toggle\" aria-controls=\"cta_3fc4c00\" aria-expanded=\"false\">M\u00e1m z\u00e1jem <\/button>\n\t\t\t<\/div>\n\t\t<\/div>\n\n\t\t<div class=\"cta-stickybox__content\" id=\"cta_3fc4c00\">\n\t\t\t\t\t\t\t<a class=\"wp-element-button\" data-datalayer-name=\"cta_stickybox_primary\" href=\"\">Poslat \u017eivotopis<\/a>\n\t\t\t\t\t\t\t\t\t\t<a class=\"wp-element-button is-style-secondary-2\" data-datalayer-name=\"cta_stickybox_secondary\"  href=\"\">Zeptat se<\/a>\n\t\t\t\t\t<\/div>\n\n\t<\/div>\n<\/div>\n\n\n<\/div>\n\n\t\t<\/div>\n\t<\/div>\n\t<div class=\"layout__breakpoint\"><\/div>\n<\/div>\n<\/div>\n","protected":false},"excerpt":{"rendered":"<p>Hled\u00e1me nov\u00e9 kolegy do t\u00fdmu SCIF (Seznam Cloud Infrastructure) \u2013 na\u0161\u00ed vlastn\u00ed cloudov\u00e9 platformy, kter\u00e1 dr\u017e\u00ed v chodu v\u0161echny slu\u017eby Seznamu. Od Vyhled\u00e1v\u00e1n\u00ed p\u0159es Email a\u017e po Sklik. SCIF b\u011b\u017e\u00ed na v\u00edce ne\u017e 12 000 serverech a 60 PB dat. Stav\u00edme na open source technologi\u00edch jako Kubernetes, OpenStack, Ceph nebo Terraform. A proto\u017ee se platforma [&hellip;]<\/p>\n","protected":false},"author":2,"featured_media":0,"parent":0,"menu_order":0,"comment_status":"closed","ping_status":"closed","template":"","meta":{"_acf_changed":false,"_relevanssi_hide_post":"","_relevanssi_hide_content":"","_relevanssi_pin_for_all":"","_relevanssi_pin_keywords":"","_relevanssi_unpin_keywords":"","_relevanssi_related_keywords":"","_relevanssi_related_include_ids":"","_relevanssi_related_exclude_ids":"","_relevanssi_related_no_append":"","_relevanssi_related_not_related":"","_relevanssi_related_posts":"","_relevanssi_noindex_reason":"","footnotes":""},"page_category":[273],"page_tag":[],"class_list":["post-19096","page","type-page","status-publish","hentry"],"acf":[],"_links":{"self":[{"href":"https:\/\/o-seznam.cz\/kariera\/wp-json\/wp\/v2\/pages\/19096","targetHints":{"allow":["GET"]}}],"collection":[{"href":"https:\/\/o-seznam.cz\/kariera\/wp-json\/wp\/v2\/pages"}],"about":[{"href":"https:\/\/o-seznam.cz\/kariera\/wp-json\/wp\/v2\/types\/page"}],"author":[{"embeddable":true,"href":"https:\/\/o-seznam.cz\/kariera\/wp-json\/wp\/v2\/users\/2"}],"replies":[{"embeddable":true,"href":"https:\/\/o-seznam.cz\/kariera\/wp-json\/wp\/v2\/comments?post=19096"}],"version-history":[{"count":13,"href":"https:\/\/o-seznam.cz\/kariera\/wp-json\/wp\/v2\/pages\/19096\/revisions"}],"predecessor-version":[{"id":19235,"href":"https:\/\/o-seznam.cz\/kariera\/wp-json\/wp\/v2\/pages\/19096\/revisions\/19235"}],"wp:attachment":[{"href":"https:\/\/o-seznam.cz\/kariera\/wp-json\/wp\/v2\/media?parent=19096"}],"wp:term":[{"taxonomy":"page_category","embeddable":true,"href":"https:\/\/o-seznam.cz\/kariera\/wp-json\/wp\/v2\/page_category?post=19096"},{"taxonomy":"page_tag","embeddable":true,"href":"https:\/\/o-seznam.cz\/kariera\/wp-json\/wp\/v2\/page_tag?post=19096"}],"curies":[{"name":"wp","href":"https:\/\/api.w.org\/{rel}","templated":true}]}}