{"id":17142,"date":"2024-09-02T17:01:54","date_gmt":"2024-09-02T15:01:54","guid":{"rendered":"https:\/\/o-seznam.cz\/kariera\/?page_id=17142"},"modified":"2025-05-21T13:58:23","modified_gmt":"2025-05-21T11:58:23","slug":"produkt","status":"publish","type":"page","link":"https:\/\/o-seznam.cz\/kariera\/produkt\/","title":{"rendered":"Pr\u00e1ce v produktov\u00e9m managementu"},"content":{"rendered":"\n<div class=\"wp-block-group is-content-justification-left is-layout-constrained wp-container-core-group-is-layout-8f9203fe wp-block-group-is-layout-constrained\">\n<p>Produktov\u00fd management zahrnuje rozvoj a zlep\u0161ov\u00e1n\u00ed slu\u017eby nebo produktu. D\u016fle\u017eitou sou\u010d\u00e1st\u00ed produktov\u00e9ho managementu je anal\u00fdza dat, identifikace nov\u00fdch p\u0159\u00edle\u017eitost\u00ed a implementace zlep\u0161en\u00ed, kter\u00e1 p\u0159in\u00e1\u0161ej\u00ed p\u0159idanou hodnotu u\u017eivatel\u016fm a administr\u00e1tor\u016fm pracuj\u00edc\u00edch s datab\u00e1z\u00ed. Produktov\u00fd manager d\u00e1v\u00e1 produktu (slu\u017eb\u011b) jasn\u00e9 obrysy. Nap\u0159\u00edklad sb\u00edr\u00e1 po\u017eadavky z trhu i od z\u00e1kazn\u00edk\u016f (potenci\u00e1ln\u00edch i existuj\u00edc\u00edch), star\u00e1 se o zlep\u0161ov\u00e1n\u00ed aktu\u00e1ln\u00edch dat a s t\u00fdmem administr\u00e1tor\u016f \u0161perkuje seznam\u00e1ckou datab\u00e1zi.<\/p>\n<\/div>\n\n\n\n<div class=\"wp-block-group alignfull is-layout-constrained wp-block-group-is-layout-constrained\">\n<div class=\"layout layout--stickybox alignfull mt-f6 wp-block-seznam-layout\">\n\t<div class=\"layout__lining\">\n\t\t<div class=\"layout__area\">\n\t\t\t\n<div class=\"layout__content is-layout-flow wp-container-seznam-layout-slot-is-layout-bed9b9fd wp-block-seznam-layout-slot-is-layout-flow\">\n\t\n\n<div class=\"wp-block-group is-layout-constrained wp-block-group-is-layout-constrained\"><div class=\"wp-block-seznam-list-jobs\"><div class=\"mb-f6\"><h2 class=\"mb-f2\">2 voln\u00e9 pozice <\/h2>\n<div class=\"wp-block-group is-nowrap is-layout-flex wp-container-core-group-is-layout-8acbb40a wp-block-group-is-layout-flex\">\n<figure class=\"wp-block-image size-large shrink-0 w-6 h-6\"><img loading=\"lazy\" decoding=\"async\" width=\"24\" height=\"24\" src=\"https:\/\/o-seznam.cz\/kariera\/wp-content\/uploads\/sites\/2\/2024\/03\/unisex-gray.svg\" alt=\"\" class=\"wp-image-14262\" style=\"object-fit:cover\"\/><\/figure>\n\n\n\n<p class=\"has-neutral-60-color has-text-color has-link-color has-small-font-size wp-elements-7ed63037b893513686a79fea9cc0c11f\">V\u0161echny pozice jsou vhodn\u00e9 pro mu\u017ee i \u017eeny.<\/p>\n<\/div>\n<\/div><a class=\"box mb-2 text-neutral-black hover:text-neutral-black no-underline\" href=\"https:\/\/o-seznam.cz\/kariera\/488070-produktovy-manager-pro-llm\/\" data-datalayer-name=\"job_20471\" data-datalayer-text=\"Produktov\u00fd manager pro LLM\u00a0\">\n<h2 class=\"mt-0 mb-f2\">Produktov\u00fd manager pro LLM\u00a0<\/h2>\n<p class=\"mt-0 text-sm text-neutral-60\">\n\t\t\t<span class=\"text-complement\">Brno, Praha<\/span>\n\t\t<span class=\"text-neutral-20 mx-1\">\u2022<\/span>\n\t\tPro mu\u017ee i \u017eeny <span class=\"text-neutral-20 mx-1\">\u2022<\/span> Pln\u00fd \u00favazek<\/p>\n<\/a>\n<a class=\"box mb-2 text-neutral-black hover:text-neutral-black no-underline\" href=\"https:\/\/o-seznam.cz\/kariera\/485711-product-manager-ai-asistenta\/\" data-datalayer-name=\"job_20381\" data-datalayer-text=\"Junior Product Manager vyhled\u00e1v\u00e1n\u00ed pro AI Asistenta\">\n<h2 class=\"mt-0 mb-f2\">Junior Product Manager vyhled\u00e1v\u00e1n\u00ed pro AI Asistenta<\/h2>\n<p class=\"mt-0 text-sm text-neutral-60\">\n\t\t\t<span class=\"text-complement\">Praha<\/span>\n\t\t<span class=\"text-neutral-20 mx-1\">\u2022<\/span>\n\t\tPro mu\u017ee i \u017eeny <span class=\"text-neutral-20 mx-1\">\u2022<\/span> Pln\u00fd \u00favazek<\/p>\n\t<div class=\"flex flex-wrap gap-x-3 gap-y-1 mt-f4\">\n\t\t<img loading=\"lazy\" decoding=\"async\" width=\"64\" height=\"64\" src=\"https:\/\/o-seznam.cz\/kariera\/wp-content\/uploads\/sites\/2\/2024\/04\/technologie-Python.svg\" class=\"w-6 h-6 shrink-0\" alt=\"\" title=\"Python\" \/>\t<\/div>\n<\/a>\n<\/div>\n\n\n\n<div class=\"wp-block-buttons is-content-justification-center is-layout-flex wp-container-core-buttons-is-layout-a89b3969 wp-block-buttons-is-layout-flex\">\n<div class=\"wp-block-button\"><a class=\"wp-block-button__link wp-element-button\" href=\"https:\/\/o-seznam.cz\/kariera\/volne-pozice\/\">Uk\u00e1zat v\u0161echny pozice<\/a><\/div>\n<\/div>\n<\/div>\n\n\n\n<div class=\"wp-block-group alignwide is-layout-constrained wp-block-group-is-layout-constrained\">\n<h2 class=\"wp-block-heading\">Jak to chod\u00ed v t\u00fdmu<\/h2>\n\n\n\n<div class=\"wp-block-group is-layout-constrained wp-block-group-is-layout-constrained\">\n<figure class=\"wp-block-gallery has-nested-images columns-2 is-cropped is-style-emphasize-one wp-block-gallery-1 is-layout-flex wp-block-gallery-is-layout-flex\">\n<figure class=\"wp-block-image size-large\"><img loading=\"lazy\" decoding=\"async\" width=\"1984\" height=\"1323\" data-id=\"18104\" src=\"https:\/\/o-seznam.cz\/kariera\/wp-content\/uploads\/sites\/2\/2024\/12\/6i3a0650-1984x1323.jpg\" alt=\"\" class=\"wp-image-18104\" srcset=\"https:\/\/o-seznam.cz\/kariera\/wp-content\/uploads\/sites\/2\/2024\/12\/6i3a0650-1984x1323.jpg 1984w, https:\/\/o-seznam.cz\/kariera\/wp-content\/uploads\/sites\/2\/2024\/12\/6i3a0650-992x661.jpg 992w, https:\/\/o-seznam.cz\/kariera\/wp-content\/uploads\/sites\/2\/2024\/12\/6i3a0650-320x213.jpg 320w, https:\/\/o-seznam.cz\/kariera\/wp-content\/uploads\/sites\/2\/2024\/12\/6i3a0650-768x512.jpg 768w, https:\/\/o-seznam.cz\/kariera\/wp-content\/uploads\/sites\/2\/2024\/12\/6i3a0650-1536x1024.jpg 1536w, https:\/\/o-seznam.cz\/kariera\/wp-content\/uploads\/sites\/2\/2024\/12\/6i3a0650-2048x1365.jpg 2048w\" sizes=\"auto, (max-width: 1984px) 100vw, 1984px\" \/><\/figure>\n\n\n\n<figure class=\"wp-block-image size-large\"><img loading=\"lazy\" decoding=\"async\" width=\"1984\" height=\"1323\" data-id=\"18105\" src=\"https:\/\/o-seznam.cz\/kariera\/wp-content\/uploads\/sites\/2\/2024\/12\/6i3a0662-1984x1323.jpg\" alt=\"\" class=\"wp-image-18105\" srcset=\"https:\/\/o-seznam.cz\/kariera\/wp-content\/uploads\/sites\/2\/2024\/12\/6i3a0662-1984x1323.jpg 1984w, https:\/\/o-seznam.cz\/kariera\/wp-content\/uploads\/sites\/2\/2024\/12\/6i3a0662-992x661.jpg 992w, https:\/\/o-seznam.cz\/kariera\/wp-content\/uploads\/sites\/2\/2024\/12\/6i3a0662-320x213.jpg 320w, https:\/\/o-seznam.cz\/kariera\/wp-content\/uploads\/sites\/2\/2024\/12\/6i3a0662-768x512.jpg 768w, https:\/\/o-seznam.cz\/kariera\/wp-content\/uploads\/sites\/2\/2024\/12\/6i3a0662-1536x1024.jpg 1536w, https:\/\/o-seznam.cz\/kariera\/wp-content\/uploads\/sites\/2\/2024\/12\/6i3a0662-2048x1365.jpg 2048w\" sizes=\"auto, (max-width: 1984px) 100vw, 1984px\" \/><\/figure>\n\n\n\n<figure class=\"wp-block-image size-large\"><img loading=\"lazy\" decoding=\"async\" width=\"1984\" height=\"1323\" data-id=\"18106\" src=\"https:\/\/o-seznam.cz\/kariera\/wp-content\/uploads\/sites\/2\/2024\/12\/6i3a0720-1984x1323.jpg\" alt=\"\" class=\"wp-image-18106\" srcset=\"https:\/\/o-seznam.cz\/kariera\/wp-content\/uploads\/sites\/2\/2024\/12\/6i3a0720-1984x1323.jpg 1984w, https:\/\/o-seznam.cz\/kariera\/wp-content\/uploads\/sites\/2\/2024\/12\/6i3a0720-992x661.jpg 992w, https:\/\/o-seznam.cz\/kariera\/wp-content\/uploads\/sites\/2\/2024\/12\/6i3a0720-320x213.jpg 320w, https:\/\/o-seznam.cz\/kariera\/wp-content\/uploads\/sites\/2\/2024\/12\/6i3a0720-768x512.jpg 768w, https:\/\/o-seznam.cz\/kariera\/wp-content\/uploads\/sites\/2\/2024\/12\/6i3a0720-1536x1024.jpg 1536w, https:\/\/o-seznam.cz\/kariera\/wp-content\/uploads\/sites\/2\/2024\/12\/6i3a0720-2048x1365.jpg 2048w\" sizes=\"auto, (max-width: 1984px) 100vw, 1984px\" \/><\/figure>\n<\/figure>\n<\/div>\n\n\n\n<p>Na\u0161e spolupr\u00e1ce i komunikace je intenzivn\u00ed, proto\u017ee mus\u00edme rychle reagovat na aktu\u00e1ln\u00ed probl\u00e9my a v\u00fdzvy. V t\u00fdmu n\u00e1s je p\u0159es dvacet lid\u00ed a setk\u00e1v\u00e1me se ve v\u0161ech kancel\u00e1\u0159\u00edch po \u010cR a Slovensku, a\u0165 u\u017e u kafe, nebo online. Specialist\u00e9 tvo\u0159\u00ed subt\u00fdmy pro r\u016fzn\u00e9 \u010d\u00e1sti procesu, a to od zad\u00e1n\u00ed p\u0159es v\u00fdvoj a\u017e po spr\u00e1vu infrastruktury. Na\u0161e pr\u00e1ce zahrnuje pravideln\u00e9 groomingy a pl\u00e1nov\u00e1n\u00ed, kde \u0159e\u0161\u00edme \u00fakoly, hodnot\u00edme \u0159e\u0161en\u00ed a ur\u010dujeme dal\u0161\u00ed kroky. Ka\u017ed\u00fd n\u00e1zor m\u00e1 velkou v\u00e1hu a dobr\u00e9 n\u00e1pady jsou u n\u00e1s v\u00edt\u00e1ny, tak\u017ee i v\u0161ichni kreativci s nosem na produkt.<\/p>\n<\/div>\n\n\n\n<div class=\"wp-block-group is-layout-constrained wp-block-group-is-layout-constrained\">\n<h2 class=\"wp-block-heading\">Kolegov\u00e9 \u0159\u00edkaj\u00ed<\/h2>\n\n\n<div class=\"wp-block-seznam-leaders\"><div class=\"carousel is-loading has-dots wp-block-seznam-carousel\">\n\t<div class=\"carousel__inner\">\t\n\t\t\n<div class=\"inner-blocks carousel__body\">\n\t\n\n \n<div class=\"person\">\n\t<div class=\"person__in\">\n\n\t\t\t\t<div class=\"person__photo\">\n\t\t\t\t<img loading=\"lazy\" decoding=\"async\" width=\"128\" height=\"128\" src=\"https:\/\/o-seznam.cz\/kariera\/wp-content\/uploads\/sites\/2\/2024\/10\/lukas-ther-128x128.png\" class=\"rounded-full\" alt=\"\" srcset=\"https:\/\/o-seznam.cz\/kariera\/wp-content\/uploads\/sites\/2\/2024\/10\/lukas-ther-128x128.png 128w, https:\/\/o-seznam.cz\/kariera\/wp-content\/uploads\/sites\/2\/2024\/10\/lukas-ther-320x320.png 320w, https:\/\/o-seznam.cz\/kariera\/wp-content\/uploads\/sites\/2\/2024\/10\/lukas-ther-256x256.png 256w, https:\/\/o-seznam.cz\/kariera\/wp-content\/uploads\/sites\/2\/2024\/10\/lukas-ther.png 350w\" sizes=\"auto, (max-width: 128px) 100vw, 128px\" \/>\t\t\t<\/div>\n\t\t\n\t\t<div class=\"person__head\">\n\t\t\t<p class=\"my-0\"><strong>Luk\u00e1\u0161 Th\u00e9r<\/strong><\/p>\n\t\t\t<p class=\"mt-f1 mb-0 text-neutral-60 text-sm\">Mana\u017eer produktov\u00e9ho t\u00fdmu Reklamn\u00edch syst\u00e9m\u016f<\/p>\n\t\t<\/div>\n\n\t\t<div class=\"person__content mt-f2\">\t\t\n\t\t\t<div class=\"mt-f2\">\n\t\t\t\tProduktov\u00fd mana\u017eer v Reklamn\u00edch syst\u00e9mech je podobn\u00fd technikovi ve Formuli 1. Rozv\u00edj\u00ed velmi slo\u017eit\u00fd produkt na \u0161pi\u010dkov\u00e9 technologii, ale ve velmi konkuren\u010dn\u00edm prost\u0159ed\u00ed. Jde o produkt, kter\u00fd inzerent\u016fm propaguje jejich produkty\/slu\u017eby a z\u00e1rove\u0148 monetizuje publisher\u016fm n\u00e1v\u0161t\u011bvnost jejich web\u016f. Aby na\u0161e formule jezdila co nejrychleji a z\u00e1rove\u0148 m\u011bla stabiln\u00ed v\u00fdsledky na okruhu, pracujeme na jej\u00edm rozvoji i s t\u00fdmem V\u00fdzkumu. A\u0165 u\u017e jde o relevanci inzerce, \u010di predikci reklamn\u00edho prostoru. A pr\u00e1v\u011b proto m\u011b u\u017e p\u0159es 8 let bav\u00ed rozv\u00edjet n\u00e1\u0161 Reklamn\u00ed syst\u00e9m, kter\u00fd m\u00e1 nekone\u010dn\u00e9 mo\u017enosti a p\u0159\u00edle\u017eitosti k optimalizaci a kter\u00fd si z\u00e1rove\u0148 ani nesm\u00ed nechat ujet konkurenci.\t\t\t<\/div>\n\t\t<\/div>\n\n\t<\/div>\n<\/div>\n \n\n \n<div class=\"person\">\n\t<div class=\"person__in\">\n\n\t\t\t\t<div class=\"person__photo\">\n\t\t\t\t<img loading=\"lazy\" decoding=\"async\" width=\"128\" height=\"128\" src=\"https:\/\/o-seznam.cz\/kariera\/wp-content\/uploads\/sites\/2\/2024\/10\/marta-vaneckova-128x128.jpg\" class=\"rounded-full\" alt=\"\" srcset=\"https:\/\/o-seznam.cz\/kariera\/wp-content\/uploads\/sites\/2\/2024\/10\/marta-vaneckova-128x128.jpg 128w, https:\/\/o-seznam.cz\/kariera\/wp-content\/uploads\/sites\/2\/2024\/10\/marta-vaneckova-320x320.jpg 320w, https:\/\/o-seznam.cz\/kariera\/wp-content\/uploads\/sites\/2\/2024\/10\/marta-vaneckova-256x256.jpg 256w, https:\/\/o-seznam.cz\/kariera\/wp-content\/uploads\/sites\/2\/2024\/10\/marta-vaneckova.jpg 350w\" sizes=\"auto, (max-width: 128px) 100vw, 128px\" \/>\t\t\t<\/div>\n\t\t\n\t\t<div class=\"person__head\">\n\t\t\t<p class=\"my-0\"><strong>Marta Van\u011b\u010dkov\u00e1<\/strong><\/p>\n\t\t\t<p class=\"mt-f1 mb-0 text-neutral-60 text-sm\">Product manager senior<\/p>\n\t\t<\/div>\n\n\t\t<div class=\"person__content mt-f2\">\t\t\n\t\t\t<div class=\"mt-f2\">\n\t\t\t\tFilmy, seri\u00e1ly a videoobsah obecn\u011b jsou moj\u00ed l\u00e1skou u\u017e od d\u011btstv\u00ed. Vyr\u016fstala jsem toti\u017e v kin\u011b. R\u016fzn\u00fdm form\u00e1m distribuce videoobsahu se v\u011bnuji p\u0159es 25 let. Na\u0161\u00edm \u00fakolem je videoslu\u017eby Seznamu navrhovat tak, aby vyhovovaly st\u00e1vaj\u00edc\u00edm u\u017eivatel\u016fm Seznamu, ale z\u00e1rove\u0148 byly atraktivn\u00ed i pro u\u017eivatele nov\u00e9. Segment videa je rychle rozv\u00edjej\u00edc\u00ed se oblast\u00ed, a proto hled\u00e1me kolegy se spr\u00e1vnou m\u00edrou entuziasmu.\t\t\t<\/div>\n\t\t<\/div>\n\n\t<\/div>\n<\/div>\n <\/div>\n\t<\/div>\n<\/div>\n<\/div>\n<\/div>\n\n\n\n<div class=\"wp-block-group is-layout-constrained wp-block-group-is-layout-constrained\">\n<h2 class=\"wp-block-heading\">\u010cast\u00e9 dotazy<\/h2>\n\n\n\n<div class=\"accordion\">\n\t<div class=\"accordion__items\">\n<details class=\"expander is-style-default\">\n\t<summary data-datalayer-name=\"expander_faq_18307\" data-datalayer-text=\"\u010c\u00edm je n\u00e1\u0161 produktov\u00fd management v\u00fdjime\u010dn\u00fd?\">\n\t\t\t\t<strong>\u010c\u00edm je n\u00e1\u0161 produktov\u00fd management v\u00fdjime\u010dn\u00fd?<\/strong>\n\t\t\t<\/summary>\n\t<div class=\"inner-blocks\">\n<p>Produktov\u00fd management v Seznamu se py\u0161n\u00ed \u00fazkou spoluprac\u00ed s v\u00fdzkumem v oblasti strojov\u00e9ho u\u010den\u00ed, kde se v\u011bnujeme v\u00fdvoji model\u016f pro zlep\u0161en\u00ed relevance a personalizovan\u00e9ho doporu\u010dov\u00e1n\u00ed obsahu. Ve\u0161ker\u00e9 na\u0161e rozhodov\u00e1n\u00ed je podpo\u0159eno daty \u2013 od A\/B testov\u00e1n\u00ed a\u017e po ov\u011b\u0159ov\u00e1n\u00ed hypot\u00e9z na z\u00e1klad\u011b analytick\u00fdch v\u00fdstup\u016f. Vyu\u017e\u00edv\u00e1me vlastn\u00ed velk\u00e9 jazykov\u00e9 modely (LLM) k inovaci a rozvoji na\u0161ich produkt\u016f a \u00fasp\u011bch (i radost) n\u00e1m p\u0159in\u00e1\u0161\u00ed nejmodern\u011bj\u0161\u00ed technologie a spolupr\u00e1ce s odborn\u00edky, kte\u0159\u00ed projekty posouvaj\u00ed neust\u00e1le d\u00e1l.\u00a0\u00a0<\/p>\n<\/div><\/details>\n\n<details class=\"expander is-style-default\">\n\t<summary data-datalayer-name=\"expander_faq_17170\" data-datalayer-text=\"Jak produktov\u00fd management funguje ve Vyhled\u00e1v\u00e1n\u00ed?\">\n\t\t\t\t<strong>Jak produktov\u00fd management funguje ve Vyhled\u00e1v\u00e1n\u00ed?<\/strong>\n\t\t\t<\/summary>\n\t<div class=\"inner-blocks\">\n<p>T\u00fdm Vyhled\u00e1v\u00e1n\u00ed ve zkratce \u0159e\u0161\u00ed, aby lid\u00e9 na dotaz dostali to, co hledaj\u00ed. Za t\u00edmhle jednoduch\u00fdm shrnut\u00edm ale stoj\u00ed mraven\u010d\u00ed pr\u00e1ce. Na dotaz poskytneme a\u017e 10 dokument\u016f, ze kter\u00fdch se stav\u00ed v\u00fdsledek vyhled\u00e1v\u00e1n\u00ed, a to v takov\u00e9m po\u0159ad\u00ed, aby u\u017eivatel co nejd\u0159\u00edve spokojen\u011b \u0159ekl \u201cah\u00e1.\u201d To s sebou p\u0159in\u00e1\u0161\u00ed spoustu zaj\u00edmav\u00fdch probl\u00e9m\u016f. T\u0159eba kdy\u017e n\u011bkdo nap\u00ed\u0161e do vyhled\u00e1n\u00ed \u201crestaurace\u201d, co bychom mu m\u011bli nab\u00eddnout? P\u0159ehled restaurac\u00ed v okol\u00ed? Recenze restaurac\u00ed? Etymologii slova \u201crestaurace\u201d? Probl\u00e9my, co \u0159e\u0161\u00edme, jsou velmi nestrukturovan\u00e9 a velmi t\u011b\u017eko uchopiteln\u00e9. A to je pro n\u00e1s d\u011bl\u00e1 extr\u00e9mn\u011b zaj\u00edmav\u00e9. Nutno dodat, \u017ee nejsme typi\u010dt\u00ed produk\u0165\u00e1ci, ale sp\u00ed\u0161e \u201cdecision making data scientist\u201d. Velkou \u010d\u00e1st pr\u00e1ce tr\u00e1v\u00edme hrab\u00e1n\u00edm se v datech a a\u017e podle na\u0161ich z\u00e1v\u011br\u016f z nich ud\u011bl\u00e1me rozhodnut\u00ed.<\/p>\n\n\n\n<ul class=\"wp-block-list\">\n<li>Na\u0161e projekty se odv\u00edj\u00ed od aktu\u00e1ln\u00ed vize cel\u00e9ho Vyhled\u00e1v\u00e1n\u00ed. Nap\u0159\u00edklad te\u010f chceme poskytovat jasn\u011bj\u0161\u00ed a d\u016fv\u011bryhodn\u011bj\u0161\u00ed odpov\u011bdi, proto se zab\u00fdv\u00e1me d\u016fle\u017eitost\u00ed slov v dotazech, jak l\u00e9pe vyhodnotit, jestli je str\u00e1nka d\u016fv\u011bryhodn\u00e1, nebo jak rychleji n\u00e1v\u0161t\u011bvn\u00edka nasm\u011brovat na spr\u00e1vnou str\u00e1nku, kterou hled\u00e1. Aktu\u00e1ln\u011b tak\u00e9 pracujeme na rychlej\u0161\u00ed identifikaci \u201cnad\u011bjn\u00fdch\u201d str\u00e1nek, ve kter\u00fdch se nach\u00e1z\u00ed odpov\u011b\u010f. Mus\u00edme tedy um\u011bt zhodnotit v\u00edce ne\u017e miliardu str\u00e1nek na \u010desk\u00e9m internetu ve velice kr\u00e1tk\u00e9m \u010dase a vybrat z nich ty nejrelevantn\u011bj\u0161\u00ed. Abychom dok\u00e1zali rychle hledat mezi takov\u00fdm mno\u017estv\u00edm str\u00e1nek vyu\u017e\u00edv\u00e1me tzv. invertovan\u00e9 a vektorov\u00e9 indexy. Ve vektorov\u00fdch indexech jsou dan\u00e9 str\u00e1nky ulo\u017eeny ve form\u011b vektor\u016f vytvo\u0159en\u00fdch pomoc\u00ed s\u00e9mantick\u00fdch jazykov\u00fdch model\u016f. Tyto indexy n\u00e1m pom\u00e1haj\u00ed hlavn\u011b ve chv\u00edl\u00edch, kdy dan\u00e1 str\u00e1nka neobsahuje p\u0159esn\u011b slova z dotazu, ale slova s\u00e9manticky bl\u00edzk\u00e1.<\/li>\n\n\n\n<li>Z\u00e1kladem ve\u0161ker\u00e9 pr\u00e1ce u n\u00e1s je Python a jeho knihovny, pandas, matplotlib, seaborn, sklearn, polars, pyspark. Zkr\u00e1tka v\u0161echny knihovny pro pr\u00e1ci s velk\u00fdmi daty a jejich vizualizac\u00ed. Jakmile m\u00e1me data prozkouman\u00e1, tak tr\u00e9nujeme modely. A samoz\u0159ejm\u011b st\u00e1le sledujeme nov\u00e9 technologie, kter\u00e9 by n\u00e1m s prac\u00ed p\u00edchly. V t\u00fdmu m\u00e1me velkou svobodu v jejich pou\u017eit\u00ed a jsme pro (skoro) ka\u017edou novinku.<\/li>\n\n\n\n<li>Ve Vyhled\u00e1v\u00e1n\u00ed vyu\u017e\u00edv\u00e1me spoustu lidsk\u00fdch kontrolor\u016f, kte\u0159\u00ed zaji\u0161\u0165uj\u00ed, aby Vyhled\u00e1v\u00e1n\u00ed fungovalo jako po dr\u00e1tk\u00e1ch. Do budoucna chceme \u010d\u00e1st ru\u010dn\u00edch kontrol nahradit jazykov\u00fdmi modely, nap\u0159\u00edklad pro detekci \u0161patn\u00fdch v\u00fdsledk\u016f ve Vyhled\u00e1v\u00e1n\u00ed. N\u00e1\u0161 vztah s LLM v na\u0161\u00ed firm\u011b je ale sp\u00ed\u0161 opa\u010dn\u00fd. My toti\u017e dod\u00e1v\u00e1me podklady, se kter\u00fdmi LLM pracuj\u00ed, t\u0159eba p\u0159i shrnov\u00e1n\u00ed odpov\u011bd\u00ed. Pokud m\u00e1 jazykov\u00fd model poskytnout dobrou a kr\u00e1tkou odpov\u011b\u010f, mus\u00ed od n\u00e1s obdr\u017eet dobrou str\u00e1nku jako podklad, z kter\u00e9 tu odpov\u011b\u010f vytvo\u0159\u00ed.<\/li>\n\n\n\n<li>Datov\u00e1 centra jsou p\u00e1te\u0159\u00ed ve\u0161ker\u00e9 na\u0161\u00ed pr\u00e1ce. Na\u0161t\u011bst\u00ed se o n\u011b nemus\u00edme moc starat, proto\u017ee na to m\u00e1me znalej\u0161\u00ed kolegy. Na\u0161e pr\u00e1ce se cel\u00e1 to\u010d\u00ed kolem dat a \u010d\u00edsel, tak\u017ee jsme na datov\u00e1 centra napojen\u00ed v jednom kuse. A\u0165 u\u017e zji\u0161\u0165ujeme, jak \u010dasto u\u017eivatel\u016fm nab\u00edz\u00edme n\u011bjak\u00fd e-shop, nebo tr\u00e9nujeme nov\u00fd model pro rozhodov\u00e1n\u00ed o po\u0159ad\u00ed v\u00fdsledk\u016f, anebo t\u0159eba rozj\u00ed\u017ed\u00edme n\u011bjak\u00fd monitoring, to v\u0161e \u0159e\u0161\u00edme p\u0159es na\u0161e datov\u00e1 centra.<\/li>\n<\/ul>\n<\/div><\/details>\n\n<details class=\"expander is-style-default\">\n\t<summary data-datalayer-name=\"expander_faq_17168\" data-datalayer-text=\"Jak produktov\u00fd management funguje u n\u00e1kupn\u00edho r\u00e1dce?\">\n\t\t\t\t<strong>Jak produktov\u00fd management funguje u n\u00e1kupn\u00edho r\u00e1dce?<\/strong>\n\t\t\t<\/summary>\n\t<div class=\"inner-blocks\">\n<p>N\u00e1kupn\u00ed r\u00e1dce je digit\u00e1ln\u00ed n\u00e1kupn\u00ed asistent, kter\u00fd provede nakupuj\u00edc\u00ed cel\u00fdm n\u00e1kupn\u00edm procesem. A to pohodln\u011b v jednom rozhran\u00ed od inspirace p\u0159es v\u00fdb\u011br spr\u00e1vn\u00e9ho produktu po nalezen\u00ed nejlep\u0161\u00edho dodavatele. V na\u0161em t\u00fdmu zodpov\u00edd\u00e1me za rozvoj a vizi n\u00e1kupn\u00edho r\u00e1dce, organizaci zdroj\u016f, exekuci a maximalizaci hodnoty pro z\u00e1kazn\u00edky. N\u00e1pl\u0148 pr\u00e1ce sp\u00ed\u0161e p\u0159ipom\u00edn\u00e1 zakladatele startupu, tak\u017ee hodn\u011b prvn\u00edch krok\u016f, ale taky strm\u00e1 u\u010d\u00edc\u00ed k\u0159ivka, hodn\u011b z\u00e1bavy, obohacuj\u00edc\u00ed konverzace a nad\u0161en\u00ed, kdy\u017e robot poprv\u00e9 promluv\u00ed.<\/p>\n\n\n\n<ul class=\"wp-block-list\">\n<li>Te\u010f rozv\u00edj\u00edme produkt, kter\u00fd kombinuje Vyhled\u00e1v\u00e1n\u00ed, Zbo\u017e\u00ed.cz a LLM. V n\u00e1kupn\u00edm r\u00e1dci vid\u00edme p\u0159\u00edle\u017eitost zkr\u00e1tit u\u017eivatelskou cestu a zv\u00fd\u0161it u\u017eivatelsk\u00fd z\u00e1\u017eitek u komplexn\u00edch n\u00e1kupn\u00edch dotaz\u016f. Zat\u00edm se soust\u0159ed\u00edme na \u010d\u00e1st n\u00e1kupn\u00edho value chainu a postupn\u011b ho budeme roz\u0161i\u0159ovat o dal\u0161\u00ed user stories. Nyn\u00ed u\u010d\u00edme LLM hledat v\u00fdrobky v datab\u00e1zi Zbo\u017e\u00ed. M\u016f\u017eete si vyzkou\u0161et t\u0159eba v\u00fdvoj aplikace v GO s pomoc\u00ed OpenAI tools, RAG a n\u00e1vrh prompt\u016f, anotov\u00e1n\u00ed a vyhodnocov\u00e1n\u00ed LLM a dal\u0161\u00ed lah\u016fdky.<\/li>\n\n\n\n<li>V r\u00e1mci produktov\u00e9ho managementu vyu\u017e\u00edv\u00e1me kancel\u00e1\u0159sk\u00e9 aplikace (Excel, Word, PowerPoint, Zoom), ale pono\u0159en\u00e9 n\u00e1s najdete i v programech jako Figma, Freeform, Tableau, Youtrack a samoz\u0159ejm\u011b ChatGPT.<\/li>\n\n\n\n<li>R\u00e1dce kombinuje LLM s tradi\u010dn\u00edmi produkty Seznamu jako je Vyhled\u00e1v\u00e1n\u00ed nebo Zbo\u017e\u00ed.cz, tak\u017ee LLM je ned\u00edlnou sou\u010d\u00e1st\u00ed na\u0161\u00ed pr\u00e1ce. V r\u00e1dci experimentujeme s mo\u017en\u00fdmi aplikacemi LLM a v\u00fdvoj a prompt\u011bn\u00ed p\u0159enech\u00e1v\u00e1m zku\u0161en\u011bj\u0161\u00edm koleg\u016fm. Z\u00e1rove\u0148 LLM vyu\u017e\u00edv\u00e1m ke zv\u00fd\u0161en\u00ed produktivity, a\u0165 u\u017e jako alternativu k Vyhled\u00e1v\u00e1n\u00ed nebo jako asistenta a brainstorming partnera.<\/li>\n\n\n\n<li>V tuto chv\u00edli datov\u00e1 centra v\u00fdznamn\u011b nevyu\u017e\u00edv\u00e1me, kapacita n\u00e1m zat\u00edm pro na\u0161e slu\u017eby sta\u010d\u00ed.<\/li>\n<\/ul>\n<\/div><\/details>\n\n<details class=\"expander is-style-default\">\n\t<summary data-datalayer-name=\"expander_faq_17166\" data-datalayer-text=\"Jak produktov\u00fd management funguje u doporu\u010dov\u00e1n\u00ed obsahu?\">\n\t\t\t\t<strong>Jak produktov\u00fd management funguje u doporu\u010dov\u00e1n\u00ed obsahu?<\/strong>\n\t\t\t<\/summary>\n\t<div class=\"inner-blocks\">\n<p>N\u00e1\u0161 t\u00fdm m\u00e1 na starosti jak\u00e9 \u010dl\u00e1nky a videa se zobraz\u00ed \u010dten\u00e1\u0159i, kdy\u017e p\u0159ijde na Seznam.cz a jin\u00e9 obsahov\u00e9 slu\u017eby jako Novinky.cz, Stream.cz a dal\u0161\u00ed. Zkoum\u00e1me, co a pro\u010d se m\u00e1 u\u017eivateli zobrazit a jakou to pro n\u011bj m\u00e1 relevanci. Chceme lidem doru\u010dit ten nejlep\u0161\u00ed obsah z cel\u00e9ho internetu. Samoz\u0159ejm\u011b na m\u00edru, nebo-li personalizovan\u011b. K tomu pou\u017e\u00edv\u00e1me data a zp\u011btnou vazbu n\u00e1v\u0161t\u011bvn\u00edk\u016f. Do pr\u00e1ce produktov\u00e9ho mana\u017eera u n\u00e1s pat\u0159\u00ed anal\u00fdza chov\u00e1n\u00ed u\u017eivatel\u016f, definice metrik, personalizace layoutu webu Seznam.cz, definice a pl\u00e1nov\u00e1n\u00ed roadmapy a sprint\u016f a tak\u00e9 dohled na implementaci.<\/p>\n\n\n\n<ul class=\"wp-block-list\">\n<li>V tomto roce pracujeme na t\u0159ech kl\u00ed\u010dov\u00fdch projektech. Prvn\u00edm je um\u011bt lidem doporu\u010dit ty nejlep\u0161\u00ed \u010dl\u00e1nky z cel\u00e9ho internetu, a to na z\u00e1klad\u011b jejich z\u00e1jm\u016f. Druh\u00fdm je um\u011bt poskl\u00e1dat vzhled homepage na m\u00edru u\u017eivatele podle toho, co ho zaj\u00edm\u00e1. T\u0159et\u00edm kl\u00ed\u010dov\u00fdm projektem je dostat na na\u0161\u00ed homepage ty nejzaj\u00edmav\u011bj\u0161\u00ed lok\u00e1ln\u00ed zpr\u00e1vy.<\/li>\n\n\n\n<li>Mysql klient, Tableau, Grafana jsou pro anal\u00fdzy dat. Jupyter Notebooks pro anal\u00fdzu ab-test\u016f a jin\u00e9 ob\u010dasn\u00e9 anal\u00fdzy. MS office pro kvalitativn\u00ed v\u00fdzkum a ve\u0161ker\u00e9 z\u00e1pisy. Zoom a Teams pro komunikaci, Youtrack pro pl\u00e1nov\u00e1n\u00ed pr\u00e1ce a Gitlab pro spr\u00e1vu k\u00f3du.<\/li>\n\n\n\n<li>LLM pou\u017e\u00edv\u00e1me hlavn\u011b pro p\u0159eklady. Pl\u00e1nujeme je ale pou\u017e\u00edvat i pro sumarizaci a dal\u0161\u00ed projekty.<\/li>\n\n\n\n<li>Vlastn\u011b jen z\u0159\u00eddka. Ale produk\u0165\u00e1ci spolu s V\u00fdvojem a V\u00fdzkumem aktu\u00e1ln\u011b pl\u00e1nuj\u00ed roz\u0161\u00ed\u0159en\u00ed nov\u00e9ho hardwaru, tak\u017ee se t\u011b\u0161\u00edme.<\/li>\n<\/ul>\n<\/div><\/details>\n\n<details class=\"expander is-style-default\">\n\t<summary data-datalayer-name=\"expander_faq_17164\" data-datalayer-text=\"Jak produktov\u00fd management funguje u slu\u017eby Firmy.cz?\">\n\t\t\t\t<strong>Jak produktov\u00fd management funguje u slu\u017eby Firmy.cz?<\/strong>\n\t\t\t<\/summary>\n\t<div class=\"inner-blocks\">\n<p>V p\u0159\u00edpad\u011b platformy Firmy.cz se produktov\u00fd management zam\u011b\u0159uje na poskytov\u00e1n\u00ed p\u0159esn\u00fdch a aktu\u00e1ln\u00edch informac\u00ed o firm\u00e1ch, kter\u00e9 pak vyu\u017e\u00edvaj\u00ed na\u0161e dal\u0161\u00ed slu\u017eby, jako jsou Mapy.cz nebo Vyhled\u00e1v\u00e1n\u00ed. M\u00e1me k dispozici velk\u00e9 jazykov\u00e9 modely, co\u017e jsou na\u0161i nepostradateln\u00ed par\u0165\u00e1ci, a datov\u00fd model i neust\u00e1le rozv\u00edj\u00edme.<\/p>\n\n\n\n<ul class=\"wp-block-list\">\n<li>Vylep\u0161ujeme n\u00e1\u0161 datov\u00fd model pro p\u0159esn\u011bj\u0161\u00ed zpracov\u00e1n\u00ed informac\u00ed, automatizujeme proces stahov\u00e1n\u00ed a aktualizace dat z ve\u0159ejn\u00fdch rejst\u0159\u00edk\u016f. A mus\u00edme se pochlubit i optimalizac\u00ed procesu zakl\u00e1d\u00e1n\u00ed nov\u00fdch pobo\u010dek firem v datab\u00e1zi pomoc\u00ed LLM n\u00e1stroj\u016f a dat sta\u017een\u00fdch z ve\u0159ejn\u00fdch zdroj\u016f. Z\u00e1kazn\u00edk\u016fm jsme tak\u00e9 uleh\u010dili pr\u00e1ci automatick\u00fdm generov\u00e1n\u00edm popisk\u016f k firm\u00e1m a tvorbou landing pages, kter\u00e9 lidem usnadn\u00ed hled\u00e1n\u00ed nejlep\u0161\u00edch firem v okol\u00ed. A v neposledn\u00ed \u0159ad\u011b zachycujeme duplicitn\u00ed obsah v datab\u00e1zi na\u0161imi nov\u00fdmi modely, co\u017e je radost.<\/li>\n\n\n\n<li>Jako produk\u0165\u00e1ci pracujeme s r\u016fzn\u00fdmi n\u00e1stroji a technologiemi, kter\u00e9 n\u00e1m usnad\u0148uj\u00ed ka\u017edodenn\u00ed pr\u00e1ci. Nepostradateln\u00e9 jsou pro n\u00e1s Tabulky pro anal\u00fdzu dat a tvorbu report\u016f. Komunikujeme p\u0159es Zoom a Teams a pro pl\u00e1nov\u00e1n\u00ed a tvorbu ticket\u016f je n\u00e1\u0161 par\u0165\u00e1k YouTrack. A Grafanu a Reportera si nem\u016f\u017eeme vynachv\u00e1lit u anal\u00fdzy datab\u00e1ze a statistik.<\/li>\n\n\n\n<li>S Large Language Models pracujeme p\u0159edev\u0161\u00edm na dvou hlavn\u00edch \u00faloh\u00e1ch. Prvn\u00ed je generov\u00e1n\u00ed popisk\u016f pro firmy. Zde vyu\u017e\u00edv\u00e1me modely k automatick\u00e9 tvorb\u011b popis\u016f firem na z\u00e1klad\u011b dostupn\u00fdch dat z webov\u00fdch str\u00e1nek. Druh\u00e1 oblast je stahov\u00e1n\u00ed dat z ve\u0159ejn\u00fdch rejst\u0159\u00edk\u016f. Tady pomoc\u00ed LLM zefektiv\u0148ujeme proces z\u00edsk\u00e1v\u00e1n\u00ed a zpracov\u00e1n\u00ed dat z r\u016fzn\u00fdch ve\u0159ejn\u00fdch zdroj\u016f.<\/li>\n<\/ul>\n<\/div><\/details>\n\n<details class=\"expander is-style-default\">\n\t<summary data-datalayer-name=\"expander_faq_17162\" data-datalayer-text=\"Jak produktov\u00fd management funguje u slu\u017eby Email a Kalend\u00e1\u0159?\">\n\t\t\t\t<strong>Jak produktov\u00fd management funguje u slu\u017eby Email a Kalend\u00e1\u0159?<\/strong>\n\t\t\t<\/summary>\n\t<div class=\"inner-blocks\">\n<p><a href=\"http:\/\/email.cz\/\">Email.cz<\/a> je jedna z nejstar\u0161\u00edch a z\u00e1rove\u0148 nejpou\u017e\u00edvan\u011bj\u0161\u00edch slu\u017eeb Seznamu \u2013 svou schr\u00e1nku u n\u00e1s aktivn\u011b vyu\u017e\u00edv\u00e1 p\u0159ibli\u017en\u011b 6 milion\u016f lid\u00ed. D\u00edky tomu je Email kl\u00ed\u010dovou slu\u017ebou, kter\u00e1 je sou\u010d\u00e1st\u00ed ka\u017edodenn\u00edho \u017eivota ka\u017ed\u00e9ho druh\u00e9ho \u010cecha.<\/p>\n\n\n\n<p>N\u00e1\u0161 produktov\u00fd a v\u00fdvojov\u00fd t\u00fdm m\u00e1 p\u0159es 20 lid\u00ed a funguje v n\u011bkolika men\u0161\u00edch t\u00fdmech podle specializac\u00ed. Krom\u011b nejobl\u00edben\u011bj\u0161\u00edho \u010desk\u00e9ho freemailu rozv\u00edj\u00edme tak\u00e9 slu\u017eby Email Profi, Seznam Kalend\u00e1\u0159, vlastn\u00ed antispamov\u00e9 \u0159e\u0161en\u00ed i \u0159adu dal\u0161\u00edch komponent. Spole\u010dn\u011b db\u00e1me na to, aby byl <a href=\"http:\/\/email.cz\/\">Email.cz<\/a> rychl\u00fd, spolehliv\u00fd a bezpe\u010dn\u00fd. Z\u00e1rove\u0148 n\u00e1s bav\u00ed p\u0159ich\u00e1zet s nov\u00fdmi zp\u016fsoby, jak lidem pr\u00e1ci s po\u0161tou usnadnit a zp\u0159\u00edjemnit \u2013 a\u0165 u\u017e prost\u0159ednictv\u00edm chytr\u00fdch funkc\u00ed, nebo neust\u00e1l\u00fdm vylep\u0161ov\u00e1n\u00edm rozhran\u00ed.<\/p>\n\n\n\n<p><\/p>\n<\/div><\/details>\n\n<details class=\"expander is-style-default\">\n\t<summary data-datalayer-name=\"expander_faq_17160\" data-datalayer-text=\"Jak produktov\u00fd management funguje v t\u00fdmu Nezn\u00e1mu?\">\n\t\t\t\t<strong>Jak produktov\u00fd management funguje v t\u00fdmu Nezn\u00e1mu?<\/strong>\n\t\t\t<\/summary>\n\t<div class=\"inner-blocks\">\n<p>Nezn\u00e1m je intern\u00ed syst\u00e9m, kter\u00fd \u0159e\u0161\u00ed doch\u00e1zku zam\u011bstnanc\u016f a s n\u00ed spojen\u00e9 podklady pro mzdy, intern\u00ed komunikaci, informa\u010dn\u00ed port\u00e1l pro intern\u00ed vyu\u017eit\u00ed, datab\u00e1zi kontakt\u016f, katalog vzd\u011bl\u00e1v\u00e1n\u00ed a dal\u0161\u00ed featury, kter\u00e9 Seznam\u00e1k\u016fm uleh\u010duj\u00ed ka\u017edodenn\u00ed administrativu a hled\u00e1n\u00ed informac\u00ed. Spolupracujeme s odd\u011blen\u00edm Podpory obchodu, kter\u00e9 pro n\u00e1s denn\u011b \u0159e\u0161\u00ed ot\u00e1zky od u\u017eivatel\u016f. D\u00e1le spolupracujeme s projektovou kancel\u00e1\u0159\u00ed a UI n\u00e1vrh\u00e1\u0159em. A na\u0161\u00edm produk\u0165\u00e1ck\u00fdm \u00fakolem je nejen denn\u00ed \u00fadr\u017eba, ale i neust\u00e1l\u00fd rozvoj a zlep\u0161en\u00ed.<\/p>\n\n\n\n<ul class=\"wp-block-list\">\n<li>U\u017e dlouhodob\u011b pracujeme na rozvoji na\u0161eho intern\u00edho syst\u00e9mu. Na\u0161\u00edm c\u00edlem je zbavit se star\u00e9ho syst\u00e9mu a rozv\u00edjet a udr\u017eovat nov\u00fd syst\u00e9m tak, aby byl pro na\u0161e Seznam\u00e1ky i externisty st\u00e1le u\u017eivatelsky p\u0159\u00edv\u011btiv\u00fd, z\u00e1rove\u0148 spl\u0148oval i z\u00e1konn\u00e9 povinnosti. Pr\u016fb\u011b\u017en\u011b tak\u00e9 odbavujeme nahromad\u011bn\u00fd technologick\u00fd dluh. Mezi velk\u00e9 projekty \u0159ad\u00edme t\u0159eba pl\u00e1nky budov v Seznamu a kompletn\u00ed doch\u00e1zkovou evidenci.<\/li>\n\n\n\n<li>Nepostradateln\u00fdm n\u00e1strojem je pro n\u00e1s Youtrack, ve kter\u00e9m jsou veden\u00e9 ve\u0161ker\u00e9 tickety spojen\u00e9 s na\u0161\u00edm syst\u00e9mem. A\u0165 u\u017e jde o denn\u00ed \u00fadr\u017ebu nebo zad\u00e1n\u00ed velk\u00fdch projekt\u016f. Komunikujeme p\u0159es Teams a Zoom a s grafick\u00fdmi n\u00e1vrhy od n\u00e1vrh\u00e1\u0159\u016f pak pracujeme ve Figm\u011b.<\/li>\n<\/ul>\n<\/div><\/details>\n\n<details class=\"expander is-style-default\">\n\t<summary data-datalayer-name=\"expander_faq_17158\" data-datalayer-text=\"Jak produktov\u00fd management funguje v oborovk\u00e1ch?\">\n\t\t\t\t<strong>Jak produktov\u00fd management funguje v oborovk\u00e1ch?<\/strong>\n\t\t\t<\/summary>\n\t<div class=\"inner-blocks\">\n<p>Jako produk\u0165\u00e1ci oborov\u00fdch slu\u017eeb m\u00e1me na starosti slu\u017eby Sauto.cz, Sreality.cz, Volnamista.cz a Sdovolena.cz. Hlavn\u00ed n\u00e1pln\u00ed na\u0161\u00ed pr\u00e1ce je neust\u00e1l\u00fd rozvoj slu\u017eeb a zlep\u0161ov\u00e1n\u00ed dat. Ned\u00edlnou \u010d\u00e1st\u00ed je i datov\u00e1 anal\u00fdza a spolupr\u00e1ce s dal\u0161\u00edmi slu\u017ebami, jako jsou Mapy.cz a Firmy.cz. A proto\u017ee komunikace s obchodn\u00ed \u010d\u00e1st\u00ed slu\u017eeb i s extern\u00edmi partnery je taky na\u0161e parketa, je u n\u00e1s v t\u00fdmu opravdu \u017eivo.<\/p>\n\n\n\n<ul class=\"wp-block-list\">\n<li>Te\u010f pracujeme na nov\u00fdch Srealit\u00e1ch. Krom\u011b webovky \u0159e\u0161\u00edme i \u00fapln\u011b nov\u00fd admin pro klienty, kter\u00fd m\u00e1 p\u0159in\u00e9st lep\u0161\u00ed pr\u00e1ci nejen s inzer\u00e1ty, ale i snadn\u011bj\u0161\u00ed objedn\u00e1v\u00e1n\u00ed doprovodn\u00fdch slu\u017eeb. Z\u00e1rove\u0148 pracujeme s LLM syst\u00e9mem a brzy d\u00e1me klientovi mo\u017enost nechat si vygenerovat popis inzer\u00e1t\u016f podle zadan\u00fdch parametr\u016f. T\u011b\u0161\u00edme se i na dal\u0161\u00ed slu\u017ebu, kter\u00e1 n\u00e1m bude tagovat fotky. U ka\u017ed\u00e9 fotky bude uveden\u00e9, o jakou m\u00edstnost se jedn\u00e1 a tak\u00e9 co v\u0161e se na n\u00ed nach\u00e1z\u00ed. Na webu vylep\u0161ujeme doporu\u010dov\u00e1n\u00ed inzer\u00e1t\u016f, a to podle toho, jak\u00e9 nemovitosti si n\u00e1v\u0161t\u011bvn\u00edk prohl\u00ed\u017e\u00ed. Na Volnamista.cz se n\u00e1m o inzer\u00e1ty star\u00e1 fulltext robot a neuronov\u00e1 s\u00ed\u0165 natr\u00e9novan\u00e1 na realn\u00fdch inzer\u00e1tech, kter\u00e1 um\u00ed ze str\u00e1nky vyseparovat nehod\u00edc\u00ed se v\u011bci a op\u011bt z toho slo\u017eit inzer\u00e1t.<\/li>\n\n\n\n<li>Jako produk\u0165\u00e1ci ned\u00e1me dopustit na Youtrack pro evidenci a p\u0159ehlednost tiket\u016f. Teams a Zoom pou\u017e\u00edv\u00e1me pro komunikaci nap\u0159\u00ed\u010d t\u00fdmem i celou firmou. Report\u00e9ra pak pro pr\u00e1ci s daty a Figmu pro pr\u00e1ci s grafick\u00fdmi n\u00e1vrhy.<\/li>\n\n\n\n<li>Nov\u011b budeme vyu\u017e\u00edvat LLM pro sestavov\u00e1n\u00ed popisu nemovitost\u00ed podle zadan\u00fdch parametr\u016f a taky pro p\u0159eklad popisu do jin\u00fdch jazyk\u016f.<\/li>\n\n\n\n<li>Aktu\u00e1ln\u011b n\u00e1m slu\u017eby b\u011b\u017e\u00ed ve t\u0159ech lokalit\u00e1ch. \u0158e\u0161\u00edme tam kompletn\u00ed p\u0159epo\u010d\u00edt\u00e1v\u00e1n\u00ed inzerce a statistik, v\u00fddej webovek a zpracov\u00e1v\u00e1n\u00ed ve\u0161ker\u00e9 inzerce.<\/li>\n<\/ul>\n<\/div><\/details>\n\n<details class=\"expander is-style-default\">\n\t<summary data-datalayer-name=\"expander_faq_17156\" data-datalayer-text=\"Jak produktov\u00fd management funguje v Sbazaru?\">\n\t\t\t\t<strong>Jak produktov\u00fd management funguje v Sbazaru?<\/strong>\n\t\t\t<\/summary>\n\t<div class=\"inner-blocks\">\n<p>Na na\u0161ich produk\u0165\u00e1ck\u00fdch bedrech m\u00e1me rozvoj i realizaci nov\u00fdch strategick\u00fdch projekt\u016f. Kapacitn\u011b \u0159e\u0161\u00edme technologick\u00fd dluh, nov\u00e9 featury pro u\u017eivatele i dlouhodob\u00e9 pl\u00e1ny s celou slu\u017ebou. Ka\u017edodenn\u00ed n\u00e1pln\u00ed je tak rozvoj a z\u00e1rove\u0148 zjednodu\u0161en\u00ed slu\u017eby z pohledu prod\u00e1vaj\u00edc\u00edch i potencion\u00e1ln\u00edch z\u00e1jemc\u016f, procesn\u00ed anal\u00fdza, n\u00e1vrhy na nov\u00e9 featury, jejich design a validace. A to samoz\u0159ejm\u011b nejde bez toho, ani\u017e by \u010dlov\u011bk neznal slu\u017ebu od A do Z i pohledu dat a chov\u00e1n\u00ed lid\u00ed. A jak u\u017e tomu v onlinu b\u00fdv\u00e1, pravidelnou sou\u010d\u00e1st\u00ed je i vyhodnocov\u00e1n\u00ed bezpe\u010dnostn\u00edch rizik a jejich p\u0159edch\u00e1zen\u00ed.<\/p>\n\n\n\n<ul class=\"wp-block-list\">\n<li>S Sbazarem m\u00e1me velk\u00e9 pl\u00e1ny, ale hlavn\u00edm projektem je te\u010f lep\u0161\u00ed u\u017eivatelsk\u00fd z\u00e1\u017eitek z nakupov\u00e1n\u00ed i prod\u00e1v\u00e1n\u00ed. Pro prod\u00e1vaj\u00edc\u00ed jsme p\u0159idali mo\u017enost hromadn\u011b upravovat inzer\u00e1ty nebo si je ozna\u010dit jako rezervovan\u00e9, d\u00e1le jsme zjednodu\u0161ili mo\u017enost ov\u011b\u0159it si \u00fa\u010det a b\u00fdt tak pro potenci\u00e1ln\u00ed z\u00e1jemce d\u016fv\u011bryhodn\u011bj\u0161\u00ed. Pro kupuj\u00edc\u00ed z\u00e1kazn\u00edky pak pracujeme na uleh\u010den\u00ed hled\u00e1n\u00ed nab\u00eddek, kter\u00e9 jsou v okol\u00ed.<\/li>\n\n\n\n<li>Pro evidenci tiket\u016f a pl\u00e1nov\u00e1n\u00ed Youtrack, pro grafick\u00e9 n\u00e1vrhy n\u00e1m slou\u017e\u00ed Figma, pro procesn\u00ed anal\u00fdzy LucidChart, pro d\u00edl\u010d\u00ed projekty t\u0159eba Miro, pro pr\u00e1ci s daty Report\u00e9r, pro pr\u00e1ci skoro na cokoliv ChatGPT a pak samoz\u0159ejm\u011b pou\u017e\u00edv\u00e1me i b\u011b\u017en\u00fd kancel\u00e1\u0159sk\u00fd bal\u00ed\u010dek.<\/li>\n\n\n\n<li>Pomoc\u00ed LLM model\u016f pracujeme na vytvo\u0159en\u00ed parametrick\u00e9 filtrace, abychom zjednodu\u0161ili hled\u00e1n\u00ed t\u00e9 spr\u00e1vn\u00e9 nab\u00eddky pro v\u0161echny kupuj\u00edc\u00ed.<\/li>\n\n\n\n<li>Slu\u017eby n\u00e1m b\u011b\u017e\u00ed ve t\u0159ech lokalit\u00e1ch, ob\u010das pracujeme na optimalizaci, ale jako produk\u0165\u00e1ci technologickou str\u00e1nku moc ne\u0159e\u0161\u00edme.<\/li>\n<\/ul>\n<\/div><\/details>\n\n<details class=\"expander is-style-default\">\n\t<summary data-datalayer-name=\"expander_faq_17151\" data-datalayer-text=\"Jak produktov\u00fd management funguje v hled\u00e1n\u00ed na Map\u00e1ch a Firm\u00e1ch?\">\n\t\t\t\t<strong>Jak produktov\u00fd management funguje v hled\u00e1n\u00ed na Map\u00e1ch a Firm\u00e1ch?<\/strong>\n\t\t\t<\/summary>\n\t<div class=\"inner-blocks\">\n<p>N\u00e1\u0161 t\u00fdm m\u00e1 na triku vyhled\u00e1vac\u00ed funkce pro slu\u017eby Mapy.com a Firmy.cz. V\u00fdsledky na\u0161eho hled\u00e1n\u00ed m\u016f\u017eete vid\u011bt tak\u00e9 v podob\u011b mapov\u00fdch a firemn\u00edch upout\u00e1vek ve vyhled\u00e1v\u00e1n\u00ed Seznam.cz. Prim\u00e1rn\u00edm c\u00edlem je poskytovat lidem kvalitn\u00ed a relevantn\u00ed v\u00fdsledky p\u0159i hled\u00e1n\u00ed r\u016fzn\u00fdch informac\u00ed spojen\u00fdch s Mapami a Firmami. Jsme men\u0161\u00ed specializovan\u00fd t\u00fdm a na\u0161e j\u00e1dro tvo\u0159\u00ed \u0161est v\u00fdvoj\u00e1\u0159\u016f a produktov\u00fd mana\u017eer. No a co n\u00e1s d\u011bl\u00e1 produk\u0165\u00e1ky? \u017de m\u00e1me zodpov\u011bdnost za v\u00fdsledek. A o ten se star\u00e1me nap\u0159\u00ed\u010d t\u00fdmy.<\/p>\n\n\n\n<ul class=\"wp-block-list\">\n<li>Na\u0161\u00edm hlavn\u00edm sou\u010dasn\u00fdm projektem je technologick\u00e9 sjednocen\u00ed vyhled\u00e1v\u00e1n\u00ed pro Mapy.com a Firmy.cz. Historicky se tyto dva syst\u00e9my vyv\u00edjely nez\u00e1visle na sob\u011b, ale jejich funkce a c\u00edle se \u010dasem st\u00e1le v\u00edce p\u0159ibli\u017eovaly. Slou\u010den\u00ed t\u011bchto dvou syst\u00e9m\u016f n\u00e1m umo\u017en\u00ed zachovat siln\u00e9 str\u00e1nky obou p\u0159\u00edstup\u016f a v\u00fdrazn\u011b zjednodu\u0161\u00ed a urychl\u00ed dal\u0161\u00ed v\u00fdvoj. T\u011b\u0161\u00edme se, \u017ee tento krok p\u0159inese nejen zv\u00fd\u0161en\u00ed efektivity, ale tak\u00e9 lep\u0161\u00ed z\u00e1\u017eitek n\u00e1v\u0161t\u011bvn\u00edk\u016fm.<\/li>\n\n\n\n<li>Hled\u00e1ni pro Mapy.com a Firmy.cz je postaven\u00e9 na \u0159ad\u011b open-source technologi\u00ed. Provozujeme je v na\u0161em intern\u00edm cloudov\u00e9m prost\u0159ed\u00ed, kter\u00e9 je zalo\u017eeno na platform\u00e1ch Kubernetes a OpenStack. V r\u00e1mci projektu sjednocen\u00ed vyhled\u00e1v\u00e1n\u00ed se postupn\u011b zbavujeme star\u0161\u00edch technologi\u00ed a p\u0159ech\u00e1z\u00edme na ElasticSearch jako hlavn\u00ed n\u00e1stroj pro vyhled\u00e1v\u00e1n\u00ed.<\/li>\n\n\n\n<li>Krom\u011b vyu\u017e\u00edv\u00e1n\u00ed n\u00e1stroj\u016f jako ChatGPT a GitHub Copilot pro usnadn\u011bn\u00ed ka\u017edodenn\u00ed pr\u00e1ce vyu\u017e\u00edv\u00e1me LLM zat\u00edm pouze opatrn\u011b. P\u0159em\u00fd\u0161l\u00edme o jejich mo\u017en\u00e9m vyu\u017eit\u00ed ve vyhled\u00e1v\u00e1n\u00ed, v bl\u00edzk\u00e9 budoucnosti pl\u00e1nujeme zkusit LLM pou\u017e\u00edt k hodnocen\u00ed kvality nalezen\u00fdch v\u00fdsledk\u016f.<\/li>\n\n\n\n<li>S datov\u00fdmi centry spolupracujeme u\u017e standardn\u011b. Vyu\u017e\u00edv\u00e1me modern\u00ed infrastrukturu, kter\u00e1 n\u00e1m umo\u017e\u0148uje efektivn\u011b provozovat a spravovat na\u0161e vyhled\u00e1vac\u00ed syst\u00e9my a zaji\u0161\u0165ovat jejich vysokou dostupnost a v\u00fdkon.<\/li>\n<\/ul>\n<\/div><\/details>\n<\/div><\/div>\n\n<\/div>\n\n\n\n<div class=\"wp-block-group is-layout-constrained wp-block-group-is-layout-constrained\">\n<div class=\"wp-block-group pattern-columns-2-icons is-layout-constrained wp-block-group-is-layout-constrained\">\n<h2 class=\"wp-block-heading has-text-align-left\">Pro\u010d do toho j\u00edt s n\u00e1mi<\/h2>\n\n\n\n<div class=\"wp-block-columns is-layout-flex wp-container-core-columns-is-layout-28f84493 wp-block-columns-is-layout-flex\">\n<div class=\"wp-block-column is-layout-flow wp-container-core-column-is-layout-16b3bfcb wp-block-column-is-layout-flow\"><figure class=\"aligncenter aligncenter wp-block-seznam-icon\"><img loading=\"lazy\" decoding=\"async\" width=\"64\" height=\"64\" src=\"https:\/\/o-seznam.cz\/kariera\/wp-content\/uploads\/sites\/2\/2024\/04\/seznam-cz-internetova-jednicka.svg\" class=\"attachment-full size-full\" alt=\"\" \/><\/figure>\n\n\n\n<p class=\"has-text-align-center is-style-wrap-balance\"><strong>\u010cesk\u00e1 internetov\u00e1 jedni\u010dka<\/strong><\/p>\n\n\n\n<p class=\"has-text-align-center is-style-wrap-balance\">Na vln\u00e1ch internetu jedeme u\u017e od roku 1996, tak\u017ee n\u011bjak\u00e1 ta bou\u0159e n\u00e1s nerozh\u00e1z\u00ed. M\u00e1me pevnou pozici i v dob\u011b siln\u00e9 konkurence a stabiln\u00ed m\u00edsto nab\u00edz\u00edme i v\u00e1m.<\/p>\n<\/div>\n\n\n\n<div class=\"wp-block-column is-layout-flow wp-container-core-column-is-layout-16b3bfcb wp-block-column-is-layout-flow\"><figure class=\"aligncenter aligncenter wp-block-seznam-icon\"><img loading=\"lazy\" decoding=\"async\" width=\"64\" height=\"64\" src=\"https:\/\/o-seznam.cz\/kariera\/wp-content\/uploads\/sites\/2\/2024\/04\/seznam-cz-sluzby-pomahaji.svg\" class=\"attachment-full size-full\" alt=\"\" \/><\/figure>\n\n\n\n<p class=\"has-text-align-center is-style-wrap-balance\"><strong>Slu\u017eby, kter\u00e9 pom\u00e1haj\u00ed<\/strong><\/p>\n\n\n\n<p class=\"has-text-align-center is-style-wrap-balance\">Z jedn\u00e9 domovsk\u00e9 str\u00e1nky jsme se po\u0159\u00e1dn\u011b rozrostli. Dnes m\u00e1me na triku \u0159adu obl\u00edben\u00fdch slu\u017eeb, kter\u00e9 denn\u011b uleh\u010duj\u00ed \u017eivot milion\u016fm lid\u00ed na \u010desk\u00e9m internetu.<\/p>\n<\/div>\n<\/div>\n\n\n\n<div class=\"wp-block-columns is-layout-flex wp-container-core-columns-is-layout-28f84493 wp-block-columns-is-layout-flex\">\n<div class=\"wp-block-column is-layout-flow wp-container-core-column-is-layout-16b3bfcb wp-block-column-is-layout-flow\"><figure class=\"aligncenter aligncenter wp-block-seznam-icon\"><img loading=\"lazy\" decoding=\"async\" width=\"64\" height=\"64\" src=\"https:\/\/o-seznam.cz\/kariera\/wp-content\/uploads\/sites\/2\/2024\/04\/seznam-cz-inovace-a-technologie.svg\" class=\"attachment-full size-full\" alt=\"\" \/><\/figure>\n\n\n\n<p class=\"has-text-align-center is-style-wrap-balance\"><strong>Inovace, AI a jedine\u010dn\u00e9 technologie<\/strong><\/p>\n\n\n\n<p class=\"has-text-align-center is-style-wrap-balance\">Inovujeme technologie tak, aby byl \u010desk\u00fd internet st\u00e1le bezpe\u010dn\u00fdm m\u00edstem. A um\u00edme rozvinout i v\u00e1\u0161 potenci\u00e1l, proto\u017ee na lidech n\u00e1m z\u00e1le\u017e\u00ed a\u017e na prvn\u00edm m\u00edst\u011b.<\/p>\n<\/div>\n\n\n\n<div class=\"wp-block-column is-layout-flow wp-container-core-column-is-layout-16b3bfcb wp-block-column-is-layout-flow\"><figure class=\"aligncenter aligncenter wp-block-seznam-icon\"><img loading=\"lazy\" decoding=\"async\" width=\"64\" height=\"64\" src=\"https:\/\/o-seznam.cz\/kariera\/wp-content\/uploads\/sites\/2\/2024\/04\/seznam-cz-nezavisla-media.svg\" class=\"attachment-full size-full\" alt=\"\" \/><\/figure>\n\n\n\n<p class=\"has-text-align-center is-style-wrap-balance\"><strong>Nez\u00e1visl\u00e1 m\u00e9dia<\/strong><\/p>\n\n\n\n<p class=\"has-text-align-center is-style-wrap-balance\">Nevlastn\u00ed n\u00e1s \u017e\u00e1dn\u00fd politik ani magn\u00e1t, za na\u0161\u00edm zpravodajstv\u00edm a publicistikou stoj\u00ed tvrd\u00e1 a poctiv\u00e1 pr\u00e1ce nez\u00e1visl\u00fdch novin\u00e1\u0159\u016f a prof\u00edk\u016f medi\u00e1ln\u00edho sv\u011bta.<\/p>\n<\/div>\n<\/div>\n\n\n\n<div class=\"wp-block-columns is-layout-flex wp-container-core-columns-is-layout-28f84493 wp-block-columns-is-layout-flex\">\n<div class=\"wp-block-column is-layout-flow wp-container-core-column-is-layout-16b3bfcb wp-block-column-is-layout-flow\"><figure class=\"aligncenter aligncenter wp-block-seznam-icon\"><img loading=\"lazy\" decoding=\"async\" width=\"64\" height=\"64\" src=\"https:\/\/o-seznam.cz\/kariera\/wp-content\/uploads\/sites\/2\/2024\/04\/seznam-cz-neformalni-prostredi.svg\" class=\"attachment-full size-full\" alt=\"\" \/><\/figure>\n\n\n\n<p class=\"has-text-align-center is-style-wrap-balance\"><strong>Korpor\u00e1t s neform\u00e1ln\u00edm prost\u0159ed\u00edm<\/strong><\/p>\n\n\n\n<p class=\"has-text-align-center is-style-wrap-balance\">Pravidla respektujeme, ale nehrot\u00edme. Zakl\u00e1d\u00e1me si na up\u0159\u00edmn\u00e9 komunikaci a pom\u00e1h\u00e1me si. A r\u00e1di se potk\u00e1v\u00e1me i ve fitku nebo v hospod\u011b.<\/p>\n<\/div>\n\n\n\n<div class=\"wp-block-column is-layout-flow wp-container-core-column-is-layout-16b3bfcb wp-block-column-is-layout-flow\"><figure class=\"aligncenter aligncenter wp-block-seznam-icon\"><img loading=\"lazy\" decoding=\"async\" width=\"64\" height=\"64\" src=\"https:\/\/o-seznam.cz\/kariera\/wp-content\/uploads\/sites\/2\/2024\/04\/seznam-cz-onboarding.svg\" class=\"attachment-full size-full\" alt=\"\" \/><\/figure>\n\n\n\n<p class=\"has-text-align-center is-style-wrap-balance\"><strong>Onboarding a zp\u011btn\u00e1 vazba<\/strong><\/p>\n\n\n\n<p class=\"has-text-align-center is-style-wrap-balance\">A\u0165 u\u017e nastoup\u00edte na jakoukoliv pozici, \u010dek\u00e1 v\u00e1s kompletn\u00ed za\u0161kolen\u00ed, p\u0159\u00e1telsk\u00fd p\u0159\u00edstup a pomocn\u00e9 ruce na\u0161ich skv\u011bl\u00fdch tren\u00e9r\u016f.<\/p>\n<\/div>\n<\/div>\n\n\n\n<div class=\"wp-block-buttons is-content-justification-center is-layout-flex wp-container-core-buttons-is-layout-a89b3969 wp-block-buttons-is-layout-flex\">\n<div class=\"wp-block-button\"><a class=\"wp-block-button__link wp-element-button\" href=\"https:\/\/o-seznam.cz\/kariera\/volne-pozice\/\">Uk\u00e1zat v\u0161echny pozice<\/a><\/div>\n<\/div>\n<\/div>\n<\/div>\n\n\n\n<div class=\"wp-block-group is-layout-constrained wp-block-group-is-layout-constrained\">\n<h2 class=\"wp-block-heading\">Na co se m\u016f\u017eete t\u011b\u0161it<\/h2>\n\n\n<div class=\"wp-block-seznam-benefits\">\n<div class=\"accordion limiter\" data-limiter=\"4\" data-limiter-selector=\"&gt; .accordion__items\">\n\t<div class=\"accordion__items\">\n<details class=\"expander is-style-default is-style-symbol is-style-symbol-icon\">\n\t<summary data-datalayer-name=\"expander_benefit_14191\" data-datalayer-text=\"Technika na p\u0159\u00e1n\u00ed\">\n\t\t\t\t\t<span><img loading=\"lazy\" decoding=\"async\" width=\"32\" height=\"32\" src=\"https:\/\/o-seznam.cz\/kariera\/wp-content\/uploads\/sites\/2\/2024\/03\/benefity-technika-32x32-1.svg\" class=\"attachment-full size-full\" alt=\"\" \/><\/span>\n\t\t\t\t<strong>Technika na p\u0159\u00e1n\u00ed<\/strong>\n\t\t\t<\/summary>\n\t<div class=\"inner-blocks\">Apple, Linux nebo Windows? V\u0161echno m\u00e1me a k dispozici d\u00e1me. A pokud u\u017e jste zvykl\u00ed na sv\u00e9 vymazlen\u00e9 mil\u00e1\u010dky, pracujte klidn\u011b na vlastn\u00edm za\u0159\u00edzen\u00ed a my v\u00e1m budeme finan\u010dn\u011b p\u0159isp\u00edvat.<\/div><\/details>\n\n<details class=\"expander is-style-default is-style-symbol is-style-symbol-icon\">\n\t<summary data-datalayer-name=\"expander_benefit_14194\" data-datalayer-text=\"Dovolen\u00e1 o t\u00fdden del\u0161\u00ed\">\n\t\t\t\t\t<span><img loading=\"lazy\" decoding=\"async\" width=\"32\" height=\"32\" src=\"https:\/\/o-seznam.cz\/kariera\/wp-content\/uploads\/sites\/2\/2024\/03\/benefity-dovolena-navic-32x32-1.svg\" class=\"attachment-full size-full\" alt=\"\" \/><\/span>\n\t\t\t\t<strong>Dovolen\u00e1 o t\u00fdden del\u0161\u00ed<\/strong>\n\t\t\t<\/summary>\n\t<div class=\"inner-blocks\">Dovolen\u00e9 nen\u00ed nikdy dost. Proto v\u00e1m ke standardn\u00edm 4 t\u00fddn\u016fm dovolen\u00e9 p\u0159id\u00e1me je\u0161t\u011b dal\u0161\u00ed t\u00fdden.<\/div><\/details>\n\n<details class=\"expander is-style-default is-style-symbol is-style-symbol-icon\">\n\t<summary data-datalayer-name=\"expander_benefit_14197\" data-datalayer-text=\"Dny volna nav\u00edc\">\n\t\t\t\t\t<span><img loading=\"lazy\" decoding=\"async\" width=\"32\" height=\"32\" src=\"https:\/\/o-seznam.cz\/kariera\/wp-content\/uploads\/sites\/2\/2024\/03\/benefity-free-days-32x32-1.svg\" class=\"attachment-full size-full\" alt=\"\" \/><\/span>\n\t\t\t\t<strong>Dny volna nav\u00edc<\/strong>\n\t\t\t<\/summary>\n\t<div class=\"inner-blocks\">K dovolen\u00e9 je\u0161t\u011b dal\u0161\u00edch 5 dn\u016f? No fakt. A\u0165 u\u017e chcete t\u0159eba jen leno\u0161it nebo v\u00e1s hezk\u00e9 po\u010das\u00ed naopak \u017eene ven, u\u017eijte si volno podle va\u0161ich p\u0159edstav.<\/div><\/details>\n\n<details class=\"expander is-style-default is-style-symbol is-style-symbol-icon\">\n\t<summary data-datalayer-name=\"expander_benefit_14200\" data-datalayer-text=\"Pru\u017en\u00e1 pracovn\u00ed doba\">\n\t\t\t\t\t<span><img loading=\"lazy\" decoding=\"async\" width=\"32\" height=\"32\" src=\"https:\/\/o-seznam.cz\/kariera\/wp-content\/uploads\/sites\/2\/2024\/03\/benefity-pruzna-pracovni-doba-32x32-1.svg\" class=\"attachment-full size-full\" alt=\"\" \/><\/span>\n\t\t\t\t<strong>Pru\u017en\u00e1 pracovn\u00ed doba<\/strong>\n\t\t\t<\/summary>\n\t<div class=\"inner-blocks\">N\u011bkdo je rann\u00ed pt\u00e1\u010de a nejv\u00edc pr\u00e1ce ud\u011bl\u00e1 se sv\u00edt\u00e1n\u00edm, n\u011bkdo zas sova a nejv\u00edc klidu na pr\u00e1ci m\u00e1 ve\u010der. D\u016fle\u017eit\u00e9 jsou pro n\u00e1s kvalitn\u00ed v\u00fdsledky, ne v\u00e1\u0161 rozvrh hodin.<\/div><\/details>\n\n<details class=\"expander is-style-default is-style-symbol is-style-symbol-icon limiter-item-hidden\">\n\t<summary data-datalayer-name=\"expander_benefit_14203\" data-datalayer-text=\"Home office lze dohodnout\">\n\t\t\t\t\t<span><img loading=\"lazy\" decoding=\"async\" width=\"32\" height=\"32\" src=\"https:\/\/o-seznam.cz\/kariera\/wp-content\/uploads\/sites\/2\/2024\/03\/benefity-home-office-32x32-1.svg\" class=\"attachment-full size-full\" alt=\"\" \/><\/span>\n\t\t\t\t<strong>Home office lze dohodnout<\/strong>\n\t\t\t<\/summary>\n\t<div class=\"inner-blocks\">V kancel\u00e1\u0159i bychom v\u00e1s p\u0159eci jen r\u00e1di ob\u010das potkali, a\u0165 se nediv\u00edme, kde jste se u n\u00e1s vzali. Ale \u017ee jde n\u011bkdy pr\u00e1ce l\u00edp od ruky z dom\u00e1c\u00edho prost\u0159ed\u00ed, tomu taky rozum\u00edme. Domluvte se s nad\u0159\u00edzen\u00fdm a jist\u011b najdete dobr\u00fd kompromis.<\/div><\/details>\n\n<details class=\"expander is-style-default is-style-symbol is-style-symbol-icon limiter-item-hidden\">\n\t<summary data-datalayer-name=\"expander_benefit_14206\" data-datalayer-text=\"Budget pro voln\u00fd \u010das\">\n\t\t\t\t\t<span><img loading=\"lazy\" decoding=\"async\" width=\"32\" height=\"32\" src=\"https:\/\/o-seznam.cz\/kariera\/wp-content\/uploads\/sites\/2\/2024\/03\/benefity-cafeterie-32x32-1.svg\" class=\"attachment-full size-full\" alt=\"\" \/><\/span>\n\t\t\t\t<strong>Budget pro voln\u00fd \u010das<\/strong>\n\t\t\t<\/summary>\n\t<div class=\"inner-blocks\">Vym\u011bnit body za kulturu, zdrav\u00ed, sport, dovolenou nebo extra volno? Beze v\u0161eho.<\/div><\/details>\n<\/div><\/div>\n\n<\/div><\/div>\n\n\n\n<div class=\"wp-block-group is-layout-constrained wp-block-group-is-layout-constrained\">\n<div class=\"wp-block-group is-layout-constrained wp-block-group-is-layout-constrained\">\n<h2 class=\"wp-block-heading\">Prvn\u00ed dny v Seznamu<\/h2>\n\n\n\n<p>Koukn\u011bte, jak vypad\u00e1 prvn\u00ed den, a\u0165 se va\u0161e cesta na vysn\u011bnou pozici obejde bez zbyte\u010dn\u00fdch \u0161kobrtnut\u00ed.<\/p>\n\n\n\n<div class=\"accordion\">\n\t<div class=\"accordion__items\">\n\n<details class=\"expander is-style-default is-style-symbol is-style-symbol-number\">\n\t<summary data-datalayer-name=\"expander_cesta_vitejte\" data-datalayer-text=\"V\u00edtejte na palub\u011b aneb Pre-onboarding\">\n\t\t\t\t\t<span><span class=\"expander__number\">1<\/span><\/span>\n\t\t\t\t<strong>V\u00edtejte na palub\u011b aneb Pre-onboarding<\/strong>\n\t\t\t<\/summary>\n\t<div class=\"inner-blocks\">\n\n<p>Skv\u011ble, pl\u00e1cli jsme si na spolupr\u00e1ci. N\u00e1stupn\u00ed dokumenty podep\u00ed\u0161ete elektronicky klidn\u011b je\u0161t\u011b p\u0159ed n\u00e1stupem. \u017d\u00e1dn\u00e9 pap\u00edrov\u00e1n\u00ed, \u0161et\u0159\u00edme p\u0159\u00edrodu. A kdy\u017e budete cht\u00edt, m\u016f\u017eeme se rovnou domluvit na kafe s n\u011bk\u00fdm z t\u00fdmu, a\u0165 se nalad\u00edte na na\u0161i atmosf\u00e9ru.<\/p>\n\n<\/div><\/details>\n\n\n\n<details class=\"expander is-style-default is-style-symbol is-style-symbol-number\">\n\t<summary data-datalayer-name=\"expander_cesta_prvni_den\" data-datalayer-text=\"Hur\u00e1, v\u00e1\u0161 prvn\u00ed den v Seznamu\">\n\t\t\t\t\t<span><span class=\"expander__number\">2<\/span><\/span>\n\t\t\t\t<strong>Hur\u00e1, v\u00e1\u0161 prvn\u00ed den v Seznamu<\/strong>\n\t\t\t<\/summary>\n\t<div class=\"inner-blocks\">\n\n<p>Ka\u017ed\u00fd za\u010d\u00e1tek m\u011bs\u00edce v\u00edt\u00e1me v\u0161echny nov\u00e1\u010dky u n\u00e1s na centr\u00e1le v Praze. Vy\u0159e\u0161\u00edme pot\u0159ebnou administrativu, p\u0159ed\u00e1me v\u00e1m techniku, sezn\u00e1m\u00edme v\u00e1s s kolegy a nakonec v\u00e1s provedeme po na\u0161em labyrintu.<\/p>\n\n<\/div><\/details>\n\n\n\n<details class=\"expander is-style-default is-style-symbol is-style-symbol-number\">\n\t<summary data-datalayer-name=\"expander_cesta_adaptace\" data-datalayer-text=\"Adaptace aneb j\u00e9\u00e9\u00e9, funguje to!\">\n\t\t\t\t\t<span><span class=\"expander__number\">3<\/span><\/span>\n\t\t\t\t<strong>Adaptace aneb j\u00e9\u00e9\u00e9, funguje to!<\/strong>\n\t\t\t<\/summary>\n\t<div class=\"inner-blocks\">\n\n<p>Na za\u010d\u00e1tku to vypad\u00e1 mo\u017en\u00e1 trochu chaoticky, ale nebojte, m\u00e1me promakan\u00fd syst\u00e9m \u0161kolen\u00ed pro ka\u017edou pozici, tak\u017ee co neum\u00edte, r\u00e1di nau\u010d\u00edme.<\/p>\n\n<\/div><\/details>\n\n\n\n<details class=\"expander is-style-default is-style-symbol is-style-symbol-number\">\n\t<summary data-datalayer-name=\"expander_cesta_vzdelavani\" data-datalayer-text=\"Um\u00edte v\u0161e levou zadn\u00ed? Pak je tu intern\u00ed vzd\u011bl\u00e1v\u00e1n\u00ed\">\n\t\t\t\t\t<span><span class=\"expander__number\">4<\/span><\/span>\n\t\t\t\t<strong>Um\u00edte v\u0161e levou zadn\u00ed? Pak je tu intern\u00ed vzd\u011bl\u00e1v\u00e1n\u00ed<\/strong>\n\t\t\t<\/summary>\n\t<div class=\"inner-blocks\">\n\n<p>Po rozpa\u010dit\u00e9m za\u010d\u00e1tku jste u\u017e prof\u00edci v oboru, gratulujeme. A proto\u017ee um\u011bt v\u0161echno je nuda, n\u00e1\u0161 t\u00fdm tren\u00e9r\u016f v\u00e1m r\u00e1d porad\u00ed s dal\u0161\u00edm rozvojem. A nab\u00eddka je nekone\u010dn\u011b bohat\u00e1, vybrat si m\u016f\u017eete z na\u0161eho e-learningu nebo \u0161kolen\u00ed p\u0159\u00edmo na m\u00edru.<\/p>\n\n<\/div><\/details>\n\n<\/div><\/div>\n\n<\/div>\n<\/div>\n\n\n\n<div class=\"wp-block-group is-layout-constrained wp-block-group-is-layout-constrained\">\n<figure class=\"wp-block-gallery has-nested-images columns-default is-cropped wp-block-gallery-2 is-layout-flex wp-block-gallery-is-layout-flex\">\n<figure class=\"wp-block-image size-large\"><img loading=\"lazy\" decoding=\"async\" width=\"1984\" height=\"1323\" data-id=\"18107\" src=\"https:\/\/o-seznam.cz\/kariera\/wp-content\/uploads\/sites\/2\/2024\/12\/6i3a0802-1984x1323.jpg\" alt=\"\" class=\"wp-image-18107\" srcset=\"https:\/\/o-seznam.cz\/kariera\/wp-content\/uploads\/sites\/2\/2024\/12\/6i3a0802-1984x1323.jpg 1984w, https:\/\/o-seznam.cz\/kariera\/wp-content\/uploads\/sites\/2\/2024\/12\/6i3a0802-992x661.jpg 992w, https:\/\/o-seznam.cz\/kariera\/wp-content\/uploads\/sites\/2\/2024\/12\/6i3a0802-320x213.jpg 320w, https:\/\/o-seznam.cz\/kariera\/wp-content\/uploads\/sites\/2\/2024\/12\/6i3a0802-768x512.jpg 768w, https:\/\/o-seznam.cz\/kariera\/wp-content\/uploads\/sites\/2\/2024\/12\/6i3a0802-1536x1024.jpg 1536w, https:\/\/o-seznam.cz\/kariera\/wp-content\/uploads\/sites\/2\/2024\/12\/6i3a0802-2048x1365.jpg 2048w\" sizes=\"auto, (max-width: 1984px) 100vw, 1984px\" \/><\/figure>\n\n\n\n<figure class=\"wp-block-image size-large\"><img loading=\"lazy\" decoding=\"async\" width=\"1984\" height=\"1323\" data-id=\"18103\" src=\"https:\/\/o-seznam.cz\/kariera\/wp-content\/uploads\/sites\/2\/2024\/12\/6i3a0487-1984x1323.jpg\" alt=\"\" class=\"wp-image-18103\" srcset=\"https:\/\/o-seznam.cz\/kariera\/wp-content\/uploads\/sites\/2\/2024\/12\/6i3a0487-1984x1323.jpg 1984w, https:\/\/o-seznam.cz\/kariera\/wp-content\/uploads\/sites\/2\/2024\/12\/6i3a0487-992x661.jpg 992w, https:\/\/o-seznam.cz\/kariera\/wp-content\/uploads\/sites\/2\/2024\/12\/6i3a0487-320x213.jpg 320w, https:\/\/o-seznam.cz\/kariera\/wp-content\/uploads\/sites\/2\/2024\/12\/6i3a0487-768x512.jpg 768w, https:\/\/o-seznam.cz\/kariera\/wp-content\/uploads\/sites\/2\/2024\/12\/6i3a0487-1536x1024.jpg 1536w, https:\/\/o-seznam.cz\/kariera\/wp-content\/uploads\/sites\/2\/2024\/12\/6i3a0487-2048x1365.jpg 2048w\" sizes=\"auto, (max-width: 1984px) 100vw, 1984px\" \/><\/figure>\n<\/figure>\n<\/div>\n\n\n\n<div class=\"wp-block-group is-layout-constrained wp-block-group-is-layout-constrained\">\n<h2 class=\"wp-block-heading\">Kde n\u00e1s najdete<\/h2>\n\n\n<div class=\"wp-block-seznam-branches\"> \n<div class=\"branchesMap\">\n\t<div>\n \n\n \n<div class=\"max-w-[35rem] mx-auto my-f6 \">\n\t \n<div class=\"mapSilhouette\" data-points=\"[{&quot;id&quot;:13397,&quot;title&quot;:&quot;Praha&quot;,&quot;x&quot;:22.699999999999999,&quot;y&quot;:34.700000000000003,&quot;is_active&quot;:false},{&quot;id&quot;:13385,&quot;title&quot;:&quot;Brno&quot;,&quot;x&quot;:42.299999999999997,&quot;y&quot;:52.799999999999997,&quot;is_active&quot;:false},{&quot;id&quot;:13452,&quot;title&quot;:&quot;Bratislava&quot;,&quot;x&quot;:49.799999999999997,&quot;y&quot;:83.599999999999994,&quot;is_active&quot;:false}]\">\n\t<img loading=\"lazy\" decoding=\"async\" src=\"https:\/\/o-seznam.cz\/kariera\/wp-content\/themes\/seznam\/assets\/images\/mapa-silouethe.svg\" width=\"560\" height=\"254\" alt=\"Mapa \u010cesko a Slovensko\" \/>\n\t<span class=\"mapSilhouette__point\" data-id=\"13397\"  style=\"left:22.7%;top:34.7%\"><\/span><span class=\"mapSilhouette__point\" data-id=\"13385\"  style=\"left:42.3%;top:52.8%\"><\/span><span class=\"mapSilhouette__point\" data-id=\"13452\"  style=\"left:49.8%;top:83.6%\"><\/span><span class=\"mapSilhouette__pointer\" hidden=\"true\"><\/span><\/div>\n <\/div>\n \n\n\n<div class=\"accordion\">\n\t<div class=\"accordion__items\">\n\t\n<details class=\"expander is-style-box\" data-id=\"13397\">\n\t<summary data-datalayer-name=\"expander_branch_13397\" data-datalayer-text=\"Praha\">\n\t\t\t\t<strong>Praha<\/strong>\n\t\t\t<\/summary>\n\t<div class=\"inner-blocks\"> \n\n<div>Seznam.cz, a.s.<br \/>\r\nRadlick\u00e1 3294\/10<br \/>\r\n150 00 Praha 5 \u2013 Sm\u00edchov<\/div>\n\n\t<div class=\"my-6 sm:my-4 text-neutral-60\">\n\t\tNa\u0161e centr\u00e1la je velmi dob\u0159e dostupn\u00e1, m\u016f\u017eete dorazit metrem na lince B, jednou z nes\u010detn\u00fdch tramvaj\u00ed nebo autobusem. Autobusov\u00e9 n\u00e1dra\u017e\u00ed Na Kn\u00ed\u017eec\u00ed je hned za rohem.\t<\/div>\n\n<table class=\"mt-f2 mb-f4\"><tr style=\"\"><th class=\"pr-3 align-top text-left text-neutral-60 font-normal \"><span class=\"block pt-1\">Metro<\/span><\/th><td class=\"\"><div class=\"flex gap-2 flex-wrap\"><span style=\"min-width:2rem\" class=\"inline-block min-w-8 h-7 leading-7 px-2 text-center rounded-2 text-white text-xs whitespace-nowrap bg-[#D4BD42]\">B \u2013 And\u011bl<\/span> <\/div><\/td><\/tr><tr style=\"\"><th class=\"pr-3 align-top text-left text-neutral-60 font-normal pt-4\"><span class=\"block pt-1\">Tramvaj<\/span><\/th><td class=\"pt-4\"><div class=\"flex gap-2 flex-wrap\"><span style=\"min-width:2rem\" class=\"inline-block min-w-8 h-7 leading-7 px-2 text-center rounded-2 text-white text-xs whitespace-nowrap bg-[#3B84C9]\">4<\/span> <span style=\"min-width:2rem\" class=\"inline-block min-w-8 h-7 leading-7 px-2 text-center rounded-2 text-white text-xs whitespace-nowrap bg-[#3B84C9]\">5<\/span> <span style=\"min-width:2rem\" class=\"inline-block min-w-8 h-7 leading-7 px-2 text-center rounded-2 text-white text-xs whitespace-nowrap bg-[#3B84C9]\">7<\/span> <span style=\"min-width:2rem\" class=\"inline-block min-w-8 h-7 leading-7 px-2 text-center rounded-2 text-white text-xs whitespace-nowrap bg-[#3B84C9]\">9<\/span> <span style=\"min-width:2rem\" class=\"inline-block min-w-8 h-7 leading-7 px-2 text-center rounded-2 text-white text-xs whitespace-nowrap bg-[#3B84C9]\">10<\/span> <span style=\"min-width:2rem\" class=\"inline-block min-w-8 h-7 leading-7 px-2 text-center rounded-2 text-white text-xs whitespace-nowrap bg-[#3B84C9]\">12<\/span> <span style=\"min-width:2rem\" class=\"inline-block min-w-8 h-7 leading-7 px-2 text-center rounded-2 text-white text-xs whitespace-nowrap bg-[#3B84C9]\">15<\/span> <span style=\"min-width:2rem\" class=\"inline-block min-w-8 h-7 leading-7 px-2 text-center rounded-2 text-white text-xs whitespace-nowrap bg-[#3B84C9]\">16<\/span> <span style=\"min-width:2rem\" class=\"inline-block min-w-8 h-7 leading-7 px-2 text-center rounded-2 text-white text-xs whitespace-nowrap bg-[#3B84C9]\">20<\/span> <\/div><\/td><\/tr><tr style=\"\"><th class=\"pr-3 align-top text-left text-neutral-60 font-normal pt-4\"><span class=\"block pt-1\">Bus<\/span><\/th><td class=\"pt-4\"><div class=\"flex gap-2 flex-wrap\"><span style=\"min-width:2rem\" class=\"inline-block min-w-8 h-7 leading-7 px-2 text-center rounded-2 text-white text-xs whitespace-nowrap bg-[#3B84C9]\">120<\/span> <span style=\"min-width:2rem\" class=\"inline-block min-w-8 h-7 leading-7 px-2 text-center rounded-2 text-white text-xs whitespace-nowrap bg-[#3B84C9]\">123<\/span> <span style=\"min-width:2rem\" class=\"inline-block min-w-8 h-7 leading-7 px-2 text-center rounded-2 text-white text-xs whitespace-nowrap bg-[#3B84C9]\">137<\/span> <span style=\"min-width:2rem\" class=\"inline-block min-w-8 h-7 leading-7 px-2 text-center rounded-2 text-white text-xs whitespace-nowrap bg-[#3B84C9]\">167<\/span> <span style=\"min-width:2rem\" class=\"inline-block min-w-8 h-7 leading-7 px-2 text-center rounded-2 text-white text-xs whitespace-nowrap bg-[#3B84C9]\">191<\/span> <\/div><\/td><\/tr><\/table>\t\t\t\t<div>\n\t\t\t\t\t<a class=\"button wp-element-button is-style-secondary-2\" href=\"https:\/\/o-seznam.cz\/kariera\/praha\/\">Voln\u00e9 pozice na pobo\u010dce<\/a>\n\t\t\t\t<\/div>\n\t\t\t\n \n<\/div><\/details>\n\n<details class=\"expander is-style-box\" data-id=\"13385\">\n\t<summary data-datalayer-name=\"expander_branch_13385\" data-datalayer-text=\"Brno\">\n\t\t\t\t<strong>Brno<\/strong>\n\t\t\t<\/summary>\n\t<div class=\"inner-blocks\"> \n\n<div>Seznam.cz, a.s.<br \/>\r\nThe Campus Science Park \u2013 Budova C<br \/>\r\nPalachovo n\u00e1m\u011bst\u00ed 797\/4<br \/>\r\n625 00 Brno \u2013 Star\u00fd L\u00edskovec<\/div>\n\n\t<div class=\"my-6 sm:my-4 text-neutral-60\">\n\t\tNejbli\u017e\u0161\u00ed zast\u00e1vka je Nemocnice Bohunice. Pokud jste p\u0159ijeli vlakem, na n\u00e1dra\u017e\u00ed sko\u010dte do \u0161aliny \u010d. 8 a za 20 minut jste u n\u00e1s. Parkovat lze v podzemn\u00edch gar\u00e1\u017e\u00edch nebo v okoln\u00edch oblastech Campus Square.\t<\/div>\n\n<table class=\"mt-f2 mb-f4\"><tr style=\"\"><th class=\"pr-3 align-top text-left text-neutral-60 font-normal \"><span class=\"block pt-1\">\u0160alina<\/span><\/th><td class=\"\"><div class=\"flex gap-2 flex-wrap\"><span style=\"min-width:2rem\" class=\"inline-block min-w-8 h-7 leading-7 px-2 text-center rounded-2 text-white text-xs whitespace-nowrap bg-[#3B84C9]\">8<\/span> <\/div><\/td><\/tr><tr style=\"\"><th class=\"pr-3 align-top text-left text-neutral-60 font-normal pt-4\"><span class=\"block pt-1\">Bus<\/span><\/th><td class=\"pt-4\"><div class=\"flex gap-2 flex-wrap\"><span style=\"min-width:2rem\" class=\"inline-block min-w-8 h-7 leading-7 px-2 text-center rounded-2 text-white text-xs whitespace-nowrap bg-[#3B84C9]\">40<\/span> <span style=\"min-width:2rem\" class=\"inline-block min-w-8 h-7 leading-7 px-2 text-center rounded-2 text-white text-xs whitespace-nowrap bg-[#3B84C9]\">50<\/span> <span style=\"min-width:2rem\" class=\"inline-block min-w-8 h-7 leading-7 px-2 text-center rounded-2 text-white text-xs whitespace-nowrap bg-[#3B84C9]\">51<\/span> <span style=\"min-width:2rem\" class=\"inline-block min-w-8 h-7 leading-7 px-2 text-center rounded-2 text-white text-xs whitespace-nowrap bg-[#3B84C9]\">69<\/span> <span style=\"min-width:2rem\" class=\"inline-block min-w-8 h-7 leading-7 px-2 text-center rounded-2 text-white text-xs whitespace-nowrap bg-[#3B84C9]\">E56<\/span> <\/div><\/td><\/tr><tr style=\"\"><th class=\"pr-3 align-top text-left text-neutral-60 font-normal pt-4\"><span class=\"block pt-1\">Trolejbus<\/span><\/th><td class=\"pt-4\"><div class=\"flex gap-2 flex-wrap\"><span style=\"min-width:2rem\" class=\"inline-block min-w-8 h-7 leading-7 px-2 text-center rounded-2 text-white text-xs whitespace-nowrap bg-[#3B84C9]\">25<\/span> <span style=\"min-width:2rem\" class=\"inline-block min-w-8 h-7 leading-7 px-2 text-center rounded-2 text-white text-xs whitespace-nowrap bg-[#3B84C9]\">37<\/span> <\/div><\/td><\/tr><\/table>\t\t\t\t<div>\n\t\t\t\t\t<a class=\"button wp-element-button is-style-secondary-2\" href=\"https:\/\/o-seznam.cz\/kariera\/brno\/\">Voln\u00e9 pozice na pobo\u010dce<\/a>\n\t\t\t\t<\/div>\n\t\t\t\n \n<\/div><\/details>\n\n<details class=\"expander is-style-box\" data-id=\"13452\">\n\t<summary data-datalayer-name=\"expander_branch_13452\" data-datalayer-text=\"Bratislava\">\n\t\t\t\t<strong>Bratislava<\/strong>\n\t\t\t<\/summary>\n\t<div class=\"inner-blocks\"> \n\n<div>Seznam.cz Slovensko, s.r.o.<br \/>\r\nBottova 7939\/2A<br \/>\r\n811 09 Bratislava \u2013 Star\u00e9 Mesto<br \/>\r\nSlovensko<\/div>\n\n\n<table class=\"mt-f2 mb-f4\"><tr style=\"\"><th class=\"pr-3 align-top text-left text-neutral-60 font-normal \"><span class=\"block pt-1\">Bus<\/span><\/th><td class=\"\"><div class=\"flex gap-2 flex-wrap\"><span style=\"min-width:2rem\" class=\"inline-block min-w-8 h-7 leading-7 px-2 text-center rounded-2 text-white text-xs whitespace-nowrap bg-[#3B84C9]\">50<\/span> <span style=\"min-width:2rem\" class=\"inline-block min-w-8 h-7 leading-7 px-2 text-center rounded-2 text-white text-xs whitespace-nowrap bg-[#3B84C9]\">68<\/span> <span style=\"min-width:2rem\" class=\"inline-block min-w-8 h-7 leading-7 px-2 text-center rounded-2 text-white text-xs whitespace-nowrap bg-[#3B84C9]\">88<\/span> <span style=\"min-width:2rem\" class=\"inline-block min-w-8 h-7 leading-7 px-2 text-center rounded-2 text-white text-xs whitespace-nowrap bg-[#3B84C9]\">90<\/span> <\/div><\/td><\/tr><\/table>\t\t\t\t<div>\n\t\t\t\t\t<a class=\"button wp-element-button is-style-secondary-2\" href=\"https:\/\/o-seznam.cz\/kariera\/bratislava\/\">Voln\u00e9 pozice na pobo\u010dce<\/a>\n\t\t\t\t<\/div>\n\t\t\t\n \n<\/div><\/details>\n<\/div><\/div>\n\n\n\t\n \n\t<\/div>\n<\/div>\n <\/div>\n<\/div>\n\n<\/div>\n\n\n<div class=\"layout__sidebar is-layout-flow wp-block-seznam-layout-slot-is-layout-flow\">\n\t\n\n<div class=\"cta-stickybox is-hidden-on-form-confirmation-loaded wp-block-seznam-cta-stickybox-hr\">\n\t<div class=\"cta-stickybox__inner\">\n\n\t\t\t\t\t<div class=\"cta-stickybox__head cta-stickybox__head--desktop\">\n\t\t\t\t\t\t\t\t<h3>Chcete u n\u00e1s pracovat?<\/h3>\n\t\t\t<\/div>\n\t\t\n\t\t<div class=\"cta-stickybox__head cta-stickybox__head--mobile\">\n\t\t\t\t\t\t<div>\n\t\t\t\t<p><strong>Chcete u n\u00e1s pracovat?<\/strong><\/p>\n\t\t\t\t<button class=\"cta-stickybox__toggle\" aria-controls=\"cta_9e0a4e7\" aria-expanded=\"false\">M\u00e1m z\u00e1jem <\/button>\n\t\t\t<\/div>\n\t\t<\/div>\n\n\t\t<div class=\"cta-stickybox__content\" id=\"cta_9e0a4e7\">\n\t\t\t\t\t\t\t<a class=\"wp-element-button\" data-datalayer-name=\"cta_stickybox_primary\" href=\"\">Poslat \u017eivotopis<\/a>\n\t\t\t\t\t\t\t\t\t\t<a class=\"wp-element-button is-style-secondary-2\" data-datalayer-name=\"cta_stickybox_secondary\"  href=\"\">Zeptat se<\/a>\n\t\t\t\t\t<\/div>\n\n\t<\/div>\n<\/div>\n\n\n<\/div>\n\n\t\t<\/div>\n\t<\/div>\n\t<div class=\"layout__breakpoint\"><\/div>\n<\/div>\n<\/div>\n","protected":false},"excerpt":{"rendered":"<p>Produktov\u00fd management zahrnuje rozvoj a zlep\u0161ov\u00e1n\u00ed slu\u017eby nebo produktu. D\u016fle\u017eitou sou\u010d\u00e1st\u00ed produktov\u00e9ho managementu je anal\u00fdza dat, identifikace nov\u00fdch p\u0159\u00edle\u017eitost\u00ed a implementace zlep\u0161en\u00ed, kter\u00e1 p\u0159in\u00e1\u0161ej\u00ed p\u0159idanou hodnotu u\u017eivatel\u016fm a administr\u00e1tor\u016fm pracuj\u00edc\u00edch s datab\u00e1z\u00ed. Produktov\u00fd manager d\u00e1v\u00e1 produktu (slu\u017eb\u011b) jasn\u00e9 obrysy. Nap\u0159\u00edklad sb\u00edr\u00e1 po\u017eadavky z trhu i od z\u00e1kazn\u00edk\u016f (potenci\u00e1ln\u00edch i existuj\u00edc\u00edch), star\u00e1 se o zlep\u0161ov\u00e1n\u00ed aktu\u00e1ln\u00edch [&hellip;]<\/p>\n","protected":false},"author":2,"featured_media":0,"parent":0,"menu_order":0,"comment_status":"closed","ping_status":"closed","template":"","meta":{"_acf_changed":false,"_relevanssi_hide_post":"","_relevanssi_hide_content":"","_relevanssi_pin_for_all":"","_relevanssi_pin_keywords":"","_relevanssi_unpin_keywords":"","_relevanssi_related_keywords":"","_relevanssi_related_include_ids":"","_relevanssi_related_exclude_ids":"","_relevanssi_related_no_append":"","_relevanssi_related_not_related":"","_relevanssi_related_posts":"","_relevanssi_noindex_reason":"","footnotes":""},"page_category":[274],"page_tag":[],"class_list":["post-17142","page","type-page","status-publish","hentry"],"acf":[],"_links":{"self":[{"href":"https:\/\/o-seznam.cz\/kariera\/wp-json\/wp\/v2\/pages\/17142","targetHints":{"allow":["GET"]}}],"collection":[{"href":"https:\/\/o-seznam.cz\/kariera\/wp-json\/wp\/v2\/pages"}],"about":[{"href":"https:\/\/o-seznam.cz\/kariera\/wp-json\/wp\/v2\/types\/page"}],"author":[{"embeddable":true,"href":"https:\/\/o-seznam.cz\/kariera\/wp-json\/wp\/v2\/users\/2"}],"replies":[{"embeddable":true,"href":"https:\/\/o-seznam.cz\/kariera\/wp-json\/wp\/v2\/comments?post=17142"}],"version-history":[{"count":13,"href":"https:\/\/o-seznam.cz\/kariera\/wp-json\/wp\/v2\/pages\/17142\/revisions"}],"predecessor-version":[{"id":18995,"href":"https:\/\/o-seznam.cz\/kariera\/wp-json\/wp\/v2\/pages\/17142\/revisions\/18995"}],"wp:attachment":[{"href":"https:\/\/o-seznam.cz\/kariera\/wp-json\/wp\/v2\/media?parent=17142"}],"wp:term":[{"taxonomy":"page_category","embeddable":true,"href":"https:\/\/o-seznam.cz\/kariera\/wp-json\/wp\/v2\/page_category?post=17142"},{"taxonomy":"page_tag","embeddable":true,"href":"https:\/\/o-seznam.cz\/kariera\/wp-json\/wp\/v2\/page_tag?post=17142"}],"curies":[{"name":"wp","href":"https:\/\/api.w.org\/{rel}","templated":true}]}}