{"id":17025,"date":"2024-08-27T17:31:46","date_gmt":"2024-08-27T15:31:46","guid":{"rendered":"https:\/\/o-seznam.cz\/kariera\/?page_id=17025"},"modified":"2026-04-16T13:15:48","modified_gmt":"2026-04-16T11:15:48","slug":"vyzkum","status":"publish","type":"page","link":"https:\/\/o-seznam.cz\/kariera\/vyzkum\/","title":{"rendered":"V\u00fdzkum strojov\u00e9ho u\u010den\u00ed a um\u011bl\u00e9 inteligence"},"content":{"rendered":"\n<div class=\"wp-block-group is-content-justification-left is-layout-constrained wp-container-core-group-is-layout-8f9203fe wp-block-group-is-layout-constrained\">\n<p>V Seznamu vyu\u017e\u00edv\u00e1me strojov\u00e9 u\u010den\u00ed a um\u011blou inteligenci pro \u0159e\u0161en\u00ed slo\u017eit\u00fdch probl\u00e9m\u016f a ke zvl\u00e1dnut\u00ed komplexn\u00edch, velk\u00fdch a rychle se m\u011bn\u00edc\u00edch dat. ML modely n\u00e1m pom\u00e1haj\u00ed efektivn\u011b \u0159e\u0161it rozli\u010dn\u00e9 \u00falohy extrakce, predikce, optimalizace, automatizace, transformace a dal\u0161\u00ed zapeklitosti. Hlavn\u00ed \u00falohou V\u00fdzkumu je navrhovat inovativn\u00ed \u0159e\u0161en\u00ed s pou\u017eit\u00edm strojov\u00e9ho u\u010den\u00ed a um\u011bl\u00e9 inteligence ve v\u0161ech oblastech p\u016fsoben\u00ed Seznamu. V\u00fdzkum m\u00e1 dlouholetou tradici, strojov\u00e9 u\u010den\u00ed je u n\u00e1s doma u\u017e od spu\u0161t\u011bn\u00ed vlastn\u00edho fulltextov\u00e9ho vyhled\u00e1v\u00e1n\u00ed v roce 1997. Za tu dobu jsme uvedli do produkce v\u00edce ne\u017e sto model\u016f pro r\u016fzn\u00e9 aplikace a s jejich pomoc\u00ed dok\u00e1\u017eeme \u0159e\u0161it probl\u00e9my, na kter\u00e9 klasick\u00e9 programov\u00e1n\u00ed nesta\u010d\u00ed. Krom\u011b syst\u00e9m\u016f, kter\u00e9 pom\u00e1haj\u00ed vylep\u0161it slu\u017eby Seznamu, vyv\u00edj\u00edme i obecn\u00e9 generativn\u00ed jazykov\u00e9 modely. Disponujeme velk\u00fdm mno\u017estv\u00edm r\u016fznorod\u00fdch dat a k na\u0161\u00ed aj\u0165\u00e1ck\u00e9 radosti pat\u0159\u00ed i po\u010d\u00edt\u00e1n\u00ed na vlastn\u00edch CPU i GPU serverech (Nvidia H100).<\/p>\n<\/div>\n\n\n\n<div class=\"wp-block-group alignfull is-layout-constrained wp-block-group-is-layout-constrained\">\n<div class=\"layout layout--stickybox alignfull mt-f6 wp-block-seznam-layout\">\n\t<div class=\"layout__lining\">\n\t\t<div class=\"layout__area\">\n\t\t\t\n<div class=\"layout__content is-layout-flow wp-container-seznam-layout-slot-is-layout-bed9b9fd wp-block-seznam-layout-slot-is-layout-flow\">\n\t\n\n<div class=\"wp-block-group is-layout-constrained wp-block-group-is-layout-constrained\"><div class=\"wp-block-seznam-list-jobs\"><div class=\"mb-f6\"><h2 class=\"mb-f2\">8 voln\u00fdch pozic <\/h2>\n<div class=\"wp-block-group is-nowrap is-layout-flex wp-container-core-group-is-layout-8acbb40a wp-block-group-is-layout-flex\">\n<figure class=\"wp-block-image size-large shrink-0 w-6 h-6\"><img loading=\"lazy\" decoding=\"async\" width=\"24\" height=\"24\" src=\"https:\/\/o-seznam.cz\/kariera\/wp-content\/uploads\/sites\/2\/2024\/03\/unisex-gray.svg\" alt=\"\" class=\"wp-image-14262\" style=\"object-fit:cover\"\/><\/figure>\n\n\n\n<p class=\"has-neutral-60-color has-text-color has-link-color has-small-font-size wp-elements-7ed63037b893513686a79fea9cc0c11f\">V\u0161echny pozice jsou vhodn\u00e9 pro mu\u017ee i \u017eeny.<\/p>\n<\/div>\n<\/div><a class=\"box mb-2 text-neutral-black hover:text-neutral-black no-underline\" href=\"https:\/\/o-seznam.cz\/kariera\/488070-produktovy-manager-pro-llm\/\" data-datalayer-name=\"job_20471\" data-datalayer-text=\"Produktov\u00fd manager pro LLM\u00a0\">\n<h2 class=\"mt-0 mb-f2\">Produktov\u00fd manager pro LLM\u00a0<\/h2>\n<p class=\"mt-0 text-sm text-neutral-60\">\n\t\t\t<span class=\"text-complement\">Brno, Praha<\/span>\n\t\t<span class=\"text-neutral-20 mx-1\">\u2022<\/span>\n\t\tPro mu\u017ee i \u017eeny <span class=\"text-neutral-20 mx-1\">\u2022<\/span> Pln\u00fd \u00favazek<\/p>\n<\/a>\n<a class=\"box mb-2 text-neutral-black hover:text-neutral-black no-underline\" href=\"https:\/\/o-seznam.cz\/kariera\/485818-programator-ai-asistenta-python-go\/\" data-datalayer-name=\"job_20392\" data-datalayer-text=\"Backend program\u00e1tor Python a Go pro AI Asistenta\">\n<h2 class=\"mt-0 mb-f2\">Backend program\u00e1tor Python a Go pro AI Asistenta<\/h2>\n<p class=\"mt-0 text-sm text-neutral-60\">\n\t\t\t<span class=\"text-complement\">Praha<\/span>\n\t\t<span class=\"text-neutral-20 mx-1\">\u2022<\/span>\n\t\tPro mu\u017ee i \u017eeny <span class=\"text-neutral-20 mx-1\">\u2022<\/span> Pln\u00fd \u00favazek<\/p>\n\t<div class=\"flex flex-wrap gap-x-3 gap-y-1 mt-f4\">\n\t\t<img loading=\"lazy\" decoding=\"async\" width=\"64\" height=\"64\" src=\"https:\/\/o-seznam.cz\/kariera\/wp-content\/uploads\/sites\/2\/2024\/04\/technologie-Docker.svg\" class=\"w-6 h-6 shrink-0\" alt=\"\" title=\"Docker\" \/><img loading=\"lazy\" decoding=\"async\" width=\"64\" height=\"64\" src=\"https:\/\/o-seznam.cz\/kariera\/wp-content\/uploads\/sites\/2\/2024\/04\/technologie-Elasticsearch.svg\" class=\"w-6 h-6 shrink-0\" alt=\"\" title=\"Elasticsearch\" \/><img loading=\"lazy\" decoding=\"async\" width=\"64\" height=\"64\" src=\"https:\/\/o-seznam.cz\/kariera\/wp-content\/uploads\/sites\/2\/2024\/04\/technologie-GIT.svg\" class=\"w-6 h-6 shrink-0\" alt=\"\" title=\"Git\" \/><img loading=\"lazy\" decoding=\"async\" width=\"64\" height=\"64\" src=\"https:\/\/o-seznam.cz\/kariera\/wp-content\/uploads\/sites\/2\/2024\/04\/technologie-Golang.svg\" class=\"w-6 h-6 shrink-0\" alt=\"\" title=\"Golang\" \/><img loading=\"lazy\" decoding=\"async\" width=\"64\" height=\"64\" src=\"https:\/\/o-seznam.cz\/kariera\/wp-content\/uploads\/sites\/2\/2024\/04\/technologie-Grafana.svg\" class=\"w-6 h-6 shrink-0\" alt=\"\" title=\"Grafana\" \/><img loading=\"lazy\" decoding=\"async\" width=\"64\" height=\"64\" src=\"https:\/\/o-seznam.cz\/kariera\/wp-content\/uploads\/sites\/2\/2024\/04\/technologie-Kafka.svg\" class=\"w-6 h-6 shrink-0\" alt=\"\" title=\"Kafka\" \/><img loading=\"lazy\" decoding=\"async\" width=\"64\" height=\"64\" src=\"https:\/\/o-seznam.cz\/kariera\/wp-content\/uploads\/sites\/2\/2024\/04\/technologie-Kibana.svg\" class=\"w-6 h-6 shrink-0\" alt=\"\" title=\"Kibana\" \/><img loading=\"lazy\" decoding=\"async\" width=\"64\" height=\"64\" src=\"https:\/\/o-seznam.cz\/kariera\/wp-content\/uploads\/sites\/2\/2024\/04\/technologie-Kubernetes.svg\" class=\"w-6 h-6 shrink-0\" alt=\"\" title=\"Kubernetes\" \/><img loading=\"lazy\" decoding=\"async\" width=\"64\" height=\"64\" src=\"https:\/\/o-seznam.cz\/kariera\/wp-content\/uploads\/sites\/2\/2024\/04\/technologie-Linux.svg\" class=\"w-6 h-6 shrink-0\" alt=\"\" title=\"Linux\" \/><img loading=\"lazy\" decoding=\"async\" width=\"64\" height=\"64\" src=\"https:\/\/o-seznam.cz\/kariera\/wp-content\/uploads\/sites\/2\/2024\/04\/technologie-PostgreSQL.svg\" class=\"w-6 h-6 shrink-0\" alt=\"\" title=\"PostgreSQL\" \/><img loading=\"lazy\" decoding=\"async\" width=\"64\" height=\"64\" src=\"https:\/\/o-seznam.cz\/kariera\/wp-content\/uploads\/sites\/2\/2024\/04\/technologie-Prometheus.svg\" class=\"w-6 h-6 shrink-0\" alt=\"\" title=\"Prometheus\" \/><img loading=\"lazy\" decoding=\"async\" width=\"64\" height=\"64\" src=\"https:\/\/o-seznam.cz\/kariera\/wp-content\/uploads\/sites\/2\/2024\/04\/technologie-Python.svg\" class=\"w-6 h-6 shrink-0\" alt=\"\" title=\"Python\" \/><img loading=\"lazy\" decoding=\"async\" width=\"64\" height=\"64\" src=\"https:\/\/o-seznam.cz\/kariera\/wp-content\/uploads\/sites\/2\/2024\/04\/technologie-Redis.svg\" class=\"w-6 h-6 shrink-0\" alt=\"\" title=\"Redis\" \/><img loading=\"lazy\" decoding=\"async\" width=\"64\" height=\"64\" src=\"https:\/\/o-seznam.cz\/kariera\/wp-content\/uploads\/sites\/2\/2024\/04\/technologie-RESTAPI.svg\" class=\"w-6 h-6 shrink-0\" alt=\"\" title=\"REST API\" \/><img loading=\"lazy\" decoding=\"async\" width=\"64\" height=\"64\" src=\"https:\/\/o-seznam.cz\/kariera\/wp-content\/uploads\/sites\/2\/2024\/04\/technologie-TypeScript.svg\" class=\"w-6 h-6 shrink-0\" alt=\"\" title=\"TypeScript\" \/>\t<\/div>\n<\/a>\n<a class=\"box mb-2 text-neutral-black hover:text-neutral-black no-underline\" href=\"https:\/\/o-seznam.cz\/kariera\/485711-product-manager-ai-asistenta\/\" data-datalayer-name=\"job_20381\" data-datalayer-text=\"Junior Product Manager vyhled\u00e1v\u00e1n\u00ed pro AI Asistenta\">\n<h2 class=\"mt-0 mb-f2\">Junior Product Manager vyhled\u00e1v\u00e1n\u00ed pro AI Asistenta<\/h2>\n<p class=\"mt-0 text-sm text-neutral-60\">\n\t\t\t<span class=\"text-complement\">Praha<\/span>\n\t\t<span class=\"text-neutral-20 mx-1\">\u2022<\/span>\n\t\tPro mu\u017ee i \u017eeny <span class=\"text-neutral-20 mx-1\">\u2022<\/span> Pln\u00fd \u00favazek<\/p>\n\t<div class=\"flex flex-wrap gap-x-3 gap-y-1 mt-f4\">\n\t\t<img loading=\"lazy\" decoding=\"async\" width=\"64\" height=\"64\" src=\"https:\/\/o-seznam.cz\/kariera\/wp-content\/uploads\/sites\/2\/2024\/04\/technologie-Python.svg\" class=\"w-6 h-6 shrink-0\" alt=\"\" title=\"Python\" \/>\t<\/div>\n<\/a>\n<a class=\"box mb-2 text-neutral-black hover:text-neutral-black no-underline\" href=\"https:\/\/o-seznam.cz\/kariera\/484676-c-engineer-mapy-com-findhub\/\" data-datalayer-name=\"job_20325\" data-datalayer-text=\"C++ Engineer Mapy.com &amp; FindHub\">\n<h2 class=\"mt-0 mb-f2\">C++ Engineer Mapy.com &amp; FindHub<\/h2>\n<p class=\"mt-0 text-sm text-neutral-60\">\n\t\t\t<span class=\"text-complement\">Brno<\/span>\n\t\t<span class=\"text-neutral-20 mx-1\">\u2022<\/span>\n\t\tPro mu\u017ee i \u017eeny <span class=\"text-neutral-20 mx-1\">\u2022<\/span> Pln\u00fd \u00favazek<\/p>\n\t<div class=\"flex flex-wrap gap-x-3 gap-y-1 mt-f4\">\n\t\t<img loading=\"lazy\" decoding=\"async\" width=\"64\" height=\"64\" src=\"https:\/\/o-seznam.cz\/kariera\/wp-content\/uploads\/sites\/2\/2024\/04\/technologie-C-1.svg\" class=\"w-6 h-6 shrink-0\" alt=\"\" title=\"C++\" \/><img loading=\"lazy\" decoding=\"async\" width=\"64\" height=\"64\" src=\"https:\/\/o-seznam.cz\/kariera\/wp-content\/uploads\/sites\/2\/2024\/04\/technologie-Elasticsearch.svg\" class=\"w-6 h-6 shrink-0\" alt=\"\" title=\"Elasticsearch\" \/><img loading=\"lazy\" decoding=\"async\" width=\"64\" height=\"64\" src=\"https:\/\/o-seznam.cz\/kariera\/wp-content\/uploads\/sites\/2\/2024\/04\/technologie-Linux.svg\" class=\"w-6 h-6 shrink-0\" alt=\"\" title=\"Linux\" \/><img loading=\"lazy\" decoding=\"async\" width=\"64\" height=\"64\" src=\"https:\/\/o-seznam.cz\/kariera\/wp-content\/uploads\/sites\/2\/2024\/04\/technologie-Python.svg\" class=\"w-6 h-6 shrink-0\" alt=\"\" title=\"Python\" \/>\t<\/div>\n<\/a>\n<a class=\"box mb-2 text-neutral-black hover:text-neutral-black no-underline\" href=\"https:\/\/o-seznam.cz\/kariera\/483408-python-programator-lide-cz-vyvojar-doporucovani-a-ml-klasifikatoru\/\" data-datalayer-name=\"job_20276\" data-datalayer-text=\"Python program\u00e1tor doporu\u010dov\u00e1n\u00ed a ML klasifik\u00e1tor\u016f pro Lide.cz\">\n<h2 class=\"mt-0 mb-f2\">Python program\u00e1tor doporu\u010dov\u00e1n\u00ed a ML klasifik\u00e1tor\u016f pro Lide.cz<\/h2>\n<p class=\"mt-0 text-sm text-neutral-60\">\n\t\t\t<span class=\"text-complement\">Praha<\/span>\n\t\t<span class=\"text-neutral-20 mx-1\">\u2022<\/span>\n\t\tPro mu\u017ee i \u017eeny <span class=\"text-neutral-20 mx-1\">\u2022<\/span> Pln\u00fd \u00favazek<\/p>\n\t<div class=\"flex flex-wrap gap-x-3 gap-y-1 mt-f4\">\n\t\t<img loading=\"lazy\" decoding=\"async\" width=\"64\" height=\"64\" src=\"https:\/\/o-seznam.cz\/kariera\/wp-content\/uploads\/sites\/2\/2024\/04\/technologie-Docker.svg\" class=\"w-6 h-6 shrink-0\" alt=\"\" title=\"Docker\" \/><img loading=\"lazy\" decoding=\"async\" width=\"64\" height=\"64\" src=\"https:\/\/o-seznam.cz\/kariera\/wp-content\/uploads\/sites\/2\/2024\/04\/technologie-Elasticsearch.svg\" class=\"w-6 h-6 shrink-0\" alt=\"\" title=\"Elasticsearch\" \/><img loading=\"lazy\" decoding=\"async\" width=\"64\" height=\"64\" src=\"https:\/\/o-seznam.cz\/kariera\/wp-content\/uploads\/sites\/2\/2024\/04\/technologie-Flask.svg\" class=\"w-6 h-6 shrink-0\" alt=\"\" title=\"Flask\" \/><img loading=\"lazy\" decoding=\"async\" width=\"64\" height=\"64\" src=\"https:\/\/o-seznam.cz\/kariera\/wp-content\/uploads\/sites\/2\/2024\/04\/technologie-GraphQL.svg\" class=\"w-6 h-6 shrink-0\" alt=\"\" title=\"GraphQL\" \/><img loading=\"lazy\" decoding=\"async\" width=\"64\" height=\"64\" src=\"https:\/\/o-seznam.cz\/kariera\/wp-content\/uploads\/sites\/2\/2024\/04\/technologie-Kubernetes.svg\" class=\"w-6 h-6 shrink-0\" alt=\"\" title=\"Kubernetes\" \/><img loading=\"lazy\" decoding=\"async\" width=\"64\" height=\"64\" src=\"https:\/\/o-seznam.cz\/kariera\/wp-content\/uploads\/sites\/2\/2024\/04\/technologie-MySQL.svg\" class=\"w-6 h-6 shrink-0\" alt=\"\" title=\"MySQL\" \/><img loading=\"lazy\" decoding=\"async\" width=\"64\" height=\"64\" src=\"https:\/\/o-seznam.cz\/kariera\/wp-content\/uploads\/sites\/2\/2024\/04\/technologie-nginx.svg\" class=\"w-6 h-6 shrink-0\" alt=\"\" title=\"Nginx\" \/><img loading=\"lazy\" decoding=\"async\" width=\"64\" height=\"64\" src=\"https:\/\/o-seznam.cz\/kariera\/wp-content\/uploads\/sites\/2\/2024\/04\/technologie-Python.svg\" class=\"w-6 h-6 shrink-0\" alt=\"\" title=\"Python\" \/><img loading=\"lazy\" decoding=\"async\" width=\"64\" height=\"64\" src=\"https:\/\/o-seznam.cz\/kariera\/wp-content\/uploads\/sites\/2\/2024\/04\/technologie-Redis.svg\" class=\"w-6 h-6 shrink-0\" alt=\"\" title=\"Redis\" \/>\t<\/div>\n<\/a>\n<a class=\"box mb-2 text-neutral-black hover:text-neutral-black no-underline\" href=\"https:\/\/o-seznam.cz\/kariera\/480817-vyzkumnik-strojoveho-uceni\/\" data-datalayer-name=\"job_20125\" data-datalayer-text=\"V\u00fdzkumn\u00edk strojov\u00e9ho u\u010den\u00ed\">\n<h2 class=\"mt-0 mb-f2\">V\u00fdzkumn\u00edk strojov\u00e9ho u\u010den\u00ed<\/h2>\n<p class=\"mt-0 text-sm text-neutral-60\">\n\t\t\t<span class=\"text-complement\">Brno<\/span>\n\t\t<span class=\"text-neutral-20 mx-1\">\u2022<\/span>\n\t\tPro mu\u017ee i \u017eeny <span class=\"text-neutral-20 mx-1\">\u2022<\/span> Pln\u00fd \u00favazek<\/p>\n\t<div class=\"flex flex-wrap gap-x-3 gap-y-1 mt-f4\">\n\t\t<img loading=\"lazy\" decoding=\"async\" width=\"64\" height=\"64\" src=\"https:\/\/o-seznam.cz\/kariera\/wp-content\/uploads\/sites\/2\/2024\/04\/technologie-CatBoost.svg\" class=\"w-6 h-6 shrink-0\" alt=\"\" title=\"CatBoost\" \/><img loading=\"lazy\" decoding=\"async\" width=\"64\" height=\"64\" src=\"https:\/\/o-seznam.cz\/kariera\/wp-content\/uploads\/sites\/2\/2024\/04\/technologie-Docker.svg\" class=\"w-6 h-6 shrink-0\" alt=\"\" title=\"Docker\" \/><img loading=\"lazy\" decoding=\"async\" width=\"64\" height=\"64\" src=\"https:\/\/o-seznam.cz\/kariera\/wp-content\/uploads\/sites\/2\/2024\/04\/technologie-GIT.svg\" class=\"w-6 h-6 shrink-0\" alt=\"\" title=\"Git\" \/><img loading=\"lazy\" decoding=\"async\" width=\"64\" height=\"64\" src=\"https:\/\/o-seznam.cz\/kariera\/wp-content\/uploads\/sites\/2\/2024\/04\/technologie-Linux.svg\" class=\"w-6 h-6 shrink-0\" alt=\"\" title=\"Linux\" \/><img loading=\"lazy\" decoding=\"async\" width=\"64\" height=\"64\" src=\"https:\/\/o-seznam.cz\/kariera\/wp-content\/uploads\/sites\/2\/2024\/04\/technologie-Pandas.svg\" class=\"w-6 h-6 shrink-0\" alt=\"\" title=\"Pandas\" \/><img loading=\"lazy\" decoding=\"async\" width=\"64\" height=\"64\" src=\"https:\/\/o-seznam.cz\/kariera\/wp-content\/uploads\/sites\/2\/2024\/04\/technologie-Python.svg\" class=\"w-6 h-6 shrink-0\" alt=\"\" title=\"Python\" \/><img loading=\"lazy\" decoding=\"async\" width=\"64\" height=\"64\" src=\"https:\/\/o-seznam.cz\/kariera\/wp-content\/uploads\/sites\/2\/2024\/04\/technologie-PyTorch.svg\" class=\"w-6 h-6 shrink-0\" alt=\"\" title=\"PyTorch\" \/><img loading=\"lazy\" decoding=\"async\" width=\"64\" height=\"64\" src=\"https:\/\/o-seznam.cz\/kariera\/wp-content\/uploads\/sites\/2\/2024\/04\/technologie-Spark.svg\" class=\"w-6 h-6 shrink-0\" alt=\"\" title=\"Spark\" \/>\t<\/div>\n<\/a>\n<a class=\"box mb-2 text-neutral-black hover:text-neutral-black no-underline\" href=\"https:\/\/o-seznam.cz\/kariera\/471261-vyzkumnik-strojoveho-uceni-pro-zpracovani-reci\/\" data-datalayer-name=\"job_19285\" data-datalayer-text=\"V\u00fdzkumn\u00edk strojov\u00e9ho u\u010den\u00ed pro zpracov\u00e1n\u00ed \u0159e\u010di\">\n<h2 class=\"mt-0 mb-f2\">V\u00fdzkumn\u00edk strojov\u00e9ho u\u010den\u00ed pro zpracov\u00e1n\u00ed \u0159e\u010di<\/h2>\n<p class=\"mt-0 text-sm text-neutral-60\">\n\t\t\t<span class=\"text-complement\">Brno, Plze\u0148, Praha<\/span>\n\t\t<span class=\"text-neutral-20 mx-1\">\u2022<\/span>\n\t\tPro mu\u017ee i \u017eeny <span class=\"text-neutral-20 mx-1\">\u2022<\/span> Absolventi <span class=\"text-neutral-20 mx-1\">\u2022<\/span> Pln\u00fd \u00favazek<\/p>\n\t<div class=\"flex flex-wrap gap-x-3 gap-y-1 mt-f4\">\n\t\t<img loading=\"lazy\" decoding=\"async\" width=\"64\" height=\"64\" src=\"https:\/\/o-seznam.cz\/kariera\/wp-content\/uploads\/sites\/2\/2024\/04\/technologie-GIT.svg\" class=\"w-6 h-6 shrink-0\" alt=\"\" title=\"Git\" \/><img loading=\"lazy\" decoding=\"async\" width=\"64\" height=\"64\" src=\"https:\/\/o-seznam.cz\/kariera\/wp-content\/uploads\/sites\/2\/2024\/04\/technologie-Linux.svg\" class=\"w-6 h-6 shrink-0\" alt=\"\" title=\"Linux\" \/><img loading=\"lazy\" decoding=\"async\" width=\"64\" height=\"64\" src=\"https:\/\/o-seznam.cz\/kariera\/wp-content\/uploads\/sites\/2\/2024\/04\/technologie-Pandas.svg\" class=\"w-6 h-6 shrink-0\" alt=\"\" title=\"Pandas\" \/><img loading=\"lazy\" decoding=\"async\" width=\"64\" height=\"64\" src=\"https:\/\/o-seznam.cz\/kariera\/wp-content\/uploads\/sites\/2\/2024\/04\/technologie-Python.svg\" class=\"w-6 h-6 shrink-0\" alt=\"\" title=\"Python\" \/><img loading=\"lazy\" decoding=\"async\" width=\"64\" height=\"64\" src=\"https:\/\/o-seznam.cz\/kariera\/wp-content\/uploads\/sites\/2\/2024\/04\/technologie-PyTorch.svg\" class=\"w-6 h-6 shrink-0\" alt=\"\" title=\"PyTorch\" \/>\t<\/div>\n<\/a>\n<a class=\"box mb-2 text-neutral-black hover:text-neutral-black no-underline\" href=\"https:\/\/o-seznam.cz\/kariera\/458967-ai-vyzkumnik-generativnich-jazykovych-modelu\/\" data-datalayer-name=\"job_17211\" data-datalayer-text=\"AI v\u00fdzkumn\u00edk generativn\u00edch jazykov\u00fdch model\u016f\">\n<h2 class=\"mt-0 mb-f2\">AI v\u00fdzkumn\u00edk generativn\u00edch jazykov\u00fdch model\u016f<\/h2>\n<p class=\"mt-0 text-sm text-neutral-60\">\n\t\t\t<span class=\"text-complement\">Brno, Praha, Zl\u00edn<\/span>\n\t\t<span class=\"text-neutral-20 mx-1\">\u2022<\/span>\n\t\tPro mu\u017ee i \u017eeny <span class=\"text-neutral-20 mx-1\">\u2022<\/span> OZP <span class=\"text-neutral-20 mx-1\">\u2022<\/span> Pln\u00fd \u00favazek<\/p>\n\t<div class=\"flex flex-wrap gap-x-3 gap-y-1 mt-f4\">\n\t\t<img loading=\"lazy\" decoding=\"async\" width=\"64\" height=\"64\" src=\"https:\/\/o-seznam.cz\/kariera\/wp-content\/uploads\/sites\/2\/2024\/04\/technologie-Docker.svg\" class=\"w-6 h-6 shrink-0\" alt=\"\" title=\"Docker\" \/><img loading=\"lazy\" decoding=\"async\" width=\"64\" height=\"64\" src=\"https:\/\/o-seznam.cz\/kariera\/wp-content\/uploads\/sites\/2\/2024\/04\/technologie-GIT.svg\" class=\"w-6 h-6 shrink-0\" alt=\"\" title=\"Git\" \/><img loading=\"lazy\" decoding=\"async\" width=\"64\" height=\"64\" src=\"https:\/\/o-seznam.cz\/kariera\/wp-content\/uploads\/sites\/2\/2024\/04\/technologie-Kubernetes.svg\" class=\"w-6 h-6 shrink-0\" alt=\"\" title=\"Kubernetes\" \/><img loading=\"lazy\" decoding=\"async\" width=\"64\" height=\"64\" src=\"https:\/\/o-seznam.cz\/kariera\/wp-content\/uploads\/sites\/2\/2024\/04\/technologie-Linux.svg\" class=\"w-6 h-6 shrink-0\" alt=\"\" title=\"Linux\" \/><img loading=\"lazy\" decoding=\"async\" width=\"64\" height=\"64\" src=\"https:\/\/o-seznam.cz\/kariera\/wp-content\/uploads\/sites\/2\/2024\/04\/technologie-Pandas.svg\" class=\"w-6 h-6 shrink-0\" alt=\"\" title=\"Pandas\" \/><img loading=\"lazy\" decoding=\"async\" width=\"64\" height=\"64\" src=\"https:\/\/o-seznam.cz\/kariera\/wp-content\/uploads\/sites\/2\/2024\/04\/technologie-Python.svg\" class=\"w-6 h-6 shrink-0\" alt=\"\" title=\"Python\" \/><img loading=\"lazy\" decoding=\"async\" width=\"64\" height=\"64\" src=\"https:\/\/o-seznam.cz\/kariera\/wp-content\/uploads\/sites\/2\/2024\/04\/technologie-PyTorch.svg\" class=\"w-6 h-6 shrink-0\" alt=\"\" title=\"PyTorch\" \/><img loading=\"lazy\" decoding=\"async\" width=\"64\" height=\"64\" src=\"https:\/\/o-seznam.cz\/kariera\/wp-content\/uploads\/sites\/2\/2024\/04\/technologie-Spark.svg\" class=\"w-6 h-6 shrink-0\" alt=\"\" title=\"Spark\" \/>\t<\/div>\n<\/a>\n<\/div>\n\n\n\n<div class=\"wp-block-buttons is-content-justification-center is-layout-flex wp-container-core-buttons-is-layout-a89b3969 wp-block-buttons-is-layout-flex\">\n<div class=\"wp-block-button\"><a class=\"wp-block-button__link wp-element-button\" href=\"https:\/\/o-seznam.cz\/kariera\/volne-pozice\/\">Uk\u00e1zat v\u0161echny pozice<\/a><\/div>\n<\/div>\n<\/div>\n\n\n\n<div class=\"wp-block-group alignwide is-layout-constrained wp-block-group-is-layout-constrained\">\n<h2 class=\"wp-block-heading\">Jak\u00e9 t\u00fdmy pracuj\u00ed s Machine Learning<\/h2>\n\n\n\n<figure class=\"wp-block-gallery has-nested-images columns-2 is-cropped is-style-emphasize-one wp-block-gallery-1 is-layout-flex wp-block-gallery-is-layout-flex\">\n<figure class=\"wp-block-image size-large\"><img loading=\"lazy\" decoding=\"async\" width=\"1984\" height=\"1323\" data-id=\"17736\" src=\"https:\/\/o-seznam.cz\/kariera\/wp-content\/uploads\/sites\/2\/2024\/10\/vyvoj-30-1984x1323.jpg\" alt=\"\" class=\"wp-image-17736\" srcset=\"https:\/\/o-seznam.cz\/kariera\/wp-content\/uploads\/sites\/2\/2024\/10\/vyvoj-30-1984x1323.jpg 1984w, https:\/\/o-seznam.cz\/kariera\/wp-content\/uploads\/sites\/2\/2024\/10\/vyvoj-30-992x661.jpg 992w, https:\/\/o-seznam.cz\/kariera\/wp-content\/uploads\/sites\/2\/2024\/10\/vyvoj-30-320x213.jpg 320w, https:\/\/o-seznam.cz\/kariera\/wp-content\/uploads\/sites\/2\/2024\/10\/vyvoj-30-768x512.jpg 768w, https:\/\/o-seznam.cz\/kariera\/wp-content\/uploads\/sites\/2\/2024\/10\/vyvoj-30-1536x1024.jpg 1536w, https:\/\/o-seznam.cz\/kariera\/wp-content\/uploads\/sites\/2\/2024\/10\/vyvoj-30-2048x1365.jpg 2048w\" sizes=\"auto, (max-width: 1984px) 100vw, 1984px\" \/><\/figure>\n\n\n\n<figure class=\"wp-block-image size-large\"><img loading=\"lazy\" decoding=\"async\" width=\"1984\" height=\"1323\" data-id=\"17733\" src=\"https:\/\/o-seznam.cz\/kariera\/wp-content\/uploads\/sites\/2\/2024\/10\/vyvoj-27-1984x1323.jpg\" alt=\"\" class=\"wp-image-17733\" srcset=\"https:\/\/o-seznam.cz\/kariera\/wp-content\/uploads\/sites\/2\/2024\/10\/vyvoj-27-1984x1323.jpg 1984w, https:\/\/o-seznam.cz\/kariera\/wp-content\/uploads\/sites\/2\/2024\/10\/vyvoj-27-992x661.jpg 992w, https:\/\/o-seznam.cz\/kariera\/wp-content\/uploads\/sites\/2\/2024\/10\/vyvoj-27-320x213.jpg 320w, https:\/\/o-seznam.cz\/kariera\/wp-content\/uploads\/sites\/2\/2024\/10\/vyvoj-27-768x512.jpg 768w, https:\/\/o-seznam.cz\/kariera\/wp-content\/uploads\/sites\/2\/2024\/10\/vyvoj-27-1536x1024.jpg 1536w, https:\/\/o-seznam.cz\/kariera\/wp-content\/uploads\/sites\/2\/2024\/10\/vyvoj-27-2048x1365.jpg 2048w\" sizes=\"auto, (max-width: 1984px) 100vw, 1984px\" \/><\/figure>\n\n\n\n<figure class=\"wp-block-image size-large\"><img loading=\"lazy\" decoding=\"async\" width=\"1984\" height=\"1323\" data-id=\"17732\" src=\"https:\/\/o-seznam.cz\/kariera\/wp-content\/uploads\/sites\/2\/2024\/10\/vyvoj-07-1984x1323.jpg\" alt=\"\" class=\"wp-image-17732\" srcset=\"https:\/\/o-seznam.cz\/kariera\/wp-content\/uploads\/sites\/2\/2024\/10\/vyvoj-07-1984x1323.jpg 1984w, https:\/\/o-seznam.cz\/kariera\/wp-content\/uploads\/sites\/2\/2024\/10\/vyvoj-07-992x661.jpg 992w, https:\/\/o-seznam.cz\/kariera\/wp-content\/uploads\/sites\/2\/2024\/10\/vyvoj-07-320x213.jpg 320w, https:\/\/o-seznam.cz\/kariera\/wp-content\/uploads\/sites\/2\/2024\/10\/vyvoj-07-768x512.jpg 768w, https:\/\/o-seznam.cz\/kariera\/wp-content\/uploads\/sites\/2\/2024\/10\/vyvoj-07-1536x1024.jpg 1536w, https:\/\/o-seznam.cz\/kariera\/wp-content\/uploads\/sites\/2\/2024\/10\/vyvoj-07-2048x1365.jpg 2048w\" sizes=\"auto, (max-width: 1984px) 100vw, 1984px\" \/><\/figure>\n<\/figure>\n\n\n\n<p>Pracujeme na zaj\u00edmav\u00fdch projektech pro miliony lid\u00ed, tak\u017ee r\u016fznorod\u00fd je i n\u00e1\u0161 t\u00fdm. Potk\u00e1te zde nap\u0159\u00edklad ML v\u00fdzkumn\u00edky, kte\u0159\u00ed prototypuj\u00ed \u0159e\u0161en\u00ed slo\u017eit\u00fdch probl\u00e9m\u016f, p\u0159ipravuj\u00ed data, dohl\u00ed\u017e\u00ed na u\u010den\u00ed model\u016f, vyhodnocuj\u00ed a interpretuj\u00ed v\u00fdsledky. Na\u0161i kolegov\u00e9 z Business Inteligence se staraj\u00ed o to, aby na\u0161e data byla \u00fapln\u00e1, kvalitn\u00ed a rychle dostupn\u00e1 pro dal\u0161\u00ed zpracov\u00e1n\u00ed. Datov\u00ed analytici zase sleduj\u00ed trendy v datech a p\u0159ipravuj\u00ed podklady pro produktov\u00e1 rozhodnut\u00ed. Datov\u00e9 in\u017een\u00fdry najdete pono\u0159en\u00e9 v datov\u00fdch pipelines, v data lakes a feature stores. MLOps v\u00fdvoj\u00e1\u0159i automatizuj\u00ed nasazov\u00e1n\u00ed model\u016f a kontroluj\u00ed modely v produkci. A aby cel\u00fd proces b\u011b\u017eel jako po dr\u00e1tk\u00e1ch, nesm\u00ed v t\u00fdmu chyb\u011bt produktov\u00fd mana\u017eer, kter\u00fd vyty\u010duje a prioritizuje produktov\u00e9 c\u00edle, vytv\u00e1\u0159\u00ed zad\u00e1n\u00ed pro technologick\u00e9 t\u00fdmy, udr\u017euje p\u0159ehled o trhu a um\u00ed uhasit, kdy\u017e n\u011bco ho\u0159\u00ed (tedy samoz\u0159ejm\u011b obrazn\u011b).<\/p>\n<\/div>\n\n\n\n<div class=\"wp-block-group is-layout-constrained wp-block-group-is-layout-constrained\">\n<h2 class=\"wp-block-heading\">Kolegov\u00e9 \u0159\u00edkaj\u00ed<\/h2>\n\n\n<div class=\"wp-block-seznam-leaders\"><div class=\"carousel is-loading has-dots wp-block-seznam-carousel\">\n\t<div class=\"carousel__inner\">\t\n\t\t\n<div class=\"inner-blocks carousel__body\">\n\t\n\n \n<div class=\"person\">\n\t<div class=\"person__in\">\n\n\t\t\t\t<div class=\"person__photo\">\n\t\t\t\t<img loading=\"lazy\" decoding=\"async\" width=\"128\" height=\"128\" src=\"https:\/\/o-seznam.cz\/kariera\/wp-content\/uploads\/sites\/2\/2024\/06\/veronika-krejcirova-128x128.png\" class=\"rounded-full\" alt=\"\" srcset=\"https:\/\/o-seznam.cz\/kariera\/wp-content\/uploads\/sites\/2\/2024\/06\/veronika-krejcirova-128x128.png 128w, https:\/\/o-seznam.cz\/kariera\/wp-content\/uploads\/sites\/2\/2024\/06\/veronika-krejcirova-320x320.png 320w, https:\/\/o-seznam.cz\/kariera\/wp-content\/uploads\/sites\/2\/2024\/06\/veronika-krejcirova-256x256.png 256w, https:\/\/o-seznam.cz\/kariera\/wp-content\/uploads\/sites\/2\/2024\/06\/veronika-krejcirova.png 350w\" sizes=\"auto, (max-width: 128px) 100vw, 128px\" \/>\t\t\t<\/div>\n\t\t\n\t\t<div class=\"person__head\">\n\t\t\t<p class=\"my-0\"><strong>Veronika Krej\u010d\u00ed\u0159ov\u00e1<\/strong><\/p>\n\t\t\t<p class=\"mt-f1 mb-0 text-neutral-60 text-sm\"> Vedouc\u00ed odd\u011blen\u00ed v\u00fdzkumu<\/p>\n\t\t<\/div>\n\n\t\t<div class=\"person__content mt-f2\">\t\t\n\t\t\t<div class=\"mt-f2\">\n\t\t\t\tV Seznamu jsem od roku 2016 a po\u0159\u00e1d m\u011b to bav\u00ed &#8211; pr\u00e1ce v\u00fdzkumn\u00edka je kreativn\u00ed, r\u016fznorod\u00e1, nap\u00ednav\u00e1 a d\u00e1v\u00e1 spoustu p\u0159\u00edle\u017eitost\u00ed u\u010dit se n\u011bco nov\u00e9ho. M\u00e1lokde toti\u017e najdete tolik zaj\u00edmav\u00fdch \u00fakol\u016f a v\u0161elijak\u00fdch dat, se kter\u00fdmi si m\u016f\u017eete hr\u00e1t. Od doby, co vedu v\u00fdzkumn\u00e9 odd\u011blen\u00ed, je sice hran\u00ed m\u00e9n\u011b a sch\u016fzek v\u00edce. Na druhou stranu ale m\u016f\u017eu l\u00e9pe ovliv\u0148ovat, na \u010dem budeme na v\u00fdzkumu pracovat a t\u00edm sm\u011b\u0159ovat cel\u00e9 vyhled\u00e1v\u00e1n\u00ed.\t\t\t<\/div>\n\t\t<\/div>\n\n\t<\/div>\n<\/div>\n \n\n \n<div class=\"person\">\n\t<div class=\"person__in\">\n\n\t\t\t\t<div class=\"person__photo\">\n\t\t\t\t<img loading=\"lazy\" decoding=\"async\" width=\"128\" height=\"128\" src=\"https:\/\/o-seznam.cz\/kariera\/wp-content\/uploads\/sites\/2\/2024\/09\/barbora-risova-128x128.jpg\" class=\"rounded-full\" alt=\"\" srcset=\"https:\/\/o-seznam.cz\/kariera\/wp-content\/uploads\/sites\/2\/2024\/09\/barbora-risova-128x128.jpg 128w, https:\/\/o-seznam.cz\/kariera\/wp-content\/uploads\/sites\/2\/2024\/09\/barbora-risova-320x320.jpg 320w, https:\/\/o-seznam.cz\/kariera\/wp-content\/uploads\/sites\/2\/2024\/09\/barbora-risova-256x256.jpg 256w, https:\/\/o-seznam.cz\/kariera\/wp-content\/uploads\/sites\/2\/2024\/09\/barbora-risova.jpg 350w\" sizes=\"auto, (max-width: 128px) 100vw, 128px\" \/>\t\t\t<\/div>\n\t\t\n\t\t<div class=\"person__head\">\n\t\t\t<p class=\"my-0\"><strong>Barbora Ri\u0161ov\u00e1<\/strong><\/p>\n\t\t\t<p class=\"mt-f1 mb-0 text-neutral-60 text-sm\">Vedouc\u00ed t\u00fdmu v\u00fdzkumu<\/p>\n\t\t<\/div>\n\n\t\t<div class=\"person__content mt-f2\">\t\t\n\t\t\t<div class=\"mt-f2\">\n\t\t\t\tV Seznamu na odd\u011blen\u00ed V\u00fdzkumu pracuju od roku 2020. D\u00edky komplexnosti Vyhled\u00e1v\u00e1n\u00ed jako slu\u017eby neust\u00e1le nar\u00e1\u017e\u00edm na nov\u00e9 v\u00fdzvy a neprob\u00e1dan\u00e9 probl\u00e9my. S t\u00fdmem jsme se pod\u00edleli na v\u00fdvoji n\u011bkolika komponent, \u010d\u00edm\u017e jsme vylep\u0161ili z\u00e1\u017eitek mnoha u\u017eivatel\u016f. Na\u0161i pr\u00e1ci jsem p\u0159edstavila na mezin\u00e1rodn\u00ed konferenci Machine Learning Prague 2024. V Seznamu si nejv\u00edce cen\u00edm skv\u011bl\u00e9ho kolektivu, uvoln\u011bn\u00e9 atmosf\u00e9ry a mo\u017enosti posouvat a ovliv\u0148ovat sm\u011br v\u00fdzkumu\/Vyhled\u00e1v\u00e1n\u00ed.\t\t\t<\/div>\n\t\t<\/div>\n\n\t<\/div>\n<\/div>\n \n\n \n<div class=\"person\">\n\t<div class=\"person__in\">\n\n\t\t\t\t<div class=\"person__photo\">\n\t\t\t\t<img loading=\"lazy\" decoding=\"async\" width=\"128\" height=\"128\" src=\"https:\/\/o-seznam.cz\/kariera\/wp-content\/uploads\/sites\/2\/2024\/09\/libal-vitek-128x128.jpg\" class=\"rounded-full\" alt=\"\" srcset=\"https:\/\/o-seznam.cz\/kariera\/wp-content\/uploads\/sites\/2\/2024\/09\/libal-vitek-128x128.jpg 128w, https:\/\/o-seznam.cz\/kariera\/wp-content\/uploads\/sites\/2\/2024\/09\/libal-vitek-320x320.jpg 320w, https:\/\/o-seznam.cz\/kariera\/wp-content\/uploads\/sites\/2\/2024\/09\/libal-vitek-256x256.jpg 256w, https:\/\/o-seznam.cz\/kariera\/wp-content\/uploads\/sites\/2\/2024\/09\/libal-vitek.jpg 350w\" sizes=\"auto, (max-width: 128px) 100vw, 128px\" \/>\t\t\t<\/div>\n\t\t\n\t\t<div class=\"person__head\">\n\t\t\t<p class=\"my-0\"><strong>V\u00edtek L\u00edbal<\/strong><\/p>\n\t\t\t<p class=\"mt-f1 mb-0 text-neutral-60 text-sm\">Vedouc\u00ed odd\u011blen\u00ed v\u00fdzkumu Reklamn\u00edch syst\u00e9m\u016f<\/p>\n\t\t<\/div>\n\n\t\t<div class=\"person__content mt-f2\">\t\t\n\t\t\t<div class=\"mt-f2\">\n\t\t\t\tDo Seznamu na odd\u011blen\u00ed Reklamn\u00edch syst\u00e9m\u016f jsem p\u0159i\u0161el roku 2021. Moj\u00ed hlavn\u00ed mis\u00ed je v\u00fdvoj na\u0161ich reklamn\u00edch syst\u00e9m\u016f pomoc\u00ed inovac\u00ed, kter\u00e9 jsou zalo\u017een\u00e9 na nejnov\u011bj\u0161\u00edch metod\u00e1ch strojov\u00e9ho u\u010den\u00ed a datov\u00fdch v\u011bd. Sna\u017e\u00edme se, aby se jejich pou\u017e\u00edv\u00e1n\u00ed stalo skv\u011bl\u00fdm z\u00e1\u017eitkem z nejen pohledu inzerent\u016f, ale i poskytovatel\u016f obsahu a u\u017eivatel\u016f Internetu.\t\t\t<\/div>\n\t\t<\/div>\n\n\t<\/div>\n<\/div>\n <\/div>\n\t<\/div>\n<\/div>\n<\/div>\n<\/div>\n\n\n\n<div class=\"wp-block-group is-layout-constrained wp-block-group-is-layout-constrained\">\n<h2 class=\"wp-block-heading\">To nejnov\u011bj\u0161\u00ed z na\u0161eho Blogu<\/h2>\n\n\n<div class=\"wp-block-seznam-remote-wp-posts\">\n<div style=\"--seznam-tiles--columns:3\" class=\"wp-block-seznam-tiles has-columns-3\"><div class=\"inner-blocks\">\n\t\t\n\t\t<div class=\"wp-block-seznam-box space-y-f2 is-layout-flow wp-container-seznam-box-is-layout-ea7e8adf wp-block-seznam-box-is-layout-flow\">\n\t\t\t<p><a class=\"block font-bold text-neutral-black hover:text-accent-dark\" target=\"_blank\" href=\"https:\/\/blog.seznam.cz\/2025\/11\/seznam-meetup-2025-chatboti-asistenti-a-agenti-v-praxi\/\">Seznam Meetup 2025: Chatboti, asistenti a agenti v praxi\u00a0<\/a><\/p>\n\t\t\t<p class=\"has-neutral-60-color has-text-color whitespace-nowrap text-sm\"> 12. 11. 2025<\/p>\n\t\t\t\t\t\t\t<p class=\"has-neutral-60-color has-text-color text-sm\">7. listopadu jsme uspo\u0159\u00e1dali u\u017e t\u0159et\u00ed ro\u010dn\u00edk Seznam Meetupu. Akce se konala pod z\u00e1\u0161titou Dn\u016f AI 2025 a na p\u016fdu Fakulty informa\u010dn\u00edch technologi\u00ed VUT v Brn\u011b p\u0159il\u00e1kala 180 nad\u0161enc\u016f do um\u011bl\u00e9 inteligence (AI). \n<\/p>\t\n\t\t\t\t\t<\/div>\n\t\t\n\t\t\t\t\n\t\t<div class=\"wp-block-seznam-box space-y-f2 is-layout-flow wp-container-seznam-box-is-layout-ea7e8adf wp-block-seznam-box-is-layout-flow\">\n\t\t\t<p><a class=\"block font-bold text-neutral-black hover:text-accent-dark\" target=\"_blank\" href=\"https:\/\/blog.seznam.cz\/2025\/07\/tri-ruzne-pohledy-na-vyzkum-v-seznamu\/\">T\u0159i r\u016fzn\u00e9 pohledy na v\u00fdzkum v Seznamu<\/a><\/p>\n\t\t\t<p class=\"has-neutral-60-color has-text-color whitespace-nowrap text-sm\"> 29. 7. 2025<\/p>\n\t\t\t\t\t\t\t<p class=\"has-neutral-60-color has-text-color text-sm\">Um\u011bl\u00e1 inteligence a strojov\u00e9 u\u010den\u00ed nejsou v Seznamu jen buzzwordy, ale ka\u017edodenn\u00ed n\u00e1stroje, kter\u00e9 vylep\u0161uj\u00ed na\u0161e slu\u017eby pro miliony lid\u00ed. Od personalizace, predikce chov\u00e1n\u00ed a generativn\u00edch model\u016f a\u017e po optimalizaci syst\u00e9m\u016f v re\u00e1ln\u00e9m \u010dase. Modely strojov\u00e9ho u\u010den\u00ed jsou sou\u010d\u00e1st\u00ed na\u0161eho produk\u010dn\u00edho k\u00f3du od roku 1997 a jejich v\u00fdznam i aplika\u010dn\u00ed rozsah st\u00e1le roste. Stejn\u00fdm tempem rostou tak\u00e9 v\u00fdzkumn\u00e9 t\u00fdmy. Na to, jak se v nich pracuje, jsme se zeptali t\u0159\u00ed na\u0161ich koleg\u016f \u2013 juniora, mediora i seniora.\n<\/p>\t\n\t\t\t\t\t<\/div>\n\t\t\n\t\t<\/div><\/div>\n<\/div><\/div>\n\n\n\n<div class=\"wp-block-group is-layout-constrained wp-block-group-is-layout-constrained\">\n<h2 class=\"wp-block-heading\">\u010cast\u00e9 dotazy<\/h2>\n\n\n\n<div class=\"accordion limiter\" data-limiter=\"4\" data-limiter-selector=\"&gt; .accordion__items\">\n\t<div class=\"accordion__items\">\n<details class=\"expander is-style-default\">\n\t<summary data-datalayer-name=\"expander_faq_17528\" data-datalayer-text=\"Jak se v t\u00fdmu V\u00fdzkumu d\u00e1le vzd\u011bl\u00e1v\u00e1me?\">\n\t\t\t\t<strong>Jak se v t\u00fdmu V\u00fdzkumu d\u00e1le vzd\u011bl\u00e1v\u00e1me?<\/strong>\n\t\t\t<\/summary>\n\t<div class=\"inner-blocks\">\n<p>Pro ka\u017ed\u00fd v\u00fdzkum je konstantn\u00ed vzd\u011bl\u00e1v\u00e1n\u00ed naprosto z\u00e1sadn\u00ed a ne jinak je tomu i v Seznamu. M\u00e1me p\u0159\u00edstupy k v\u011bdeck\u00fdm \u010dl\u00e1nk\u016fm a publikac\u00edm a aktivn\u011b nav\u0161t\u011bvujeme i p\u0159\u00ednosn\u00e9 konference, p\u0159edn\u00e1\u0161ky, nebo t\u00e9matick\u00e9 kurzy a nechyb\u00edme ani na meetupech.<\/p>\n<\/div><\/details>\n\n<details class=\"expander is-style-default\">\n\t<summary data-datalayer-name=\"expander_faq_17037\" data-datalayer-text=\"Jak ve V\u00fdzkumu pracujeme s velk\u00fdmi jazykov\u00fdmi modely?\">\n\t\t\t\t<strong>Jak ve V\u00fdzkumu pracujeme s velk\u00fdmi jazykov\u00fdmi modely?<\/strong>\n\t\t\t<\/summary>\n\t<div class=\"inner-blocks\">\n<p>Pracujeme s nimi \u010dasto, ve zkratce m\u016f\u017eeme \u0159\u00edct, \u017ee je u\u010d\u00edme i pou\u017e\u00edv\u00e1me. Encoder modely (ze kter\u00fdch z\u00edsk\u00e1v\u00e1me s\u00e9mantickou reprezentaci textu) pou\u017e\u00edv\u00e1me i vytv\u00e1\u0159\u00edme v projektech u\u017e l\u00e9ta, n\u011bkter\u00e9 na\u0161e modely poskytujeme s open-source licenc\u00ed komunit\u011b (<a href=\"https:\/\/blog.seznam.cz\/2021\/10\/diky-neuronove-siti-jsme-zlepsili-vysledky-vyhledavani-a-detekujeme-clickbaitove-titulky\/\">Small-E-Czech<\/a>, <a href=\"https:\/\/blog.seznam.cz\/2024\/04\/seznam-predstavuje-nove-jazykove-modely-pro-praci-s-vyznamem-textu\/\">RetroMAE<\/a>). Obecn\u00e9 a univerz\u00e1ln\u00ed generativn\u00ed jazykov\u00e9 modely v Seznamu sami vytv\u00e1\u0159\u00edme, \u010d\u00edm\u017e se m\u016f\u017ee chlubit jen hrstka v\u00fdzkumn\u00fdch pracovi\u0161\u0165 z cel\u00e9 st\u0159edn\u00ed Evropy. Na\u0161\u00edm c\u00edlem je vytvo\u0159it model, kter\u00fd um\u00ed \u010desky jako je\u0161t\u011b \u017e\u00e1dn\u00fd jin\u00fd. Tak n\u00e1m dr\u017ete palce.<\/p>\n\n\n\n<p><\/p>\n<\/div><\/details>\n\n<details class=\"expander is-style-default\">\n\t<summary data-datalayer-name=\"expander_faq_17031\" data-datalayer-text=\"Jak vyu\u017e\u00edv\u00e1me Machine Learning pro na\u0161e projekty?\">\n\t\t\t\t<strong>Jak vyu\u017e\u00edv\u00e1me Machine Learning pro na\u0161e projekty?<\/strong>\n\t\t\t<\/summary>\n\t<div class=\"inner-blocks\">\n<p>Ve <strong>Vyhled\u00e1v\u00e1n\u00ed<\/strong> textu, obr\u00e1zk\u016f, zpr\u00e1v a vide\u00ed vyu\u017e\u00edv\u00e1me strojov\u00e9 u\u010den\u00ed (ML) pro zpracov\u00e1n\u00ed u\u017eivatelsk\u00fdch dotaz\u016f, anal\u00fdzu obsahu dokument\u016f (nap\u0159\u00edklad webov\u00fdch str\u00e1nek nebo obr\u00e1zk\u016f), n\u00e1vrhy dotaz\u016f (v\u010detn\u011b na\u0161ept\u00e1va\u010de, souvisej\u00edc\u00edch dotaz\u016f a trending topics), hodnocen\u00ed relevance dokument\u016f k u\u017eivatelsk\u00e9mu dotazu (p\u0159edv\u00fdb\u011br v\u00fdsledk\u016f, filtrov\u00e1n\u00ed, \u0159azen\u00ed) nebo nap\u0159\u00edklad pro vyd\u00e1v\u00e1n\u00ed chytr\u00fdch karet a p\u0159\u00edm\u00fdch odpov\u011bd\u00ed. Generativn\u00ed jazykov\u00e9 modely pou\u017e\u00edv\u00e1me pro interakci s u\u017eivatelem a pro lep\u0161\u00ed formov\u00e1n\u00ed odpov\u011bd\u00ed.<\/p>\n\n\n\n<p><strong>V Skliku <\/strong>se Machine Learning vyu\u017e\u00edv\u00e1 na v\u00fdb\u011br optim\u00e1ln\u00ed reklamy, detekci fraudov\u00fdch klik\u016f, segmentaci u\u017eivatel\u016f, modelov\u00e1n\u00ed online chov\u00e1n\u00ed, optimalizaci online aukc\u00ed a kampan\u00ed.<\/p>\n\n\n\n<p>V <strong>Doporu\u010dov\u00e1n\u00ed<\/strong> n\u00e1m strojov\u00e9 u\u010den\u00ed pom\u00e1h\u00e1 p\u0159i personalizaci doporu\u010dov\u00e1n\u00ed a detekce clickbaitu.<\/p>\n\n\n\n<p>T\u00fdm <strong>Mapy.cz<\/strong> zas strojov\u00e9 u\u010den\u00ed chv\u00e1l\u00ed p\u0159i rozpozn\u00e1v\u00e1n\u00ed obrazu, detekci anom\u00e1li\u00ed, relevanci v\u00fdsledk\u016f hled\u00e1n\u00ed.\u00a0<br><br>Pro <strong>Zbo\u017e\u00ed.cz<\/strong> je ML nepostradateln\u00e9 p\u0159i kategorizaci a shlukov\u00e1n\u00ed inzer\u00e1t\u016f, relevanci v\u00fdsledk\u016f hled\u00e1n\u00ed a na rozpozn\u00e1v\u00e1n\u00ed parametr\u016f v\u00fdrobk\u016f.<\/p>\n\n\n\n<p><\/p>\n<\/div><\/details>\n\n<details class=\"expander is-style-default\">\n\t<summary data-datalayer-name=\"expander_faq_17035\" data-datalayer-text=\"Jak\u00e9 vyu\u017e\u00edv\u00e1me ve V\u00fdzkumu technologie?\">\n\t\t\t\t<strong>Jak\u00e9 vyu\u017e\u00edv\u00e1me ve V\u00fdzkumu technologie?<\/strong>\n\t\t\t<\/summary>\n\t<div class=\"inner-blocks\">\n<p>Na projektech vyu\u017e\u00edv\u00e1me p\u0159ev\u00e1\u017en\u011b Python (Numpy, Pandas, Polars, Dask, Scipy, PyTorch a dal\u0161\u00ed), Spark, Docker, Git.\u00a0<br><br><\/p>\n<\/div><\/details>\n\n<details class=\"expander is-style-default limiter-item-hidden\">\n\t<summary data-datalayer-name=\"expander_faq_17039\" data-datalayer-text=\"S jak\u00fdmi \u0161kolami za t\u00fdm V\u00fdzkumu spolupracujeme?\">\n\t\t\t\t<strong>S jak\u00fdmi \u0161kolami za t\u00fdm V\u00fdzkumu spolupracujeme?<\/strong>\n\t\t\t<\/summary>\n\t<div class=\"inner-blocks\">\n<p>Jsme v kontaktu s technick\u00fdmi fakultami skoro v\u0161ech \u010desk\u00fdch vysok\u00fdch \u0161kol. Tradi\u010dn\u00edmi partnery jsme u\u017e s \u010cVUT, VUT, MUNI a UK. Vybran\u00e9 v\u00fdzkumn\u00e9 skupiny aktivn\u011b podporujeme (nap\u0159\u00edklad CIIRC \u010cVUT), s n\u011bkter\u00fdmi pl\u00e1nujeme spole\u010dn\u00e9 projekty (t\u0159eba s VUT, \u010cVUT nebo UK). Na MUNI a UK p\u0159\u00edle\u017eitostn\u011b p\u0159edn\u00e1\u0161\u00edme jako extern\u00ed lekto\u0159i. Samoz\u0159ejm\u011b podporujeme tak\u00e9 neakademickou komunitu jako MLMU, MLPrague a jin\u00e9 konference a po\u0159\u00e1d\u00e1me i vlastn\u00ed odborn\u00e1 setk\u00e1n\u00ed a meetupy.<\/p>\n<\/div><\/details>\n\n<details class=\"expander is-style-default limiter-item-hidden\">\n\t<summary data-datalayer-name=\"expander_faq_17041\" data-datalayer-text=\"Jak v t\u00fdmu V\u00fdzkumu spolupracujeme s datov\u00fdmi centry?\">\n\t\t\t\t<strong>Jak v t\u00fdmu V\u00fdzkumu spolupracujeme s datov\u00fdmi centry?<\/strong>\n\t\t\t<\/summary>\n\t<div class=\"inner-blocks\">\n<p>Seznam\u00e1ck\u00e1 intern\u00ed datov\u00e1 centra se staraj\u00ed o provoz n\u011bkolika v\u00fdzkumn\u00fdch Hadoop cluster\u016f, kter\u00e9 n\u00e1m umo\u017e\u0148uj\u00ed rychl\u00e9 zpracov\u00e1n\u00ed velk\u00fdch a rychl\u00fdch dat. D\u00e1le pro n\u00e1s provozuj\u00ed n\u011bkolik GPU cluster\u016f, ty pak umo\u017e\u0148uj\u00ed tr\u00e9nink a inferenci stovek model\u016f strojov\u00e9ho u\u010den\u00ed, v\u010detn\u011b LLM model\u016f, kter\u00e9 jsou z\u00e1kladem slu\u017eeb Seznamu.<\/p>\n<\/div><\/details>\n<\/div><\/div>\n\n<\/div>\n\n\n\n<div class=\"wp-block-group is-layout-constrained wp-block-group-is-layout-constrained\">\n<div class=\"wp-block-group pattern-columns-2-icons is-layout-constrained wp-block-group-is-layout-constrained\">\n<h2 class=\"wp-block-heading has-text-align-left\">Pro\u010d do toho j\u00edt s n\u00e1mi<\/h2>\n\n\n\n<div class=\"wp-block-columns is-layout-flex wp-container-core-columns-is-layout-28f84493 wp-block-columns-is-layout-flex\">\n<div class=\"wp-block-column is-layout-flow wp-container-core-column-is-layout-16b3bfcb wp-block-column-is-layout-flow\"><figure class=\"aligncenter aligncenter wp-block-seznam-icon\"><img loading=\"lazy\" decoding=\"async\" width=\"64\" height=\"64\" src=\"https:\/\/o-seznam.cz\/kariera\/wp-content\/uploads\/sites\/2\/2024\/04\/seznam-cz-internetova-jednicka.svg\" class=\"attachment-full size-full\" alt=\"\" \/><\/figure>\n\n\n\n<p class=\"has-text-align-center is-style-wrap-balance\"><strong>\u010cesk\u00e1 internetov\u00e1 jedni\u010dka<\/strong><\/p>\n\n\n\n<p class=\"has-text-align-center is-style-wrap-balance\">Na vln\u00e1ch internetu jedeme u\u017e od roku 1996, tak\u017ee n\u011bjak\u00e1 ta bou\u0159e n\u00e1s nerozh\u00e1z\u00ed. M\u00e1me pevnou pozici i v dob\u011b siln\u00e9 konkurence a stabiln\u00ed m\u00edsto nab\u00edz\u00edme i v\u00e1m.<\/p>\n<\/div>\n\n\n\n<div class=\"wp-block-column is-layout-flow wp-container-core-column-is-layout-16b3bfcb wp-block-column-is-layout-flow\"><figure class=\"aligncenter aligncenter wp-block-seznam-icon\"><img loading=\"lazy\" decoding=\"async\" width=\"64\" height=\"64\" src=\"https:\/\/o-seznam.cz\/kariera\/wp-content\/uploads\/sites\/2\/2024\/04\/seznam-cz-sluzby-pomahaji.svg\" class=\"attachment-full size-full\" alt=\"\" \/><\/figure>\n\n\n\n<p class=\"has-text-align-center is-style-wrap-balance\"><strong>Slu\u017eby, kter\u00e9 pom\u00e1haj\u00ed<\/strong><\/p>\n\n\n\n<p class=\"has-text-align-center is-style-wrap-balance\">Z jedn\u00e9 domovsk\u00e9 str\u00e1nky jsme se po\u0159\u00e1dn\u011b rozrostli. Dnes m\u00e1me na triku \u0159adu obl\u00edben\u00fdch slu\u017eeb, kter\u00e9 denn\u011b uleh\u010duj\u00ed \u017eivot milion\u016fm lid\u00ed na \u010desk\u00e9m internetu.<\/p>\n<\/div>\n<\/div>\n\n\n\n<div class=\"wp-block-columns is-layout-flex wp-container-core-columns-is-layout-28f84493 wp-block-columns-is-layout-flex\">\n<div class=\"wp-block-column is-layout-flow wp-container-core-column-is-layout-16b3bfcb wp-block-column-is-layout-flow\"><figure class=\"aligncenter aligncenter wp-block-seznam-icon\"><img loading=\"lazy\" decoding=\"async\" width=\"64\" height=\"64\" src=\"https:\/\/o-seznam.cz\/kariera\/wp-content\/uploads\/sites\/2\/2024\/04\/seznam-cz-inovace-a-technologie.svg\" class=\"attachment-full size-full\" alt=\"\" \/><\/figure>\n\n\n\n<p class=\"has-text-align-center is-style-wrap-balance\"><strong>Inovace, AI a jedine\u010dn\u00e9 technologie<\/strong><\/p>\n\n\n\n<p class=\"has-text-align-center is-style-wrap-balance\">Inovujeme technologie tak, aby byl \u010desk\u00fd internet st\u00e1le bezpe\u010dn\u00fdm m\u00edstem. A um\u00edme rozvinout i v\u00e1\u0161 potenci\u00e1l, proto\u017ee na lidech n\u00e1m z\u00e1le\u017e\u00ed a\u017e na prvn\u00edm m\u00edst\u011b.<\/p>\n<\/div>\n\n\n\n<div class=\"wp-block-column is-layout-flow wp-container-core-column-is-layout-16b3bfcb wp-block-column-is-layout-flow\"><figure class=\"aligncenter aligncenter wp-block-seznam-icon\"><img loading=\"lazy\" decoding=\"async\" width=\"64\" height=\"64\" src=\"https:\/\/o-seznam.cz\/kariera\/wp-content\/uploads\/sites\/2\/2024\/04\/seznam-cz-nezavisla-media.svg\" class=\"attachment-full size-full\" alt=\"\" \/><\/figure>\n\n\n\n<p class=\"has-text-align-center is-style-wrap-balance\"><strong>Nez\u00e1visl\u00e1 m\u00e9dia<\/strong><\/p>\n\n\n\n<p class=\"has-text-align-center is-style-wrap-balance\">Nevlastn\u00ed n\u00e1s \u017e\u00e1dn\u00fd politik ani magn\u00e1t, za na\u0161\u00edm zpravodajstv\u00edm a publicistikou stoj\u00ed tvrd\u00e1 a poctiv\u00e1 pr\u00e1ce nez\u00e1visl\u00fdch novin\u00e1\u0159\u016f a prof\u00edk\u016f medi\u00e1ln\u00edho sv\u011bta.<\/p>\n<\/div>\n<\/div>\n\n\n\n<div class=\"wp-block-columns is-layout-flex wp-container-core-columns-is-layout-28f84493 wp-block-columns-is-layout-flex\">\n<div class=\"wp-block-column is-layout-flow wp-container-core-column-is-layout-16b3bfcb wp-block-column-is-layout-flow\"><figure class=\"aligncenter aligncenter wp-block-seznam-icon\"><img loading=\"lazy\" decoding=\"async\" width=\"64\" height=\"64\" src=\"https:\/\/o-seznam.cz\/kariera\/wp-content\/uploads\/sites\/2\/2024\/04\/seznam-cz-neformalni-prostredi.svg\" class=\"attachment-full size-full\" alt=\"\" \/><\/figure>\n\n\n\n<p class=\"has-text-align-center is-style-wrap-balance\"><strong>Korpor\u00e1t s neform\u00e1ln\u00edm prost\u0159ed\u00edm<\/strong><\/p>\n\n\n\n<p class=\"has-text-align-center is-style-wrap-balance\">Pravidla respektujeme, ale nehrot\u00edme. Zakl\u00e1d\u00e1me si na up\u0159\u00edmn\u00e9 komunikaci a pom\u00e1h\u00e1me si. A r\u00e1di se potk\u00e1v\u00e1me i ve fitku nebo v hospod\u011b.<\/p>\n<\/div>\n\n\n\n<div class=\"wp-block-column is-layout-flow wp-container-core-column-is-layout-16b3bfcb wp-block-column-is-layout-flow\"><figure class=\"aligncenter aligncenter wp-block-seznam-icon\"><img loading=\"lazy\" decoding=\"async\" width=\"64\" height=\"64\" src=\"https:\/\/o-seznam.cz\/kariera\/wp-content\/uploads\/sites\/2\/2024\/04\/seznam-cz-onboarding.svg\" class=\"attachment-full size-full\" alt=\"\" \/><\/figure>\n\n\n\n<p class=\"has-text-align-center is-style-wrap-balance\"><strong>Onboarding a zp\u011btn\u00e1 vazba<\/strong><\/p>\n\n\n\n<p class=\"has-text-align-center is-style-wrap-balance\">A\u0165 u\u017e nastoup\u00edte na jakoukoliv pozici, \u010dek\u00e1 v\u00e1s kompletn\u00ed za\u0161kolen\u00ed, p\u0159\u00e1telsk\u00fd p\u0159\u00edstup a pomocn\u00e9 ruce na\u0161ich skv\u011bl\u00fdch tren\u00e9r\u016f.<\/p>\n<\/div>\n<\/div>\n\n\n\n<div class=\"wp-block-buttons is-content-justification-center is-layout-flex wp-container-core-buttons-is-layout-a89b3969 wp-block-buttons-is-layout-flex\">\n<div class=\"wp-block-button\"><a class=\"wp-block-button__link wp-element-button\" href=\"https:\/\/o-seznam.cz\/kariera\/volne-pozice\/\">Uk\u00e1zat v\u0161echny pozice<\/a><\/div>\n<\/div>\n<\/div>\n<\/div>\n\n\n\n<div class=\"wp-block-group is-layout-constrained wp-block-group-is-layout-constrained\">\n<h2 class=\"wp-block-heading\">Na co se m\u016f\u017eete t\u011b\u0161it<\/h2>\n\n\n<div class=\"wp-block-seznam-benefits\">\n<div class=\"accordion limiter\" data-limiter=\"4\" data-limiter-selector=\"&gt; .accordion__items\">\n\t<div class=\"accordion__items\">\n<details class=\"expander is-style-default is-style-symbol is-style-symbol-icon\">\n\t<summary data-datalayer-name=\"expander_benefit_14191\" data-datalayer-text=\"Technika na p\u0159\u00e1n\u00ed\">\n\t\t\t\t\t<span><img loading=\"lazy\" decoding=\"async\" width=\"32\" height=\"32\" src=\"https:\/\/o-seznam.cz\/kariera\/wp-content\/uploads\/sites\/2\/2024\/03\/benefity-technika-32x32-1.svg\" class=\"attachment-full size-full\" alt=\"\" \/><\/span>\n\t\t\t\t<strong>Technika na p\u0159\u00e1n\u00ed<\/strong>\n\t\t\t<\/summary>\n\t<div class=\"inner-blocks\">Apple, Linux nebo Windows? V\u0161echno m\u00e1me a k dispozici d\u00e1me. A pokud u\u017e jste zvykl\u00ed na sv\u00e9 vymazlen\u00e9 mil\u00e1\u010dky, pracujte klidn\u011b na vlastn\u00edm za\u0159\u00edzen\u00ed a my v\u00e1m budeme finan\u010dn\u011b p\u0159isp\u00edvat.<\/div><\/details>\n\n<details class=\"expander is-style-default is-style-symbol is-style-symbol-icon\">\n\t<summary data-datalayer-name=\"expander_benefit_14194\" data-datalayer-text=\"Dovolen\u00e1 o t\u00fdden del\u0161\u00ed\">\n\t\t\t\t\t<span><img loading=\"lazy\" decoding=\"async\" width=\"32\" height=\"32\" src=\"https:\/\/o-seznam.cz\/kariera\/wp-content\/uploads\/sites\/2\/2024\/03\/benefity-dovolena-navic-32x32-1.svg\" class=\"attachment-full size-full\" alt=\"\" \/><\/span>\n\t\t\t\t<strong>Dovolen\u00e1 o t\u00fdden del\u0161\u00ed<\/strong>\n\t\t\t<\/summary>\n\t<div class=\"inner-blocks\">Dovolen\u00e9 nen\u00ed nikdy dost. Proto v\u00e1m ke standardn\u00edm 4 t\u00fddn\u016fm dovolen\u00e9 p\u0159id\u00e1me je\u0161t\u011b dal\u0161\u00ed t\u00fdden.<\/div><\/details>\n\n<details class=\"expander is-style-default is-style-symbol is-style-symbol-icon\">\n\t<summary data-datalayer-name=\"expander_benefit_14197\" data-datalayer-text=\"Dny volna nav\u00edc\">\n\t\t\t\t\t<span><img loading=\"lazy\" decoding=\"async\" width=\"32\" height=\"32\" src=\"https:\/\/o-seznam.cz\/kariera\/wp-content\/uploads\/sites\/2\/2024\/03\/benefity-free-days-32x32-1.svg\" class=\"attachment-full size-full\" alt=\"\" \/><\/span>\n\t\t\t\t<strong>Dny volna nav\u00edc<\/strong>\n\t\t\t<\/summary>\n\t<div class=\"inner-blocks\">K dovolen\u00e9 je\u0161t\u011b dal\u0161\u00edch 5 dn\u016f? No fakt. A\u0165 u\u017e chcete t\u0159eba jen leno\u0161it nebo v\u00e1s hezk\u00e9 po\u010das\u00ed naopak \u017eene ven, u\u017eijte si volno podle va\u0161ich p\u0159edstav.<\/div><\/details>\n\n<details class=\"expander is-style-default is-style-symbol is-style-symbol-icon\">\n\t<summary data-datalayer-name=\"expander_benefit_14200\" data-datalayer-text=\"Pru\u017en\u00e1 pracovn\u00ed doba\">\n\t\t\t\t\t<span><img loading=\"lazy\" decoding=\"async\" width=\"32\" height=\"32\" src=\"https:\/\/o-seznam.cz\/kariera\/wp-content\/uploads\/sites\/2\/2024\/03\/benefity-pruzna-pracovni-doba-32x32-1.svg\" class=\"attachment-full size-full\" alt=\"\" \/><\/span>\n\t\t\t\t<strong>Pru\u017en\u00e1 pracovn\u00ed doba<\/strong>\n\t\t\t<\/summary>\n\t<div class=\"inner-blocks\">N\u011bkdo je rann\u00ed pt\u00e1\u010de a nejv\u00edc pr\u00e1ce ud\u011bl\u00e1 se sv\u00edt\u00e1n\u00edm, n\u011bkdo zas sova a nejv\u00edc klidu na pr\u00e1ci m\u00e1 ve\u010der. D\u016fle\u017eit\u00e9 jsou pro n\u00e1s kvalitn\u00ed v\u00fdsledky, ne v\u00e1\u0161 rozvrh hodin.<\/div><\/details>\n\n<details class=\"expander is-style-default is-style-symbol is-style-symbol-icon limiter-item-hidden\">\n\t<summary data-datalayer-name=\"expander_benefit_14218\" data-datalayer-text=\"Ovoce do pr\u00e1ce\">\n\t\t\t\t\t<span><img loading=\"lazy\" decoding=\"async\" width=\"32\" height=\"32\" src=\"https:\/\/o-seznam.cz\/kariera\/wp-content\/uploads\/sites\/2\/2024\/03\/benefity-ovoce-do-prace-32x32-1.svg\" class=\"attachment-full size-full\" alt=\"\" \/><\/span>\n\t\t\t\t<strong>Ovoce do pr\u00e1ce<\/strong>\n\t\t\t<\/summary>\n\t<div class=\"inner-blocks\">N\u00e1lo\u017e vitam\u00edn\u016f 2x m\u011bs\u00ed\u010dn\u011b, ob\u010das i s n\u011bjak\u00fdm chu\u0165ov\u00fdm p\u0159ekv\u00e1pkem.<\/div><\/details>\n\n<details class=\"expander is-style-default is-style-symbol is-style-symbol-icon limiter-item-hidden\">\n\t<summary data-datalayer-name=\"expander_benefit_15035\" data-datalayer-text=\"Konferencie\">\n\t\t\t\t\t<span><img loading=\"lazy\" decoding=\"async\" width=\"32\" height=\"32\" src=\"https:\/\/o-seznam.cz\/kariera\/wp-content\/uploads\/sites\/2\/2024\/03\/benefity-konference-32x32-1.svg\" class=\"attachment-full size-full\" alt=\"\" \/><\/span>\n\t\t\t\t<strong>Konferencie<\/strong>\n\t\t\t<\/summary>\n\t<div class=\"inner-blocks\">Na\u010derpajte nov\u00e9 in\u0161pir\u00e1cie a trendy, a to bu\u010f v publiku alebo rovno na p\u00f3diu.<\/div><\/details>\n<\/div><\/div>\n\n<\/div><\/div>\n\n\n\n<div class=\"wp-block-group is-layout-constrained wp-block-group-is-layout-constrained\">\n<div class=\"wp-block-group is-layout-constrained wp-block-group-is-layout-constrained\">\n<h2 class=\"wp-block-heading\">Prvn\u00ed dny v Seznamu<\/h2>\n\n\n\n<p>Koukn\u011bte, jak vypad\u00e1 prvn\u00ed den, a\u0165 se va\u0161e cesta na vysn\u011bnou pozici obejde bez zbyte\u010dn\u00fdch \u0161kobrtnut\u00ed.<\/p>\n\n\n\n<div class=\"accordion\">\n\t<div class=\"accordion__items\">\n\n<details class=\"expander is-style-default is-style-symbol is-style-symbol-number\">\n\t<summary data-datalayer-name=\"expander_cesta_vitejte\" data-datalayer-text=\"V\u00edtejte na palub\u011b aneb Pre-onboarding\">\n\t\t\t\t\t<span><span class=\"expander__number\">1<\/span><\/span>\n\t\t\t\t<strong>V\u00edtejte na palub\u011b aneb Pre-onboarding<\/strong>\n\t\t\t<\/summary>\n\t<div class=\"inner-blocks\">\n\n<p>Skv\u011ble, pl\u00e1cli jsme si na spolupr\u00e1ci. N\u00e1stupn\u00ed dokumenty podep\u00ed\u0161ete elektronicky klidn\u011b je\u0161t\u011b p\u0159ed n\u00e1stupem. \u017d\u00e1dn\u00e9 pap\u00edrov\u00e1n\u00ed, \u0161et\u0159\u00edme p\u0159\u00edrodu. A kdy\u017e budete cht\u00edt, m\u016f\u017eeme se rovnou domluvit na kafe s n\u011bk\u00fdm z t\u00fdmu, a\u0165 se nalad\u00edte na na\u0161i atmosf\u00e9ru.<\/p>\n\n<\/div><\/details>\n\n\n\n<details class=\"expander is-style-default is-style-symbol is-style-symbol-number\">\n\t<summary data-datalayer-name=\"expander_cesta_prvni_den\" data-datalayer-text=\"Hur\u00e1, v\u00e1\u0161 prvn\u00ed den v Seznamu\">\n\t\t\t\t\t<span><span class=\"expander__number\">2<\/span><\/span>\n\t\t\t\t<strong>Hur\u00e1, v\u00e1\u0161 prvn\u00ed den v Seznamu<\/strong>\n\t\t\t<\/summary>\n\t<div class=\"inner-blocks\">\n\n<p>Ka\u017ed\u00fd za\u010d\u00e1tek m\u011bs\u00edce v\u00edt\u00e1me v\u0161echny nov\u00e1\u010dky u n\u00e1s na centr\u00e1le v Praze. Vy\u0159e\u0161\u00edme pot\u0159ebnou administrativu, p\u0159ed\u00e1me v\u00e1m techniku, sezn\u00e1m\u00edme v\u00e1s s kolegy a nakonec v\u00e1s provedeme po na\u0161em labyrintu.<\/p>\n\n<\/div><\/details>\n\n\n\n<details class=\"expander is-style-default is-style-symbol is-style-symbol-number\">\n\t<summary data-datalayer-name=\"expander_cesta_adaptace\" data-datalayer-text=\"Adaptace aneb j\u00e9\u00e9\u00e9, funguje to!\">\n\t\t\t\t\t<span><span class=\"expander__number\">3<\/span><\/span>\n\t\t\t\t<strong>Adaptace aneb j\u00e9\u00e9\u00e9, funguje to!<\/strong>\n\t\t\t<\/summary>\n\t<div class=\"inner-blocks\">\n\n<p>Na za\u010d\u00e1tku to vypad\u00e1 mo\u017en\u00e1 trochu chaoticky, ale nebojte, m\u00e1me promakan\u00fd syst\u00e9m \u0161kolen\u00ed pro ka\u017edou pozici, tak\u017ee co neum\u00edte, r\u00e1di nau\u010d\u00edme.<\/p>\n\n<\/div><\/details>\n\n\n\n<details class=\"expander is-style-default is-style-symbol is-style-symbol-number\">\n\t<summary data-datalayer-name=\"expander_cesta_vzdelavani\" data-datalayer-text=\"Um\u00edte v\u0161e levou zadn\u00ed? Pak je tu intern\u00ed vzd\u011bl\u00e1v\u00e1n\u00ed\">\n\t\t\t\t\t<span><span class=\"expander__number\">4<\/span><\/span>\n\t\t\t\t<strong>Um\u00edte v\u0161e levou zadn\u00ed? Pak je tu intern\u00ed vzd\u011bl\u00e1v\u00e1n\u00ed<\/strong>\n\t\t\t<\/summary>\n\t<div class=\"inner-blocks\">\n\n<p>Po rozpa\u010dit\u00e9m za\u010d\u00e1tku jste u\u017e prof\u00edci v oboru, gratulujeme. A proto\u017ee um\u011bt v\u0161echno je nuda, n\u00e1\u0161 t\u00fdm tren\u00e9r\u016f v\u00e1m r\u00e1d porad\u00ed s dal\u0161\u00edm rozvojem. A nab\u00eddka je nekone\u010dn\u011b bohat\u00e1, vybrat si m\u016f\u017eete z na\u0161eho e-learningu nebo \u0161kolen\u00ed p\u0159\u00edmo na m\u00edru.<\/p>\n\n<\/div><\/details>\n\n<\/div><\/div>\n\n<\/div>\n<\/div>\n\n\n\n<div class=\"wp-block-group is-layout-constrained wp-block-group-is-layout-constrained\">\n<h2 class=\"wp-block-heading\">Kde n\u00e1s najdete<\/h2>\n\n\n<div class=\"wp-block-seznam-branches\"> \n<div class=\"branchesMap\">\n\t<div>\n \n\n \n<div class=\"max-w-[35rem] mx-auto my-f6 \">\n\t \n<div class=\"mapSilhouette\" data-points=\"[{&quot;id&quot;:13397,&quot;title&quot;:&quot;Praha&quot;,&quot;x&quot;:22.699999999999999,&quot;y&quot;:34.700000000000003,&quot;is_active&quot;:false},{&quot;id&quot;:13385,&quot;title&quot;:&quot;Brno&quot;,&quot;x&quot;:42.299999999999997,&quot;y&quot;:52.799999999999997,&quot;is_active&quot;:false},{&quot;id&quot;:13425,&quot;title&quot;:&quot;Ostrava \\u2013 V\\u00edtkovice&quot;,&quot;x&quot;:58.700000000000003,&quot;y&quot;:33.799999999999997,&quot;is_active&quot;:false},{&quot;id&quot;:13452,&quot;title&quot;:&quot;Bratislava&quot;,&quot;x&quot;:49.799999999999997,&quot;y&quot;:83.599999999999994,&quot;is_active&quot;:false},{&quot;id&quot;:13443,&quot;title&quot;:&quot;Zl\\u00edn&quot;,&quot;x&quot;:53.5,&quot;y&quot;:51.799999999999997,&quot;is_active&quot;:false}]\">\n\t<img loading=\"lazy\" decoding=\"async\" src=\"https:\/\/o-seznam.cz\/kariera\/wp-content\/themes\/seznam\/assets\/images\/mapa-silouethe.svg\" width=\"560\" height=\"254\" alt=\"Mapa \u010cesko a Slovensko\" \/>\n\t<span class=\"mapSilhouette__point\" data-id=\"13397\"  style=\"left:22.7%;top:34.7%\"><\/span><span class=\"mapSilhouette__point\" data-id=\"13385\"  style=\"left:42.3%;top:52.8%\"><\/span><span class=\"mapSilhouette__point\" data-id=\"13425\"  style=\"left:58.7%;top:33.8%\"><\/span><span class=\"mapSilhouette__point\" data-id=\"13452\"  style=\"left:49.8%;top:83.6%\"><\/span><span class=\"mapSilhouette__point\" data-id=\"13443\"  style=\"left:53.5%;top:51.8%\"><\/span><span class=\"mapSilhouette__pointer\" hidden=\"true\"><\/span><\/div>\n <\/div>\n \n\n\n<div class=\"accordion\">\n\t<div class=\"accordion__items\">\n\t\n<details class=\"expander is-style-box\" data-id=\"13397\">\n\t<summary data-datalayer-name=\"expander_branch_13397\" data-datalayer-text=\"Praha\">\n\t\t\t\t<strong>Praha<\/strong>\n\t\t\t<\/summary>\n\t<div class=\"inner-blocks\"> \n\n<div>Seznam.cz, a.s.<br \/>\r\nRadlick\u00e1 3294\/10<br \/>\r\n150 00 Praha 5 \u2013 Sm\u00edchov<\/div>\n\n\t<div class=\"my-6 sm:my-4 text-neutral-60\">\n\t\tNa\u0161e centr\u00e1la je velmi dob\u0159e dostupn\u00e1, m\u016f\u017eete dorazit metrem na lince B, jednou z nes\u010detn\u00fdch tramvaj\u00ed nebo autobusem. Autobusov\u00e9 n\u00e1dra\u017e\u00ed Na Kn\u00ed\u017eec\u00ed je hned za rohem.\t<\/div>\n\n<table class=\"mt-f2 mb-f4\"><tr style=\"\"><th class=\"pr-3 align-top text-left text-neutral-60 font-normal \"><span class=\"block pt-1\">Metro<\/span><\/th><td class=\"\"><div class=\"flex gap-2 flex-wrap\"><span style=\"min-width:2rem\" class=\"inline-block min-w-8 h-7 leading-7 px-2 text-center rounded-2 text-white text-xs whitespace-nowrap bg-[#D4BD42]\">B \u2013 And\u011bl<\/span> <\/div><\/td><\/tr><tr style=\"\"><th class=\"pr-3 align-top text-left text-neutral-60 font-normal pt-4\"><span class=\"block pt-1\">Tramvaj<\/span><\/th><td class=\"pt-4\"><div class=\"flex gap-2 flex-wrap\"><span style=\"min-width:2rem\" class=\"inline-block min-w-8 h-7 leading-7 px-2 text-center rounded-2 text-white text-xs whitespace-nowrap bg-[#3B84C9]\">4<\/span> <span style=\"min-width:2rem\" class=\"inline-block min-w-8 h-7 leading-7 px-2 text-center rounded-2 text-white text-xs whitespace-nowrap bg-[#3B84C9]\">5<\/span> <span style=\"min-width:2rem\" class=\"inline-block min-w-8 h-7 leading-7 px-2 text-center rounded-2 text-white text-xs whitespace-nowrap bg-[#3B84C9]\">7<\/span> <span style=\"min-width:2rem\" class=\"inline-block min-w-8 h-7 leading-7 px-2 text-center rounded-2 text-white text-xs whitespace-nowrap bg-[#3B84C9]\">9<\/span> <span style=\"min-width:2rem\" class=\"inline-block min-w-8 h-7 leading-7 px-2 text-center rounded-2 text-white text-xs whitespace-nowrap bg-[#3B84C9]\">10<\/span> <span style=\"min-width:2rem\" class=\"inline-block min-w-8 h-7 leading-7 px-2 text-center rounded-2 text-white text-xs whitespace-nowrap bg-[#3B84C9]\">12<\/span> <span style=\"min-width:2rem\" class=\"inline-block min-w-8 h-7 leading-7 px-2 text-center rounded-2 text-white text-xs whitespace-nowrap bg-[#3B84C9]\">15<\/span> <span style=\"min-width:2rem\" class=\"inline-block min-w-8 h-7 leading-7 px-2 text-center rounded-2 text-white text-xs whitespace-nowrap bg-[#3B84C9]\">16<\/span> <span style=\"min-width:2rem\" class=\"inline-block min-w-8 h-7 leading-7 px-2 text-center rounded-2 text-white text-xs whitespace-nowrap bg-[#3B84C9]\">20<\/span> <\/div><\/td><\/tr><tr style=\"\"><th class=\"pr-3 align-top text-left text-neutral-60 font-normal pt-4\"><span class=\"block pt-1\">Bus<\/span><\/th><td class=\"pt-4\"><div class=\"flex gap-2 flex-wrap\"><span style=\"min-width:2rem\" class=\"inline-block min-w-8 h-7 leading-7 px-2 text-center rounded-2 text-white text-xs whitespace-nowrap bg-[#3B84C9]\">120<\/span> <span style=\"min-width:2rem\" class=\"inline-block min-w-8 h-7 leading-7 px-2 text-center rounded-2 text-white text-xs whitespace-nowrap bg-[#3B84C9]\">123<\/span> <span style=\"min-width:2rem\" class=\"inline-block min-w-8 h-7 leading-7 px-2 text-center rounded-2 text-white text-xs whitespace-nowrap bg-[#3B84C9]\">137<\/span> <span style=\"min-width:2rem\" class=\"inline-block min-w-8 h-7 leading-7 px-2 text-center rounded-2 text-white text-xs whitespace-nowrap bg-[#3B84C9]\">167<\/span> <span style=\"min-width:2rem\" class=\"inline-block min-w-8 h-7 leading-7 px-2 text-center rounded-2 text-white text-xs whitespace-nowrap bg-[#3B84C9]\">191<\/span> <\/div><\/td><\/tr><\/table>\t\t\t\t<div>\n\t\t\t\t\t<a class=\"button wp-element-button is-style-secondary-2\" href=\"https:\/\/o-seznam.cz\/kariera\/praha\/\">Voln\u00e9 pozice na pobo\u010dce<\/a>\n\t\t\t\t<\/div>\n\t\t\t\n \n<\/div><\/details>\n\n<details class=\"expander is-style-box\" data-id=\"13385\">\n\t<summary data-datalayer-name=\"expander_branch_13385\" data-datalayer-text=\"Brno\">\n\t\t\t\t<strong>Brno<\/strong>\n\t\t\t<\/summary>\n\t<div class=\"inner-blocks\"> \n\n<div>Seznam.cz, a.s.<br \/>\r\nThe Campus Science Park \u2013 Budova C<br \/>\r\nPalachovo n\u00e1m\u011bst\u00ed 797\/4<br \/>\r\n625 00 Brno \u2013 Star\u00fd L\u00edskovec<\/div>\n\n\t<div class=\"my-6 sm:my-4 text-neutral-60\">\n\t\tNejbli\u017e\u0161\u00ed zast\u00e1vka je Nemocnice Bohunice. Pokud jste p\u0159ijeli vlakem, na n\u00e1dra\u017e\u00ed sko\u010dte do \u0161aliny \u010d. 8 a za 20 minut jste u n\u00e1s. Parkovat lze v podzemn\u00edch gar\u00e1\u017e\u00edch nebo v okoln\u00edch oblastech Campus Square.\t<\/div>\n\n<table class=\"mt-f2 mb-f4\"><tr style=\"\"><th class=\"pr-3 align-top text-left text-neutral-60 font-normal \"><span class=\"block pt-1\">\u0160alina<\/span><\/th><td class=\"\"><div class=\"flex gap-2 flex-wrap\"><span style=\"min-width:2rem\" class=\"inline-block min-w-8 h-7 leading-7 px-2 text-center rounded-2 text-white text-xs whitespace-nowrap bg-[#3B84C9]\">8<\/span> <\/div><\/td><\/tr><tr style=\"\"><th class=\"pr-3 align-top text-left text-neutral-60 font-normal pt-4\"><span class=\"block pt-1\">Bus<\/span><\/th><td class=\"pt-4\"><div class=\"flex gap-2 flex-wrap\"><span style=\"min-width:2rem\" class=\"inline-block min-w-8 h-7 leading-7 px-2 text-center rounded-2 text-white text-xs whitespace-nowrap bg-[#3B84C9]\">40<\/span> <span style=\"min-width:2rem\" class=\"inline-block min-w-8 h-7 leading-7 px-2 text-center rounded-2 text-white text-xs whitespace-nowrap bg-[#3B84C9]\">50<\/span> <span style=\"min-width:2rem\" class=\"inline-block min-w-8 h-7 leading-7 px-2 text-center rounded-2 text-white text-xs whitespace-nowrap bg-[#3B84C9]\">51<\/span> <span style=\"min-width:2rem\" class=\"inline-block min-w-8 h-7 leading-7 px-2 text-center rounded-2 text-white text-xs whitespace-nowrap bg-[#3B84C9]\">69<\/span> <span style=\"min-width:2rem\" class=\"inline-block min-w-8 h-7 leading-7 px-2 text-center rounded-2 text-white text-xs whitespace-nowrap bg-[#3B84C9]\">E56<\/span> <\/div><\/td><\/tr><tr style=\"\"><th class=\"pr-3 align-top text-left text-neutral-60 font-normal pt-4\"><span class=\"block pt-1\">Trolejbus<\/span><\/th><td class=\"pt-4\"><div class=\"flex gap-2 flex-wrap\"><span style=\"min-width:2rem\" class=\"inline-block min-w-8 h-7 leading-7 px-2 text-center rounded-2 text-white text-xs whitespace-nowrap bg-[#3B84C9]\">25<\/span> <span style=\"min-width:2rem\" class=\"inline-block min-w-8 h-7 leading-7 px-2 text-center rounded-2 text-white text-xs whitespace-nowrap bg-[#3B84C9]\">37<\/span> <\/div><\/td><\/tr><\/table>\t\t\t\t<div>\n\t\t\t\t\t<a class=\"button wp-element-button is-style-secondary-2\" href=\"https:\/\/o-seznam.cz\/kariera\/brno\/\">Voln\u00e9 pozice na pobo\u010dce<\/a>\n\t\t\t\t<\/div>\n\t\t\t\n \n<\/div><\/details>\n\n<details class=\"expander is-style-box\" data-id=\"13425\">\n\t<summary data-datalayer-name=\"expander_branch_13425\" data-datalayer-text=\"Ostrava \u2013 V\u00edtkovice\">\n\t\t\t\t<strong>Ostrava \u2013 V\u00edtkovice<\/strong>\n\t\t\t<\/summary>\n\t<div class=\"inner-blocks\"> \n\n<div>Seznam.cz, a.s.<br \/>\r\nRusk\u00e1 87\/11<br \/>\r\n703 00 Ostrava \u2013 V\u00edtkovice<\/div>\n\n\t<div class=\"my-6 sm:my-4 text-neutral-60\">\n\t\tPokud n\u00e1s nav\u0161t\u00edv\u00edte autem, p\u00e1r m\u00edst k parkov\u00e1n\u00ed najdete p\u0159\u00edmo na na\u0161em mal\u00e9m parkovi\u0161ti. A pokud chcete vyu\u017e\u00edt MHD, p\u0159\u00edmo z vlakov\u00e9ho n\u00e1dra\u017e\u00ed se k n\u00e1m dostanete tramvaj\u00ed \u010d. 1 nebo 2.\t<\/div>\n\n<table class=\"mt-f2 mb-f4\"><tr style=\"\"><th class=\"pr-3 align-top text-left text-neutral-60 font-normal \"><span class=\"block pt-1\">Tramvaj<\/span><\/th><td class=\"\"><div class=\"flex gap-2 flex-wrap\"><span style=\"min-width:2rem\" class=\"inline-block min-w-8 h-7 leading-7 px-2 text-center rounded-2 text-white text-xs whitespace-nowrap bg-[#3B84C9]\">1<\/span> <span style=\"min-width:2rem\" class=\"inline-block min-w-8 h-7 leading-7 px-2 text-center rounded-2 text-white text-xs whitespace-nowrap bg-[#3B84C9]\">2<\/span> <\/div><\/td><\/tr><\/table>\t\t\t\t<div>\n\t\t\t\t\t<a class=\"button wp-element-button is-style-secondary-2\" href=\"https:\/\/o-seznam.cz\/kariera\/ostrava\/\">Voln\u00e9 pozice na pobo\u010dce<\/a>\n\t\t\t\t<\/div>\n\t\t\t\n \n<\/div><\/details>\n\n<details class=\"expander is-style-box\" data-id=\"13452\">\n\t<summary data-datalayer-name=\"expander_branch_13452\" data-datalayer-text=\"Bratislava\">\n\t\t\t\t<strong>Bratislava<\/strong>\n\t\t\t<\/summary>\n\t<div class=\"inner-blocks\"> \n\n<div>Seznam.cz Slovensko, s.r.o.<br \/>\r\nBottova 7939\/2A<br \/>\r\n811 09 Bratislava \u2013 Star\u00e9 Mesto<br \/>\r\nSlovensko<\/div>\n\n\n<table class=\"mt-f2 mb-f4\"><tr style=\"\"><th class=\"pr-3 align-top text-left text-neutral-60 font-normal \"><span class=\"block pt-1\">Bus<\/span><\/th><td class=\"\"><div class=\"flex gap-2 flex-wrap\"><span style=\"min-width:2rem\" class=\"inline-block min-w-8 h-7 leading-7 px-2 text-center rounded-2 text-white text-xs whitespace-nowrap bg-[#3B84C9]\">50<\/span> <span style=\"min-width:2rem\" class=\"inline-block min-w-8 h-7 leading-7 px-2 text-center rounded-2 text-white text-xs whitespace-nowrap bg-[#3B84C9]\">68<\/span> <span style=\"min-width:2rem\" class=\"inline-block min-w-8 h-7 leading-7 px-2 text-center rounded-2 text-white text-xs whitespace-nowrap bg-[#3B84C9]\">88<\/span> <span style=\"min-width:2rem\" class=\"inline-block min-w-8 h-7 leading-7 px-2 text-center rounded-2 text-white text-xs whitespace-nowrap bg-[#3B84C9]\">90<\/span> <\/div><\/td><\/tr><\/table>\t\t\t\t<div>\n\t\t\t\t\t<a class=\"button wp-element-button is-style-secondary-2\" href=\"https:\/\/o-seznam.cz\/kariera\/bratislava\/\">Voln\u00e9 pozice na pobo\u010dce<\/a>\n\t\t\t\t<\/div>\n\t\t\t\n \n<\/div><\/details>\n\n<details class=\"expander is-style-box\" data-id=\"13443\">\n\t<summary data-datalayer-name=\"expander_branch_13443\" data-datalayer-text=\"Zl\u00edn\">\n\t\t\t\t<strong>Zl\u00edn<\/strong>\n\t\t\t<\/summary>\n\t<div class=\"inner-blocks\"> \n\n<div>Seznam.cz, a.s.<br \/>\r\nTe\u010dovsk\u00e1 1052<br \/>\r\n763 02 Zl\u00edn \u2013\u00a0Malenovice<\/div>\n\n\t<div class=\"my-6 sm:my-4 text-neutral-60\">\n\t\tZ vlakov\u00e9ho n\u00e1dra\u017e\u00ed je to k n\u00e1m jen 10 minut ch\u016fze a pokud p\u0159ijedete MHD, vysko\u010dte na zast\u00e1vce Malenovice, Te\u010dovsk\u00e1. S parkov\u00e1n\u00edm nen\u00ed probl\u00e9m, pobo\u010dka m\u00e1 vlastn\u00ed parkovac\u00ed m\u00edsta.\t<\/div>\n\n<table class=\"mt-f2 mb-f4\"><tr style=\"\"><th class=\"pr-3 align-top text-left text-neutral-60 font-normal \"><span class=\"block pt-1\">Bus<\/span><\/th><td class=\"\"><div class=\"flex gap-2 flex-wrap\"><span style=\"min-width:2rem\" class=\"inline-block min-w-8 h-7 leading-7 px-2 text-center rounded-2 text-white text-xs whitespace-nowrap bg-[#3B84C9]\">52<\/span> <span style=\"min-width:2rem\" class=\"inline-block min-w-8 h-7 leading-7 px-2 text-center rounded-2 text-white text-xs whitespace-nowrap bg-[#3B84C9]\">154<\/span> <span style=\"min-width:2rem\" class=\"inline-block min-w-8 h-7 leading-7 px-2 text-center rounded-2 text-white text-xs whitespace-nowrap bg-[#3B84C9]\">155<\/span> <\/div><\/td><\/tr><\/table>\t\t\t\t<div>\n\t\t\t\t\t<a class=\"button wp-element-button is-style-secondary-2\" href=\"https:\/\/o-seznam.cz\/kariera\/zlin\/\">Voln\u00e9 pozice na pobo\u010dce<\/a>\n\t\t\t\t<\/div>\n\t\t\t\n \n<\/div><\/details>\n<\/div><\/div>\n\n\n\t\n \n\t<\/div>\n<\/div>\n <\/div>\n<\/div>\n\n<\/div>\n\n\n<div class=\"layout__sidebar is-layout-flow wp-block-seznam-layout-slot-is-layout-flow\">\n\t\n\n<div class=\"cta-stickybox is-hidden-on-form-confirmation-loaded wp-block-seznam-cta-stickybox-hr\">\n\t<div class=\"cta-stickybox__inner\">\n\n\t\t\t\t\t<div class=\"cta-stickybox__head cta-stickybox__head--desktop\">\n\t\t\t\t\t\t\t\t<h3>Chcete u n\u00e1s pracovat?<\/h3>\n\t\t\t<\/div>\n\t\t\n\t\t<div class=\"cta-stickybox__head cta-stickybox__head--mobile\">\n\t\t\t\t\t\t<div>\n\t\t\t\t<p><strong>Chcete u n\u00e1s pracovat?<\/strong><\/p>\n\t\t\t\t<button class=\"cta-stickybox__toggle\" aria-controls=\"cta_13260b8\" aria-expanded=\"false\">M\u00e1m z\u00e1jem <\/button>\n\t\t\t<\/div>\n\t\t<\/div>\n\n\t\t<div class=\"cta-stickybox__content\" id=\"cta_13260b8\">\n\t\t\t\t\t\t\t<a class=\"wp-element-button\" data-datalayer-name=\"cta_stickybox_primary\" href=\"\">Poslat \u017eivotopis<\/a>\n\t\t\t\t\t\t\t\t\t\t<a class=\"wp-element-button is-style-secondary-2\" data-datalayer-name=\"cta_stickybox_secondary\"  href=\"\">Zeptat se<\/a>\n\t\t\t\t\t<\/div>\n\n\t<\/div>\n<\/div>\n\n\n<\/div>\n\n\t\t<\/div>\n\t<\/div>\n\t<div class=\"layout__breakpoint\"><\/div>\n<\/div>\n<\/div>\n","protected":false},"excerpt":{"rendered":"<p>V Seznamu vyu\u017e\u00edv\u00e1me strojov\u00e9 u\u010den\u00ed a um\u011blou inteligenci pro \u0159e\u0161en\u00ed slo\u017eit\u00fdch probl\u00e9m\u016f a ke zvl\u00e1dnut\u00ed komplexn\u00edch, velk\u00fdch a rychle se m\u011bn\u00edc\u00edch dat. ML modely n\u00e1m pom\u00e1haj\u00ed efektivn\u011b \u0159e\u0161it rozli\u010dn\u00e9 \u00falohy extrakce, predikce, optimalizace, automatizace, transformace a dal\u0161\u00ed zapeklitosti. Hlavn\u00ed \u00falohou V\u00fdzkumu je navrhovat inovativn\u00ed \u0159e\u0161en\u00ed s pou\u017eit\u00edm strojov\u00e9ho u\u010den\u00ed a um\u011bl\u00e9 inteligence ve v\u0161ech oblastech [&hellip;]<\/p>\n","protected":false},"author":2,"featured_media":0,"parent":0,"menu_order":0,"comment_status":"closed","ping_status":"closed","template":"","meta":{"_acf_changed":false,"_relevanssi_hide_post":"","_relevanssi_hide_content":"","_relevanssi_pin_for_all":"","_relevanssi_pin_keywords":"","_relevanssi_unpin_keywords":"","_relevanssi_related_keywords":"","_relevanssi_related_include_ids":"","_relevanssi_related_exclude_ids":"","_relevanssi_related_no_append":"","_relevanssi_related_not_related":"","_relevanssi_related_posts":"","_relevanssi_noindex_reason":"","footnotes":""},"page_category":[274],"page_tag":[],"class_list":["post-17025","page","type-page","status-publish","hentry"],"acf":[],"_links":{"self":[{"href":"https:\/\/o-seznam.cz\/kariera\/wp-json\/wp\/v2\/pages\/17025","targetHints":{"allow":["GET"]}}],"collection":[{"href":"https:\/\/o-seznam.cz\/kariera\/wp-json\/wp\/v2\/pages"}],"about":[{"href":"https:\/\/o-seznam.cz\/kariera\/wp-json\/wp\/v2\/types\/page"}],"author":[{"embeddable":true,"href":"https:\/\/o-seznam.cz\/kariera\/wp-json\/wp\/v2\/users\/2"}],"replies":[{"embeddable":true,"href":"https:\/\/o-seznam.cz\/kariera\/wp-json\/wp\/v2\/comments?post=17025"}],"version-history":[{"count":25,"href":"https:\/\/o-seznam.cz\/kariera\/wp-json\/wp\/v2\/pages\/17025\/revisions"}],"predecessor-version":[{"id":20452,"href":"https:\/\/o-seznam.cz\/kariera\/wp-json\/wp\/v2\/pages\/17025\/revisions\/20452"}],"wp:attachment":[{"href":"https:\/\/o-seznam.cz\/kariera\/wp-json\/wp\/v2\/media?parent=17025"}],"wp:term":[{"taxonomy":"page_category","embeddable":true,"href":"https:\/\/o-seznam.cz\/kariera\/wp-json\/wp\/v2\/page_category?post=17025"},{"taxonomy":"page_tag","embeddable":true,"href":"https:\/\/o-seznam.cz\/kariera\/wp-json\/wp\/v2\/page_tag?post=17025"}],"curies":[{"name":"wp","href":"https:\/\/api.w.org\/{rel}","templated":true}]}}