{"id":15237,"date":"2024-06-04T16:30:40","date_gmt":"2024-06-04T14:30:40","guid":{"rendered":"https:\/\/o-seznam.cz\/kariera\/?page_id=15237"},"modified":"2025-11-03T17:59:08","modified_gmt":"2025-11-03T16:59:08","slug":"pracovni-doba","status":"publish","type":"page","link":"https:\/\/o-seznam.cz\/kariera\/nejcastejsi-dotazy\/pracovni-doba\/","title":{"rendered":"V\u0161e o pracovn\u00ed dob\u011b"},"content":{"rendered":"\n<div class=\"wp-block-group is-layout-constrained wp-block-group-is-layout-constrained\">\n<p>Bude to te\u010f trochu nudn\u00e9 pr\u00e1vni\u010diny, ale bez jasn\u00fdch definic\u00ed to na za\u010d\u00e1tku nejde. Proto\u017ee teprve pak se m\u016f\u017eeme na lec\u010dems individu\u00e1ln\u011b domluvit, flexibilita je toti\u017e v Seznamu na\u0161e obl\u00edben\u00e9 slovo.<\/p>\n\n\n<nav class=\"menu-anchors limiter\" data-limiter=\"6\" data-limiter-selector=\"&gt; ul\">\n<ul>\n\t<li><a href=\"#co-je-to-pracovni-doba\">Co je to pracovn\u00ed doba?<\/a><\/li>\n<li><a href=\"#jak-se-stanovuje\">Jak se stanovuje pracovn\u00ed doba?<\/a><\/li>\n<li><a href=\"#narok-na-prestavku\">Kdy m\u00e1m n\u00e1rok na p\u0159est\u00e1vku?<\/a><\/li>\n<li><a href=\"#jak-dlouho-mohu-pracovat\">Jak dlouho mohu maxim\u00e1ln\u011b pracovat v jednom dni?<\/a><\/li>\n<li><a href=\"#zkracena-pracovni-doba\">Jak funguje zkr\u00e1cen\u00e1 pracovn\u00ed doba?<\/a><\/li>\n<li><a href=\"#povinnosti\">Jak\u00e9 povinnosti m\u00e1 zam\u011bstnavatel?<\/a><\/li>\n<li class=\"limiter-item-hidden\"><a href=\"#pruzna-vs-smenna\">Pru\u017en\u00e1 pracovn\u00ed doba vs. sm\u011bnn\u00e1 pracovn\u00ed doba<\/a><\/li>\n<li class=\"limiter-item-hidden\"><a href=\"#v-seznamu\">Jak je nastaven\u00e1 pracovn\u00ed doba v Seznamu?<\/a><\/li>\n<\/ul>\n\t<button class=\"limiter__button circle-button circle-button--down\">\n\t\t<span class=\"screen-reader-text\">Zobrazit v\u0161e <\/span>\n\t<\/button>\n\n<\/nav>\n<\/div>\n\n\n\n<div class=\"wp-block-group is-layout-constrained wp-block-group-is-layout-constrained\">\n<h2 class=\"wp-block-heading\" id=\"co-je-to-pracovni-doba\">Co je to pracovn\u00ed doba?<\/h2>\n\n\n\n<p>Pracovn\u00ed dobu n\u00e1m definuje Z\u00e1kon\u00edk pr\u00e1ce jako dobu, v n\u00ed\u017e je zam\u011bstnanec povinen vykon\u00e1vat pro zam\u011bstnavatele pr\u00e1ci, a dobu, v n\u00ed\u017e je zam\u011bstnanec na pracovi\u0161ti p\u0159ipraven k v\u00fdkonu pr\u00e1ce podle pokyn\u016f zam\u011bstnavatele. Pracovn\u00ed dobu rozvrhuje zam\u011bstnavatel a ur\u010duje jej\u00ed za\u010d\u00e1tek a konec.<\/p>\n<\/div>\n\n\n\n<div class=\"wp-block-group is-layout-constrained wp-block-group-is-layout-constrained\">\n<h2 class=\"wp-block-heading\" id=\"jak-se-stanovuje\">Jak se stanovuje pracovn\u00ed doba?<\/h2>\n\n\n\n<p>Z\u00e1kladn\u00ed pracovn\u00ed doba je 40 hodin t\u00fddn\u011b (denn\u011b 8 hodin). Existuj\u00ed i v\u00fdjimky, kdy nemus\u00ed z\u00e1kladn\u00ed pracovn\u00ed doba \u010dinit cel\u00fdch 40 hodin t\u00fddn\u011b, a to nap\u0159. ve sm\u011bnn\u00fdch \u010di nep\u0159etr\u017eit\u00fdch provozech. Zde b\u00fdv\u00e1 t\u00fddenn\u00ed pracovn\u00ed doba o n\u011bco zkr\u00e1cen\u00e1. Pokud chceme v\u011bd\u011bt, jakou m\u00e1me m\u011bs\u00ed\u010dn\u00ed pracovn\u00ed dobu, tak po\u010det pracovn\u00edch dn\u016f ve zvolen\u00e9m m\u011bs\u00edci vyn\u00e1sob\u00edme po\u010dtem hodin pr\u016fm\u011brn\u011b odpracovan\u00fdch za jeden den. Nap\u0159\u00edklad m\u00e1-li m\u011bs\u00edc 21 pracovn\u00edch dn\u00ed a rozvr\u017een\u00ed je 8 pracovn\u00edch hodin za den, tak m\u011bs\u00ed\u010dn\u00ed pracovn\u00ed doba \u010din\u00ed 168 hodin. S pracovn\u00ed dobou souvis\u00ed je\u0161t\u011b p\u00e1r pojm\u016f, kter\u00e9 je dobr\u00e9 zn\u00e1t.<\/p>\n\n\n\n<div class=\"accordion\">\n\t<div class=\"accordion__items\">\n\n<details class=\"expander is-style-box\">\n\t<summary data-datalayer-name=\"\" data-datalayer-text=\"No\u010dn\u00ed pr\u00e1ce\">\n\t\t\t\t<strong>No\u010dn\u00ed pr\u00e1ce<\/strong>\n\t\t\t<\/summary>\n\t<div class=\"inner-blocks\">\n\n<p>Pr\u00e1ce konan\u00e1 v no\u010dn\u00ed dob\u011b, tj. doba mezi 22. a 6. hodinou.<\/p>\n\n<\/div><\/details>\n\n\n\n<details class=\"expander is-style-box\">\n\t<summary data-datalayer-name=\"\" data-datalayer-text=\"Pr\u00e1ce p\u0159es\u010das\">\n\t\t\t\t<strong>Pr\u00e1ce p\u0159es\u010das<\/strong>\n\t\t\t<\/summary>\n\t<div class=\"inner-blocks\">\n\n<p>Pr\u00e1ce, kter\u00e1 je vykon\u00e1van\u00e1 na p\u0159\u00edkaz nebo se souhlasem zam\u011bstnavatele. Je to pr\u00e1ce nad stanovenou t\u00fddenn\u00ed pracovn\u00ed dobou a zam\u011bstnavatel ji m\u016f\u017ee na\u0159\u00eddit pouze z v\u00e1\u017en\u00fdch provozn\u00edch d\u016fvod\u016f. A celkov\u00fd rozsah pr\u00e1ce p\u0159es\u010das nesm\u00ed \u010dinit v pr\u016fm\u011bru v\u00edce ne\u017e 8 hodin t\u00fddn\u011b a 150 hodin v kalend\u00e1\u0159n\u00edm roce, nedohodne-li se zam\u011bstnavatel se zam\u011bstnancem jinak.<\/p>\n\n<\/div><\/details>\n\n\n\n<details class=\"expander is-style-box\">\n\t<summary data-datalayer-name=\"\" data-datalayer-text=\"Pracovn\u00ed pohotovost\">\n\t\t\t\t<strong>Pracovn\u00ed pohotovost<\/strong>\n\t\t\t<\/summary>\n\t<div class=\"inner-blocks\">\n\n<p>Zam\u011bstnavatel m\u016f\u017ee po zam\u011bstnanci po\u017eadovat pracovn\u00ed pohotovost pouze na z\u00e1klad\u011b dohody. Za pracovn\u00ed pohotovost p\u0159\u00edslu\u0161\u00ed zam\u011bstnanci odm\u011bna, za v\u00fdkon pr\u00e1ce v dob\u011b pracovn\u00ed pohotovosti mu n\u00e1le\u017e\u00ed mzda \u010di plat.<\/p>\n\n<\/div><\/details>\n\n<\/div><\/div>\n\n<\/div>\n\n\n\n<div class=\"wp-block-group is-layout-constrained wp-block-group-is-layout-constrained\">\n<h2 class=\"wp-block-heading\" id=\"narok-na-prestavku\">Kdy m\u00e1m n\u00e1rok na p\u0159est\u00e1vku?<\/h2>\n\n\n\n<p>Nejd\u00e9le po 6 hodin\u00e1ch m\u00e1te n\u00e1rok na p\u0159est\u00e1vku, a to v d\u00e9lce minim\u00e1ln\u011b 30 minut. Pozor, tuto p\u0159est\u00e1vku nelze \u010derpat na za\u010d\u00e1tku a konci pracovn\u00ed doby. M\u016f\u017eete samoz\u0159ejm\u011b vyu\u017e\u00edt i del\u0161\u00ed pauzu. P\u0159est\u00e1vka se v\u0161ak nezapo\u010d\u00edt\u00e1v\u00e1 do pracovn\u00ed doby. V\u011bt\u0161ina na\u0161ich seznam\u00e1ck\u00fdch pobo\u010dek m\u00e1 v bl\u00edzk\u00e9m okol\u00ed v\u00edce restaurac\u00ed, a je tedy mo\u017en\u00e9 zvl\u00e1dnout ob\u011bd s kolegy za 30, 40 minut. Existuj\u00ed i takzvan\u00e9 bezpe\u010dnost\u00ed p\u0159est\u00e1vky, na kter\u00e9 maj\u00ed n\u011bkte\u0159\u00ed zam\u011bstnanci n\u00e1rok (nap\u0159\u00edklad p\u0159i vysok\u00e9 fyzick\u00e9 z\u00e1t\u011b\u017ei, dlouhodob\u00e9m zat\u00ed\u017een\u00ed zraku aj.), tato p\u0159est\u00e1vka se do pracovn\u00ed doby zapo\u010d\u00edt\u00e1v\u00e1. Z\u00e1kon ukl\u00e1d\u00e1 zam\u011bstnavateli poskytnout zvl\u00e1\u0161tn\u00ed p\u0159est\u00e1vku i na kojen\u00ed pro koj\u00edc\u00ed matky. Tato p\u0159est\u00e1vka se rovn\u011b\u017e zapo\u010d\u00edt\u00e1v\u00e1 do pracovn\u00ed doby.<\/p>\n<\/div>\n\n\n\n<div class=\"wp-block-group is-layout-constrained wp-block-group-is-layout-constrained\">\n<h2 class=\"wp-block-heading\">Nejnov\u011bj\u0161\u00ed nab\u00eddky<\/h2>\n\n\n<div class=\"wp-block-seznam-list-jobs\"><div class=\"wp-block-seznam-tiles has-columns-2\" style=\"--seznam-tiles--columns:2\"><div class=\"inner-blocks\"><div class=\"block-boxlink\"><a class=\"boxlink boxlink--icon-arrow boxlink--align-y-center px-f8 py-f4\" href=\"https:\/\/o-seznam.cz\/kariera\/488645-technical-seo-specialist\/\"><div class=\"inner-blocks\">\n\n<p class=\"font-bold\">Technical SEO Specialist<\/p>\n<p class=\"mt-1 text-sm text-neutral-60\">\n\t\t\t<span class=\"text-complement\">Praha<\/span>\n\t\t<span class=\"text-neutral-20 mx-1\">\u2022<\/span>\n\t\tPro mu\u017ee i \u017eeny<\/p>\n\n<\/div><\/a><\/div><div class=\"block-boxlink\"><a class=\"boxlink boxlink--icon-arrow boxlink--align-y-center px-f8 py-f4\" href=\"https:\/\/o-seznam.cz\/kariera\/488070-produktovy-manager-pro-llm\/\"><div class=\"inner-blocks\">\n\n<p class=\"font-bold\">Produktov\u00fd manager pro LLM\u00a0<\/p>\n<p class=\"mt-1 text-sm text-neutral-60\">\n\t\t\t<span class=\"text-complement\">Brno, Praha<\/span>\n\t\t<span class=\"text-neutral-20 mx-1\">\u2022<\/span>\n\t\tPro mu\u017ee i \u017eeny<\/p>\n\n<\/div><\/a><\/div><div class=\"block-boxlink\"><a class=\"boxlink boxlink--icon-arrow boxlink--align-y-center px-f8 py-f4\" href=\"https:\/\/o-seznam.cz\/kariera\/487587-obchodnik-pro-liberec\/\"><div class=\"inner-blocks\">\n\n<p class=\"font-bold\">Obchodn\u00edk pro Liberec<\/p>\n<p class=\"mt-1 text-sm text-neutral-60\">\n\t\t\t<span class=\"text-complement\">Liberec<\/span>\n\t\t<span class=\"text-neutral-20 mx-1\">\u2022<\/span>\n\t\tPro mu\u017ee i \u017eeny<\/p>\n\n<\/div><\/a><\/div><div class=\"block-boxlink\"><a class=\"boxlink boxlink--icon-arrow boxlink--align-y-center px-f8 py-f4\" href=\"https:\/\/o-seznam.cz\/kariera\/487453-obchodnik-pro-severovychodni-kralovehradecko\/\"><div class=\"inner-blocks\">\n\n<p class=\"font-bold\">Obchodn\u00edk pro severov\u00fdchodn\u00ed Kr\u00e1lov\u00e9hradecko<\/p>\n<p class=\"mt-1 text-sm text-neutral-60\">\n\t\t\t<span class=\"text-complement\">Hradec Kr\u00e1lov\u00e9<\/span>\n\t\t<span class=\"text-neutral-20 mx-1\">\u2022<\/span>\n\t\tPro mu\u017ee i \u017eeny<\/p>\n\n<\/div><\/a><\/div><div class=\"block-boxlink\"><a class=\"boxlink boxlink--icon-arrow boxlink--align-y-center px-f8 py-f4\" href=\"https:\/\/o-seznam.cz\/kariera\/487309-programator-ai-asistenta-python-go\/\"><div class=\"inner-blocks\">\n\n<p class=\"font-bold\">Backend Python a Go program\u00e1tor AI Asistenta<\/p>\n<p class=\"mt-1 text-sm text-neutral-60\">\n\t\t\t<span class=\"text-complement\">Bratislava<\/span>\n\t\t<span class=\"text-neutral-20 mx-1\">\u2022<\/span>\n\t\tPro mu\u017ee i \u017eeny<\/p>\n\n<\/div><\/a><\/div><div class=\"block-boxlink\"><a class=\"boxlink boxlink--icon-arrow boxlink--align-y-center px-f8 py-f4\" href=\"https:\/\/o-seznam.cz\/kariera\/487116-redaktor-pro-super-cz\/\"><div class=\"inner-blocks\">\n\n<p class=\"font-bold\">Redaktor pro Super.cz<\/p>\n<p class=\"mt-1 text-sm text-neutral-60\">\n\t\t\t<span class=\"text-complement\">Praha<\/span>\n\t\t<span class=\"text-neutral-20 mx-1\">\u2022<\/span>\n\t\tPro mu\u017ee i \u017eeny<\/p>\n\n<\/div><\/a><\/div><\/div><\/div><\/div>\n\n\n\n<div class=\"wp-block-buttons is-content-justification-center is-layout-flex wp-container-core-buttons-is-layout-a89b3969 wp-block-buttons-is-layout-flex\">\n<div class=\"wp-block-button\"><a class=\"wp-block-button__link wp-element-button\" href=\"https:\/\/o-seznam.cz\/kariera\/volne-pozice\/\">Uk\u00e1zat v\u0161echny pozice<\/a><\/div>\n<\/div>\n<\/div>\n\n\n\n<div class=\"wp-block-group is-layout-constrained wp-block-group-is-layout-constrained\">\n<h2 class=\"wp-block-heading\" id=\"jak-dlouho-mohu-pracovat\">Jak dlouho mohu maxim\u00e1ln\u011b pracovat v jednom dni?<\/h2>\n\n\n\n<p>Maxim\u00e1ln\u00ed d\u00e9lka pracovn\u00edho dne \u010di sm\u011bny je 12 hodin. Op\u011bt existuj\u00ed i v\u00fdjimky, nap\u0159\u00edklad u zam\u011bstnanc\u016f ve zdravotnictv\u00ed. Je pot\u0159eba pamatovat i na jist\u00e1 omezen\u00ed u zam\u011bstnanc\u016f mlad\u0161\u00edch 18 let. Jejich pracovn\u00ed doba nesm\u00ed p\u0159ekro\u010dit 8 hodin denn\u011b a 40 hodin t\u00fddn\u011b v celkov\u00e9m souhrnu (zapo\u010d\u00edt\u00e1vaj\u00ed se do toho v\u0161echny pracovn\u00ed vztahy, tj. i s jin\u00fdmi zam\u011bstnavateli). Mladistv\u00ed rovn\u011b\u017e nemaj\u00ed povolenu pr\u00e1ci v noci a pr\u00e1ci p\u0159es\u010das. Maj\u00ed tak\u00e9 n\u00e1rok na p\u0159est\u00e1vku, kter\u00e1 trv\u00e1 minim\u00e1ln\u011b 30 minut, a poskytuje se ji\u017e po 4,5 hodin\u00e1ch nep\u0159etr\u017eit\u00e9 pr\u00e1ce.<\/p>\n<\/div>\n\n\n\n<div class=\"wp-block-group is-layout-constrained wp-block-group-is-layout-constrained\">\n<h2 class=\"wp-block-heading\" id=\"zkracena-pracovni-doba\">Jak funguje zkr\u00e1cen\u00e1 pracovn\u00ed doba?<\/h2>\n\n\n\n<p>Zkr\u00e1cenou pracovn\u00ed dobu definuje v n\u011bkter\u00fdch p\u0159\u00edpadech Z\u00e1kon\u00edk pr\u00e1ce \u2013 jedn\u00e1 se nap\u0159. o b\u00e1\u0148sk\u00e9 provozy (37,5 hodin t\u00fddn\u011b), dvousm\u011bnn\u00e9 (38,75 hodin t\u00fddn\u011b), v\u00edcesm\u011bnn\u00e9 provozy a nep\u0159etr\u017eit\u00e9 provozy (37,5 hodin t\u00fddn\u011b). N\u011bco jin\u00e9ho je ov\u0161em &#8222;krat\u0161\u00ed pracovn\u00ed doba&#8220;. To je n\u011bco, co si se sv\u00fdm zam\u011bstnavatelem m\u016f\u017eete sami domluvit. Nap\u0159\u00edklad chcete-li krat\u0161\u00ed \u00favazek kv\u016fli studiu, jin\u00e9mu zam\u011bstn\u00e1n\u00ed apod. Zam\u011bstnavatel v\u00e1m m\u016f\u017ee a nemus\u00ed vyj\u00edt vst\u0159\u00edc, ale v Seznamu studiu fand\u00edme. Z\u00e1kon pamatuje i na ty, kdo se staraj\u00ed o d\u00edt\u011b mlad\u0161\u00ed 15 let, t\u011bhotn\u00e9 nebo ty, kte\u0159\u00ed p\u0159ev\u00e1\u017en\u011b sami dlouhodob\u011b pe\u010duj\u00ed o osobu z\u00e1vislou na pomoci jin\u00e9 fyzick\u00e9 osoby ve stupni II., III. nebo IV. T\u011bmto osob\u00e1m zam\u011bstnavatel mus\u00ed v \u017e\u00e1dosti o krat\u0161\u00ed pracovn\u00ed dobu vyhov\u011bt, nebr\u00e1n\u00ed-li tomu v\u00e1\u017en\u00e9 provozn\u00ed d\u016fvody. Nevyhov\u00ed-li zam\u011bstnavatel \u017e\u00e1dosti, je povinen to p\u00edsemn\u011b od\u016fvodnit.<\/p>\n<\/div>\n\n\n\n<div class=\"wp-block-group is-layout-constrained wp-block-group-is-layout-constrained\">\n<h2 class=\"wp-block-heading\" id=\"povinnosti\">Jak\u00e9 povinnosti m\u00e1 zam\u011bstnavatel?<\/h2>\n\n\n\n<p>V\u00e1\u0161 zam\u011bstnavatel m\u00e1, v souladu se Z\u00e1kon\u00edkem pr\u00e1ce, povinnost rozvrhnout va\u0161i pracovn\u00ed dobu. Jeho povinnost\u00ed je tak\u00e9 evidence odpracovan\u00e9 doby, mus\u00ed tak\u00e9 evidovat po\u010det hodin na pracovn\u00ed pohotovosti, pr\u00e1ci o st\u00e1tn\u00edch sv\u00e1tc\u00edch p\u0159\u00edpadn\u011b o v\u00edkendu, a tak\u00e9 evidovat p\u0159est\u00e1vky v pr\u00e1ci. Vy m\u00e1te naopak pr\u00e1vo do t\u00e9to evidence nahl\u00ed\u017eet. Forma evidence je na zam\u011bstnavateli.<\/p>\n\n\n\n<p>U n\u00e1s v Seznamu n\u00e1m s t\u00edm pom\u00e1h\u00e1 doch\u00e1zkov\u00fd syst\u00e9m a zam\u011bstnanec si v n\u011bm spravuje a eviduje z\u00e1znamy o pracovn\u00ed dob\u011b elektronicky. Doch\u00e1zkov\u00fd syst\u00e9m je p\u0159\u00edstupn\u00fd i vzd\u00e1len\u011b a v aplikaci, tak\u017ee nen\u00ed nutn\u00e9 p\u0159ihla\u0161ov\u00e1n\u00ed p\u0159\u00edmo na pobo\u010dk\u00e1ch. P\u0159es doch\u00e1zkov\u00fd syst\u00e9m si Seznam\u00e1ci \u017e\u00e1daj\u00ed i o dovolenou, Dny volna nav\u00edc nebo eviduj\u00ed n\u00e1v\u0161t\u011bvu l\u00e9ka\u0159e, pracovn\u00ed cesty apod.<\/p>\n<\/div>\n\n\n\n<div class=\"wp-block-group is-layout-constrained wp-block-group-is-layout-constrained\">\n<h2 class=\"wp-block-heading\" id=\"pruzna-vs-smenna\">Pru\u017en\u00e1 pracovn\u00ed doba vs. sm\u011bnn\u00e1 pracovn\u00ed doba<\/h2>\n\n\n\n<p>Jak vlastn\u011b funguje pru\u017en\u00e1 pracovn\u00ed doba? Znamen\u00e1 to, \u017ee je rozd\u011blena na z\u00e1kladn\u00ed (pevnou) a volitelnou (pohyblivou) \u010d\u00e1st. Z\u00e1kladn\u00ed \u010d\u00e1st v\u00e1m ur\u010duje zam\u011bstnavatel a volitelnou si ur\u010dujete sami. Mo\u017enosti rozvr\u017een\u00ed b\u00fdvaj\u00ed obvykle upraveny intern\u00edm p\u0159edpisem. Sou\u010det z\u00e1kladn\u00ed a voliteln\u00e9 pracovn\u00ed doby tvo\u0159\u00ed va\u0161i celkovou stanovenou pracovn\u00ed dobu. Naproti tomu sm\u011bnn\u00e1 pracovn\u00ed doba je obvykle p\u0159esn\u011b \u010dasov\u011b vymezen\u00e1 a stanoven\u00e1 zam\u011bstnavatelem. Zam\u011bstnanec je pak povinen se za\u010d\u00e1tkem pracovn\u00ed doby za\u010d\u00edt vykon\u00e1vat svou pr\u00e1ci. Jednodu\u0161e to znamen\u00e1, \u017ee mus\u00edte b\u00fdt nejen na pracovi\u0161ti, ale tak\u00e9 b\u00fdt p\u0159ipraveni vykon\u00e1vat pr\u00e1ci. Do pracovn\u00ed doby se tedy zpravidla nezapo\u010d\u00edt\u00e1v\u00e1 doba, kdy se nap\u0159\u00edklad p\u0159evl\u00e9k\u00e1te, p\u0159esouv\u00e1te do are\u00e1lu \u010di jinak p\u0159ipravujete.<\/p>\n<\/div>\n\n\n\n<div class=\"wp-block-group is-layout-constrained wp-block-group-is-layout-constrained\">\n<h2 class=\"wp-block-heading\" id=\"v-seznamu\">Jak je nastaven\u00e1 pracovn\u00ed doba v Seznamu?<\/h2>\n\n\n\n<p>V Seznamu m\u00e1me pru\u017enou pracovn\u00ed dobu. Pravidlem je, \u017ee bychom m\u011bli b\u00fdt v pr\u00e1ci a k zasti\u017een\u00ed mezi 10 a 15 hodinou. A to z logick\u00e9ho p\u0159edpokladu, \u017ee se v tomhle \u010dase odehr\u00e1v\u00e1 v\u011bt\u0161ina intern\u00edch aktivit a komunikace. Pak je \u010dist\u011b na v\u00e1s, zda jste sp\u00ed\u0161e rann\u00ed pt\u00e1\u010de, nebo si rad\u011bji p\u0159isp\u00edte. Za\u010d\u00edt m\u016f\u017eete nejd\u0159\u00edve v 6.00 a skon\u010dit nejpozd\u011bji ve 22.00 hodin. Mimo tento \u010das mohou pracovat pouze kolegov\u00e9 s povolenou no\u010dn\u00ed prac\u00ed. Pru\u017en\u00e9 pracovn\u00ed dob\u011b v Seznamu rozum\u00edme, proto\u017ee p\u0159isp\u00edv\u00e1 k lep\u0161\u00edmu work-life balance a kombinov\u00e1n\u00ed pr\u00e1ce s kon\u00ed\u010dky nebo rodinou.<\/p>\n<\/div>\n\n\n\n<div class=\"wp-block-group is-layout-constrained wp-block-group-is-layout-constrained\">\n<h2 class=\"wp-block-heading\">Nejnov\u011bj\u0161\u00ed nab\u00eddky<\/h2>\n\n\n<div class=\"wp-block-seznam-list-jobs\"><div class=\"wp-block-seznam-tiles has-columns-2\" style=\"--seznam-tiles--columns:2\"><div class=\"inner-blocks\"><div class=\"block-boxlink\"><a class=\"boxlink boxlink--icon-arrow boxlink--align-y-center px-f8 py-f4\" href=\"https:\/\/o-seznam.cz\/kariera\/488645-technical-seo-specialist\/\"><div class=\"inner-blocks\">\n\n<p class=\"font-bold\">Technical SEO Specialist<\/p>\n<p class=\"mt-1 text-sm text-neutral-60\">\n\t\t\t<span class=\"text-complement\">Praha<\/span>\n\t\t<span class=\"text-neutral-20 mx-1\">\u2022<\/span>\n\t\tPro mu\u017ee i \u017eeny<\/p>\n\n<\/div><\/a><\/div><div class=\"block-boxlink\"><a class=\"boxlink boxlink--icon-arrow boxlink--align-y-center px-f8 py-f4\" href=\"https:\/\/o-seznam.cz\/kariera\/488070-produktovy-manager-pro-llm\/\"><div class=\"inner-blocks\">\n\n<p class=\"font-bold\">Produktov\u00fd manager pro LLM\u00a0<\/p>\n<p class=\"mt-1 text-sm text-neutral-60\">\n\t\t\t<span class=\"text-complement\">Brno, Praha<\/span>\n\t\t<span class=\"text-neutral-20 mx-1\">\u2022<\/span>\n\t\tPro mu\u017ee i \u017eeny<\/p>\n\n<\/div><\/a><\/div><div class=\"block-boxlink\"><a class=\"boxlink boxlink--icon-arrow boxlink--align-y-center px-f8 py-f4\" href=\"https:\/\/o-seznam.cz\/kariera\/487587-obchodnik-pro-liberec\/\"><div class=\"inner-blocks\">\n\n<p class=\"font-bold\">Obchodn\u00edk pro Liberec<\/p>\n<p class=\"mt-1 text-sm text-neutral-60\">\n\t\t\t<span class=\"text-complement\">Liberec<\/span>\n\t\t<span class=\"text-neutral-20 mx-1\">\u2022<\/span>\n\t\tPro mu\u017ee i \u017eeny<\/p>\n\n<\/div><\/a><\/div><div class=\"block-boxlink\"><a class=\"boxlink boxlink--icon-arrow boxlink--align-y-center px-f8 py-f4\" href=\"https:\/\/o-seznam.cz\/kariera\/487453-obchodnik-pro-severovychodni-kralovehradecko\/\"><div class=\"inner-blocks\">\n\n<p class=\"font-bold\">Obchodn\u00edk pro severov\u00fdchodn\u00ed Kr\u00e1lov\u00e9hradecko<\/p>\n<p class=\"mt-1 text-sm text-neutral-60\">\n\t\t\t<span class=\"text-complement\">Hradec Kr\u00e1lov\u00e9<\/span>\n\t\t<span class=\"text-neutral-20 mx-1\">\u2022<\/span>\n\t\tPro mu\u017ee i \u017eeny<\/p>\n\n<\/div><\/a><\/div><div class=\"block-boxlink\"><a class=\"boxlink boxlink--icon-arrow boxlink--align-y-center px-f8 py-f4\" href=\"https:\/\/o-seznam.cz\/kariera\/487309-programator-ai-asistenta-python-go\/\"><div class=\"inner-blocks\">\n\n<p class=\"font-bold\">Backend Python a Go program\u00e1tor AI Asistenta<\/p>\n<p class=\"mt-1 text-sm text-neutral-60\">\n\t\t\t<span class=\"text-complement\">Bratislava<\/span>\n\t\t<span class=\"text-neutral-20 mx-1\">\u2022<\/span>\n\t\tPro mu\u017ee i \u017eeny<\/p>\n\n<\/div><\/a><\/div><div class=\"block-boxlink\"><a class=\"boxlink boxlink--icon-arrow boxlink--align-y-center px-f8 py-f4\" href=\"https:\/\/o-seznam.cz\/kariera\/487116-redaktor-pro-super-cz\/\"><div class=\"inner-blocks\">\n\n<p class=\"font-bold\">Redaktor pro Super.cz<\/p>\n<p class=\"mt-1 text-sm text-neutral-60\">\n\t\t\t<span class=\"text-complement\">Praha<\/span>\n\t\t<span class=\"text-neutral-20 mx-1\">\u2022<\/span>\n\t\tPro mu\u017ee i \u017eeny<\/p>\n\n<\/div><\/a><\/div><\/div><\/div><\/div>\n\n\n\n<div class=\"wp-block-buttons is-content-justification-center is-layout-flex wp-container-core-buttons-is-layout-a89b3969 wp-block-buttons-is-layout-flex\">\n<div class=\"wp-block-button\"><a class=\"wp-block-button__link wp-element-button\" href=\"https:\/\/o-seznam.cz\/kariera\/volne-pozice\/\">Uk\u00e1zat v\u0161echny pozice<\/a><\/div>\n<\/div>\n<\/div>\n","protected":false},"excerpt":{"rendered":"<p>Kdy m\u00e1te v pr\u00e1ci n\u00e1rok na pracovn\u00ed volno, dovolenou nebo kdy naopak v zam\u011bstn\u00e1n\u00ed b\u00fdt mus\u00edte? Mrkn\u011bte na p\u0159ehled informac\u00ed o pracovn\u00ed dob\u011b.<\/p>\n","protected":false},"author":2,"featured_media":0,"parent":13801,"menu_order":2,"comment_status":"closed","ping_status":"closed","template":"page-sidemenu","meta":{"_acf_changed":false,"_relevanssi_hide_post":"","_relevanssi_hide_content":"","_relevanssi_pin_for_all":"","_relevanssi_pin_keywords":"","_relevanssi_unpin_keywords":"","_relevanssi_related_keywords":"","_relevanssi_related_include_ids":"","_relevanssi_related_exclude_ids":"","_relevanssi_related_no_append":"","_relevanssi_related_not_related":"","_relevanssi_related_posts":"","_relevanssi_noindex_reason":"","footnotes":""},"page_category":[238],"page_tag":[],"class_list":["post-15237","page","type-page","status-publish","hentry"],"acf":[],"_links":{"self":[{"href":"https:\/\/o-seznam.cz\/kariera\/wp-json\/wp\/v2\/pages\/15237","targetHints":{"allow":["GET"]}}],"collection":[{"href":"https:\/\/o-seznam.cz\/kariera\/wp-json\/wp\/v2\/pages"}],"about":[{"href":"https:\/\/o-seznam.cz\/kariera\/wp-json\/wp\/v2\/types\/page"}],"author":[{"embeddable":true,"href":"https:\/\/o-seznam.cz\/kariera\/wp-json\/wp\/v2\/users\/2"}],"replies":[{"embeddable":true,"href":"https:\/\/o-seznam.cz\/kariera\/wp-json\/wp\/v2\/comments?post=15237"}],"version-history":[{"count":18,"href":"https:\/\/o-seznam.cz\/kariera\/wp-json\/wp\/v2\/pages\/15237\/revisions"}],"predecessor-version":[{"id":19747,"href":"https:\/\/o-seznam.cz\/kariera\/wp-json\/wp\/v2\/pages\/15237\/revisions\/19747"}],"up":[{"embeddable":true,"href":"https:\/\/o-seznam.cz\/kariera\/wp-json\/wp\/v2\/pages\/13801"}],"wp:attachment":[{"href":"https:\/\/o-seznam.cz\/kariera\/wp-json\/wp\/v2\/media?parent=15237"}],"wp:term":[{"taxonomy":"page_category","embeddable":true,"href":"https:\/\/o-seznam.cz\/kariera\/wp-json\/wp\/v2\/page_category?post=15237"},{"taxonomy":"page_tag","embeddable":true,"href":"https:\/\/o-seznam.cz\/kariera\/wp-json\/wp\/v2\/page_tag?post=15237"}],"curies":[{"name":"wp","href":"https:\/\/api.w.org\/{rel}","templated":true}]}}