{"id":13861,"date":"2024-01-26T15:51:13","date_gmt":"2024-01-26T14:51:13","guid":{"rendered":"https:\/\/o-seznam.cz\/kariera\/?page_id=13861"},"modified":"2025-05-20T08:05:43","modified_gmt":"2025-05-20T06:05:43","slug":"obchod","status":"publish","type":"page","link":"https:\/\/o-seznam.cz\/kariera\/obchod\/","title":{"rendered":"Obchod a prodej reklamy"},"content":{"rendered":"\n<div class=\"wp-block-group is-content-justification-left is-layout-constrained wp-container-core-group-is-layout-8f9203fe wp-block-group-is-layout-constrained\">\n<p>N\u00e1\u0161 \u00factyhodn\u00fd online prostor um\u00edme propojit i s nejlep\u0161\u00edmi obchodn\u00edmi strategiemi, tak\u017ee krom\u011b b\u011b\u017en\u00fdch slu\u017eeb p\u0159in\u00e1\u0161\u00edme sv\u00fdm obchodn\u00edm partner\u016fm i z\u00e1kazn\u00edky a pen\u00edze. A je to radost. Ale samoz\u0159ejm\u011b i starost, a to zejm\u00e9na starost o velk\u00e9 i mal\u00e9 klienty, dobrou komunikaci, perfektn\u00ed tr\u017en\u00ed anal\u00fdzy, produkty na m\u00edru nebo pe\u010dlivou administrativu.<\/p>\n<\/div>\n\n\n\n<div class=\"wp-block-group alignfull is-layout-constrained wp-block-group-is-layout-constrained\">\n<div class=\"layout layout--stickybox alignfull mt-f6 wp-block-seznam-layout\">\n\t<div class=\"layout__lining\">\n\t\t<div class=\"layout__area\">\n\t\t\t\n<div class=\"layout__content is-layout-flow wp-container-seznam-layout-slot-is-layout-bed9b9fd wp-block-seznam-layout-slot-is-layout-flow\">\n\t\n\n<div class=\"wp-block-group is-layout-constrained wp-block-group-is-layout-constrained\"><div class=\"wp-block-seznam-list-jobs\"><div class=\"mb-f6\"><h2 class=\"mb-f2\">5 voln\u00fdch pozic <\/h2>\n<div class=\"wp-block-group is-nowrap is-layout-flex wp-container-core-group-is-layout-8acbb40a wp-block-group-is-layout-flex\">\n<figure class=\"wp-block-image size-large shrink-0 w-6 h-6\"><img loading=\"lazy\" decoding=\"async\" width=\"24\" height=\"24\" src=\"https:\/\/o-seznam.cz\/kariera\/wp-content\/uploads\/sites\/2\/2024\/03\/unisex-gray.svg\" alt=\"\" class=\"wp-image-14262\" style=\"object-fit:cover\"\/><\/figure>\n\n\n\n<p class=\"has-neutral-60-color has-text-color has-link-color has-small-font-size wp-elements-7ed63037b893513686a79fea9cc0c11f\">V\u0161echny pozice jsou vhodn\u00e9 pro mu\u017ee i \u017eeny.<\/p>\n<\/div>\n<\/div><a class=\"box mb-2 text-neutral-black hover:text-neutral-black no-underline\" href=\"https:\/\/o-seznam.cz\/kariera\/487587-obchodnik-pro-liberec\/\" data-datalayer-name=\"job_20449\" data-datalayer-text=\"Obchodn\u00edk pro Liberec\">\n<h2 class=\"mt-0 mb-f2\">Obchodn\u00edk pro Liberec<\/h2>\n<p class=\"mt-0 text-sm text-neutral-60\">\n\t\t\t<span class=\"text-complement\">Liberec<\/span>\n\t\t<span class=\"text-neutral-20 mx-1\">\u2022<\/span>\n\t\tPro mu\u017ee i \u017eeny <span class=\"text-neutral-20 mx-1\">\u2022<\/span> Pln\u00fd \u00favazek<\/p>\n<\/a>\n<a class=\"box mb-2 text-neutral-black hover:text-neutral-black no-underline\" href=\"https:\/\/o-seznam.cz\/kariera\/487453-obchodnik-pro-severovychodni-kralovehradecko\/\" data-datalayer-name=\"job_20440\" data-datalayer-text=\"Obchodn\u00edk pro severov\u00fdchodn\u00ed Kr\u00e1lov\u00e9hradecko\">\n<h2 class=\"mt-0 mb-f2\">Obchodn\u00edk pro severov\u00fdchodn\u00ed Kr\u00e1lov\u00e9hradecko<\/h2>\n<p class=\"mt-0 text-sm text-neutral-60\">\n\t\t\t<span class=\"text-complement\">Hradec Kr\u00e1lov\u00e9<\/span>\n\t\t<span class=\"text-neutral-20 mx-1\">\u2022<\/span>\n\t\tPro mu\u017ee i \u017eeny <span class=\"text-neutral-20 mx-1\">\u2022<\/span> Pln\u00fd \u00favazek<\/p>\n<\/a>\n<a class=\"box mb-2 text-neutral-black hover:text-neutral-black no-underline\" href=\"https:\/\/o-seznam.cz\/kariera\/485789-manazer-obchodniho-tymu-telesales\/\" data-datalayer-name=\"job_20387\" data-datalayer-text=\"Mana\u017eer obchodn\u00edho t\u00fdmu Telesales\u00a0\">\n<h2 class=\"mt-0 mb-f2\">Mana\u017eer obchodn\u00edho t\u00fdmu Telesales\u00a0<\/h2>\n<p class=\"mt-0 text-sm text-neutral-60\">\n\t\t\t<span class=\"text-complement\">Praha<\/span>\n\t\t<span class=\"text-neutral-20 mx-1\">\u2022<\/span>\n\t\tPro mu\u017ee i \u017eeny <span class=\"text-neutral-20 mx-1\">\u2022<\/span> Pln\u00fd \u00favazek<\/p>\n<\/a>\n<a class=\"box mb-2 text-neutral-black hover:text-neutral-black no-underline\" href=\"https:\/\/o-seznam.cz\/kariera\/467642-obchodnik-online-marketingovych-sluzeb-telesales\/\" data-datalayer-name=\"job_18822\" data-datalayer-text=\"Obchodn\u00edk online marketingov\u00fdch slu\u017eeb Telesales\">\n<h2 class=\"mt-0 mb-f2\">Obchodn\u00edk online marketingov\u00fdch slu\u017eeb Telesales<\/h2>\n<p class=\"mt-0 text-sm text-neutral-60\">\n\t\t\t<span class=\"text-complement\">Brno<\/span>\n\t\t<span class=\"text-neutral-20 mx-1\">\u2022<\/span>\n\t\tPro mu\u017ee i \u017eeny <span class=\"text-neutral-20 mx-1\">\u2022<\/span> Pln\u00fd \u00favazek<\/p>\n<\/a>\n<a class=\"box mb-2 text-neutral-black hover:text-neutral-black no-underline\" href=\"https:\/\/o-seznam.cz\/kariera\/419244-account-manager-junior\/\" data-datalayer-name=\"job_16085\" data-datalayer-text=\"Account Manager Junior\">\n<h2 class=\"mt-0 mb-f2\">Account Manager Junior<\/h2>\n<p class=\"mt-0 text-sm text-neutral-60\">\n\t\t\t<span class=\"text-complement\">Praha<\/span>\n\t\t<span class=\"text-neutral-20 mx-1\">\u2022<\/span>\n\t\tPro mu\u017ee i \u017eeny <span class=\"text-neutral-20 mx-1\">\u2022<\/span> Absolventi <span class=\"text-neutral-20 mx-1\">\u2022<\/span> Pln\u00fd \u00favazek<\/p>\n<\/a>\n<\/div>\n\n\n\n<div class=\"wp-block-buttons is-content-justification-center is-layout-flex wp-container-core-buttons-is-layout-a89b3969 wp-block-buttons-is-layout-flex\">\n<div class=\"wp-block-button\"><a class=\"wp-block-button__link wp-element-button\" href=\"https:\/\/o-seznam.cz\/kariera\/volne-pozice\/\">Uk\u00e1zat v\u0161echny pozice<\/a><\/div>\n<\/div>\n<\/div>\n\n\n\n<div class=\"wp-block-group alignwide is-layout-constrained wp-block-group-is-layout-constrained\">\n<h2 class=\"wp-block-heading\">Jak to chod\u00ed v obchodn\u00edm t\u00fdmu<\/h2>\n\n\n\n<div class=\"wp-block-group is-layout-constrained wp-block-group-is-layout-constrained\">\n<figure class=\"wp-block-gallery has-nested-images columns-2 is-cropped is-style-emphasize-one wp-block-gallery-1 is-layout-flex wp-block-gallery-is-layout-flex\">\n<figure class=\"wp-block-image size-large\"><img loading=\"lazy\" decoding=\"async\" width=\"1984\" height=\"1323\" data-id=\"17124\" src=\"https:\/\/o-seznam.cz\/kariera\/wp-content\/uploads\/sites\/2\/2024\/08\/obchod-prodej-reklamy-1-1984x1323.jpg\" alt=\"\" class=\"wp-image-17124\" srcset=\"https:\/\/o-seznam.cz\/kariera\/wp-content\/uploads\/sites\/2\/2024\/08\/obchod-prodej-reklamy-1-1984x1323.jpg 1984w, https:\/\/o-seznam.cz\/kariera\/wp-content\/uploads\/sites\/2\/2024\/08\/obchod-prodej-reklamy-1-992x661.jpg 992w, https:\/\/o-seznam.cz\/kariera\/wp-content\/uploads\/sites\/2\/2024\/08\/obchod-prodej-reklamy-1-320x213.jpg 320w, https:\/\/o-seznam.cz\/kariera\/wp-content\/uploads\/sites\/2\/2024\/08\/obchod-prodej-reklamy-1-768x512.jpg 768w, https:\/\/o-seznam.cz\/kariera\/wp-content\/uploads\/sites\/2\/2024\/08\/obchod-prodej-reklamy-1-1536x1024.jpg 1536w, https:\/\/o-seznam.cz\/kariera\/wp-content\/uploads\/sites\/2\/2024\/08\/obchod-prodej-reklamy-1-2048x1365.jpg 2048w\" sizes=\"auto, (max-width: 1984px) 100vw, 1984px\" \/><\/figure>\n\n\n\n<figure class=\"wp-block-image size-large\"><img loading=\"lazy\" decoding=\"async\" width=\"1984\" height=\"1323\" data-id=\"17829\" src=\"https:\/\/o-seznam.cz\/kariera\/wp-content\/uploads\/sites\/2\/2024\/11\/ostrava-9-1984x1323.jpg\" alt=\"\" class=\"wp-image-17829\" srcset=\"https:\/\/o-seznam.cz\/kariera\/wp-content\/uploads\/sites\/2\/2024\/11\/ostrava-9-1984x1323.jpg 1984w, https:\/\/o-seznam.cz\/kariera\/wp-content\/uploads\/sites\/2\/2024\/11\/ostrava-9-992x661.jpg 992w, https:\/\/o-seznam.cz\/kariera\/wp-content\/uploads\/sites\/2\/2024\/11\/ostrava-9-320x213.jpg 320w, https:\/\/o-seznam.cz\/kariera\/wp-content\/uploads\/sites\/2\/2024\/11\/ostrava-9-768x512.jpg 768w, https:\/\/o-seznam.cz\/kariera\/wp-content\/uploads\/sites\/2\/2024\/11\/ostrava-9-1536x1024.jpg 1536w, https:\/\/o-seznam.cz\/kariera\/wp-content\/uploads\/sites\/2\/2024\/11\/ostrava-9-2048x1365.jpg 2048w\" sizes=\"auto, (max-width: 1984px) 100vw, 1984px\" \/><\/figure>\n\n\n\n<figure class=\"wp-block-image size-large\"><img loading=\"lazy\" decoding=\"async\" width=\"1984\" height=\"1322\" data-id=\"17955\" src=\"https:\/\/o-seznam.cz\/kariera\/wp-content\/uploads\/sites\/2\/2024\/11\/id-2063-1984x1322.jpg\" alt=\"\" class=\"wp-image-17955\" srcset=\"https:\/\/o-seznam.cz\/kariera\/wp-content\/uploads\/sites\/2\/2024\/11\/id-2063-1984x1322.jpg 1984w, https:\/\/o-seznam.cz\/kariera\/wp-content\/uploads\/sites\/2\/2024\/11\/id-2063-992x661.jpg 992w, https:\/\/o-seznam.cz\/kariera\/wp-content\/uploads\/sites\/2\/2024\/11\/id-2063-320x213.jpg 320w, https:\/\/o-seznam.cz\/kariera\/wp-content\/uploads\/sites\/2\/2024\/11\/id-2063-768x512.jpg 768w, https:\/\/o-seznam.cz\/kariera\/wp-content\/uploads\/sites\/2\/2024\/11\/id-2063-1536x1024.jpg 1536w, https:\/\/o-seznam.cz\/kariera\/wp-content\/uploads\/sites\/2\/2024\/11\/id-2063.jpg 2048w\" sizes=\"auto, (max-width: 1984px) 100vw, 1984px\" \/><\/figure>\n<\/figure>\n<\/div>\n\n\n\n<p>Seznam\u00e1ck\u00fd t\u00fdm obchodn\u00edk\u016f pracuje \u00fazce s na\u0161imi klienty, poskytuje jim pot\u0159ebn\u00e9 informace a pom\u00e1h\u00e1 individu\u00e1ln\u011b \u0159e\u0161it jejich po\u017eadavky. A to vy\u017eaduje \u0161irok\u00fd z\u00e1b\u011br dovednost\u00ed. V obchodn\u00edm odd\u011blen\u00ed se potk\u00e1te nejen s kolegy z Telesales, ale i Key Account mana\u017eery a Account Exekutivci. Pot\u0159ebn\u00e1 data maj\u00ed na v\u0161echno, ale z\u00e1plavy se neboj\u00ed, proto\u017ee maj\u00ed skv\u011bl\u00e9 pomocn\u00edky. A to seznam\u00e1ck\u00e9 CRM syst\u00e9my vyvinut\u00e9 na\u0161imi v\u00fdvoj\u00e1\u0159i p\u0159\u00edmo na m\u00edru obchodn\u00edmu odd\u011blen\u00ed. Zkr\u00e1tka kouknou a vid\u00ed. A v\u017edycky dob\u0159e porad\u00ed.<\/p>\n<\/div>\n\n\n\n<div class=\"wp-block-group is-layout-constrained wp-block-group-is-layout-constrained\">\n<h2 class=\"wp-block-heading\">Kolegov\u00e9 \u0159\u00edkaj\u00ed<\/h2>\n\n\n<div class=\"wp-block-seznam-leaders\"><div class=\"carousel is-loading has-dots wp-block-seznam-carousel\">\n\t<div class=\"carousel__inner\">\t\n\t\t\n<div class=\"inner-blocks carousel__body\">\n\t\n\n \n<div class=\"person\">\n\t<div class=\"person__in\">\n\n\t\t\t\t<div class=\"person__photo\">\n\t\t\t\t<img loading=\"lazy\" decoding=\"async\" width=\"128\" height=\"128\" src=\"https:\/\/o-seznam.cz\/kariera\/wp-content\/uploads\/sites\/2\/2024\/07\/reznik-lukas-128x128.png\" class=\"rounded-full\" alt=\"\" srcset=\"https:\/\/o-seznam.cz\/kariera\/wp-content\/uploads\/sites\/2\/2024\/07\/reznik-lukas-128x128.png 128w, https:\/\/o-seznam.cz\/kariera\/wp-content\/uploads\/sites\/2\/2024\/07\/reznik-lukas-320x320.png 320w, https:\/\/o-seznam.cz\/kariera\/wp-content\/uploads\/sites\/2\/2024\/07\/reznik-lukas-256x256.png 256w, https:\/\/o-seznam.cz\/kariera\/wp-content\/uploads\/sites\/2\/2024\/07\/reznik-lukas.png 350w\" sizes=\"auto, (max-width: 128px) 100vw, 128px\" \/>\t\t\t<\/div>\n\t\t\n\t\t<div class=\"person__head\">\n\t\t\t<p class=\"my-0\"><strong>Luk\u00e1\u0161 \u0158ezn\u00edk<\/strong><\/p>\n\t\t\t<p class=\"mt-f1 mb-0 text-neutral-60 text-sm\">Mana\u017eer obchodn\u00edho t\u00fdmu<\/p>\n\t\t<\/div>\n\n\t\t<div class=\"person__content mt-f2\">\t\t\n\t\t\t<div class=\"mt-f2\">\n\t\t\t\tSvou profesn\u00ed kari\u00e9ru v Seznamu jsem zah\u00e1jil v roce 2019. Za\u010d\u00ednal na pozici Account mana\u017eera a propracoval se a\u017e na pozici vedouc\u00edho t\u00fdmu \u2013 dohl\u00ed\u017e\u00edm tedy na pln\u011bn\u00ed firemn\u00edch c\u00edl\u016f a poskytuju klient\u016fm pot\u0159ebnou podporu v jejich podnik\u00e1n\u00ed. V Seznamu si cen\u00edm p\u0159\u00edjemn\u00e9 pracovn\u00ed atmosf\u00e9ry a mo\u017enosti osobn\u00edho rozvoje. Mimo pr\u00e1ci r\u00e1d sportuju, hraju videohry a d\u00e1m si dobr\u00e9 pivo.\t\t\t<\/div>\n\t\t<\/div>\n\n\t<\/div>\n<\/div>\n \n\n \n<div class=\"person\">\n\t<div class=\"person__in\">\n\n\t\t\t\t<div class=\"person__photo\">\n\t\t\t\t<img loading=\"lazy\" decoding=\"async\" width=\"128\" height=\"128\" src=\"https:\/\/o-seznam.cz\/kariera\/wp-content\/uploads\/sites\/2\/2024\/11\/martina-kralikova-128x128.jpg\" class=\"rounded-full\" alt=\"\" srcset=\"https:\/\/o-seznam.cz\/kariera\/wp-content\/uploads\/sites\/2\/2024\/11\/martina-kralikova-128x128.jpg 128w, https:\/\/o-seznam.cz\/kariera\/wp-content\/uploads\/sites\/2\/2024\/11\/martina-kralikova-320x320.jpg 320w, https:\/\/o-seznam.cz\/kariera\/wp-content\/uploads\/sites\/2\/2024\/11\/martina-kralikova-256x256.jpg 256w, https:\/\/o-seznam.cz\/kariera\/wp-content\/uploads\/sites\/2\/2024\/11\/martina-kralikova.jpg 350w\" sizes=\"auto, (max-width: 128px) 100vw, 128px\" \/>\t\t\t<\/div>\n\t\t\n\t\t<div class=\"person__head\">\n\t\t\t<p class=\"my-0\"><strong>Martina Kr\u00e1l\u00edkov\u00e1<\/strong><\/p>\n\t\t\t<p class=\"mt-f1 mb-0 text-neutral-60 text-sm\">Mana\u017eer prodeje kl\u00ed\u010dov\u00fdm z\u00e1kazn\u00edk\u016fm<\/p>\n\t\t<\/div>\n\n\t\t<div class=\"person__content mt-f2\">\t\t\n\t\t\t<div class=\"mt-f2\">\n\t\t\t\tObchodn\u00edm aktivit\u00e1m se v Seznamu v\u011bnuju u\u017e od roku 2003. Pozd\u011bji jsem se za\u010dala specializovat na \u0159\u00edzen\u00ed p\u0159\u00edjm\u016f. Od roku 2018 se v r\u00e1mci veden\u00ed \u010dty\u0159 obchodn\u00edch t\u00fdm\u016f a odd\u011blen\u00ed klientsk\u00e9ho servisu star\u00e1m se sv\u00fdm t\u00fdmem o nejv\u011bt\u0161\u00ed klienty.\t\t\t<\/div>\n\t\t<\/div>\n\n\t<\/div>\n<\/div>\n \n\n \n<div class=\"person\">\n\t<div class=\"person__in\">\n\n\t\t\t\t<div class=\"person__photo\">\n\t\t\t\t<img loading=\"lazy\" decoding=\"async\" width=\"128\" height=\"128\" src=\"https:\/\/o-seznam.cz\/kariera\/wp-content\/uploads\/sites\/2\/2024\/08\/lukas-kriz-128x128.png\" class=\"rounded-full\" alt=\"\" srcset=\"https:\/\/o-seznam.cz\/kariera\/wp-content\/uploads\/sites\/2\/2024\/08\/lukas-kriz-128x128.png 128w, https:\/\/o-seznam.cz\/kariera\/wp-content\/uploads\/sites\/2\/2024\/08\/lukas-kriz-320x320.png 320w, https:\/\/o-seznam.cz\/kariera\/wp-content\/uploads\/sites\/2\/2024\/08\/lukas-kriz-256x256.png 256w, https:\/\/o-seznam.cz\/kariera\/wp-content\/uploads\/sites\/2\/2024\/08\/lukas-kriz.png 350w\" sizes=\"auto, (max-width: 128px) 100vw, 128px\" \/>\t\t\t<\/div>\n\t\t\n\t\t<div class=\"person__head\">\n\t\t\t<p class=\"my-0\"><strong>Luk\u00e1\u0161 K\u0159\u00ed\u017e<\/strong><\/p>\n\t\t\t<p class=\"mt-f1 mb-0 text-neutral-60 text-sm\">Mana\u017eer obchodn\u00edho t\u00fdmu region\u00e1ln\u00edho obchodu<\/p>\n\t\t<\/div>\n\n\t\t<div class=\"person__content mt-f2\">\t\t\n\t\t\t<div class=\"mt-f2\">\n\t\t\t\tV Seznamu pracuji od roku 2019. P\u016fvodn\u011b jsem nastoupil na odd\u011blen\u00ed Telesales, kde jsem p\u00e9\u010d\u00ed o mal\u00e9 a st\u0159edn\u00ed klienty z\u00edsk\u00e1val zku\u0161enosti s marketingem a obchodem. B\u011bhem t\u00e9to doby m\u011b na\u0161e produkty naprosto pohltily, a\u017e jsem se po dvou letech vypracoval na Odd\u011blen\u00ed pro kl\u00ed\u010dov\u00e9 z\u00e1kazn\u00edky. Te\u010f jsem na pozici Managera obchodn\u00edho t\u00fdmu, kde dohl\u00ed\u017e\u00edm, abychom plnili stanoven\u00e9 c\u00edle a rozv\u00edjeli dlouhodob\u00e9 obchodn\u00ed vztahy s na\u0161imi inzerenty a agenturami. \t\t\t<\/div>\n\t\t<\/div>\n\n\t<\/div>\n<\/div>\n <\/div>\n\t<\/div>\n<\/div>\n<\/div>\n<\/div>\n\n\n\n<div class=\"wp-block-group is-layout-constrained wp-block-group-is-layout-constrained\">\n<h2 class=\"wp-block-heading\">\u010cast\u00e9 dotazy<\/h2>\n\n\n\n<div class=\"accordion limiter\" data-limiter=\"4\" data-limiter-selector=\"&gt; .accordion__items\">\n\t<div class=\"accordion__items\">\n<details class=\"expander is-style-default\">\n\t<summary data-datalayer-name=\"expander_faq_15075\" data-datalayer-text=\"Jak vypad\u00e1 obchod na Telesales?\">\n\t\t\t\t<strong>Jak vypad\u00e1 obchod na Telesales?<\/strong>\n\t\t\t<\/summary>\n\t<div class=\"inner-blocks\">\n<p>Seznam\u00e1ck\u00e9 Telesales nen\u00ed call centrum. Na Telesalesu se kolegov\u00e9 a kolegyn\u011b staraj\u00ed o na\u0161e klienty a pom\u00e1haj\u00ed jim s propagac\u00ed jejich podnik\u00e1n\u00ed. V\u0161e vy\u0159e\u0161\u00ed efektivn\u011b a rychle po telefonu.<\/p>\n<\/div><\/details>\n\n<details class=\"expander is-style-default\">\n\t<summary data-datalayer-name=\"expander_faq_15079\" data-datalayer-text=\"Jak vypad\u00e1 obchod v Skliku a RTB?\">\n\t\t\t\t<strong>Jak vypad\u00e1 obchod v Skliku a RTB?<\/strong>\n\t\t\t<\/summary>\n\t<div class=\"inner-blocks\">\n<p>To jsou odd\u011blen\u00ed, kde pracuj\u00ed kolegov\u00e9 p\u0159\u00edmo s na\u0161imi vlastn\u00edmi reklamn\u00edmi syst\u00e9my. V t\u00fdmech m\u00e1me konzultanty, kte\u0159\u00ed maj\u00ed za \u00fakol vyhodnocovat data a n\u00e1sledn\u011b doporu\u010dit na\u0161im klient\u016fm a agentur\u00e1m, jak nejl\u00e9pe dos\u00e1hnout reklamn\u00edch c\u00edl\u016f. A setk\u00e1te se i s kolegy, kte\u0159\u00ed kampan\u011b pr\u016fb\u011b\u017en\u011b optimalizuj\u00ed a vyhodnocuj\u00ed.<\/p>\n<\/div><\/details>\n\n<details class=\"expander is-style-default\">\n\t<summary data-datalayer-name=\"expander_faq_15073\" data-datalayer-text=\"Jak vypad\u00e1 obchodn\u00ed s\u00ed\u0165?\">\n\t\t\t\t<strong>Jak vypad\u00e1 obchodn\u00ed s\u00ed\u0165?<\/strong>\n\t\t\t<\/summary>\n\t<div class=\"inner-blocks\">\n<p>Kolegov\u00e9 v\u00a0obchodn\u00ed\u00a0s\u00edti se s na\u0161imi klienty potk\u00e1vaj\u00ed osobn\u011b na obchodn\u00edch sch\u016fzk\u00e1ch. Cel\u00fd pracovn\u00ed \u010das si na\u0161i Accounti organizuj\u00ed sami, nikdo jim ned\u00e1v\u00e1 sch\u016fzky do kalend\u00e1\u0159e, ale jsou p\u00e1ni sv\u00e9ho \u010dasu.<\/p>\n\n\n\n<p><\/p>\n<\/div><\/details>\n\n<details class=\"expander is-style-default\">\n\t<summary data-datalayer-name=\"expander_faq_15071\" data-datalayer-text=\"Jak vypad\u00e1 odd\u011blen\u00ed kl\u00ed\u010dov\u00fdch z\u00e1kazn\u00edk\u016f?\">\n\t\t\t\t<strong>Jak vypad\u00e1 odd\u011blen\u00ed kl\u00ed\u010dov\u00fdch z\u00e1kazn\u00edk\u016f?<\/strong>\n\t\t\t<\/summary>\n\t<div class=\"inner-blocks\">\n<p>Obchodn\u00edci na pozici Key Account mana\u017eera funguj\u00ed v roli marketingov\u00fdch a projektov\u00fdch specialist\u016f, kte\u0159\u00ed klient\u016fm rad\u00ed s komplexn\u00edm marketingov\u00fdm mixem. Um\u00ed tedy klient\u016fm nab\u00eddnout \u0161irok\u00e9 spektrum mo\u017enost\u00ed a slu\u017eeb nejen v online marketingu, ale tak\u00e9 form\u00e1ty pro televizi, r\u00e1dio, tisk. Ve sv\u00e9m portfoliu m\u00edvaj\u00ed n\u011bkolik des\u00edtek klient\u016f a o ty se dlouhodob\u011b staraj\u00ed. Spolupracuj\u00ed ale i s kolegy z na\u0161\u00ed obchodn\u00ed s\u00edt\u011b na rozvoji men\u0161\u00edch klient\u016f.<\/p>\n<\/div><\/details>\n\n<details class=\"expander is-style-default limiter-item-hidden\">\n\t<summary data-datalayer-name=\"expander_faq_15077\" data-datalayer-text=\"Jak vypad\u00e1 pr\u00e1ce v Brand Studiu?\">\n\t\t\t\t<strong>Jak vypad\u00e1 pr\u00e1ce v Brand Studiu?<\/strong>\n\t\t\t<\/summary>\n\t<div class=\"inner-blocks\">\n<p>Seznam Brand Studio pror\u00e1\u017e\u00ed cestu nativn\u00ed reklam\u011b na \u010desk\u00e9m medi\u00e1ln\u00edm trhu. Nativn\u00ed \u010dl\u00e1nky, videa a podcasty zaj\u00edmaj\u00ed internetov\u00e9 u\u017eivatele a jsou funk\u010dn\u00ed hlavn\u011b pro v\u011bt\u0161\u00ed zna\u010dky. V t\u00fdmu Brand Studia pracuj\u00ed marketingov\u00ed strat\u00e9gov\u00e9 a projek\u0165\u00e1ci, novin\u00e1\u0159i, kreativci i datov\u00ed analytici a optimaliz\u00e1to\u0159i kampan\u00ed. Spole\u010dn\u011b tvo\u0159\u00ed r\u016fznorod\u00e9 kampan\u011b, kter\u00e9 maj\u00ed dopad na vn\u00edm\u00e1n\u00ed zna\u010dek a vyhr\u00e1vaj\u00ed ceny i v celosv\u011btov\u00e9 konkurenci.<\/p>\n<\/div><\/details>\n<\/div><\/div>\n\n<\/div>\n\n\n\n<div class=\"wp-block-group is-layout-constrained wp-block-group-is-layout-constrained\">\n<div class=\"wp-block-group pattern-columns-2-icons is-layout-constrained wp-block-group-is-layout-constrained\">\n<h2 class=\"wp-block-heading has-text-align-left\">Pro\u010d do toho j\u00edt s n\u00e1mi<\/h2>\n\n\n\n<div class=\"wp-block-columns is-layout-flex wp-container-core-columns-is-layout-28f84493 wp-block-columns-is-layout-flex\">\n<div class=\"wp-block-column is-layout-flow wp-container-core-column-is-layout-16b3bfcb wp-block-column-is-layout-flow\"><figure class=\"aligncenter aligncenter wp-block-seznam-icon\"><img loading=\"lazy\" decoding=\"async\" width=\"64\" height=\"64\" src=\"https:\/\/o-seznam.cz\/kariera\/wp-content\/uploads\/sites\/2\/2024\/04\/seznam-cz-internetova-jednicka.svg\" class=\"attachment-full size-full\" alt=\"\" \/><\/figure>\n\n\n\n<p class=\"has-text-align-center is-style-wrap-balance\"><strong>\u010cesk\u00e1 internetov\u00e1 jedni\u010dka<\/strong><\/p>\n\n\n\n<p class=\"has-text-align-center is-style-wrap-balance\">Na vln\u00e1ch internetu jedeme u\u017e od roku 1996, tak\u017ee n\u011bjak\u00e1 ta bou\u0159e n\u00e1s nerozh\u00e1z\u00ed. M\u00e1me pevnou pozici i v dob\u011b siln\u00e9 konkurence a stabiln\u00ed m\u00edsto nab\u00edz\u00edme i v\u00e1m.<\/p>\n<\/div>\n\n\n\n<div class=\"wp-block-column is-layout-flow wp-container-core-column-is-layout-16b3bfcb wp-block-column-is-layout-flow\"><figure class=\"aligncenter aligncenter wp-block-seznam-icon\"><img loading=\"lazy\" decoding=\"async\" width=\"64\" height=\"64\" src=\"https:\/\/o-seznam.cz\/kariera\/wp-content\/uploads\/sites\/2\/2024\/04\/seznam-cz-sluzby-pomahaji.svg\" class=\"attachment-full size-full\" alt=\"\" \/><\/figure>\n\n\n\n<p class=\"has-text-align-center is-style-wrap-balance\"><strong>Slu\u017eby, kter\u00e9 pom\u00e1haj\u00ed<\/strong><\/p>\n\n\n\n<p class=\"has-text-align-center is-style-wrap-balance\">Z jedn\u00e9 domovsk\u00e9 str\u00e1nky jsme se po\u0159\u00e1dn\u011b rozrostli. Dnes m\u00e1me na triku \u0159adu obl\u00edben\u00fdch slu\u017eeb, kter\u00e9 denn\u011b uleh\u010duj\u00ed \u017eivot milion\u016fm lid\u00ed na \u010desk\u00e9m internetu.<\/p>\n<\/div>\n<\/div>\n\n\n\n<div class=\"wp-block-columns is-layout-flex wp-container-core-columns-is-layout-28f84493 wp-block-columns-is-layout-flex\">\n<div class=\"wp-block-column is-layout-flow wp-container-core-column-is-layout-16b3bfcb wp-block-column-is-layout-flow\"><figure class=\"aligncenter aligncenter wp-block-seznam-icon\"><img loading=\"lazy\" decoding=\"async\" width=\"64\" height=\"64\" src=\"https:\/\/o-seznam.cz\/kariera\/wp-content\/uploads\/sites\/2\/2024\/04\/seznam-cz-inovace-a-technologie.svg\" class=\"attachment-full size-full\" alt=\"\" \/><\/figure>\n\n\n\n<p class=\"has-text-align-center is-style-wrap-balance\"><strong>Inovace, AI a jedine\u010dn\u00e9 technologie<\/strong><\/p>\n\n\n\n<p class=\"has-text-align-center is-style-wrap-balance\">Inovujeme technologie tak, aby byl \u010desk\u00fd internet st\u00e1le bezpe\u010dn\u00fdm m\u00edstem. A um\u00edme rozvinout i v\u00e1\u0161 potenci\u00e1l, proto\u017ee na lidech n\u00e1m z\u00e1le\u017e\u00ed a\u017e na prvn\u00edm m\u00edst\u011b.<\/p>\n<\/div>\n\n\n\n<div class=\"wp-block-column is-layout-flow wp-container-core-column-is-layout-16b3bfcb wp-block-column-is-layout-flow\"><figure class=\"aligncenter aligncenter wp-block-seznam-icon\"><img loading=\"lazy\" decoding=\"async\" width=\"64\" height=\"64\" src=\"https:\/\/o-seznam.cz\/kariera\/wp-content\/uploads\/sites\/2\/2024\/04\/seznam-cz-nezavisla-media.svg\" class=\"attachment-full size-full\" alt=\"\" \/><\/figure>\n\n\n\n<p class=\"has-text-align-center is-style-wrap-balance\"><strong>Nez\u00e1visl\u00e1 m\u00e9dia<\/strong><\/p>\n\n\n\n<p class=\"has-text-align-center is-style-wrap-balance\">Nevlastn\u00ed n\u00e1s \u017e\u00e1dn\u00fd politik ani magn\u00e1t, za na\u0161\u00edm zpravodajstv\u00edm a publicistikou stoj\u00ed tvrd\u00e1 a poctiv\u00e1 pr\u00e1ce nez\u00e1visl\u00fdch novin\u00e1\u0159\u016f a prof\u00edk\u016f medi\u00e1ln\u00edho sv\u011bta.<\/p>\n<\/div>\n<\/div>\n\n\n\n<div class=\"wp-block-columns is-layout-flex wp-container-core-columns-is-layout-28f84493 wp-block-columns-is-layout-flex\">\n<div class=\"wp-block-column is-layout-flow wp-container-core-column-is-layout-16b3bfcb wp-block-column-is-layout-flow\"><figure class=\"aligncenter aligncenter wp-block-seznam-icon\"><img loading=\"lazy\" decoding=\"async\" width=\"64\" height=\"64\" src=\"https:\/\/o-seznam.cz\/kariera\/wp-content\/uploads\/sites\/2\/2024\/04\/seznam-cz-neformalni-prostredi.svg\" class=\"attachment-full size-full\" alt=\"\" \/><\/figure>\n\n\n\n<p class=\"has-text-align-center is-style-wrap-balance\"><strong>Korpor\u00e1t s neform\u00e1ln\u00edm prost\u0159ed\u00edm<\/strong><\/p>\n\n\n\n<p class=\"has-text-align-center is-style-wrap-balance\">Pravidla respektujeme, ale nehrot\u00edme. Zakl\u00e1d\u00e1me si na up\u0159\u00edmn\u00e9 komunikaci a pom\u00e1h\u00e1me si. A r\u00e1di se potk\u00e1v\u00e1me i ve fitku nebo v hospod\u011b.<\/p>\n<\/div>\n\n\n\n<div class=\"wp-block-column is-layout-flow wp-container-core-column-is-layout-16b3bfcb wp-block-column-is-layout-flow\"><figure class=\"aligncenter aligncenter wp-block-seznam-icon\"><img loading=\"lazy\" decoding=\"async\" width=\"64\" height=\"64\" src=\"https:\/\/o-seznam.cz\/kariera\/wp-content\/uploads\/sites\/2\/2024\/04\/seznam-cz-onboarding.svg\" class=\"attachment-full size-full\" alt=\"\" \/><\/figure>\n\n\n\n<p class=\"has-text-align-center is-style-wrap-balance\"><strong>Onboarding a zp\u011btn\u00e1 vazba<\/strong><\/p>\n\n\n\n<p class=\"has-text-align-center is-style-wrap-balance\">A\u0165 u\u017e nastoup\u00edte na jakoukoliv pozici, \u010dek\u00e1 v\u00e1s kompletn\u00ed za\u0161kolen\u00ed, p\u0159\u00e1telsk\u00fd p\u0159\u00edstup a pomocn\u00e9 ruce na\u0161ich skv\u011bl\u00fdch tren\u00e9r\u016f.<\/p>\n<\/div>\n<\/div>\n\n\n\n<div class=\"wp-block-buttons is-content-justification-center is-layout-flex wp-container-core-buttons-is-layout-a89b3969 wp-block-buttons-is-layout-flex\">\n<div class=\"wp-block-button\"><a class=\"wp-block-button__link wp-element-button\" href=\"https:\/\/o-seznam.cz\/kariera\/volne-pozice\/\">Uk\u00e1zat v\u0161echny pozice<\/a><\/div>\n<\/div>\n<\/div>\n<\/div>\n\n\n\n<div class=\"wp-block-group is-layout-constrained wp-block-group-is-layout-constrained\">\n<h2 class=\"wp-block-heading\">Na co se m\u016f\u017eete t\u011b\u0161it<\/h2>\n\n\n<div class=\"wp-block-seznam-benefits\">\n<div class=\"accordion limiter\" data-limiter=\"4\" data-limiter-selector=\"&gt; .accordion__items\">\n\t<div class=\"accordion__items\">\n<details class=\"expander is-style-default is-style-symbol is-style-symbol-icon\">\n\t<summary data-datalayer-name=\"expander_benefit_14191\" data-datalayer-text=\"Technika na p\u0159\u00e1n\u00ed\">\n\t\t\t\t\t<span><img loading=\"lazy\" decoding=\"async\" width=\"32\" height=\"32\" src=\"https:\/\/o-seznam.cz\/kariera\/wp-content\/uploads\/sites\/2\/2024\/03\/benefity-technika-32x32-1.svg\" class=\"attachment-full size-full\" alt=\"\" \/><\/span>\n\t\t\t\t<strong>Technika na p\u0159\u00e1n\u00ed<\/strong>\n\t\t\t<\/summary>\n\t<div class=\"inner-blocks\">Apple, Linux nebo Windows? V\u0161echno m\u00e1me a k dispozici d\u00e1me. A pokud u\u017e jste zvykl\u00ed na sv\u00e9 vymazlen\u00e9 mil\u00e1\u010dky, pracujte klidn\u011b na vlastn\u00edm za\u0159\u00edzen\u00ed a my v\u00e1m budeme finan\u010dn\u011b p\u0159isp\u00edvat.<\/div><\/details>\n\n<details class=\"expander is-style-default is-style-symbol is-style-symbol-icon\">\n\t<summary data-datalayer-name=\"expander_benefit_14194\" data-datalayer-text=\"Dovolen\u00e1 o t\u00fdden del\u0161\u00ed\">\n\t\t\t\t\t<span><img loading=\"lazy\" decoding=\"async\" width=\"32\" height=\"32\" src=\"https:\/\/o-seznam.cz\/kariera\/wp-content\/uploads\/sites\/2\/2024\/03\/benefity-dovolena-navic-32x32-1.svg\" class=\"attachment-full size-full\" alt=\"\" \/><\/span>\n\t\t\t\t<strong>Dovolen\u00e1 o t\u00fdden del\u0161\u00ed<\/strong>\n\t\t\t<\/summary>\n\t<div class=\"inner-blocks\">Dovolen\u00e9 nen\u00ed nikdy dost. Proto v\u00e1m ke standardn\u00edm 4 t\u00fddn\u016fm dovolen\u00e9 p\u0159id\u00e1me je\u0161t\u011b dal\u0161\u00ed t\u00fdden.<\/div><\/details>\n\n<details class=\"expander is-style-default is-style-symbol is-style-symbol-icon\">\n\t<summary data-datalayer-name=\"expander_benefit_14200\" data-datalayer-text=\"Pru\u017en\u00e1 pracovn\u00ed doba\">\n\t\t\t\t\t<span><img loading=\"lazy\" decoding=\"async\" width=\"32\" height=\"32\" src=\"https:\/\/o-seznam.cz\/kariera\/wp-content\/uploads\/sites\/2\/2024\/03\/benefity-pruzna-pracovni-doba-32x32-1.svg\" class=\"attachment-full size-full\" alt=\"\" \/><\/span>\n\t\t\t\t<strong>Pru\u017en\u00e1 pracovn\u00ed doba<\/strong>\n\t\t\t<\/summary>\n\t<div class=\"inner-blocks\">N\u011bkdo je rann\u00ed pt\u00e1\u010de a nejv\u00edc pr\u00e1ce ud\u011bl\u00e1 se sv\u00edt\u00e1n\u00edm, n\u011bkdo zas sova a nejv\u00edc klidu na pr\u00e1ci m\u00e1 ve\u010der. D\u016fle\u017eit\u00e9 jsou pro n\u00e1s kvalitn\u00ed v\u00fdsledky, ne v\u00e1\u0161 rozvrh hodin.<\/div><\/details>\n\n<details class=\"expander is-style-default is-style-symbol is-style-symbol-icon\">\n\t<summary data-datalayer-name=\"expander_benefit_14206\" data-datalayer-text=\"Budget pro voln\u00fd \u010das\">\n\t\t\t\t\t<span><img loading=\"lazy\" decoding=\"async\" width=\"32\" height=\"32\" src=\"https:\/\/o-seznam.cz\/kariera\/wp-content\/uploads\/sites\/2\/2024\/03\/benefity-cafeterie-32x32-1.svg\" class=\"attachment-full size-full\" alt=\"\" \/><\/span>\n\t\t\t\t<strong>Budget pro voln\u00fd \u010das<\/strong>\n\t\t\t<\/summary>\n\t<div class=\"inner-blocks\">Vym\u011bnit body za kulturu, zdrav\u00ed, sport, dovolenou nebo extra volno? Beze v\u0161eho.<\/div><\/details>\n\n<details class=\"expander is-style-default is-style-symbol is-style-symbol-icon limiter-item-hidden\">\n\t<summary data-datalayer-name=\"expander_benefit_14212\" data-datalayer-text=\"Intern\u00ed vzd\u011bl\u00e1v\u00e1n\u00ed\">\n\t\t\t\t\t<span><img loading=\"lazy\" decoding=\"async\" width=\"32\" height=\"32\" src=\"https:\/\/o-seznam.cz\/kariera\/wp-content\/uploads\/sites\/2\/2024\/03\/benefity-interni-vzdelavani-32x32-1.svg\" class=\"attachment-full size-full\" alt=\"\" \/><\/span>\n\t\t\t\t<strong>Intern\u00ed vzd\u011bl\u00e1v\u00e1n\u00ed<\/strong>\n\t\t\t<\/summary>\n\t<div class=\"inner-blocks\">U n\u00e1s se nudit nebudete. Osobn\u00edmu i profesn\u00edmu rozvoji fand\u00edme a nab\u00edz\u00edme nekone\u010dn\u011b p\u0159\u00edle\u017eitost\u00ed k seberozvoji a vzd\u011bl\u00e1v\u00e1n\u00ed, v\u010detn\u011b pomoci od profesion\u00e1ln\u00edch tren\u00e9r\u016f.<\/div><\/details>\n\n<details class=\"expander is-style-default is-style-symbol is-style-symbol-icon limiter-item-hidden\">\n\t<summary data-datalayer-name=\"expander_benefit_14215\" data-datalayer-text=\"Konference\">\n\t\t\t\t\t<span><img loading=\"lazy\" decoding=\"async\" width=\"32\" height=\"32\" src=\"https:\/\/o-seznam.cz\/kariera\/wp-content\/uploads\/sites\/2\/2024\/03\/benefity-konference-32x32-1.svg\" class=\"attachment-full size-full\" alt=\"\" \/><\/span>\n\t\t\t\t<strong>Konference<\/strong>\n\t\t\t<\/summary>\n\t<div class=\"inner-blocks\">Na\u010derpejte nov\u00e9 inspirace a trendy, a to bu\u010f v publiku nebo rovnou na p\u00f3diu.<\/div><\/details>\n\n<details class=\"expander is-style-default is-style-symbol is-style-symbol-icon limiter-item-hidden\">\n\t<summary data-datalayer-name=\"expander_benefit_14218\" data-datalayer-text=\"Ovoce do pr\u00e1ce\">\n\t\t\t\t\t<span><img loading=\"lazy\" decoding=\"async\" width=\"32\" height=\"32\" src=\"https:\/\/o-seznam.cz\/kariera\/wp-content\/uploads\/sites\/2\/2024\/03\/benefity-ovoce-do-prace-32x32-1.svg\" class=\"attachment-full size-full\" alt=\"\" \/><\/span>\n\t\t\t\t<strong>Ovoce do pr\u00e1ce<\/strong>\n\t\t\t<\/summary>\n\t<div class=\"inner-blocks\">N\u00e1lo\u017e vitam\u00edn\u016f 2x m\u011bs\u00ed\u010dn\u011b, ob\u010das i s n\u011bjak\u00fdm chu\u0165ov\u00fdm p\u0159ekv\u00e1pkem.<\/div><\/details>\n\n<details class=\"expander is-style-default is-style-symbol is-style-symbol-icon limiter-item-hidden\">\n\t<summary data-datalayer-name=\"expander_benefit_14224\" data-datalayer-text=\"Sportu zdar\">\n\t\t\t\t\t<span><img loading=\"lazy\" decoding=\"async\" width=\"32\" height=\"32\" src=\"https:\/\/o-seznam.cz\/kariera\/wp-content\/uploads\/sites\/2\/2024\/03\/benefity-sportu-zdar-32x32-1.svg\" class=\"attachment-full size-full\" alt=\"\" \/><\/span>\n\t\t\t\t<strong>Sportu zdar<\/strong>\n\t\t\t<\/summary>\n\t<div class=\"inner-blocks\">V Praze a Brn\u011b si m\u016f\u017eete d\u00e1t do t\u011bla v na\u0161\u00ed posilovn\u011b, ve velk\u00fdch pobo\u010dk\u00e1ch i na hodin\u00e1ch j\u00f3gy.<\/div><\/details>\n<\/div><\/div>\n\n<\/div><\/div>\n\n\n\n<div class=\"wp-block-group is-layout-constrained wp-block-group-is-layout-constrained\">\n<div class=\"wp-block-group is-layout-constrained wp-block-group-is-layout-constrained\">\n<h2 class=\"wp-block-heading\">Prvn\u00ed dny v Seznamu<\/h2>\n\n\n\n<p>Koukn\u011bte, jak vypad\u00e1 prvn\u00ed den, a\u0165 se va\u0161e cesta na vysn\u011bnou pozici obejde bez zbyte\u010dn\u00fdch \u0161kobrtnut\u00ed.<\/p>\n\n\n\n<div class=\"accordion\">\n\t<div class=\"accordion__items\">\n\n<details class=\"expander is-style-default is-style-symbol is-style-symbol-number\">\n\t<summary data-datalayer-name=\"expander_cesta_vitejte\" data-datalayer-text=\"V\u00edtejte na palub\u011b aneb Pre-onboarding\">\n\t\t\t\t\t<span><span class=\"expander__number\">1<\/span><\/span>\n\t\t\t\t<strong>V\u00edtejte na palub\u011b aneb Pre-onboarding<\/strong>\n\t\t\t<\/summary>\n\t<div class=\"inner-blocks\">\n\n<p>Skv\u011ble, pl\u00e1cli jsme si na spolupr\u00e1ci. N\u00e1stupn\u00ed dokumenty podep\u00ed\u0161ete elektronicky klidn\u011b je\u0161t\u011b p\u0159ed n\u00e1stupem. \u017d\u00e1dn\u00e9 pap\u00edrov\u00e1n\u00ed, \u0161et\u0159\u00edme p\u0159\u00edrodu. A kdy\u017e budete cht\u00edt, m\u016f\u017eeme se rovnou domluvit na kafe s n\u011bk\u00fdm z t\u00fdmu, a\u0165 se nalad\u00edte na na\u0161i atmosf\u00e9ru.<\/p>\n\n<\/div><\/details>\n\n\n\n<details class=\"expander is-style-default is-style-symbol is-style-symbol-number\">\n\t<summary data-datalayer-name=\"expander_cesta_prvni_den\" data-datalayer-text=\"Hur\u00e1, v\u00e1\u0161 prvn\u00ed den v Seznamu\">\n\t\t\t\t\t<span><span class=\"expander__number\">2<\/span><\/span>\n\t\t\t\t<strong>Hur\u00e1, v\u00e1\u0161 prvn\u00ed den v Seznamu<\/strong>\n\t\t\t<\/summary>\n\t<div class=\"inner-blocks\">\n\n<p>Ka\u017ed\u00fd za\u010d\u00e1tek m\u011bs\u00edce v\u00edt\u00e1me v\u0161echny nov\u00e1\u010dky u n\u00e1s na centr\u00e1le v Praze. Vy\u0159e\u0161\u00edme pot\u0159ebnou administrativu, p\u0159ed\u00e1me v\u00e1m techniku, sezn\u00e1m\u00edme v\u00e1s s kolegy a nakonec v\u00e1s provedeme po na\u0161em labyrintu.<\/p>\n\n<\/div><\/details>\n\n\n\n<details class=\"expander is-style-default is-style-symbol is-style-symbol-number\">\n\t<summary data-datalayer-name=\"expander_cesta_adaptace\" data-datalayer-text=\"Adaptace aneb j\u00e9\u00e9\u00e9, funguje to!\">\n\t\t\t\t\t<span><span class=\"expander__number\">3<\/span><\/span>\n\t\t\t\t<strong>Adaptace aneb j\u00e9\u00e9\u00e9, funguje to!<\/strong>\n\t\t\t<\/summary>\n\t<div class=\"inner-blocks\">\n\n<p>Na za\u010d\u00e1tku to vypad\u00e1 mo\u017en\u00e1 trochu chaoticky, ale nebojte, m\u00e1me promakan\u00fd syst\u00e9m \u0161kolen\u00ed pro ka\u017edou pozici, tak\u017ee co neum\u00edte, r\u00e1di nau\u010d\u00edme.<\/p>\n\n<\/div><\/details>\n\n\n\n<details class=\"expander is-style-default is-style-symbol is-style-symbol-number\">\n\t<summary data-datalayer-name=\"expander_cesta_vzdelavani\" data-datalayer-text=\"Um\u00edte v\u0161e levou zadn\u00ed? Pak je tu intern\u00ed vzd\u011bl\u00e1v\u00e1n\u00ed\">\n\t\t\t\t\t<span><span class=\"expander__number\">4<\/span><\/span>\n\t\t\t\t<strong>Um\u00edte v\u0161e levou zadn\u00ed? Pak je tu intern\u00ed vzd\u011bl\u00e1v\u00e1n\u00ed<\/strong>\n\t\t\t<\/summary>\n\t<div class=\"inner-blocks\">\n\n<p>Po rozpa\u010dit\u00e9m za\u010d\u00e1tku jste u\u017e prof\u00edci v oboru, gratulujeme. A proto\u017ee um\u011bt v\u0161echno je nuda, n\u00e1\u0161 t\u00fdm tren\u00e9r\u016f v\u00e1m r\u00e1d porad\u00ed s dal\u0161\u00edm rozvojem. A nab\u00eddka je nekone\u010dn\u011b bohat\u00e1, vybrat si m\u016f\u017eete z na\u0161eho e-learningu nebo \u0161kolen\u00ed p\u0159\u00edmo na m\u00edru.<\/p>\n\n<\/div><\/details>\n\n<\/div><\/div>\n\n<\/div>\n<\/div>\n\n\n\n<div class=\"wp-block-group is-layout-constrained wp-block-group-is-layout-constrained\">\n<figure class=\"wp-block-gallery has-nested-images columns-default is-cropped wp-block-gallery-2 is-layout-flex wp-block-gallery-is-layout-flex\">\n<figure class=\"wp-block-image size-large\"><img loading=\"lazy\" decoding=\"async\" width=\"1984\" height=\"1323\" data-id=\"17963\" src=\"https:\/\/o-seznam.cz\/kariera\/wp-content\/uploads\/sites\/2\/2024\/11\/vid-2387-1984x1323.jpg\" alt=\"\" class=\"wp-image-17963\" srcset=\"https:\/\/o-seznam.cz\/kariera\/wp-content\/uploads\/sites\/2\/2024\/11\/vid-2387-1984x1323.jpg 1984w, https:\/\/o-seznam.cz\/kariera\/wp-content\/uploads\/sites\/2\/2024\/11\/vid-2387-992x661.jpg 992w, https:\/\/o-seznam.cz\/kariera\/wp-content\/uploads\/sites\/2\/2024\/11\/vid-2387-320x213.jpg 320w, https:\/\/o-seznam.cz\/kariera\/wp-content\/uploads\/sites\/2\/2024\/11\/vid-2387-768x512.jpg 768w, https:\/\/o-seznam.cz\/kariera\/wp-content\/uploads\/sites\/2\/2024\/11\/vid-2387-1536x1024.jpg 1536w, https:\/\/o-seznam.cz\/kariera\/wp-content\/uploads\/sites\/2\/2024\/11\/vid-2387-2048x1365.jpg 2048w\" sizes=\"auto, (max-width: 1984px) 100vw, 1984px\" \/><\/figure>\n\n\n\n<figure class=\"wp-block-image size-large\"><img loading=\"lazy\" decoding=\"async\" width=\"1984\" height=\"1323\" data-id=\"17940\" src=\"https:\/\/o-seznam.cz\/kariera\/wp-content\/uploads\/sites\/2\/2024\/11\/6i3a1239-1984x1323.jpg\" alt=\"\" class=\"wp-image-17940\" srcset=\"https:\/\/o-seznam.cz\/kariera\/wp-content\/uploads\/sites\/2\/2024\/11\/6i3a1239-1984x1323.jpg 1984w, https:\/\/o-seznam.cz\/kariera\/wp-content\/uploads\/sites\/2\/2024\/11\/6i3a1239-992x661.jpg 992w, https:\/\/o-seznam.cz\/kariera\/wp-content\/uploads\/sites\/2\/2024\/11\/6i3a1239-320x213.jpg 320w, https:\/\/o-seznam.cz\/kariera\/wp-content\/uploads\/sites\/2\/2024\/11\/6i3a1239-768x512.jpg 768w, https:\/\/o-seznam.cz\/kariera\/wp-content\/uploads\/sites\/2\/2024\/11\/6i3a1239-1536x1024.jpg 1536w, https:\/\/o-seznam.cz\/kariera\/wp-content\/uploads\/sites\/2\/2024\/11\/6i3a1239-2048x1365.jpg 2048w\" sizes=\"auto, (max-width: 1984px) 100vw, 1984px\" \/><\/figure>\n<\/figure>\n<\/div>\n\n\n\n<div class=\"wp-block-group is-layout-constrained wp-block-group-is-layout-constrained\">\n<h2 class=\"wp-block-heading\">Kde n\u00e1s najdete<\/h2>\n\n\n<div class=\"wp-block-seznam-branches\"> \n<div class=\"branchesMap\">\n\t<div>\n \n\n \n<div class=\"max-w-[35rem] mx-auto my-f6 \">\n\t \n<div class=\"mapSilhouette\" data-points=\"[{&quot;id&quot;:13397,&quot;title&quot;:&quot;Praha&quot;,&quot;x&quot;:22.699999999999999,&quot;y&quot;:34.700000000000003,&quot;is_active&quot;:false},{&quot;id&quot;:13385,&quot;title&quot;:&quot;Brno&quot;,&quot;x&quot;:42.299999999999997,&quot;y&quot;:52.799999999999997,&quot;is_active&quot;:false},{&quot;id&quot;:13399,&quot;title&quot;:&quot;\\u010cesk\\u00e9 Bud\\u011bjovice&quot;,&quot;x&quot;:23.5,&quot;y&quot;:64.700000000000003,&quot;is_active&quot;:false},{&quot;id&quot;:13401,&quot;title&quot;:&quot;Hradec Kr\\u00e1lov\\u00e9&quot;,&quot;x&quot;:35,&quot;y&quot;:31,&quot;is_active&quot;:false},{&quot;id&quot;:13410,&quot;title&quot;:&quot;Liberec&quot;,&quot;x&quot;:26.5,&quot;y&quot;:12.699999999999999,&quot;is_active&quot;:false},{&quot;id&quot;:13417,&quot;title&quot;:&quot;Olomouc&quot;,&quot;x&quot;:49.399999999999999,&quot;y&quot;:45.600000000000001,&quot;is_active&quot;:false},{&quot;id&quot;:13425,&quot;title&quot;:&quot;Ostrava \\u2013 V\\u00edtkovice&quot;,&quot;x&quot;:58.700000000000003,&quot;y&quot;:33.799999999999997,&quot;is_active&quot;:false},{&quot;id&quot;:13433,&quot;title&quot;:&quot;Plze\\u0148&quot;,&quot;x&quot;:13,&quot;y&quot;:45.299999999999997,&quot;is_active&quot;:false},{&quot;id&quot;:13443,&quot;title&quot;:&quot;Zl\\u00edn&quot;,&quot;x&quot;:53.5,&quot;y&quot;:51.799999999999997,&quot;is_active&quot;:false}]\">\n\t<img loading=\"lazy\" decoding=\"async\" src=\"https:\/\/o-seznam.cz\/kariera\/wp-content\/themes\/seznam\/assets\/images\/mapa-silouethe.svg\" width=\"560\" height=\"254\" alt=\"Mapa \u010cesko a Slovensko\" \/>\n\t<span class=\"mapSilhouette__point\" data-id=\"13397\"  style=\"left:22.7%;top:34.7%\"><\/span><span class=\"mapSilhouette__point\" data-id=\"13385\"  style=\"left:42.3%;top:52.8%\"><\/span><span class=\"mapSilhouette__point\" data-id=\"13399\"  style=\"left:23.5%;top:64.7%\"><\/span><span class=\"mapSilhouette__point\" data-id=\"13401\"  style=\"left:35%;top:31%\"><\/span><span class=\"mapSilhouette__point\" data-id=\"13410\"  style=\"left:26.5%;top:12.7%\"><\/span><span class=\"mapSilhouette__point\" data-id=\"13417\"  style=\"left:49.4%;top:45.6%\"><\/span><span class=\"mapSilhouette__point\" data-id=\"13425\"  style=\"left:58.7%;top:33.8%\"><\/span><span class=\"mapSilhouette__point\" data-id=\"13433\"  style=\"left:13%;top:45.3%\"><\/span><span class=\"mapSilhouette__point\" data-id=\"13443\"  style=\"left:53.5%;top:51.8%\"><\/span><span class=\"mapSilhouette__pointer\" hidden=\"true\"><\/span><\/div>\n <\/div>\n \n\n\n<div class=\"accordion\">\n\t<div class=\"accordion__items\">\n\t\n<details class=\"expander is-style-box\" data-id=\"13397\">\n\t<summary data-datalayer-name=\"expander_branch_13397\" data-datalayer-text=\"Praha\">\n\t\t\t\t<strong>Praha<\/strong>\n\t\t\t<\/summary>\n\t<div class=\"inner-blocks\"> \n\n<div>Seznam.cz, a.s.<br \/>\r\nRadlick\u00e1 3294\/10<br \/>\r\n150 00 Praha 5 \u2013 Sm\u00edchov<\/div>\n\n\t<div class=\"my-6 sm:my-4 text-neutral-60\">\n\t\tNa\u0161e centr\u00e1la je velmi dob\u0159e dostupn\u00e1, m\u016f\u017eete dorazit metrem na lince B, jednou z nes\u010detn\u00fdch tramvaj\u00ed nebo autobusem. Autobusov\u00e9 n\u00e1dra\u017e\u00ed Na Kn\u00ed\u017eec\u00ed je hned za rohem.\t<\/div>\n\n<table class=\"mt-f2 mb-f4\"><tr style=\"\"><th class=\"pr-3 align-top text-left text-neutral-60 font-normal \"><span class=\"block pt-1\">Metro<\/span><\/th><td class=\"\"><div class=\"flex gap-2 flex-wrap\"><span style=\"min-width:2rem\" class=\"inline-block min-w-8 h-7 leading-7 px-2 text-center rounded-2 text-white text-xs whitespace-nowrap bg-[#D4BD42]\">B \u2013 And\u011bl<\/span> <\/div><\/td><\/tr><tr style=\"\"><th class=\"pr-3 align-top text-left text-neutral-60 font-normal pt-4\"><span class=\"block pt-1\">Tramvaj<\/span><\/th><td class=\"pt-4\"><div class=\"flex gap-2 flex-wrap\"><span style=\"min-width:2rem\" class=\"inline-block min-w-8 h-7 leading-7 px-2 text-center rounded-2 text-white text-xs whitespace-nowrap bg-[#3B84C9]\">4<\/span> <span style=\"min-width:2rem\" class=\"inline-block min-w-8 h-7 leading-7 px-2 text-center rounded-2 text-white text-xs whitespace-nowrap bg-[#3B84C9]\">5<\/span> <span style=\"min-width:2rem\" class=\"inline-block min-w-8 h-7 leading-7 px-2 text-center rounded-2 text-white text-xs whitespace-nowrap bg-[#3B84C9]\">7<\/span> <span style=\"min-width:2rem\" class=\"inline-block min-w-8 h-7 leading-7 px-2 text-center rounded-2 text-white text-xs whitespace-nowrap bg-[#3B84C9]\">9<\/span> <span style=\"min-width:2rem\" class=\"inline-block min-w-8 h-7 leading-7 px-2 text-center rounded-2 text-white text-xs whitespace-nowrap bg-[#3B84C9]\">10<\/span> <span style=\"min-width:2rem\" class=\"inline-block min-w-8 h-7 leading-7 px-2 text-center rounded-2 text-white text-xs whitespace-nowrap bg-[#3B84C9]\">12<\/span> <span style=\"min-width:2rem\" class=\"inline-block min-w-8 h-7 leading-7 px-2 text-center rounded-2 text-white text-xs whitespace-nowrap bg-[#3B84C9]\">15<\/span> <span style=\"min-width:2rem\" class=\"inline-block min-w-8 h-7 leading-7 px-2 text-center rounded-2 text-white text-xs whitespace-nowrap bg-[#3B84C9]\">16<\/span> <span style=\"min-width:2rem\" class=\"inline-block min-w-8 h-7 leading-7 px-2 text-center rounded-2 text-white text-xs whitespace-nowrap bg-[#3B84C9]\">20<\/span> <\/div><\/td><\/tr><tr style=\"\"><th class=\"pr-3 align-top text-left text-neutral-60 font-normal pt-4\"><span class=\"block pt-1\">Bus<\/span><\/th><td class=\"pt-4\"><div class=\"flex gap-2 flex-wrap\"><span style=\"min-width:2rem\" class=\"inline-block min-w-8 h-7 leading-7 px-2 text-center rounded-2 text-white text-xs whitespace-nowrap bg-[#3B84C9]\">120<\/span> <span style=\"min-width:2rem\" class=\"inline-block min-w-8 h-7 leading-7 px-2 text-center rounded-2 text-white text-xs whitespace-nowrap bg-[#3B84C9]\">123<\/span> <span style=\"min-width:2rem\" class=\"inline-block min-w-8 h-7 leading-7 px-2 text-center rounded-2 text-white text-xs whitespace-nowrap bg-[#3B84C9]\">137<\/span> <span style=\"min-width:2rem\" class=\"inline-block min-w-8 h-7 leading-7 px-2 text-center rounded-2 text-white text-xs whitespace-nowrap bg-[#3B84C9]\">167<\/span> <span style=\"min-width:2rem\" class=\"inline-block min-w-8 h-7 leading-7 px-2 text-center rounded-2 text-white text-xs whitespace-nowrap bg-[#3B84C9]\">191<\/span> <\/div><\/td><\/tr><\/table>\t\t\t\t<div>\n\t\t\t\t\t<a class=\"button wp-element-button is-style-secondary-2\" href=\"https:\/\/o-seznam.cz\/kariera\/praha\/\">Voln\u00e9 pozice na pobo\u010dce<\/a>\n\t\t\t\t<\/div>\n\t\t\t\n \n<\/div><\/details>\n\n<details class=\"expander is-style-box\" data-id=\"13385\">\n\t<summary data-datalayer-name=\"expander_branch_13385\" data-datalayer-text=\"Brno\">\n\t\t\t\t<strong>Brno<\/strong>\n\t\t\t<\/summary>\n\t<div class=\"inner-blocks\"> \n\n<div>Seznam.cz, a.s.<br \/>\r\nThe Campus Science Park \u2013 Budova C<br \/>\r\nPalachovo n\u00e1m\u011bst\u00ed 797\/4<br \/>\r\n625 00 Brno \u2013 Star\u00fd L\u00edskovec<\/div>\n\n\t<div class=\"my-6 sm:my-4 text-neutral-60\">\n\t\tNejbli\u017e\u0161\u00ed zast\u00e1vka je Nemocnice Bohunice. Pokud jste p\u0159ijeli vlakem, na n\u00e1dra\u017e\u00ed sko\u010dte do \u0161aliny \u010d. 8 a za 20 minut jste u n\u00e1s. Parkovat lze v podzemn\u00edch gar\u00e1\u017e\u00edch nebo v okoln\u00edch oblastech Campus Square.\t<\/div>\n\n<table class=\"mt-f2 mb-f4\"><tr style=\"\"><th class=\"pr-3 align-top text-left text-neutral-60 font-normal \"><span class=\"block pt-1\">\u0160alina<\/span><\/th><td class=\"\"><div class=\"flex gap-2 flex-wrap\"><span style=\"min-width:2rem\" class=\"inline-block min-w-8 h-7 leading-7 px-2 text-center rounded-2 text-white text-xs whitespace-nowrap bg-[#3B84C9]\">8<\/span> <\/div><\/td><\/tr><tr style=\"\"><th class=\"pr-3 align-top text-left text-neutral-60 font-normal pt-4\"><span class=\"block pt-1\">Bus<\/span><\/th><td class=\"pt-4\"><div class=\"flex gap-2 flex-wrap\"><span style=\"min-width:2rem\" class=\"inline-block min-w-8 h-7 leading-7 px-2 text-center rounded-2 text-white text-xs whitespace-nowrap bg-[#3B84C9]\">40<\/span> <span style=\"min-width:2rem\" class=\"inline-block min-w-8 h-7 leading-7 px-2 text-center rounded-2 text-white text-xs whitespace-nowrap bg-[#3B84C9]\">50<\/span> <span style=\"min-width:2rem\" class=\"inline-block min-w-8 h-7 leading-7 px-2 text-center rounded-2 text-white text-xs whitespace-nowrap bg-[#3B84C9]\">51<\/span> <span style=\"min-width:2rem\" class=\"inline-block min-w-8 h-7 leading-7 px-2 text-center rounded-2 text-white text-xs whitespace-nowrap bg-[#3B84C9]\">69<\/span> <span style=\"min-width:2rem\" class=\"inline-block min-w-8 h-7 leading-7 px-2 text-center rounded-2 text-white text-xs whitespace-nowrap bg-[#3B84C9]\">E56<\/span> <\/div><\/td><\/tr><tr style=\"\"><th class=\"pr-3 align-top text-left text-neutral-60 font-normal pt-4\"><span class=\"block pt-1\">Trolejbus<\/span><\/th><td class=\"pt-4\"><div class=\"flex gap-2 flex-wrap\"><span style=\"min-width:2rem\" class=\"inline-block min-w-8 h-7 leading-7 px-2 text-center rounded-2 text-white text-xs whitespace-nowrap bg-[#3B84C9]\">25<\/span> <span style=\"min-width:2rem\" class=\"inline-block min-w-8 h-7 leading-7 px-2 text-center rounded-2 text-white text-xs whitespace-nowrap bg-[#3B84C9]\">37<\/span> <\/div><\/td><\/tr><\/table>\t\t\t\t<div>\n\t\t\t\t\t<a class=\"button wp-element-button is-style-secondary-2\" href=\"https:\/\/o-seznam.cz\/kariera\/brno\/\">Voln\u00e9 pozice na pobo\u010dce<\/a>\n\t\t\t\t<\/div>\n\t\t\t\n \n<\/div><\/details>\n\n<details class=\"expander is-style-box\" data-id=\"13399\">\n\t<summary data-datalayer-name=\"expander_branch_13399\" data-datalayer-text=\"\u010cesk\u00e9 Bud\u011bjovice\">\n\t\t\t\t<strong>\u010cesk\u00e9 Bud\u011bjovice<\/strong>\n\t\t\t<\/summary>\n\t<div class=\"inner-blocks\"> \n\n<div>Seznam.cz, a.s.<br \/>\r\nN\u00e1dra\u017en\u00ed 159\/21<br \/>\r\n370 01 \u010cesk\u00e9 Bud\u011bjovice<\/div>\n\n\t<div class=\"my-6 sm:my-4 text-neutral-60\">\n\t\tVlakov\u00e9 i autobusov\u00e9 n\u00e1dra\u017e\u00ed m\u00e1te od n\u00e1s do 5 minut ch\u016fze. Auto m\u016f\u017eete nechat v centru Mercury.\t<\/div>\n\n\t\t\t\t<div>\n\t\t\t\t\t<a class=\"button wp-element-button is-style-secondary-2\" href=\"https:\/\/o-seznam.cz\/kariera\/ceske-budejovice\/\">Voln\u00e9 pozice na pobo\u010dce<\/a>\n\t\t\t\t<\/div>\n\t\t\t\n \n<\/div><\/details>\n\n<details class=\"expander is-style-box\" data-id=\"13401\">\n\t<summary data-datalayer-name=\"expander_branch_13401\" data-datalayer-text=\"Hradec Kr\u00e1lov\u00e9\">\n\t\t\t\t<strong>Hradec Kr\u00e1lov\u00e9<\/strong>\n\t\t\t<\/summary>\n\t<div class=\"inner-blocks\"> \n\n<div>Seznam.cz, a.s.<br \/>\r\nWonkova 385\/28<br \/>\r\n500 02 Hradec Kr\u00e1lov\u00e9<\/div>\n\n\t<div class=\"my-6 sm:my-4 text-neutral-60\">\n\t\tNajdete n\u00e1s v doch\u00e1zkov\u00e9 vzd\u00e1lenosti z vlakov\u00e9ho \u010di autobusov\u00e9ho n\u00e1dra\u017e\u00ed. Auto pohodln\u011b zaparkujete v parkovac\u00edm dom\u011b, n\u011bkte\u0159\u00ed ale p\u0159ij\u00ed\u017ed\u00ed i na kole p\u0159es nedalek\u00fd park Sklen\u011bnka.\t<\/div>\n\n<table class=\"mt-f2 mb-f4\"><tr style=\"\"><th class=\"pr-3 align-top text-left text-neutral-60 font-normal \"><span class=\"block pt-1\">Trolejbus<\/span><\/th><td class=\"\"><div class=\"flex gap-2 flex-wrap\"><span style=\"min-width:2rem\" class=\"inline-block min-w-8 h-7 leading-7 px-2 text-center rounded-2 text-white text-xs whitespace-nowrap bg-[#3B84C9]\">1<\/span> <span style=\"min-width:2rem\" class=\"inline-block min-w-8 h-7 leading-7 px-2 text-center rounded-2 text-white text-xs whitespace-nowrap bg-[#3B84C9]\">3<\/span> <span style=\"min-width:2rem\" class=\"inline-block min-w-8 h-7 leading-7 px-2 text-center rounded-2 text-white text-xs whitespace-nowrap bg-[#3B84C9]\">4<\/span> <span style=\"min-width:2rem\" class=\"inline-block min-w-8 h-7 leading-7 px-2 text-center rounded-2 text-white text-xs whitespace-nowrap bg-[#3B84C9]\">7<\/span> <\/div><\/td><\/tr><tr style=\"\"><th class=\"pr-3 align-top text-left text-neutral-60 font-normal pt-4\"><span class=\"block pt-1\">Bus<\/span><\/th><td class=\"pt-4\"><div class=\"flex gap-2 flex-wrap\"><span style=\"min-width:2rem\" class=\"inline-block min-w-8 h-7 leading-7 px-2 text-center rounded-2 text-white text-xs whitespace-nowrap bg-[#3B84C9]\">9<\/span> <span style=\"min-width:2rem\" class=\"inline-block min-w-8 h-7 leading-7 px-2 text-center rounded-2 text-white text-xs whitespace-nowrap bg-[#3B84C9]\">10<\/span> <span style=\"min-width:2rem\" class=\"inline-block min-w-8 h-7 leading-7 px-2 text-center rounded-2 text-white text-xs whitespace-nowrap bg-[#3B84C9]\">12<\/span> <span style=\"min-width:2rem\" class=\"inline-block min-w-8 h-7 leading-7 px-2 text-center rounded-2 text-white text-xs whitespace-nowrap bg-[#3B84C9]\">13<\/span> <span style=\"min-width:2rem\" class=\"inline-block min-w-8 h-7 leading-7 px-2 text-center rounded-2 text-white text-xs whitespace-nowrap bg-[#3B84C9]\">15<\/span> <span style=\"min-width:2rem\" class=\"inline-block min-w-8 h-7 leading-7 px-2 text-center rounded-2 text-white text-xs whitespace-nowrap bg-[#3B84C9]\">16<\/span> <span style=\"min-width:2rem\" class=\"inline-block min-w-8 h-7 leading-7 px-2 text-center rounded-2 text-white text-xs whitespace-nowrap bg-[#3B84C9]\">17<\/span> <span style=\"min-width:2rem\" class=\"inline-block min-w-8 h-7 leading-7 px-2 text-center rounded-2 text-white text-xs whitespace-nowrap bg-[#3B84C9]\">19<\/span> <span style=\"min-width:2rem\" class=\"inline-block min-w-8 h-7 leading-7 px-2 text-center rounded-2 text-white text-xs whitespace-nowrap bg-[#3B84C9]\">24<\/span> <\/div><\/td><\/tr><\/table>\t\t\t\t<div>\n\t\t\t\t\t<a class=\"button wp-element-button is-style-secondary-2\" href=\"https:\/\/o-seznam.cz\/kariera\/hradec-kralove\/\">Voln\u00e9 pozice na pobo\u010dce<\/a>\n\t\t\t\t<\/div>\n\t\t\t\n \n<\/div><\/details>\n\n<details class=\"expander is-style-box\" data-id=\"13410\">\n\t<summary data-datalayer-name=\"expander_branch_13410\" data-datalayer-text=\"Liberec\">\n\t\t\t\t<strong>Liberec<\/strong>\n\t\t\t<\/summary>\n\t<div class=\"inner-blocks\"> \n\n<div>Seznam.cz, a.s.<br \/>\r\nPal\u00e1c SYNER<br \/>\r\nRumunsk\u00e1 655\/9<br \/>\r\n460 01 Liberec<\/div>\n\n\t<div class=\"my-6 sm:my-4 text-neutral-60\">\n\t\tPokud se k n\u00e1m vyd\u00e1te MHD, nejlep\u0161\u00ed volbou bude tramvaj \u010d\u00edslo 2, 3, 5 nebo 11 a vystupte na zast\u00e1vce F\u00fcgnerova. Kancel\u00e1\u0159e m\u00e1me ve 2. pat\u0159e.\t<\/div>\n\n<table class=\"mt-f2 mb-f4\"><tr style=\"\"><th class=\"pr-3 align-top text-left text-neutral-60 font-normal \"><span class=\"block pt-1\">Tramvaj<\/span><\/th><td class=\"\"><div class=\"flex gap-2 flex-wrap\"><span style=\"min-width:2rem\" class=\"inline-block min-w-8 h-7 leading-7 px-2 text-center rounded-2 text-white text-xs whitespace-nowrap bg-[#3B84C9]\">2<\/span> <span style=\"min-width:2rem\" class=\"inline-block min-w-8 h-7 leading-7 px-2 text-center rounded-2 text-white text-xs whitespace-nowrap bg-[#3B84C9]\">3<\/span> <span style=\"min-width:2rem\" class=\"inline-block min-w-8 h-7 leading-7 px-2 text-center rounded-2 text-white text-xs whitespace-nowrap bg-[#3B84C9]\">5<\/span> <span style=\"min-width:2rem\" class=\"inline-block min-w-8 h-7 leading-7 px-2 text-center rounded-2 text-white text-xs whitespace-nowrap bg-[#3B84C9]\">11<\/span> <\/div><\/td><\/tr><\/table>\t\t\t\t<div>\n\t\t\t\t\t<a class=\"button wp-element-button is-style-secondary-2\" href=\"https:\/\/o-seznam.cz\/kariera\/liberec\/\">Voln\u00e9 pozice na pobo\u010dce<\/a>\n\t\t\t\t<\/div>\n\t\t\t\n \n<\/div><\/details>\n\n<details class=\"expander is-style-box\" data-id=\"13417\">\n\t<summary data-datalayer-name=\"expander_branch_13417\" data-datalayer-text=\"Olomouc\">\n\t\t\t\t<strong>Olomouc<\/strong>\n\t\t\t<\/summary>\n\t<div class=\"inner-blocks\"> \n\n<div>Seznam.cz, a.s.<br \/>\r\nSt\u0159edn\u00ed Novosadsk\u00e1 767\/4<br \/>\r\n779 00 Olomouc \u2013 Nov\u00e9 Sady<\/div>\n\n\t<div class=\"my-6 sm:my-4 text-neutral-60\">\n\t\tZ n\u00e1dra\u017e\u00ed sko\u010dte nap\u0159\u00edklad do tramvaje \u010d. 5 na zast\u00e1vku Zikova, pak jsou to jen 3 minuty p\u011b\u0161ky. N\u011bkolik parkovac\u00edch m\u00edst m\u00e1me, ale zaparkujete i naproti u supermarketu. V tak velk\u00e9 budov\u011b nejsme jedin\u00ed, vydejte se do 2. patra.\t<\/div>\n\n<table class=\"mt-f2 mb-f4\"><tr style=\"\"><th class=\"pr-3 align-top text-left text-neutral-60 font-normal \"><span class=\"block pt-1\">Tramvaj<\/span><\/th><td class=\"\"><div class=\"flex gap-2 flex-wrap\"><span style=\"min-width:2rem\" class=\"inline-block min-w-8 h-7 leading-7 px-2 text-center rounded-2 text-white text-xs whitespace-nowrap bg-[#3B84C9]\">3<\/span> <span style=\"min-width:2rem\" class=\"inline-block min-w-8 h-7 leading-7 px-2 text-center rounded-2 text-white text-xs whitespace-nowrap bg-[#3B84C9]\">5<\/span> <\/div><\/td><\/tr><tr style=\"\"><th class=\"pr-3 align-top text-left text-neutral-60 font-normal pt-4\"><span class=\"block pt-1\">Bus<\/span><\/th><td class=\"pt-4\"><div class=\"flex gap-2 flex-wrap\"><span style=\"min-width:2rem\" class=\"inline-block min-w-8 h-7 leading-7 px-2 text-center rounded-2 text-white text-xs whitespace-nowrap bg-[#3B84C9]\">10<\/span> <span style=\"min-width:2rem\" class=\"inline-block min-w-8 h-7 leading-7 px-2 text-center rounded-2 text-white text-xs whitespace-nowrap bg-[#3B84C9]\">16<\/span> <span style=\"min-width:2rem\" class=\"inline-block min-w-8 h-7 leading-7 px-2 text-center rounded-2 text-white text-xs whitespace-nowrap bg-[#3B84C9]\">29<\/span> <\/div><\/td><\/tr><\/table>\t\t\t\t<div>\n\t\t\t\t\t<a class=\"button wp-element-button is-style-secondary-2\" href=\"https:\/\/o-seznam.cz\/kariera\/olomouc\/\">Voln\u00e9 pozice na pobo\u010dce<\/a>\n\t\t\t\t<\/div>\n\t\t\t\n \n<\/div><\/details>\n\n<details class=\"expander is-style-box\" data-id=\"13425\">\n\t<summary data-datalayer-name=\"expander_branch_13425\" data-datalayer-text=\"Ostrava \u2013 V\u00edtkovice\">\n\t\t\t\t<strong>Ostrava \u2013 V\u00edtkovice<\/strong>\n\t\t\t<\/summary>\n\t<div class=\"inner-blocks\"> \n\n<div>Seznam.cz, a.s.<br \/>\r\nRusk\u00e1 87\/11<br \/>\r\n703 00 Ostrava \u2013 V\u00edtkovice<\/div>\n\n\t<div class=\"my-6 sm:my-4 text-neutral-60\">\n\t\tPokud n\u00e1s nav\u0161t\u00edv\u00edte autem, p\u00e1r m\u00edst k parkov\u00e1n\u00ed najdete p\u0159\u00edmo na na\u0161em mal\u00e9m parkovi\u0161ti. A pokud chcete vyu\u017e\u00edt MHD, p\u0159\u00edmo z vlakov\u00e9ho n\u00e1dra\u017e\u00ed se k n\u00e1m dostanete tramvaj\u00ed \u010d. 1 nebo 2.\t<\/div>\n\n<table class=\"mt-f2 mb-f4\"><tr style=\"\"><th class=\"pr-3 align-top text-left text-neutral-60 font-normal \"><span class=\"block pt-1\">Tramvaj<\/span><\/th><td class=\"\"><div class=\"flex gap-2 flex-wrap\"><span style=\"min-width:2rem\" class=\"inline-block min-w-8 h-7 leading-7 px-2 text-center rounded-2 text-white text-xs whitespace-nowrap bg-[#3B84C9]\">1<\/span> <span style=\"min-width:2rem\" class=\"inline-block min-w-8 h-7 leading-7 px-2 text-center rounded-2 text-white text-xs whitespace-nowrap bg-[#3B84C9]\">2<\/span> <\/div><\/td><\/tr><\/table>\t\t\t\t<div>\n\t\t\t\t\t<a class=\"button wp-element-button is-style-secondary-2\" href=\"https:\/\/o-seznam.cz\/kariera\/ostrava\/\">Voln\u00e9 pozice na pobo\u010dce<\/a>\n\t\t\t\t<\/div>\n\t\t\t\n \n<\/div><\/details>\n\n<details class=\"expander is-style-box\" data-id=\"13433\">\n\t<summary data-datalayer-name=\"expander_branch_13433\" data-datalayer-text=\"Plze\u0148\">\n\t\t\t\t<strong>Plze\u0148<\/strong>\n\t\t\t<\/summary>\n\t<div class=\"inner-blocks\"> \n\n<div>Seznam.cz, a.s.<br \/>\r\nN\u00e1m\u011bst\u00ed T. G. Masaryka 1931\/12<br \/>\r\n301 00 Plze\u0148 \u2013 Ji\u017en\u00ed P\u0159edm\u011bst\u00ed<\/div>\n\n\t<div class=\"my-6 sm:my-4 text-neutral-60\">\n\t\tVlakem bude nejlep\u0161\u00ed vystoupit a\u017e na vlakov\u00e9m n\u00e1dra\u017e\u00ed Plze\u0148 Ji\u017en\u00ed P\u0159edm\u011bst\u00ed a j\u00edt 10 minut p\u011b\u0161ky. A pokud jedete autem, v okol\u00ed se n\u011bjak\u00e9 parkovac\u00ed m\u00edsto v\u017edycky najde.\t<\/div>\n\n<table class=\"mt-f2 mb-f4\"><tr style=\"\"><th class=\"pr-3 align-top text-left text-neutral-60 font-normal \"><span class=\"block pt-1\">Tramvaj<\/span><\/th><td class=\"\"><div class=\"flex gap-2 flex-wrap\"><span style=\"min-width:2rem\" class=\"inline-block min-w-8 h-7 leading-7 px-2 text-center rounded-2 text-white text-xs whitespace-nowrap bg-[#3B84C9]\">4<\/span> <\/div><\/td><\/tr><\/table>\t\t\t\t<div>\n\t\t\t\t\t<a class=\"button wp-element-button is-style-secondary-2\" href=\"https:\/\/o-seznam.cz\/kariera\/plzen\/\">Voln\u00e9 pozice na pobo\u010dce<\/a>\n\t\t\t\t<\/div>\n\t\t\t\n \n<\/div><\/details>\n\n<details class=\"expander is-style-box\" data-id=\"13443\">\n\t<summary data-datalayer-name=\"expander_branch_13443\" data-datalayer-text=\"Zl\u00edn\">\n\t\t\t\t<strong>Zl\u00edn<\/strong>\n\t\t\t<\/summary>\n\t<div class=\"inner-blocks\"> \n\n<div>Seznam.cz, a.s.<br \/>\r\nTe\u010dovsk\u00e1 1052<br \/>\r\n763 02 Zl\u00edn \u2013\u00a0Malenovice<\/div>\n\n\t<div class=\"my-6 sm:my-4 text-neutral-60\">\n\t\tZ vlakov\u00e9ho n\u00e1dra\u017e\u00ed je to k n\u00e1m jen 10 minut ch\u016fze a pokud p\u0159ijedete MHD, vysko\u010dte na zast\u00e1vce Malenovice, Te\u010dovsk\u00e1. S parkov\u00e1n\u00edm nen\u00ed probl\u00e9m, pobo\u010dka m\u00e1 vlastn\u00ed parkovac\u00ed m\u00edsta.\t<\/div>\n\n<table class=\"mt-f2 mb-f4\"><tr style=\"\"><th class=\"pr-3 align-top text-left text-neutral-60 font-normal \"><span class=\"block pt-1\">Bus<\/span><\/th><td class=\"\"><div class=\"flex gap-2 flex-wrap\"><span style=\"min-width:2rem\" class=\"inline-block min-w-8 h-7 leading-7 px-2 text-center rounded-2 text-white text-xs whitespace-nowrap bg-[#3B84C9]\">52<\/span> <span style=\"min-width:2rem\" class=\"inline-block min-w-8 h-7 leading-7 px-2 text-center rounded-2 text-white text-xs whitespace-nowrap bg-[#3B84C9]\">154<\/span> <span style=\"min-width:2rem\" class=\"inline-block min-w-8 h-7 leading-7 px-2 text-center rounded-2 text-white text-xs whitespace-nowrap bg-[#3B84C9]\">155<\/span> <\/div><\/td><\/tr><\/table>\t\t\t\t<div>\n\t\t\t\t\t<a class=\"button wp-element-button is-style-secondary-2\" href=\"https:\/\/o-seznam.cz\/kariera\/zlin\/\">Voln\u00e9 pozice na pobo\u010dce<\/a>\n\t\t\t\t<\/div>\n\t\t\t\n \n<\/div><\/details>\n<\/div><\/div>\n\n\n\t\n \n\t<\/div>\n<\/div>\n <\/div>\n<\/div>\n\n<\/div>\n\n\n<div class=\"layout__sidebar is-layout-flow wp-block-seznam-layout-slot-is-layout-flow\">\n\t\n\n<div class=\"cta-stickybox is-hidden-on-form-confirmation-loaded wp-block-seznam-cta-stickybox-hr\">\n\t<div class=\"cta-stickybox__inner\">\n\n\t\t\t\t\t<div class=\"cta-stickybox__head cta-stickybox__head--desktop\">\n\t\t\t\t\t\t\t\t<h3>Chcete u n\u00e1s pracovat?<\/h3>\n\t\t\t<\/div>\n\t\t\n\t\t<div class=\"cta-stickybox__head cta-stickybox__head--mobile\">\n\t\t\t\t\t\t<div>\n\t\t\t\t<p><strong>Chcete u n\u00e1s pracovat?<\/strong><\/p>\n\t\t\t\t<button class=\"cta-stickybox__toggle\" aria-controls=\"cta_1548a3d\" aria-expanded=\"false\">M\u00e1m z\u00e1jem <\/button>\n\t\t\t<\/div>\n\t\t<\/div>\n\n\t\t<div class=\"cta-stickybox__content\" id=\"cta_1548a3d\">\n\t\t\t\t\t\t\t<a class=\"wp-element-button\" data-datalayer-name=\"cta_stickybox_primary\" href=\"\">Poslat \u017eivotopis<\/a>\n\t\t\t\t\t\t\t\t\t\t<a class=\"wp-element-button is-style-secondary-2\" data-datalayer-name=\"cta_stickybox_secondary\"  href=\"\">Zeptat se<\/a>\n\t\t\t\t\t<\/div>\n\n\t<\/div>\n<\/div>\n\n\n<\/div>\n\n\t\t<\/div>\n\t<\/div>\n\t<div class=\"layout__breakpoint\"><\/div>\n<\/div>\n<\/div>\n","protected":false},"excerpt":{"rendered":"<p>Zaj\u00edm\u00e1 v\u00e1s marketing, obchod nebo prodej reklamy? Chcete rozv\u00edjet \u0161pi\u010dkov\u00e9 slu\u017eby u technologick\u00e9 jedni\u010dky? V Seznamu m\u00e1me voln\u00e9 pozice, tak se n\u00e1m ozv\u011bte.<\/p>\n","protected":false},"author":2,"featured_media":0,"parent":0,"menu_order":0,"comment_status":"closed","ping_status":"closed","template":"","meta":{"_acf_changed":false,"_relevanssi_hide_post":"","_relevanssi_hide_content":"","_relevanssi_pin_for_all":"","_relevanssi_pin_keywords":"","_relevanssi_unpin_keywords":"","_relevanssi_related_keywords":"","_relevanssi_related_include_ids":"","_relevanssi_related_exclude_ids":"","_relevanssi_related_no_append":"","_relevanssi_related_not_related":"","_relevanssi_related_posts":"","_relevanssi_noindex_reason":"","footnotes":""},"page_category":[],"page_tag":[],"class_list":["post-13861","page","type-page","status-publish","hentry"],"acf":[],"_links":{"self":[{"href":"https:\/\/o-seznam.cz\/kariera\/wp-json\/wp\/v2\/pages\/13861","targetHints":{"allow":["GET"]}}],"collection":[{"href":"https:\/\/o-seznam.cz\/kariera\/wp-json\/wp\/v2\/pages"}],"about":[{"href":"https:\/\/o-seznam.cz\/kariera\/wp-json\/wp\/v2\/types\/page"}],"author":[{"embeddable":true,"href":"https:\/\/o-seznam.cz\/kariera\/wp-json\/wp\/v2\/users\/2"}],"replies":[{"embeddable":true,"href":"https:\/\/o-seznam.cz\/kariera\/wp-json\/wp\/v2\/comments?post=13861"}],"version-history":[{"count":14,"href":"https:\/\/o-seznam.cz\/kariera\/wp-json\/wp\/v2\/pages\/13861\/revisions"}],"predecessor-version":[{"id":18986,"href":"https:\/\/o-seznam.cz\/kariera\/wp-json\/wp\/v2\/pages\/13861\/revisions\/18986"}],"wp:attachment":[{"href":"https:\/\/o-seznam.cz\/kariera\/wp-json\/wp\/v2\/media?parent=13861"}],"wp:term":[{"taxonomy":"page_category","embeddable":true,"href":"https:\/\/o-seznam.cz\/kariera\/wp-json\/wp\/v2\/page_category?post=13861"},{"taxonomy":"page_tag","embeddable":true,"href":"https:\/\/o-seznam.cz\/kariera\/wp-json\/wp\/v2\/page_tag?post=13861"}],"curies":[{"name":"wp","href":"https:\/\/api.w.org\/{rel}","templated":true}]}}