{"id":13858,"date":"2024-01-26T15:49:52","date_gmt":"2024-01-26T14:49:52","guid":{"rendered":"https:\/\/o-seznam.cz\/kariera\/?page_id=13858"},"modified":"2024-12-04T14:46:56","modified_gmt":"2024-12-04T13:46:56","slug":"it","status":"publish","type":"page","link":"https:\/\/o-seznam.cz\/kariera\/it\/","title":{"rendered":"IT a technologie"},"content":{"rendered":"\n<div class=\"wp-block-group is-content-justification-left is-layout-constrained wp-container-core-group-is-layout-8f9203fe wp-block-group-is-layout-constrained\">\n<p>Modern\u00ed technologi\u00ed to kdysi za\u010dalo, a i kdy\u017e jsme se za t\u011bch bezm\u00e1la 30 let rozrostli na medi\u00e1ln\u00ed a obchodn\u00ed spole\u010dnost, nejmodern\u011bj\u0161\u00ed technologie a jejich v\u00fdvoj jsou st\u00e1le na\u0161e srdcovka. A d\u011bl\u00e1me v\u0161echno pro to, aby pracovat v Seznamu byla srde\u010dn\u00ed z\u00e1le\u017eitost taky pro n\u00e1\u0161 t\u00fdm. I proto se specializujeme na \u0161irokou \u0161k\u00e1lu <a href=\"https:\/\/o-seznam.cz\/kariera\/technologie\/\" data-type=\"link\" data-id=\"https:\/\/o-seznam.cz\/kariera\/technologie\/\">programovac\u00edch jazyk\u016f a technologi\u00ed<\/a>, v\u010detn\u011b Kotlinu, Pythonu, Javy, C++, Golang a JavaScriptu a dal\u0161\u00edch.<\/p>\n<\/div>\n\n\n\n<div class=\"wp-block-group alignfull is-layout-constrained wp-block-group-is-layout-constrained\">\n<div class=\"layout layout--stickybox alignfull mt-f6 wp-block-seznam-layout\">\n\t<div class=\"layout__lining\">\n\t\t<div class=\"layout__area\">\n\t\t\t\n<div class=\"layout__content is-layout-flow wp-container-seznam-layout-slot-is-layout-bed9b9fd wp-block-seznam-layout-slot-is-layout-flow\">\n\t\n\n<div class=\"wp-block-group is-layout-constrained wp-block-group-is-layout-constrained\"><div class=\"wp-block-seznam-list-jobs\"><div class=\"mb-f6\"><h2 class=\"mb-f2\">7 voln\u00fdch pozic <\/h2>\n<div class=\"wp-block-group is-nowrap is-layout-flex wp-container-core-group-is-layout-8acbb40a wp-block-group-is-layout-flex\">\n<figure class=\"wp-block-image size-large shrink-0 w-6 h-6\"><img loading=\"lazy\" decoding=\"async\" width=\"24\" height=\"24\" src=\"https:\/\/o-seznam.cz\/kariera\/wp-content\/uploads\/sites\/2\/2024\/03\/unisex-gray.svg\" alt=\"\" class=\"wp-image-14262\" style=\"object-fit:cover\"\/><\/figure>\n\n\n\n<p class=\"has-neutral-60-color has-text-color has-link-color has-small-font-size wp-elements-7ed63037b893513686a79fea9cc0c11f\">V\u0161echny pozice jsou vhodn\u00e9 pro mu\u017ee i \u017eeny.<\/p>\n<\/div>\n<\/div><a class=\"box mb-2 text-neutral-black hover:text-neutral-black no-underline\" href=\"https:\/\/o-seznam.cz\/kariera\/487309-programator-ai-asistenta-python-go\/\" data-datalayer-name=\"job_20433\" data-datalayer-text=\"Backend Python a Go program\u00e1tor AI Asistenta\">\n<h2 class=\"mt-0 mb-f2\">Backend Python a Go program\u00e1tor AI Asistenta<\/h2>\n<p class=\"mt-0 text-sm text-neutral-60\">\n\t\t\t<span class=\"text-complement\">Bratislava<\/span>\n\t\t<span class=\"text-neutral-20 mx-1\">\u2022<\/span>\n\t\tPro mu\u017ee i \u017eeny <span class=\"text-neutral-20 mx-1\">\u2022<\/span> Pln\u00fd \u00favazek<\/p>\n<\/a>\n<a class=\"box mb-2 text-neutral-black hover:text-neutral-black no-underline\" href=\"https:\/\/o-seznam.cz\/kariera\/484881-infrastructure-engineer\/\" data-datalayer-name=\"job_20330\" data-datalayer-text=\"Infrastructure Engineer\">\n<h2 class=\"mt-0 mb-f2\">Infrastructure Engineer<\/h2>\n<p class=\"mt-0 text-sm text-neutral-60\">\n\t\t\t<span class=\"text-complement\">Praha<\/span>\n\t\t<span class=\"text-neutral-20 mx-1\">\u2022<\/span>\n\t\tPro mu\u017ee i \u017eeny <span class=\"text-neutral-20 mx-1\">\u2022<\/span> Pln\u00fd \u00favazek<\/p>\n\t<div class=\"flex flex-wrap gap-x-3 gap-y-1 mt-f4\">\n\t\t<img loading=\"lazy\" decoding=\"async\" width=\"64\" height=\"64\" src=\"https:\/\/o-seznam.cz\/kariera\/wp-content\/uploads\/sites\/2\/2024\/04\/technologie-Ansible.svg\" class=\"w-6 h-6 shrink-0\" alt=\"\" title=\"Ansible\" \/><img loading=\"lazy\" decoding=\"async\" width=\"64\" height=\"64\" src=\"https:\/\/o-seznam.cz\/kariera\/wp-content\/uploads\/sites\/2\/2024\/04\/technologie-Docker.svg\" class=\"w-6 h-6 shrink-0\" alt=\"\" title=\"Docker\" \/><img loading=\"lazy\" decoding=\"async\" width=\"64\" height=\"64\" src=\"https:\/\/o-seznam.cz\/kariera\/wp-content\/uploads\/sites\/2\/2024\/04\/technologie-Elasticsearch.svg\" class=\"w-6 h-6 shrink-0\" alt=\"\" title=\"Elasticsearch\" \/><img loading=\"lazy\" decoding=\"async\" width=\"64\" height=\"64\" src=\"https:\/\/o-seznam.cz\/kariera\/wp-content\/uploads\/sites\/2\/2024\/04\/technologie-Grafana.svg\" class=\"w-6 h-6 shrink-0\" alt=\"\" title=\"Grafana\" \/><img loading=\"lazy\" decoding=\"async\" width=\"64\" height=\"64\" src=\"https:\/\/o-seznam.cz\/kariera\/wp-content\/uploads\/sites\/2\/2024\/04\/technologie-Kafka.svg\" class=\"w-6 h-6 shrink-0\" alt=\"\" title=\"Kafka\" \/><img loading=\"lazy\" decoding=\"async\" width=\"64\" height=\"64\" src=\"https:\/\/o-seznam.cz\/kariera\/wp-content\/uploads\/sites\/2\/2024\/04\/technologie-Kubernetes.svg\" class=\"w-6 h-6 shrink-0\" alt=\"\" title=\"Kubernetes\" \/><img loading=\"lazy\" decoding=\"async\" width=\"64\" height=\"64\" src=\"https:\/\/o-seznam.cz\/kariera\/wp-content\/uploads\/sites\/2\/2024\/04\/technologie-Linux.svg\" class=\"w-6 h-6 shrink-0\" alt=\"\" title=\"Linux\" \/><img loading=\"lazy\" decoding=\"async\" width=\"64\" height=\"64\" src=\"https:\/\/o-seznam.cz\/kariera\/wp-content\/uploads\/sites\/2\/2024\/04\/technologie-Prometheus.svg\" class=\"w-6 h-6 shrink-0\" alt=\"\" title=\"Prometheus\" \/><img loading=\"lazy\" decoding=\"async\" width=\"64\" height=\"64\" src=\"https:\/\/o-seznam.cz\/kariera\/wp-content\/uploads\/sites\/2\/2024\/04\/technologie-Terraform.svg\" class=\"w-6 h-6 shrink-0\" alt=\"\" title=\"Terraform\" \/>\t<\/div>\n<\/a>\n<a class=\"box mb-2 text-neutral-black hover:text-neutral-black no-underline\" href=\"https:\/\/o-seznam.cz\/kariera\/484676-c-engineer-mapy-com-findhub\/\" data-datalayer-name=\"job_20325\" data-datalayer-text=\"C++ Engineer Mapy.com &amp; FindHub\">\n<h2 class=\"mt-0 mb-f2\">C++ Engineer Mapy.com &amp; FindHub<\/h2>\n<p class=\"mt-0 text-sm text-neutral-60\">\n\t\t\t<span class=\"text-complement\">Brno<\/span>\n\t\t<span class=\"text-neutral-20 mx-1\">\u2022<\/span>\n\t\tPro mu\u017ee i \u017eeny <span class=\"text-neutral-20 mx-1\">\u2022<\/span> Pln\u00fd \u00favazek<\/p>\n\t<div class=\"flex flex-wrap gap-x-3 gap-y-1 mt-f4\">\n\t\t<img loading=\"lazy\" decoding=\"async\" width=\"64\" height=\"64\" src=\"https:\/\/o-seznam.cz\/kariera\/wp-content\/uploads\/sites\/2\/2024\/04\/technologie-C-1.svg\" class=\"w-6 h-6 shrink-0\" alt=\"\" title=\"C++\" \/><img loading=\"lazy\" decoding=\"async\" width=\"64\" height=\"64\" src=\"https:\/\/o-seznam.cz\/kariera\/wp-content\/uploads\/sites\/2\/2024\/04\/technologie-Elasticsearch.svg\" class=\"w-6 h-6 shrink-0\" alt=\"\" title=\"Elasticsearch\" \/><img loading=\"lazy\" decoding=\"async\" width=\"64\" height=\"64\" src=\"https:\/\/o-seznam.cz\/kariera\/wp-content\/uploads\/sites\/2\/2024\/04\/technologie-Linux.svg\" class=\"w-6 h-6 shrink-0\" alt=\"\" title=\"Linux\" \/><img loading=\"lazy\" decoding=\"async\" width=\"64\" height=\"64\" src=\"https:\/\/o-seznam.cz\/kariera\/wp-content\/uploads\/sites\/2\/2024\/04\/technologie-Python.svg\" class=\"w-6 h-6 shrink-0\" alt=\"\" title=\"Python\" \/>\t<\/div>\n<\/a>\n<a class=\"box mb-2 text-neutral-black hover:text-neutral-black no-underline\" href=\"https:\/\/o-seznam.cz\/kariera\/479943-programator-seznam-asistenta\/\" data-datalayer-name=\"job_20033\" data-datalayer-text=\"Backend Python a Go program\u00e1tor Seznam Asistenta\">\n<h2 class=\"mt-0 mb-f2\">Backend Python a Go program\u00e1tor Seznam Asistenta<\/h2>\n<p class=\"mt-0 text-sm text-neutral-60\">\n\t\t\t<span class=\"text-complement\">Praha<\/span>\n\t\t<span class=\"text-neutral-20 mx-1\">\u2022<\/span>\n\t\tPro mu\u017ee i \u017eeny <span class=\"text-neutral-20 mx-1\">\u2022<\/span> Pln\u00fd \u00favazek<\/p>\n\t<div class=\"flex flex-wrap gap-x-3 gap-y-1 mt-f4\">\n\t\t<img loading=\"lazy\" decoding=\"async\" width=\"64\" height=\"64\" src=\"https:\/\/o-seznam.cz\/kariera\/wp-content\/uploads\/sites\/2\/2024\/04\/technologie-Docker.svg\" class=\"w-6 h-6 shrink-0\" alt=\"\" title=\"Docker\" \/><img loading=\"lazy\" decoding=\"async\" width=\"64\" height=\"64\" src=\"https:\/\/o-seznam.cz\/kariera\/wp-content\/uploads\/sites\/2\/2024\/04\/technologie-Elasticsearch.svg\" class=\"w-6 h-6 shrink-0\" alt=\"\" title=\"Elasticsearch\" \/><img loading=\"lazy\" decoding=\"async\" width=\"64\" height=\"64\" src=\"https:\/\/o-seznam.cz\/kariera\/wp-content\/uploads\/sites\/2\/2024\/04\/technologie-GIT.svg\" class=\"w-6 h-6 shrink-0\" alt=\"\" title=\"Git\" \/><img loading=\"lazy\" decoding=\"async\" width=\"64\" height=\"64\" src=\"https:\/\/o-seznam.cz\/kariera\/wp-content\/uploads\/sites\/2\/2024\/04\/technologie-Gitlab.svg\" class=\"w-6 h-6 shrink-0\" alt=\"\" title=\"GitLab\" \/><img loading=\"lazy\" decoding=\"async\" width=\"64\" height=\"64\" src=\"https:\/\/o-seznam.cz\/kariera\/wp-content\/uploads\/sites\/2\/2024\/04\/technologie-Golang.svg\" class=\"w-6 h-6 shrink-0\" alt=\"\" title=\"Golang\" \/><img loading=\"lazy\" decoding=\"async\" width=\"64\" height=\"64\" src=\"https:\/\/o-seznam.cz\/kariera\/wp-content\/uploads\/sites\/2\/2024\/04\/technologie-Grafana.svg\" class=\"w-6 h-6 shrink-0\" alt=\"\" title=\"Grafana\" \/><img loading=\"lazy\" decoding=\"async\" width=\"64\" height=\"64\" src=\"https:\/\/o-seznam.cz\/kariera\/wp-content\/uploads\/sites\/2\/2024\/04\/technologie-Kafka.svg\" class=\"w-6 h-6 shrink-0\" alt=\"\" title=\"Kafka\" \/><img loading=\"lazy\" decoding=\"async\" width=\"64\" height=\"64\" src=\"https:\/\/o-seznam.cz\/kariera\/wp-content\/uploads\/sites\/2\/2024\/04\/technologie-Kibana.svg\" class=\"w-6 h-6 shrink-0\" alt=\"\" title=\"Kibana\" \/><img loading=\"lazy\" decoding=\"async\" width=\"64\" height=\"64\" src=\"https:\/\/o-seznam.cz\/kariera\/wp-content\/uploads\/sites\/2\/2024\/04\/technologie-Kubernetes.svg\" class=\"w-6 h-6 shrink-0\" alt=\"\" title=\"Kubernetes\" \/><img loading=\"lazy\" decoding=\"async\" width=\"64\" height=\"64\" src=\"https:\/\/o-seznam.cz\/kariera\/wp-content\/uploads\/sites\/2\/2024\/04\/technologie-Linux.svg\" class=\"w-6 h-6 shrink-0\" alt=\"\" title=\"Linux\" \/><img loading=\"lazy\" decoding=\"async\" width=\"64\" height=\"64\" src=\"https:\/\/o-seznam.cz\/kariera\/wp-content\/uploads\/sites\/2\/2024\/04\/technologie-PostgreSQL.svg\" class=\"w-6 h-6 shrink-0\" alt=\"\" title=\"PostgreSQL\" \/><img loading=\"lazy\" decoding=\"async\" width=\"64\" height=\"64\" src=\"https:\/\/o-seznam.cz\/kariera\/wp-content\/uploads\/sites\/2\/2024\/04\/technologie-Prometheus.svg\" class=\"w-6 h-6 shrink-0\" alt=\"\" title=\"Prometheus\" \/><img loading=\"lazy\" decoding=\"async\" width=\"64\" height=\"64\" src=\"https:\/\/o-seznam.cz\/kariera\/wp-content\/uploads\/sites\/2\/2024\/04\/technologie-Python.svg\" class=\"w-6 h-6 shrink-0\" alt=\"\" title=\"Python\" \/><img loading=\"lazy\" decoding=\"async\" width=\"64\" height=\"64\" src=\"https:\/\/o-seznam.cz\/kariera\/wp-content\/uploads\/sites\/2\/2024\/04\/technologie-Redis.svg\" class=\"w-6 h-6 shrink-0\" alt=\"\" title=\"Redis\" \/><img loading=\"lazy\" decoding=\"async\" width=\"64\" height=\"64\" src=\"https:\/\/o-seznam.cz\/kariera\/wp-content\/uploads\/sites\/2\/2024\/04\/technologie-RESTAPI.svg\" class=\"w-6 h-6 shrink-0\" alt=\"\" title=\"REST API\" \/>\t<\/div>\n<\/a>\n<a class=\"box mb-2 text-neutral-black hover:text-neutral-black no-underline\" href=\"https:\/\/o-seznam.cz\/kariera\/471265-python-programator-socialniho-ekosystemu\/\" data-datalayer-name=\"job_19288\" data-datalayer-text=\"Python program\u00e1tor soci\u00e1ln\u00edho ekosyst\u00e9mu\">\n<h2 class=\"mt-0 mb-f2\">Python program\u00e1tor soci\u00e1ln\u00edho ekosyst\u00e9mu<\/h2>\n<p class=\"mt-0 text-sm text-neutral-60\">\n\t\t\t<span class=\"text-complement\">Praha<\/span>\n\t\t<span class=\"text-neutral-20 mx-1\">\u2022<\/span>\n\t\tPro mu\u017ee i \u017eeny <span class=\"text-neutral-20 mx-1\">\u2022<\/span> Pln\u00fd \u00favazek<\/p>\n\t<div class=\"flex flex-wrap gap-x-3 gap-y-1 mt-f4\">\n\t\t<img loading=\"lazy\" decoding=\"async\" width=\"64\" height=\"64\" src=\"https:\/\/o-seznam.cz\/kariera\/wp-content\/uploads\/sites\/2\/2024\/04\/technologie-Elasticsearch.svg\" class=\"w-6 h-6 shrink-0\" alt=\"\" title=\"Elasticsearch\" \/><img loading=\"lazy\" decoding=\"async\" width=\"64\" height=\"64\" src=\"https:\/\/o-seznam.cz\/kariera\/wp-content\/uploads\/sites\/2\/2024\/04\/technologie-Flask.svg\" class=\"w-6 h-6 shrink-0\" alt=\"\" title=\"Flask\" \/><img loading=\"lazy\" decoding=\"async\" width=\"64\" height=\"64\" src=\"https:\/\/o-seznam.cz\/kariera\/wp-content\/uploads\/sites\/2\/2024\/04\/technologie-GIT.svg\" class=\"w-6 h-6 shrink-0\" alt=\"\" title=\"Git\" \/><img loading=\"lazy\" decoding=\"async\" width=\"64\" height=\"64\" src=\"https:\/\/o-seznam.cz\/kariera\/wp-content\/uploads\/sites\/2\/2024\/04\/technologie-GraphQL.svg\" class=\"w-6 h-6 shrink-0\" alt=\"\" title=\"GraphQL\" \/><img loading=\"lazy\" decoding=\"async\" width=\"64\" height=\"64\" src=\"https:\/\/o-seznam.cz\/kariera\/wp-content\/uploads\/sites\/2\/2024\/04\/technologie-Kubernetes.svg\" class=\"w-6 h-6 shrink-0\" alt=\"\" title=\"Kubernetes\" \/><img loading=\"lazy\" decoding=\"async\" width=\"64\" height=\"64\" src=\"https:\/\/o-seznam.cz\/kariera\/wp-content\/uploads\/sites\/2\/2024\/04\/technologie-MySQL.svg\" class=\"w-6 h-6 shrink-0\" alt=\"\" title=\"MySQL\" \/><img loading=\"lazy\" decoding=\"async\" width=\"64\" height=\"64\" src=\"https:\/\/o-seznam.cz\/kariera\/wp-content\/uploads\/sites\/2\/2024\/04\/technologie-nginx.svg\" class=\"w-6 h-6 shrink-0\" alt=\"\" title=\"Nginx\" \/><img loading=\"lazy\" decoding=\"async\" width=\"64\" height=\"64\" src=\"https:\/\/o-seznam.cz\/kariera\/wp-content\/uploads\/sites\/2\/2024\/04\/technologie-Python.svg\" class=\"w-6 h-6 shrink-0\" alt=\"\" title=\"Python\" \/><img loading=\"lazy\" decoding=\"async\" width=\"64\" height=\"64\" src=\"https:\/\/o-seznam.cz\/kariera\/wp-content\/uploads\/sites\/2\/2024\/04\/technologie-Redis.svg\" class=\"w-6 h-6 shrink-0\" alt=\"\" title=\"Redis\" \/>\t<\/div>\n<\/a>\n<a class=\"box mb-2 text-neutral-black hover:text-neutral-black no-underline\" href=\"https:\/\/o-seznam.cz\/kariera\/471261-vyzkumnik-strojoveho-uceni-pro-zpracovani-reci\/\" data-datalayer-name=\"job_19285\" data-datalayer-text=\"V\u00fdzkumn\u00edk strojov\u00e9ho u\u010den\u00ed pro zpracov\u00e1n\u00ed \u0159e\u010di\">\n<h2 class=\"mt-0 mb-f2\">V\u00fdzkumn\u00edk strojov\u00e9ho u\u010den\u00ed pro zpracov\u00e1n\u00ed \u0159e\u010di<\/h2>\n<p class=\"mt-0 text-sm text-neutral-60\">\n\t\t\t<span class=\"text-complement\">Brno, Plze\u0148, Praha<\/span>\n\t\t<span class=\"text-neutral-20 mx-1\">\u2022<\/span>\n\t\tPro mu\u017ee i \u017eeny <span class=\"text-neutral-20 mx-1\">\u2022<\/span> Absolventi <span class=\"text-neutral-20 mx-1\">\u2022<\/span> Pln\u00fd \u00favazek<\/p>\n\t<div class=\"flex flex-wrap gap-x-3 gap-y-1 mt-f4\">\n\t\t<img loading=\"lazy\" decoding=\"async\" width=\"64\" height=\"64\" src=\"https:\/\/o-seznam.cz\/kariera\/wp-content\/uploads\/sites\/2\/2024\/04\/technologie-GIT.svg\" class=\"w-6 h-6 shrink-0\" alt=\"\" title=\"Git\" \/><img loading=\"lazy\" decoding=\"async\" width=\"64\" height=\"64\" src=\"https:\/\/o-seznam.cz\/kariera\/wp-content\/uploads\/sites\/2\/2024\/04\/technologie-Linux.svg\" class=\"w-6 h-6 shrink-0\" alt=\"\" title=\"Linux\" \/><img loading=\"lazy\" decoding=\"async\" width=\"64\" height=\"64\" src=\"https:\/\/o-seznam.cz\/kariera\/wp-content\/uploads\/sites\/2\/2024\/04\/technologie-Pandas.svg\" class=\"w-6 h-6 shrink-0\" alt=\"\" title=\"Pandas\" \/><img loading=\"lazy\" decoding=\"async\" width=\"64\" height=\"64\" src=\"https:\/\/o-seznam.cz\/kariera\/wp-content\/uploads\/sites\/2\/2024\/04\/technologie-Python.svg\" class=\"w-6 h-6 shrink-0\" alt=\"\" title=\"Python\" \/><img loading=\"lazy\" decoding=\"async\" width=\"64\" height=\"64\" src=\"https:\/\/o-seznam.cz\/kariera\/wp-content\/uploads\/sites\/2\/2024\/04\/technologie-PyTorch.svg\" class=\"w-6 h-6 shrink-0\" alt=\"\" title=\"PyTorch\" \/>\t<\/div>\n<\/a>\n<a class=\"box mb-2 text-neutral-black hover:text-neutral-black no-underline\" href=\"https:\/\/o-seznam.cz\/kariera\/458967-ai-vyzkumnik-generativnich-jazykovych-modelu\/\" data-datalayer-name=\"job_17211\" data-datalayer-text=\"AI v\u00fdzkumn\u00edk generativn\u00edch jazykov\u00fdch model\u016f\">\n<h2 class=\"mt-0 mb-f2\">AI v\u00fdzkumn\u00edk generativn\u00edch jazykov\u00fdch model\u016f<\/h2>\n<p class=\"mt-0 text-sm text-neutral-60\">\n\t\t\t<span class=\"text-complement\">Brno, Praha, Zl\u00edn<\/span>\n\t\t<span class=\"text-neutral-20 mx-1\">\u2022<\/span>\n\t\tPro mu\u017ee i \u017eeny <span class=\"text-neutral-20 mx-1\">\u2022<\/span> OZP <span class=\"text-neutral-20 mx-1\">\u2022<\/span> Pln\u00fd \u00favazek<\/p>\n\t<div class=\"flex flex-wrap gap-x-3 gap-y-1 mt-f4\">\n\t\t<img loading=\"lazy\" decoding=\"async\" width=\"64\" height=\"64\" src=\"https:\/\/o-seznam.cz\/kariera\/wp-content\/uploads\/sites\/2\/2024\/04\/technologie-Docker.svg\" class=\"w-6 h-6 shrink-0\" alt=\"\" title=\"Docker\" \/><img loading=\"lazy\" decoding=\"async\" width=\"64\" height=\"64\" src=\"https:\/\/o-seznam.cz\/kariera\/wp-content\/uploads\/sites\/2\/2024\/04\/technologie-GIT.svg\" class=\"w-6 h-6 shrink-0\" alt=\"\" title=\"Git\" \/><img loading=\"lazy\" decoding=\"async\" width=\"64\" height=\"64\" src=\"https:\/\/o-seznam.cz\/kariera\/wp-content\/uploads\/sites\/2\/2024\/04\/technologie-Kubernetes.svg\" class=\"w-6 h-6 shrink-0\" alt=\"\" title=\"Kubernetes\" \/><img loading=\"lazy\" decoding=\"async\" width=\"64\" height=\"64\" src=\"https:\/\/o-seznam.cz\/kariera\/wp-content\/uploads\/sites\/2\/2024\/04\/technologie-Linux.svg\" class=\"w-6 h-6 shrink-0\" alt=\"\" title=\"Linux\" \/><img loading=\"lazy\" decoding=\"async\" width=\"64\" height=\"64\" src=\"https:\/\/o-seznam.cz\/kariera\/wp-content\/uploads\/sites\/2\/2024\/04\/technologie-Pandas.svg\" class=\"w-6 h-6 shrink-0\" alt=\"\" title=\"Pandas\" \/><img loading=\"lazy\" decoding=\"async\" width=\"64\" height=\"64\" src=\"https:\/\/o-seznam.cz\/kariera\/wp-content\/uploads\/sites\/2\/2024\/04\/technologie-Python.svg\" class=\"w-6 h-6 shrink-0\" alt=\"\" title=\"Python\" \/><img loading=\"lazy\" decoding=\"async\" width=\"64\" height=\"64\" src=\"https:\/\/o-seznam.cz\/kariera\/wp-content\/uploads\/sites\/2\/2024\/04\/technologie-PyTorch.svg\" class=\"w-6 h-6 shrink-0\" alt=\"\" title=\"PyTorch\" \/><img loading=\"lazy\" decoding=\"async\" width=\"64\" height=\"64\" src=\"https:\/\/o-seznam.cz\/kariera\/wp-content\/uploads\/sites\/2\/2024\/04\/technologie-Spark.svg\" class=\"w-6 h-6 shrink-0\" alt=\"\" title=\"Spark\" \/>\t<\/div>\n<\/a>\n<\/div>\n\n\n\n<div class=\"wp-block-buttons is-content-justification-center is-layout-flex wp-container-core-buttons-is-layout-a89b3969 wp-block-buttons-is-layout-flex\">\n<div class=\"wp-block-button\"><a class=\"wp-block-button__link wp-element-button\" href=\"https:\/\/o-seznam.cz\/kariera\/volne-pozice\/\">Uk\u00e1zat v\u0161echny pozice<\/a><\/div>\n<\/div>\n<\/div>\n\n\n\n<div class=\"wp-block-group alignwide is-layout-constrained wp-block-group-is-layout-constrained\">\n<h2 class=\"wp-block-heading\">Jak to chod\u00ed u n\u00e1s v IT<\/h2>\n\n\n\n<figure class=\"wp-block-gallery has-nested-images columns-2 is-cropped is-style-emphasize-one wp-block-gallery-1 is-layout-flex wp-block-gallery-is-layout-flex\">\n<figure class=\"wp-block-image size-large\"><img loading=\"lazy\" decoding=\"async\" width=\"1984\" height=\"1323\" data-id=\"17123\" src=\"https:\/\/o-seznam.cz\/kariera\/wp-content\/uploads\/sites\/2\/2024\/08\/it-technologie-1-1984x1323.jpg\" alt=\"\" class=\"wp-image-17123\" srcset=\"https:\/\/o-seznam.cz\/kariera\/wp-content\/uploads\/sites\/2\/2024\/08\/it-technologie-1-1984x1323.jpg 1984w, https:\/\/o-seznam.cz\/kariera\/wp-content\/uploads\/sites\/2\/2024\/08\/it-technologie-1-992x661.jpg 992w, https:\/\/o-seznam.cz\/kariera\/wp-content\/uploads\/sites\/2\/2024\/08\/it-technologie-1-320x213.jpg 320w, https:\/\/o-seznam.cz\/kariera\/wp-content\/uploads\/sites\/2\/2024\/08\/it-technologie-1-768x512.jpg 768w, https:\/\/o-seznam.cz\/kariera\/wp-content\/uploads\/sites\/2\/2024\/08\/it-technologie-1-1536x1024.jpg 1536w, https:\/\/o-seznam.cz\/kariera\/wp-content\/uploads\/sites\/2\/2024\/08\/it-technologie-1-2048x1365.jpg 2048w\" sizes=\"auto, (max-width: 1984px) 100vw, 1984px\" \/><\/figure>\n\n\n\n<figure class=\"wp-block-image size-large\"><img loading=\"lazy\" decoding=\"async\" width=\"1984\" height=\"1323\" data-id=\"17540\" src=\"https:\/\/o-seznam.cz\/kariera\/wp-content\/uploads\/sites\/2\/2024\/10\/seznam-cz-kariera-3-1984x1323.jpg\" alt=\"\" class=\"wp-image-17540\" srcset=\"https:\/\/o-seznam.cz\/kariera\/wp-content\/uploads\/sites\/2\/2024\/10\/seznam-cz-kariera-3-1984x1323.jpg 1984w, https:\/\/o-seznam.cz\/kariera\/wp-content\/uploads\/sites\/2\/2024\/10\/seznam-cz-kariera-3-992x661.jpg 992w, https:\/\/o-seznam.cz\/kariera\/wp-content\/uploads\/sites\/2\/2024\/10\/seznam-cz-kariera-3-320x213.jpg 320w, https:\/\/o-seznam.cz\/kariera\/wp-content\/uploads\/sites\/2\/2024\/10\/seznam-cz-kariera-3-768x512.jpg 768w, https:\/\/o-seznam.cz\/kariera\/wp-content\/uploads\/sites\/2\/2024\/10\/seznam-cz-kariera-3-1536x1024.jpg 1536w, https:\/\/o-seznam.cz\/kariera\/wp-content\/uploads\/sites\/2\/2024\/10\/seznam-cz-kariera-3-2048x1365.jpg 2048w\" sizes=\"auto, (max-width: 1984px) 100vw, 1984px\" \/><\/figure>\n\n\n\n<figure class=\"wp-block-image size-large\"><img loading=\"lazy\" decoding=\"async\" width=\"1984\" height=\"1323\" data-id=\"17732\" src=\"https:\/\/o-seznam.cz\/kariera\/wp-content\/uploads\/sites\/2\/2024\/10\/vyvoj-07-1984x1323.jpg\" alt=\"\" class=\"wp-image-17732\" srcset=\"https:\/\/o-seznam.cz\/kariera\/wp-content\/uploads\/sites\/2\/2024\/10\/vyvoj-07-1984x1323.jpg 1984w, https:\/\/o-seznam.cz\/kariera\/wp-content\/uploads\/sites\/2\/2024\/10\/vyvoj-07-992x661.jpg 992w, https:\/\/o-seznam.cz\/kariera\/wp-content\/uploads\/sites\/2\/2024\/10\/vyvoj-07-320x213.jpg 320w, https:\/\/o-seznam.cz\/kariera\/wp-content\/uploads\/sites\/2\/2024\/10\/vyvoj-07-768x512.jpg 768w, https:\/\/o-seznam.cz\/kariera\/wp-content\/uploads\/sites\/2\/2024\/10\/vyvoj-07-1536x1024.jpg 1536w, https:\/\/o-seznam.cz\/kariera\/wp-content\/uploads\/sites\/2\/2024\/10\/vyvoj-07-2048x1365.jpg 2048w\" sizes=\"auto, (max-width: 1984px) 100vw, 1984px\" \/><\/figure>\n<\/figure>\n\n\n\n<p>V Seznamu jsme fandy inovac\u00ed a dobr\u00fdch n\u00e1pad\u016f. D\u016fraz klademe na profesion\u00e1ln\u00ed rozvoj, certifikace a kombinaci osv\u011bd\u010den\u00fdch metod s nejnov\u011bj\u0161\u00edmi technologick\u00fdmi trendy. A taky na aj\u0165\u00e1ck\u00fd humor. V kari\u00e9\u0159e v\u00e1s bude posouvat nejen n\u00e1\u0161 t\u00fdm a zaj\u00edmav\u00e9 projekty, ale i na\u0161e komunita technologick\u00fdch nad\u0161enc\u016f. Podporujeme t\u00fdmov\u00e9ho ducha prost\u0159ednictv\u00edm workshop\u016f, hackathon\u016f, \u00fa\u010dast\u00ed na odborn\u00fdch konferenc\u00edch a dal\u0161\u00edch v\u00fdvoj\u00e1\u0159sk\u00fdch akc\u00edch. V\u011b\u0159\u00edme v s\u00edlu komunity a neust\u00e1l\u00fd rozvoj technologie a lidsk\u00e9ho potenci\u00e1lu. <\/p>\n<\/div>\n\n\n\n<div class=\"wp-block-group is-layout-constrained wp-block-group-is-layout-constrained\">\n<h2 class=\"wp-block-heading\">Kolegov\u00e9 \u0159\u00edkaj\u00ed<\/h2>\n\n\n<div class=\"wp-block-seznam-leaders\"><div class=\"carousel is-loading has-dots wp-block-seznam-carousel\">\n\t<div class=\"carousel__inner\">\t\n\t\t\n<div class=\"inner-blocks carousel__body\">\n\t\n\n \n<div class=\"person\">\n\t<div class=\"person__in\">\n\n\t\t\t\t<div class=\"person__photo\">\n\t\t\t\t<img loading=\"lazy\" decoding=\"async\" width=\"128\" height=\"128\" src=\"https:\/\/o-seznam.cz\/kariera\/wp-content\/uploads\/sites\/2\/2024\/11\/novak-petr-128x128.jpg\" class=\"rounded-full\" alt=\"\" srcset=\"https:\/\/o-seznam.cz\/kariera\/wp-content\/uploads\/sites\/2\/2024\/11\/novak-petr-128x128.jpg 128w, https:\/\/o-seznam.cz\/kariera\/wp-content\/uploads\/sites\/2\/2024\/11\/novak-petr-320x320.jpg 320w, https:\/\/o-seznam.cz\/kariera\/wp-content\/uploads\/sites\/2\/2024\/11\/novak-petr-256x256.jpg 256w, https:\/\/o-seznam.cz\/kariera\/wp-content\/uploads\/sites\/2\/2024\/11\/novak-petr.jpg 350w\" sizes=\"auto, (max-width: 128px) 100vw, 128px\" \/>\t\t\t<\/div>\n\t\t\n\t\t<div class=\"person__head\">\n\t\t\t<p class=\"my-0\"><strong>Petr Nov\u00e1k<\/strong><\/p>\n\t\t\t<p class=\"mt-f1 mb-0 text-neutral-60 text-sm\">Vedouc\u00ed v\u00fdvoje divize E-commerce<\/p>\n\t\t<\/div>\n\n\t\t<div class=\"person__content mt-f2\">\t\t\n\t\t\t<div class=\"mt-f2\">\n\t\t\t\tV Seznamu pracuju jako vedouc\u00ed v\u00fdvoje divize E-commerce. Posl\u00e1n\u00edm na\u0161eho t\u00fdmu je usnadnit lidem nakupov\u00e1n\u00ed na internetu, a z\u00e1rove\u0148 e-shop\u016fm p\u0159iv\u00e1d\u011bt relevantn\u00ed z\u00e1kazn\u00edky. Tak\u017ee kdy\u017e ud\u011bl\u00e1me svou pr\u00e1ci dob\u0159e, pot\u011b\u0161\u00edme dvakr\u00e1t. T\u0159et\u00ed radost je moje vlastn\u00ed \u2013 z otev\u0159enosti a schopn\u00fdch koleg\u016f, d\u00edky kter\u00fdm se do pr\u00e1ce t\u011b\u0161\u00edm i po dev\u00edti letech.\t\t\t<\/div>\n\t\t<\/div>\n\n\t<\/div>\n<\/div>\n \n\n \n<div class=\"person\">\n\t<div class=\"person__in\">\n\n\t\t\t\t<div class=\"person__photo\">\n\t\t\t\t<img loading=\"lazy\" decoding=\"async\" width=\"128\" height=\"128\" src=\"https:\/\/o-seznam.cz\/kariera\/wp-content\/uploads\/sites\/2\/2024\/08\/miroslav-kvasnica-128x128.png\" class=\"rounded-full\" alt=\"\" srcset=\"https:\/\/o-seznam.cz\/kariera\/wp-content\/uploads\/sites\/2\/2024\/08\/miroslav-kvasnica-128x128.png 128w, https:\/\/o-seznam.cz\/kariera\/wp-content\/uploads\/sites\/2\/2024\/08\/miroslav-kvasnica-320x320.png 320w, https:\/\/o-seznam.cz\/kariera\/wp-content\/uploads\/sites\/2\/2024\/08\/miroslav-kvasnica-256x256.png 256w, https:\/\/o-seznam.cz\/kariera\/wp-content\/uploads\/sites\/2\/2024\/08\/miroslav-kvasnica.png 350w\" sizes=\"auto, (max-width: 128px) 100vw, 128px\" \/>\t\t\t<\/div>\n\t\t\n\t\t<div class=\"person__head\">\n\t\t\t<p class=\"my-0\"><strong>Miroslav Kvasnica<\/strong><\/p>\n\t\t\t<p class=\"mt-f1 mb-0 text-neutral-60 text-sm\">SW Architekt<\/p>\n\t\t<\/div>\n\n\t\t<div class=\"person__content mt-f2\">\t\t\n\t\t\t<div class=\"mt-f2\">\n\t\t\t\tV Seznamu jsem b\u011bhem posledn\u00edch let vyst\u0159\u00eddal r\u016fzn\u00e9 role ve v\u00fdvoji. Od juniorn\u00edho program\u00e1tora po vedouc\u00edho backendov\u00fdch t\u00fdm\u016f zpracov\u00e1vaj\u00edc\u00edch statistiky reklamn\u00edho syst\u00e9mu Sklik. M\u00e1me tu nejnov\u011bj\u0161\u00ed technologie, zaj\u00edmav\u00e9 datab\u00e1ze a velk\u00e1 data. Mimo pr\u00e1ci a rodinu m\u00e1m r\u00e1d b\u011bh\u00e1n\u00ed, tenis, Balk\u00e1n, chov ovc\u00ed, geopolitiku, cyklocestov\u00e1n\u00ed a pit\u00ed v\u00edna.\t\t\t<\/div>\n\t\t<\/div>\n\n\t<\/div>\n<\/div>\n \n\n \n<div class=\"person\">\n\t<div class=\"person__in\">\n\n\t\t\t\t<div class=\"person__photo\">\n\t\t\t\t<img loading=\"lazy\" decoding=\"async\" width=\"128\" height=\"128\" src=\"https:\/\/o-seznam.cz\/kariera\/wp-content\/uploads\/sites\/2\/2025\/02\/vanerek-128x128.jpg\" class=\"rounded-full\" alt=\"\" srcset=\"https:\/\/o-seznam.cz\/kariera\/wp-content\/uploads\/sites\/2\/2025\/02\/vanerek-128x128.jpg 128w, https:\/\/o-seznam.cz\/kariera\/wp-content\/uploads\/sites\/2\/2025\/02\/vanerek-320x320.jpg 320w, https:\/\/o-seznam.cz\/kariera\/wp-content\/uploads\/sites\/2\/2025\/02\/vanerek-256x256.jpg 256w, https:\/\/o-seznam.cz\/kariera\/wp-content\/uploads\/sites\/2\/2025\/02\/vanerek.jpg 350w\" sizes=\"auto, (max-width: 128px) 100vw, 128px\" \/>\t\t\t<\/div>\n\t\t\n\t\t<div class=\"person__head\">\n\t\t\t<p class=\"my-0\"><strong>Roman Van\u011brek<\/strong><\/p>\n\t\t\t<p class=\"mt-f1 mb-0 text-neutral-60 text-sm\">Infrastructure Teamleader<\/p>\n\t\t<\/div>\n\n\t\t<div class=\"person__content mt-f2\">\t\t\n\t\t\t<div class=\"mt-f2\">\n\t\t\t\tDo Seznamu jsem nastoupil p\u0159ed v\u00edce ne\u017e 9 lety na pozici syst\u00e9mov\u00e9ho administr\u00e1tora. Aktu\u00e1ln\u011b vedu jeden z datab\u00e1zov\u00fdch t\u00fdm\u016f, kter\u00fd zaji\u0161\u0165uje provoz datab\u00e1z\u00ed pro t\u00e9m\u011b\u0159 v\u0161echny seznam\u00e1ck\u00e9 slu\u017eby. Jsem sou\u010d\u00e1st\u00ed provozn\u00edho odd\u011blen\u00ed, kter\u00e9 se zam\u011b\u0159uje na poskytov\u00e1n\u00ed slu\u017eeb typu as-a-service od HW po DB syst\u00e9my. To v\u0161echno je postaven\u00e9 na na\u0161em intern\u00edm cloudu SCIF (Seznam Compute Infrastructure). Ve voln\u00e9m \u010dase se v\u011bnuji z\u00e1vod\u016fm do vrchu a jsem fanou\u0161kem v\u0161eho, co m\u00e1 \u010dty\u0159i kola a jede co nejrychleji.\t\t\t<\/div>\n\t\t<\/div>\n\n\t<\/div>\n<\/div>\n <\/div>\n\t<\/div>\n<\/div>\n<\/div>\n<\/div>\n\n\n\n<div class=\"wp-block-group is-layout-constrained wp-block-group-is-layout-constrained\">\n<h2 class=\"wp-block-heading\">\u010cast\u00e9 dotazy<\/h2>\n\n\n\n<div class=\"accordion limiter\" data-limiter=\"4\" data-limiter-selector=\"&gt; .accordion__items\">\n\t<div class=\"accordion__items\">\n<details class=\"expander is-style-default\">\n\t<summary data-datalayer-name=\"expander_faq_15057\" data-datalayer-text=\"Jak pracujeme s API technologiemi?\">\n\t\t\t\t<strong>Jak pracujeme s API technologiemi?<\/strong>\n\t\t\t<\/summary>\n\t<div class=\"inner-blocks\">\n<p>Rozv\u00edj\u00edme a optimalizujeme REST API a GraphQL. Zam\u011b\u0159ujeme se na efektivn\u00ed a flexibiln\u00ed propojen\u00ed aplikac\u00ed a zaji\u0161\u0165ov\u00e1n\u00ed vysok\u00e9 dostupnosti a \u0161k\u00e1lovatelnosti.<\/p>\n<\/div><\/details>\n\n<details class=\"expander is-style-default\">\n\t<summary data-datalayer-name=\"expander_faq_15055\" data-datalayer-text=\"Jak pracujeme s Big Data?\">\n\t\t\t\t<strong>Jak pracujeme s Big Data?<\/strong>\n\t\t\t<\/summary>\n\t<div class=\"inner-blocks\">\n<p>Vyu\u017e\u00edv\u00e1me Spark, Hadoop, Flink a Kafka pro zpracov\u00e1n\u00ed a anal\u00fdzu velk\u00fdch objem\u016f dat. Implementujeme Elasticsearch pro full-textov\u00e9 vyhled\u00e1v\u00e1n\u00ed v aplikac\u00edch.<\/p>\n<\/div><\/details>\n\n<details class=\"expander is-style-default\">\n\t<summary data-datalayer-name=\"expander_faq_15053\" data-datalayer-text=\"Jak \u0159e\u0161\u00edme IT Bezpe\u010dnost a Cloudov\u00e1 \u0159e\u0161en\u00ed?\">\n\t\t\t\t<strong>Jak \u0159e\u0161\u00edme IT Bezpe\u010dnost a Cloudov\u00e1 \u0159e\u0161en\u00ed?<\/strong>\n\t\t\t<\/summary>\n\t<div class=\"inner-blocks\">\n<p>Zaji\u0161\u0165ujeme bezpe\u010dnost syst\u00e9m\u016f a pracujeme na cloudov\u00fdch \u0159e\u0161en\u00ed a infrastruktu\u0159e. Vyu\u017e\u00edv\u00e1me znalosti technologi\u00ed jako Linux, Docker, Kubernetes, Gitlab, Nginx pro vytv\u00e1\u0159en\u00ed bezpe\u010dn\u00fdch a \u0161k\u00e1lovateln\u00fdch cloudov\u00fdch aplikac\u00ed.<\/p>\n<\/div><\/details>\n\n<details class=\"expander is-style-default\">\n\t<summary data-datalayer-name=\"expander_faq_15051\" data-datalayer-text=\"Jak vypad\u00e1 Front-End v\u00fdvoj?\">\n\t\t\t\t<strong>Jak vypad\u00e1 Front-End v\u00fdvoj?<\/strong>\n\t\t\t<\/summary>\n\t<div class=\"inner-blocks\">\n<p>Pou\u017e\u00edv\u00e1me Vanilla JavaScript, React, TypeScript pro tvorbu interaktivn\u00edch webov\u00fdch rozhran\u00ed, vyu\u017e\u00edv\u00e1me HTML a CSS pro stylov\u00e1n\u00ed a layout. Integrujeme tyto aplikace s backendov\u00fdmi syst\u00e9my pomoc\u00ed REST API a GraphQL.<\/p>\n<\/div><\/details>\n\n<details class=\"expander is-style-default limiter-item-hidden\">\n\t<summary data-datalayer-name=\"expander_faq_15060\" data-datalayer-text=\"Jak vypad\u00e1 Kontejnerizace a Orchestrace?\">\n\t\t\t\t<strong>Jak vypad\u00e1 Kontejnerizace a Orchestrace?<\/strong>\n\t\t\t<\/summary>\n\t<div class=\"inner-blocks\">\n<p>Pracujeme s Dockerem a Kubernetem pro spr\u00e1vu a \u0161k\u00e1lov\u00e1n\u00ed aplikac\u00ed v kontejnerizovan\u00fdch prost\u0159ed\u00edch. Zahrnujeme pr\u00e1ci s Ansible a Terraform pro automatizaci konfigurac\u00ed.<\/p>\n<\/div><\/details>\n\n<details class=\"expander is-style-default limiter-item-hidden\">\n\t<summary data-datalayer-name=\"expander_faq_15062\" data-datalayer-text=\"Jak vypad\u00e1 Monitoring a Vizualizace?\">\n\t\t\t\t<strong>Jak vypad\u00e1 Monitoring a Vizualizace?<\/strong>\n\t\t\t<\/summary>\n\t<div class=\"inner-blocks\">\n<p>Vyu\u017e\u00edv\u00e1me Grafanu a Prometheus pro vizualizaci dat a monitorov\u00e1n\u00ed syst\u00e9m\u016f.<\/p>\n<\/div><\/details>\n\n<details class=\"expander is-style-default limiter-item-hidden\">\n\t<summary data-datalayer-name=\"expander_faq_15064\" data-datalayer-text=\"Jak vypad\u00e1 S\u00ed\u0165ov\u00e1 a Storage Infrastruktura?\">\n\t\t\t\t<strong>Jak vypad\u00e1 S\u00ed\u0165ov\u00e1 a Storage Infrastruktura?<\/strong>\n\t\t\t<\/summary>\n\t<div class=\"inner-blocks\">\n<p>Zaji\u0161\u0165ujeme provoz a rozvoj s\u00ed\u0165ov\u00e9 infrastruktury s pou\u017eit\u00edm technologi\u00ed jako CISCO\/JUNIPER a PaloAlto. Pracujeme se storage syst\u00e9my jako Ceph a Swift a pou\u017e\u00edv\u00e1me Linux, Ansible, Terraform pro jejich spr\u00e1vu.<\/p>\n<\/div><\/details>\n\n<details class=\"expander is-style-default limiter-item-hidden\">\n\t<summary data-datalayer-name=\"expander_faq_15049\" data-datalayer-text=\"Jak vypad\u00e1 v\u00fdvoj mobiln\u00ed aplikace?\">\n\t\t\t\t<strong>Jak vypad\u00e1 v\u00fdvoj mobiln\u00ed aplikace?<\/strong>\n\t\t\t<\/summary>\n\t<div class=\"inner-blocks\">\n<p>Vyv\u00edj\u00edme aplikace pro Android s vyu\u017eit\u00edm Kotlinu a pro iOS s pou\u017eit\u00edm Swiftu. Formujeme u\u017eivatelsk\u00e9 zku\u0161enosti na nejobl\u00edben\u011bj\u0161\u00edch platform\u00e1ch s d\u016frazem na vysokou dostupnost a \u0161k\u00e1lovatelnost cloudov\u00fdch aplikac\u00ed.<\/p>\n<\/div><\/details>\n\n<details class=\"expander is-style-default limiter-item-hidden\">\n\t<summary data-datalayer-name=\"expander_faq_15066\" data-datalayer-text=\"Jak\u00e9 pou\u017e\u00edv\u00e1me datab\u00e1zov\u00e9 Syst\u00e9my?\">\n\t\t\t\t<strong>Jak\u00e9 pou\u017e\u00edv\u00e1me datab\u00e1zov\u00e9 Syst\u00e9my?<\/strong>\n\t\t\t<\/summary>\n\t<div class=\"inner-blocks\">\n<p>Automatizujeme a spravujeme datab\u00e1zov\u00e9 syst\u00e9my jako PostgreSQL a MySQL.<\/p>\n<\/div><\/details>\n\n<details class=\"expander is-style-default limiter-item-hidden\">\n\t<summary data-datalayer-name=\"expander_faq_19921\" data-datalayer-text=\"Jak\u00e9 technologie a n\u00e1stroje v Seznamu nej\u010dast\u011bji pou\u017e\u00edv\u00e1te?\">\n\t\t\t\t<strong>Jak\u00e9 technologie a n\u00e1stroje v Seznamu nej\u010dast\u011bji pou\u017e\u00edv\u00e1te?<\/strong>\n\t\t\t<\/summary>\n\t<div class=\"inner-blocks\">\n<p>V Seznamu pracujeme se \u0161irokou \u0161k\u00e1lou technologi\u00ed, od Pythonu, C++, Javy a Golangu p\u0159es Elasticsearch, PostgreSQL a Redis a\u017e po Kubernetes a Docker. Ka\u017ed\u00fd t\u00fdm m\u00e1 ur\u010ditou volnost ve v\u00fdb\u011bru n\u00e1stroj\u016f, kter\u00e9 nejl\u00e9pe odpov\u00eddaj\u00ed jeho pot\u0159eb\u00e1m.<\/p>\n\n\n\n<p><\/p>\n<\/div><\/details>\n\n<details class=\"expander is-style-default limiter-item-hidden\">\n\t<summary data-datalayer-name=\"expander_faq_15047\" data-datalayer-text=\"Jak\u00e9 vyu\u017e\u00edv\u00e1me programovac\u00ed jazyky a software?\">\n\t\t\t\t<strong>Jak\u00e9 vyu\u017e\u00edv\u00e1me programovac\u00ed jazyky a software?<\/strong>\n\t\t\t<\/summary>\n\t<div class=\"inner-blocks\">\n<p>Specializujeme se na Python, Javu, C++, Golang, Kotlin, Swift a JavaScript pro v\u00fdvoj r\u016fzn\u00fdch projekt\u016f, a to od webov\u00fdch aplikac\u00ed a\u017e po komplexn\u00ed syst\u00e9my. Zahrnujeme znalosti technologi\u00ed jako Gitlab CI\/CD pro kontinu\u00e1ln\u00ed integraci a deployment.<\/p>\n<\/div><\/details>\n\n<details class=\"expander is-style-default limiter-item-hidden\">\n\t<summary data-datalayer-name=\"expander_faq_19908\" data-datalayer-text=\"Je mo\u017en\u00e9 v r\u00e1mci IT t\u00fdmu p\u0159ech\u00e1zet mezi r\u016fzn\u00fdmi specializacemi?\">\n\t\t\t\t<strong>Je mo\u017en\u00e9 v r\u00e1mci IT t\u00fdmu p\u0159ech\u00e1zet mezi r\u016fzn\u00fdmi specializacemi?<\/strong>\n\t\t\t<\/summary>\n\t<div class=\"inner-blocks\">\n<p>Ano, v Seznamu podporujeme intern\u00ed mobilitu. Pokud t\u011b \u010dasem za\u010dne l\u00e1kat jin\u00e1 oblast, t\u0159eba p\u0159echod z podpory do DevOps nebo z administrace do bezpe\u010dnosti, r\u00e1di ti pom\u016f\u017eeme naj\u00edt cestu, jak se postupn\u011b p\u0159e\u0161kolit a zapojit do nov\u00e9ho t\u00fdmu.<\/p>\n\n\n\n<p><\/p>\n<\/div><\/details>\n\n<details class=\"expander is-style-default limiter-item-hidden\">\n\t<summary data-datalayer-name=\"expander_faq_19910\" data-datalayer-text=\"M\u00e1 Seznam vlastn\u00ed open-source projekty?\">\n\t\t\t\t<strong>M\u00e1 Seznam vlastn\u00ed open-source projekty?<\/strong>\n\t\t\t<\/summary>\n\t<div class=\"inner-blocks\">\n<p>Ano, vyv\u00edj\u00edme a zve\u0159ej\u0148ujeme vlastn\u00ed n\u00e1stroje, kter\u00e9 mohou vyu\u017e\u00edvat v\u00fdvoj\u00e1\u0159i i firmy, nap\u0159\u00edklad framework\u00a0<strong>IMA.js<\/strong>\u00a0pro tvorbu isomorfn\u00edch React aplikac\u00ed nebo\u00a0<strong>Small-E-Czech<\/strong>, \u010desk\u00fd jazykov\u00fd model pro NLP \u00falohy. V\u0161echny na\u0161e projekty najde\u0161 na <a href=\"https:\/\/github.com\/seznam\" data-type=\"link\" data-id=\"https:\/\/github.com\/seznam\">GitHubu<\/a>.<\/p>\n\n\n\n<p><\/p>\n<\/div><\/details>\n\n<details class=\"expander is-style-default limiter-item-hidden\">\n\t<summary data-datalayer-name=\"expander_faq_19919\" data-datalayer-text=\"M\u00e1m vlastn\u00ed open-source projekt, je to u v\u00e1s v\u00fdhoda?\">\n\t\t\t\t<strong>M\u00e1m vlastn\u00ed open-source projekt, je to u v\u00e1s v\u00fdhoda?<\/strong>\n\t\t\t<\/summary>\n\t<div class=\"inner-blocks\">\n<p>Rozhodn\u011b. Aktivita v komunit\u011b, vlastn\u00ed projekty nebo p\u0159\u00edsp\u011bvky do open-source jsou pro n\u00e1s zn\u00e1mkou nad\u0161en\u00ed a technick\u00e9 zralosti. R\u00e1di u n\u00e1s podpo\u0159\u00edme i dal\u0161\u00ed rozvoj v t\u00e9to oblasti.<\/p>\n\n\n\n<p><\/p>\n<\/div><\/details>\n\n<details class=\"expander is-style-default limiter-item-hidden\">\n\t<summary data-datalayer-name=\"expander_faq_19917\" data-datalayer-text=\"M\u016f\u017eu se hl\u00e1sit i bez p\u0159edchoz\u00ed zku\u0161enosti s va\u0161\u00edm tech-stackem?\">\n\t\t\t\t<strong>M\u016f\u017eu se hl\u00e1sit i bez p\u0159edchoz\u00ed zku\u0161enosti s va\u0161\u00edm tech-stackem?<\/strong>\n\t\t\t<\/summary>\n\t<div class=\"inner-blocks\">\n<p>Ur\u010dit\u011b. D\u016fle\u017eit\u011bj\u0161\u00ed ne\u017e znalost konkr\u00e9tn\u00edch technologi\u00ed je pro n\u00e1s analytick\u00e9 my\u0161len\u00ed, schopnost rychle se u\u010dit, ide\u00e1ln\u011b vzd\u011bl\u00e1n\u00ed v IT (S\u0160 nebo V\u0160) a t\u00fdmov\u00fd duch.<\/p>\n\n\n\n<p><\/p>\n<\/div><\/details>\n\n<details class=\"expander is-style-default limiter-item-hidden\">\n\t<summary data-datalayer-name=\"expander_faq_19912\" data-datalayer-text=\"Pou\u017e\u00edv\u00e1te open-source technologie i v produkci?\">\n\t\t\t\t<strong>Pou\u017e\u00edv\u00e1te open-source technologie i v produkci?<\/strong>\n\t\t\t<\/summary>\n\t<div class=\"inner-blocks\">\n<p>Rozhodn\u011b ano, v produkci n\u00e1m b\u011b\u017e\u00ed nap\u0159\u00edklad Linux, PostgreSQL, Redis, Prometheus, Kubernetes, Grafana a dal\u0161\u00ed. Open-source je pro n\u00e1s kl\u00ed\u010dov\u00fd, proto\u017ee n\u00e1m umo\u017e\u0148uje flexibilitu, \u0161k\u00e1lovatelnost a rychl\u00e9 inovace.<\/p>\n\n\n\n<p><\/p>\n<\/div><\/details>\n<\/div><\/div>\n\n<\/div>\n\n\n\n<div class=\"wp-block-group is-layout-constrained wp-block-group-is-layout-constrained\">\n<div class=\"wp-block-group pattern-columns-2-icons is-layout-constrained wp-block-group-is-layout-constrained\">\n<h2 class=\"wp-block-heading has-text-align-left\">Pro\u010d do toho j\u00edt s n\u00e1mi<\/h2>\n\n\n\n<div class=\"wp-block-columns is-layout-flex wp-container-core-columns-is-layout-28f84493 wp-block-columns-is-layout-flex\">\n<div class=\"wp-block-column is-layout-flow wp-container-core-column-is-layout-16b3bfcb wp-block-column-is-layout-flow\"><figure class=\"aligncenter aligncenter wp-block-seznam-icon\"><img loading=\"lazy\" decoding=\"async\" width=\"64\" height=\"64\" src=\"https:\/\/o-seznam.cz\/kariera\/wp-content\/uploads\/sites\/2\/2024\/04\/seznam-cz-internetova-jednicka.svg\" class=\"attachment-full size-full\" alt=\"\" \/><\/figure>\n\n\n\n<p class=\"has-text-align-center is-style-wrap-balance\"><strong>\u010cesk\u00e1 internetov\u00e1 jedni\u010dka<\/strong><\/p>\n\n\n\n<p class=\"has-text-align-center is-style-wrap-balance\">Na vln\u00e1ch internetu jedeme u\u017e od roku 1996, tak\u017ee n\u011bjak\u00e1 ta bou\u0159e n\u00e1s nerozh\u00e1z\u00ed. M\u00e1me pevnou pozici i v dob\u011b siln\u00e9 konkurence a stabiln\u00ed m\u00edsto nab\u00edz\u00edme i v\u00e1m.<\/p>\n<\/div>\n\n\n\n<div class=\"wp-block-column is-layout-flow wp-container-core-column-is-layout-16b3bfcb wp-block-column-is-layout-flow\"><figure class=\"aligncenter aligncenter wp-block-seznam-icon\"><img loading=\"lazy\" decoding=\"async\" width=\"64\" height=\"64\" src=\"https:\/\/o-seznam.cz\/kariera\/wp-content\/uploads\/sites\/2\/2024\/04\/seznam-cz-sluzby-pomahaji.svg\" class=\"attachment-full size-full\" alt=\"\" \/><\/figure>\n\n\n\n<p class=\"has-text-align-center is-style-wrap-balance\"><strong>Slu\u017eby, kter\u00e9 pom\u00e1haj\u00ed<\/strong><\/p>\n\n\n\n<p class=\"has-text-align-center is-style-wrap-balance\">Z jedn\u00e9 domovsk\u00e9 str\u00e1nky jsme se po\u0159\u00e1dn\u011b rozrostli. Dnes m\u00e1me na triku \u0159adu obl\u00edben\u00fdch slu\u017eeb, kter\u00e9 denn\u011b uleh\u010duj\u00ed \u017eivot milion\u016fm lid\u00ed na \u010desk\u00e9m internetu.<\/p>\n<\/div>\n<\/div>\n\n\n\n<div class=\"wp-block-columns is-layout-flex wp-container-core-columns-is-layout-28f84493 wp-block-columns-is-layout-flex\">\n<div class=\"wp-block-column is-layout-flow wp-container-core-column-is-layout-16b3bfcb wp-block-column-is-layout-flow\"><figure class=\"aligncenter aligncenter wp-block-seznam-icon\"><img loading=\"lazy\" decoding=\"async\" width=\"64\" height=\"64\" src=\"https:\/\/o-seznam.cz\/kariera\/wp-content\/uploads\/sites\/2\/2024\/04\/seznam-cz-inovace-a-technologie.svg\" class=\"attachment-full size-full\" alt=\"\" \/><\/figure>\n\n\n\n<p class=\"has-text-align-center is-style-wrap-balance\"><strong>Inovace, AI a jedine\u010dn\u00e9 technologie<\/strong><\/p>\n\n\n\n<p class=\"has-text-align-center is-style-wrap-balance\">Inovujeme technologie tak, aby byl \u010desk\u00fd internet st\u00e1le bezpe\u010dn\u00fdm m\u00edstem. A um\u00edme rozvinout i v\u00e1\u0161 potenci\u00e1l, proto\u017ee na lidech n\u00e1m z\u00e1le\u017e\u00ed a\u017e na prvn\u00edm m\u00edst\u011b.<\/p>\n<\/div>\n\n\n\n<div class=\"wp-block-column is-layout-flow wp-container-core-column-is-layout-16b3bfcb wp-block-column-is-layout-flow\"><figure class=\"aligncenter aligncenter wp-block-seznam-icon\"><img loading=\"lazy\" decoding=\"async\" width=\"64\" height=\"64\" src=\"https:\/\/o-seznam.cz\/kariera\/wp-content\/uploads\/sites\/2\/2024\/04\/seznam-cz-nezavisla-media.svg\" class=\"attachment-full size-full\" alt=\"\" \/><\/figure>\n\n\n\n<p class=\"has-text-align-center is-style-wrap-balance\"><strong>Nez\u00e1visl\u00e1 m\u00e9dia<\/strong><\/p>\n\n\n\n<p class=\"has-text-align-center is-style-wrap-balance\">Nevlastn\u00ed n\u00e1s \u017e\u00e1dn\u00fd politik ani magn\u00e1t, za na\u0161\u00edm zpravodajstv\u00edm a publicistikou stoj\u00ed tvrd\u00e1 a poctiv\u00e1 pr\u00e1ce nez\u00e1visl\u00fdch novin\u00e1\u0159\u016f a prof\u00edk\u016f medi\u00e1ln\u00edho sv\u011bta.<\/p>\n<\/div>\n<\/div>\n\n\n\n<div class=\"wp-block-columns is-layout-flex wp-container-core-columns-is-layout-28f84493 wp-block-columns-is-layout-flex\">\n<div class=\"wp-block-column is-layout-flow wp-container-core-column-is-layout-16b3bfcb wp-block-column-is-layout-flow\"><figure class=\"aligncenter aligncenter wp-block-seznam-icon\"><img loading=\"lazy\" decoding=\"async\" width=\"64\" height=\"64\" src=\"https:\/\/o-seznam.cz\/kariera\/wp-content\/uploads\/sites\/2\/2024\/04\/seznam-cz-neformalni-prostredi.svg\" class=\"attachment-full size-full\" alt=\"\" \/><\/figure>\n\n\n\n<p class=\"has-text-align-center is-style-wrap-balance\"><strong>Korpor\u00e1t s neform\u00e1ln\u00edm prost\u0159ed\u00edm<\/strong><\/p>\n\n\n\n<p class=\"has-text-align-center is-style-wrap-balance\">Pravidla respektujeme, ale nehrot\u00edme. Zakl\u00e1d\u00e1me si na up\u0159\u00edmn\u00e9 komunikaci a pom\u00e1h\u00e1me si. A r\u00e1di se potk\u00e1v\u00e1me i ve fitku nebo v hospod\u011b.<\/p>\n<\/div>\n\n\n\n<div class=\"wp-block-column is-layout-flow wp-container-core-column-is-layout-16b3bfcb wp-block-column-is-layout-flow\"><figure class=\"aligncenter aligncenter wp-block-seznam-icon\"><img loading=\"lazy\" decoding=\"async\" width=\"64\" height=\"64\" src=\"https:\/\/o-seznam.cz\/kariera\/wp-content\/uploads\/sites\/2\/2024\/04\/seznam-cz-onboarding.svg\" class=\"attachment-full size-full\" alt=\"\" \/><\/figure>\n\n\n\n<p class=\"has-text-align-center is-style-wrap-balance\"><strong>Onboarding a zp\u011btn\u00e1 vazba<\/strong><\/p>\n\n\n\n<p class=\"has-text-align-center is-style-wrap-balance\">A\u0165 u\u017e nastoup\u00edte na jakoukoliv pozici, \u010dek\u00e1 v\u00e1s kompletn\u00ed za\u0161kolen\u00ed, p\u0159\u00e1telsk\u00fd p\u0159\u00edstup a pomocn\u00e9 ruce na\u0161ich skv\u011bl\u00fdch tren\u00e9r\u016f.<\/p>\n<\/div>\n<\/div>\n\n\n\n<div class=\"wp-block-buttons is-content-justification-center is-layout-flex wp-container-core-buttons-is-layout-a89b3969 wp-block-buttons-is-layout-flex\">\n<div class=\"wp-block-button\"><a class=\"wp-block-button__link wp-element-button\" href=\"https:\/\/o-seznam.cz\/kariera\/volne-pozice\/\">Uk\u00e1zat v\u0161echny pozice<\/a><\/div>\n<\/div>\n<\/div>\n<\/div>\n\n\n\n<div class=\"wp-block-group is-layout-constrained wp-block-group-is-layout-constrained\">\n<h2 class=\"wp-block-heading\">Na co se m\u016f\u017eete t\u011b\u0161it<\/h2>\n\n\n<div class=\"wp-block-seznam-benefits\">\n<div class=\"accordion limiter\" data-limiter=\"4\" data-limiter-selector=\"&gt; .accordion__items\">\n\t<div class=\"accordion__items\">\n<details class=\"expander is-style-default is-style-symbol is-style-symbol-icon\">\n\t<summary data-datalayer-name=\"expander_benefit_14191\" data-datalayer-text=\"Technika na p\u0159\u00e1n\u00ed\">\n\t\t\t\t\t<span><img loading=\"lazy\" decoding=\"async\" width=\"32\" height=\"32\" src=\"https:\/\/o-seznam.cz\/kariera\/wp-content\/uploads\/sites\/2\/2024\/03\/benefity-technika-32x32-1.svg\" class=\"attachment-full size-full\" alt=\"\" \/><\/span>\n\t\t\t\t<strong>Technika na p\u0159\u00e1n\u00ed<\/strong>\n\t\t\t<\/summary>\n\t<div class=\"inner-blocks\">Apple, Linux nebo Windows? V\u0161echno m\u00e1me a k dispozici d\u00e1me. A pokud u\u017e jste zvykl\u00ed na sv\u00e9 vymazlen\u00e9 mil\u00e1\u010dky, pracujte klidn\u011b na vlastn\u00edm za\u0159\u00edzen\u00ed a my v\u00e1m budeme finan\u010dn\u011b p\u0159isp\u00edvat.<\/div><\/details>\n\n<details class=\"expander is-style-default is-style-symbol is-style-symbol-icon\">\n\t<summary data-datalayer-name=\"expander_benefit_14194\" data-datalayer-text=\"Dovolen\u00e1 o t\u00fdden del\u0161\u00ed\">\n\t\t\t\t\t<span><img loading=\"lazy\" decoding=\"async\" width=\"32\" height=\"32\" src=\"https:\/\/o-seznam.cz\/kariera\/wp-content\/uploads\/sites\/2\/2024\/03\/benefity-dovolena-navic-32x32-1.svg\" class=\"attachment-full size-full\" alt=\"\" \/><\/span>\n\t\t\t\t<strong>Dovolen\u00e1 o t\u00fdden del\u0161\u00ed<\/strong>\n\t\t\t<\/summary>\n\t<div class=\"inner-blocks\">Dovolen\u00e9 nen\u00ed nikdy dost. Proto v\u00e1m ke standardn\u00edm 4 t\u00fddn\u016fm dovolen\u00e9 p\u0159id\u00e1me je\u0161t\u011b dal\u0161\u00ed t\u00fdden.<\/div><\/details>\n\n<details class=\"expander is-style-default is-style-symbol is-style-symbol-icon\">\n\t<summary data-datalayer-name=\"expander_benefit_14197\" data-datalayer-text=\"Dny volna nav\u00edc\">\n\t\t\t\t\t<span><img loading=\"lazy\" decoding=\"async\" width=\"32\" height=\"32\" src=\"https:\/\/o-seznam.cz\/kariera\/wp-content\/uploads\/sites\/2\/2024\/03\/benefity-free-days-32x32-1.svg\" class=\"attachment-full size-full\" alt=\"\" \/><\/span>\n\t\t\t\t<strong>Dny volna nav\u00edc<\/strong>\n\t\t\t<\/summary>\n\t<div class=\"inner-blocks\">K dovolen\u00e9 je\u0161t\u011b dal\u0161\u00edch 5 dn\u016f? No fakt. A\u0165 u\u017e chcete t\u0159eba jen leno\u0161it nebo v\u00e1s hezk\u00e9 po\u010das\u00ed naopak \u017eene ven, u\u017eijte si volno podle va\u0161ich p\u0159edstav.<\/div><\/details>\n\n<details class=\"expander is-style-default is-style-symbol is-style-symbol-icon\">\n\t<summary data-datalayer-name=\"expander_benefit_14200\" data-datalayer-text=\"Pru\u017en\u00e1 pracovn\u00ed doba\">\n\t\t\t\t\t<span><img loading=\"lazy\" decoding=\"async\" width=\"32\" height=\"32\" src=\"https:\/\/o-seznam.cz\/kariera\/wp-content\/uploads\/sites\/2\/2024\/03\/benefity-pruzna-pracovni-doba-32x32-1.svg\" class=\"attachment-full size-full\" alt=\"\" \/><\/span>\n\t\t\t\t<strong>Pru\u017en\u00e1 pracovn\u00ed doba<\/strong>\n\t\t\t<\/summary>\n\t<div class=\"inner-blocks\">N\u011bkdo je rann\u00ed pt\u00e1\u010de a nejv\u00edc pr\u00e1ce ud\u011bl\u00e1 se sv\u00edt\u00e1n\u00edm, n\u011bkdo zas sova a nejv\u00edc klidu na pr\u00e1ci m\u00e1 ve\u010der. D\u016fle\u017eit\u00e9 jsou pro n\u00e1s kvalitn\u00ed v\u00fdsledky, ne v\u00e1\u0161 rozvrh hodin.<\/div><\/details>\n\n<details class=\"expander is-style-default is-style-symbol is-style-symbol-icon limiter-item-hidden\">\n\t<summary data-datalayer-name=\"expander_benefit_14203\" data-datalayer-text=\"Home office lze dohodnout\">\n\t\t\t\t\t<span><img loading=\"lazy\" decoding=\"async\" width=\"32\" height=\"32\" src=\"https:\/\/o-seznam.cz\/kariera\/wp-content\/uploads\/sites\/2\/2024\/03\/benefity-home-office-32x32-1.svg\" class=\"attachment-full size-full\" alt=\"\" \/><\/span>\n\t\t\t\t<strong>Home office lze dohodnout<\/strong>\n\t\t\t<\/summary>\n\t<div class=\"inner-blocks\">V kancel\u00e1\u0159i bychom v\u00e1s p\u0159eci jen r\u00e1di ob\u010das potkali, a\u0165 se nediv\u00edme, kde jste se u n\u00e1s vzali. Ale \u017ee jde n\u011bkdy pr\u00e1ce l\u00edp od ruky z dom\u00e1c\u00edho prost\u0159ed\u00ed, tomu taky rozum\u00edme. Domluvte se s nad\u0159\u00edzen\u00fdm a jist\u011b najdete dobr\u00fd kompromis.<\/div><\/details>\n\n<details class=\"expander is-style-default is-style-symbol is-style-symbol-icon limiter-item-hidden\">\n\t<summary data-datalayer-name=\"expander_benefit_14209\" data-datalayer-text=\"L\u00e9ka\u0159 online 24\/7\">\n\t\t\t\t\t<span><img loading=\"lazy\" decoding=\"async\" width=\"32\" height=\"32\" src=\"https:\/\/o-seznam.cz\/kariera\/wp-content\/uploads\/sites\/2\/2024\/03\/benefity-lekar-online-32x32-1.svg\" class=\"attachment-full size-full\" alt=\"\" \/><\/span>\n\t\t\t\t<strong>L\u00e9ka\u0159 online 24\/7<\/strong>\n\t\t\t<\/summary>\n\t<div class=\"inner-blocks\">Zdrav\u00ed je jen jedno, proto n\u00e1m va\u0161e zdrav\u00ed jedno nen\u00ed. Na\u0161eho l\u00e9ka\u0159e m\u016f\u017eete vyu\u017e\u00edt ve dne v noci klidn\u011b z va\u0161\u00ed postele, a\u0165 u\u017e chcete konzultaci nebo napsat eRecept.<\/div><\/details>\n\n<details class=\"expander is-style-default is-style-symbol is-style-symbol-icon limiter-item-hidden\">\n\t<summary data-datalayer-name=\"expander_benefit_14215\" data-datalayer-text=\"Konference\">\n\t\t\t\t\t<span><img loading=\"lazy\" decoding=\"async\" width=\"32\" height=\"32\" src=\"https:\/\/o-seznam.cz\/kariera\/wp-content\/uploads\/sites\/2\/2024\/03\/benefity-konference-32x32-1.svg\" class=\"attachment-full size-full\" alt=\"\" \/><\/span>\n\t\t\t\t<strong>Konference<\/strong>\n\t\t\t<\/summary>\n\t<div class=\"inner-blocks\">Na\u010derpejte nov\u00e9 inspirace a trendy, a to bu\u010f v publiku nebo rovnou na p\u00f3diu.<\/div><\/details>\n\n<details class=\"expander is-style-default is-style-symbol is-style-symbol-icon limiter-item-hidden\">\n\t<summary data-datalayer-name=\"expander_benefit_14218\" data-datalayer-text=\"Ovoce do pr\u00e1ce\">\n\t\t\t\t\t<span><img loading=\"lazy\" decoding=\"async\" width=\"32\" height=\"32\" src=\"https:\/\/o-seznam.cz\/kariera\/wp-content\/uploads\/sites\/2\/2024\/03\/benefity-ovoce-do-prace-32x32-1.svg\" class=\"attachment-full size-full\" alt=\"\" \/><\/span>\n\t\t\t\t<strong>Ovoce do pr\u00e1ce<\/strong>\n\t\t\t<\/summary>\n\t<div class=\"inner-blocks\">N\u00e1lo\u017e vitam\u00edn\u016f 2x m\u011bs\u00ed\u010dn\u011b, ob\u010das i s n\u011bjak\u00fdm chu\u0165ov\u00fdm p\u0159ekv\u00e1pkem.<\/div><\/details>\n<\/div><\/div>\n\n<\/div><\/div>\n\n\n\n<div class=\"wp-block-group is-layout-constrained wp-block-group-is-layout-constrained\">\n<div class=\"wp-block-group is-layout-constrained wp-block-group-is-layout-constrained\">\n<h2 class=\"wp-block-heading\">Prvn\u00ed dny v Seznamu<\/h2>\n\n\n\n<p>Koukn\u011bte, jak vypad\u00e1 prvn\u00ed den, a\u0165 se va\u0161e cesta na vysn\u011bnou pozici obejde bez zbyte\u010dn\u00fdch \u0161kobrtnut\u00ed.<\/p>\n\n\n\n<div class=\"accordion\">\n\t<div class=\"accordion__items\">\n\n<details class=\"expander is-style-default is-style-symbol is-style-symbol-number\">\n\t<summary data-datalayer-name=\"expander_cesta_vitejte\" data-datalayer-text=\"V\u00edtejte na palub\u011b aneb Pre-onboarding\">\n\t\t\t\t\t<span><span class=\"expander__number\">1<\/span><\/span>\n\t\t\t\t<strong>V\u00edtejte na palub\u011b aneb Pre-onboarding<\/strong>\n\t\t\t<\/summary>\n\t<div class=\"inner-blocks\">\n\n<p>Skv\u011ble, pl\u00e1cli jsme si na spolupr\u00e1ci. N\u00e1stupn\u00ed dokumenty podep\u00ed\u0161ete elektronicky klidn\u011b je\u0161t\u011b p\u0159ed n\u00e1stupem. \u017d\u00e1dn\u00e9 pap\u00edrov\u00e1n\u00ed, \u0161et\u0159\u00edme p\u0159\u00edrodu. A kdy\u017e budete cht\u00edt, m\u016f\u017eeme se rovnou domluvit na kafe s n\u011bk\u00fdm z t\u00fdmu, a\u0165 se nalad\u00edte na na\u0161i atmosf\u00e9ru.<\/p>\n\n<\/div><\/details>\n\n\n\n<details class=\"expander is-style-default is-style-symbol is-style-symbol-number\">\n\t<summary data-datalayer-name=\"expander_cesta_prvni_den\" data-datalayer-text=\"Hur\u00e1, v\u00e1\u0161 prvn\u00ed den v Seznamu\">\n\t\t\t\t\t<span><span class=\"expander__number\">2<\/span><\/span>\n\t\t\t\t<strong>Hur\u00e1, v\u00e1\u0161 prvn\u00ed den v Seznamu<\/strong>\n\t\t\t<\/summary>\n\t<div class=\"inner-blocks\">\n\n<p>Ka\u017ed\u00fd za\u010d\u00e1tek m\u011bs\u00edce v\u00edt\u00e1me v\u0161echny nov\u00e1\u010dky u n\u00e1s na centr\u00e1le v Praze. Vy\u0159e\u0161\u00edme pot\u0159ebnou administrativu, p\u0159ed\u00e1me v\u00e1m techniku, sezn\u00e1m\u00edme v\u00e1s s kolegy a nakonec v\u00e1s provedeme po na\u0161em labyrintu.<\/p>\n\n<\/div><\/details>\n\n\n\n<details class=\"expander is-style-default is-style-symbol is-style-symbol-number\">\n\t<summary data-datalayer-name=\"expander_cesta_adaptace\" data-datalayer-text=\"Adaptace aneb j\u00e9\u00e9\u00e9, funguje to!\">\n\t\t\t\t\t<span><span class=\"expander__number\">3<\/span><\/span>\n\t\t\t\t<strong>Adaptace aneb j\u00e9\u00e9\u00e9, funguje to!<\/strong>\n\t\t\t<\/summary>\n\t<div class=\"inner-blocks\">\n\n<p>Na za\u010d\u00e1tku to vypad\u00e1 mo\u017en\u00e1 trochu chaoticky, ale nebojte, m\u00e1me promakan\u00fd syst\u00e9m \u0161kolen\u00ed pro ka\u017edou pozici, tak\u017ee co neum\u00edte, r\u00e1di nau\u010d\u00edme.<\/p>\n\n<\/div><\/details>\n\n\n\n<details class=\"expander is-style-default is-style-symbol is-style-symbol-number\">\n\t<summary data-datalayer-name=\"expander_cesta_vzdelavani\" data-datalayer-text=\"Um\u00edte v\u0161e levou zadn\u00ed? Pak je tu intern\u00ed vzd\u011bl\u00e1v\u00e1n\u00ed\">\n\t\t\t\t\t<span><span class=\"expander__number\">4<\/span><\/span>\n\t\t\t\t<strong>Um\u00edte v\u0161e levou zadn\u00ed? Pak je tu intern\u00ed vzd\u011bl\u00e1v\u00e1n\u00ed<\/strong>\n\t\t\t<\/summary>\n\t<div class=\"inner-blocks\">\n\n<p>Po rozpa\u010dit\u00e9m za\u010d\u00e1tku jste u\u017e prof\u00edci v oboru, gratulujeme. A proto\u017ee um\u011bt v\u0161echno je nuda, n\u00e1\u0161 t\u00fdm tren\u00e9r\u016f v\u00e1m r\u00e1d porad\u00ed s dal\u0161\u00edm rozvojem. A nab\u00eddka je nekone\u010dn\u011b bohat\u00e1, vybrat si m\u016f\u017eete z na\u0161eho e-learningu nebo \u0161kolen\u00ed p\u0159\u00edmo na m\u00edru.<\/p>\n\n<\/div><\/details>\n\n<\/div><\/div>\n\n<\/div>\n<\/div>\n\n\n\n<div class=\"wp-block-group is-layout-constrained wp-block-group-is-layout-constrained\">\n<h2 class=\"wp-block-heading\">Kde n\u00e1s najdete<\/h2>\n\n\n<div class=\"wp-block-seznam-branches\"> \n<div class=\"branchesMap\">\n\t<div>\n \n\n \n<div class=\"max-w-[35rem] mx-auto my-f6 \">\n\t \n<div class=\"mapSilhouette\" data-points=\"[{&quot;id&quot;:13397,&quot;title&quot;:&quot;Praha&quot;,&quot;x&quot;:22.699999999999999,&quot;y&quot;:34.700000000000003,&quot;is_active&quot;:false},{&quot;id&quot;:13385,&quot;title&quot;:&quot;Brno&quot;,&quot;x&quot;:42.299999999999997,&quot;y&quot;:52.799999999999997,&quot;is_active&quot;:false},{&quot;id&quot;:13425,&quot;title&quot;:&quot;Ostrava \\u2013 V\\u00edtkovice&quot;,&quot;x&quot;:58.700000000000003,&quot;y&quot;:33.799999999999997,&quot;is_active&quot;:false},{&quot;id&quot;:13399,&quot;title&quot;:&quot;\\u010cesk\\u00e9 Bud\\u011bjovice&quot;,&quot;x&quot;:23.5,&quot;y&quot;:64.700000000000003,&quot;is_active&quot;:false},{&quot;id&quot;:13452,&quot;title&quot;:&quot;Bratislava&quot;,&quot;x&quot;:49.799999999999997,&quot;y&quot;:83.599999999999994,&quot;is_active&quot;:false},{&quot;id&quot;:13433,&quot;title&quot;:&quot;Plze\\u0148&quot;,&quot;x&quot;:13,&quot;y&quot;:45.299999999999997,&quot;is_active&quot;:false},{&quot;id&quot;:13461,&quot;title&quot;:&quot;\\u017dilina&quot;,&quot;x&quot;:62.100000000000001,&quot;y&quot;:51.799999999999997,&quot;is_active&quot;:false}]\">\n\t<img loading=\"lazy\" decoding=\"async\" src=\"https:\/\/o-seznam.cz\/kariera\/wp-content\/themes\/seznam\/assets\/images\/mapa-silouethe.svg\" width=\"560\" height=\"254\" alt=\"Mapa \u010cesko a Slovensko\" \/>\n\t<span class=\"mapSilhouette__point\" data-id=\"13397\"  style=\"left:22.7%;top:34.7%\"><\/span><span class=\"mapSilhouette__point\" data-id=\"13385\"  style=\"left:42.3%;top:52.8%\"><\/span><span class=\"mapSilhouette__point\" data-id=\"13425\"  style=\"left:58.7%;top:33.8%\"><\/span><span class=\"mapSilhouette__point\" data-id=\"13399\"  style=\"left:23.5%;top:64.7%\"><\/span><span class=\"mapSilhouette__point\" data-id=\"13452\"  style=\"left:49.8%;top:83.6%\"><\/span><span class=\"mapSilhouette__point\" data-id=\"13433\"  style=\"left:13%;top:45.3%\"><\/span><span class=\"mapSilhouette__point\" data-id=\"13461\"  style=\"left:62.1%;top:51.8%\"><\/span><span class=\"mapSilhouette__pointer\" hidden=\"true\"><\/span><\/div>\n <\/div>\n \n\n\n<div class=\"accordion\">\n\t<div class=\"accordion__items\">\n\t\n<details class=\"expander is-style-box\" data-id=\"13397\">\n\t<summary data-datalayer-name=\"expander_branch_13397\" data-datalayer-text=\"Praha\">\n\t\t\t\t<strong>Praha<\/strong>\n\t\t\t<\/summary>\n\t<div class=\"inner-blocks\"> \n\n<div>Seznam.cz, a.s.<br \/>\r\nRadlick\u00e1 3294\/10<br \/>\r\n150 00 Praha 5 \u2013 Sm\u00edchov<\/div>\n\n\t<div class=\"my-6 sm:my-4 text-neutral-60\">\n\t\tNa\u0161e centr\u00e1la je velmi dob\u0159e dostupn\u00e1, m\u016f\u017eete dorazit metrem na lince B, jednou z nes\u010detn\u00fdch tramvaj\u00ed nebo autobusem. Autobusov\u00e9 n\u00e1dra\u017e\u00ed Na Kn\u00ed\u017eec\u00ed je hned za rohem.\t<\/div>\n\n<table class=\"mt-f2 mb-f4\"><tr style=\"\"><th class=\"pr-3 align-top text-left text-neutral-60 font-normal \"><span class=\"block pt-1\">Metro<\/span><\/th><td class=\"\"><div class=\"flex gap-2 flex-wrap\"><span style=\"min-width:2rem\" class=\"inline-block min-w-8 h-7 leading-7 px-2 text-center rounded-2 text-white text-xs whitespace-nowrap bg-[#D4BD42]\">B \u2013 And\u011bl<\/span> <\/div><\/td><\/tr><tr style=\"\"><th class=\"pr-3 align-top text-left text-neutral-60 font-normal pt-4\"><span class=\"block pt-1\">Tramvaj<\/span><\/th><td class=\"pt-4\"><div class=\"flex gap-2 flex-wrap\"><span style=\"min-width:2rem\" class=\"inline-block min-w-8 h-7 leading-7 px-2 text-center rounded-2 text-white text-xs whitespace-nowrap bg-[#3B84C9]\">4<\/span> <span style=\"min-width:2rem\" class=\"inline-block min-w-8 h-7 leading-7 px-2 text-center rounded-2 text-white text-xs whitespace-nowrap bg-[#3B84C9]\">5<\/span> <span style=\"min-width:2rem\" class=\"inline-block min-w-8 h-7 leading-7 px-2 text-center rounded-2 text-white text-xs whitespace-nowrap bg-[#3B84C9]\">7<\/span> <span style=\"min-width:2rem\" class=\"inline-block min-w-8 h-7 leading-7 px-2 text-center rounded-2 text-white text-xs whitespace-nowrap bg-[#3B84C9]\">9<\/span> <span style=\"min-width:2rem\" class=\"inline-block min-w-8 h-7 leading-7 px-2 text-center rounded-2 text-white text-xs whitespace-nowrap bg-[#3B84C9]\">10<\/span> <span style=\"min-width:2rem\" class=\"inline-block min-w-8 h-7 leading-7 px-2 text-center rounded-2 text-white text-xs whitespace-nowrap bg-[#3B84C9]\">12<\/span> <span style=\"min-width:2rem\" class=\"inline-block min-w-8 h-7 leading-7 px-2 text-center rounded-2 text-white text-xs whitespace-nowrap bg-[#3B84C9]\">15<\/span> <span style=\"min-width:2rem\" class=\"inline-block min-w-8 h-7 leading-7 px-2 text-center rounded-2 text-white text-xs whitespace-nowrap bg-[#3B84C9]\">16<\/span> <span style=\"min-width:2rem\" class=\"inline-block min-w-8 h-7 leading-7 px-2 text-center rounded-2 text-white text-xs whitespace-nowrap bg-[#3B84C9]\">20<\/span> <\/div><\/td><\/tr><tr style=\"\"><th class=\"pr-3 align-top text-left text-neutral-60 font-normal pt-4\"><span class=\"block pt-1\">Bus<\/span><\/th><td class=\"pt-4\"><div class=\"flex gap-2 flex-wrap\"><span style=\"min-width:2rem\" class=\"inline-block min-w-8 h-7 leading-7 px-2 text-center rounded-2 text-white text-xs whitespace-nowrap bg-[#3B84C9]\">120<\/span> <span style=\"min-width:2rem\" class=\"inline-block min-w-8 h-7 leading-7 px-2 text-center rounded-2 text-white text-xs whitespace-nowrap bg-[#3B84C9]\">123<\/span> <span style=\"min-width:2rem\" class=\"inline-block min-w-8 h-7 leading-7 px-2 text-center rounded-2 text-white text-xs whitespace-nowrap bg-[#3B84C9]\">137<\/span> <span style=\"min-width:2rem\" class=\"inline-block min-w-8 h-7 leading-7 px-2 text-center rounded-2 text-white text-xs whitespace-nowrap bg-[#3B84C9]\">167<\/span> <span style=\"min-width:2rem\" class=\"inline-block min-w-8 h-7 leading-7 px-2 text-center rounded-2 text-white text-xs whitespace-nowrap bg-[#3B84C9]\">191<\/span> <\/div><\/td><\/tr><\/table>\t\t\t\t<div>\n\t\t\t\t\t<a class=\"button wp-element-button is-style-secondary-2\" href=\"https:\/\/o-seznam.cz\/kariera\/praha\/\">Voln\u00e9 pozice na pobo\u010dce<\/a>\n\t\t\t\t<\/div>\n\t\t\t\n \n<\/div><\/details>\n\n<details class=\"expander is-style-box\" data-id=\"13385\">\n\t<summary data-datalayer-name=\"expander_branch_13385\" data-datalayer-text=\"Brno\">\n\t\t\t\t<strong>Brno<\/strong>\n\t\t\t<\/summary>\n\t<div class=\"inner-blocks\"> \n\n<div>Seznam.cz, a.s.<br \/>\r\nThe Campus Science Park \u2013 Budova C<br \/>\r\nPalachovo n\u00e1m\u011bst\u00ed 797\/4<br \/>\r\n625 00 Brno \u2013 Star\u00fd L\u00edskovec<\/div>\n\n\t<div class=\"my-6 sm:my-4 text-neutral-60\">\n\t\tNejbli\u017e\u0161\u00ed zast\u00e1vka je Nemocnice Bohunice. Pokud jste p\u0159ijeli vlakem, na n\u00e1dra\u017e\u00ed sko\u010dte do \u0161aliny \u010d. 8 a za 20 minut jste u n\u00e1s. Parkovat lze v podzemn\u00edch gar\u00e1\u017e\u00edch nebo v okoln\u00edch oblastech Campus Square.\t<\/div>\n\n<table class=\"mt-f2 mb-f4\"><tr style=\"\"><th class=\"pr-3 align-top text-left text-neutral-60 font-normal \"><span class=\"block pt-1\">\u0160alina<\/span><\/th><td class=\"\"><div class=\"flex gap-2 flex-wrap\"><span style=\"min-width:2rem\" class=\"inline-block min-w-8 h-7 leading-7 px-2 text-center rounded-2 text-white text-xs whitespace-nowrap bg-[#3B84C9]\">8<\/span> <\/div><\/td><\/tr><tr style=\"\"><th class=\"pr-3 align-top text-left text-neutral-60 font-normal pt-4\"><span class=\"block pt-1\">Bus<\/span><\/th><td class=\"pt-4\"><div class=\"flex gap-2 flex-wrap\"><span style=\"min-width:2rem\" class=\"inline-block min-w-8 h-7 leading-7 px-2 text-center rounded-2 text-white text-xs whitespace-nowrap bg-[#3B84C9]\">40<\/span> <span style=\"min-width:2rem\" class=\"inline-block min-w-8 h-7 leading-7 px-2 text-center rounded-2 text-white text-xs whitespace-nowrap bg-[#3B84C9]\">50<\/span> <span style=\"min-width:2rem\" class=\"inline-block min-w-8 h-7 leading-7 px-2 text-center rounded-2 text-white text-xs whitespace-nowrap bg-[#3B84C9]\">51<\/span> <span style=\"min-width:2rem\" class=\"inline-block min-w-8 h-7 leading-7 px-2 text-center rounded-2 text-white text-xs whitespace-nowrap bg-[#3B84C9]\">69<\/span> <span style=\"min-width:2rem\" class=\"inline-block min-w-8 h-7 leading-7 px-2 text-center rounded-2 text-white text-xs whitespace-nowrap bg-[#3B84C9]\">E56<\/span> <\/div><\/td><\/tr><tr style=\"\"><th class=\"pr-3 align-top text-left text-neutral-60 font-normal pt-4\"><span class=\"block pt-1\">Trolejbus<\/span><\/th><td class=\"pt-4\"><div class=\"flex gap-2 flex-wrap\"><span style=\"min-width:2rem\" class=\"inline-block min-w-8 h-7 leading-7 px-2 text-center rounded-2 text-white text-xs whitespace-nowrap bg-[#3B84C9]\">25<\/span> <span style=\"min-width:2rem\" class=\"inline-block min-w-8 h-7 leading-7 px-2 text-center rounded-2 text-white text-xs whitespace-nowrap bg-[#3B84C9]\">37<\/span> <\/div><\/td><\/tr><\/table>\t\t\t\t<div>\n\t\t\t\t\t<a class=\"button wp-element-button is-style-secondary-2\" href=\"https:\/\/o-seznam.cz\/kariera\/brno\/\">Voln\u00e9 pozice na pobo\u010dce<\/a>\n\t\t\t\t<\/div>\n\t\t\t\n \n<\/div><\/details>\n\n<details class=\"expander is-style-box\" data-id=\"13425\">\n\t<summary data-datalayer-name=\"expander_branch_13425\" data-datalayer-text=\"Ostrava \u2013 V\u00edtkovice\">\n\t\t\t\t<strong>Ostrava \u2013 V\u00edtkovice<\/strong>\n\t\t\t<\/summary>\n\t<div class=\"inner-blocks\"> \n\n<div>Seznam.cz, a.s.<br \/>\r\nRusk\u00e1 87\/11<br \/>\r\n703 00 Ostrava \u2013 V\u00edtkovice<\/div>\n\n\t<div class=\"my-6 sm:my-4 text-neutral-60\">\n\t\tPokud n\u00e1s nav\u0161t\u00edv\u00edte autem, p\u00e1r m\u00edst k parkov\u00e1n\u00ed najdete p\u0159\u00edmo na na\u0161em mal\u00e9m parkovi\u0161ti. A pokud chcete vyu\u017e\u00edt MHD, p\u0159\u00edmo z vlakov\u00e9ho n\u00e1dra\u017e\u00ed se k n\u00e1m dostanete tramvaj\u00ed \u010d. 1 nebo 2.\t<\/div>\n\n<table class=\"mt-f2 mb-f4\"><tr style=\"\"><th class=\"pr-3 align-top text-left text-neutral-60 font-normal \"><span class=\"block pt-1\">Tramvaj<\/span><\/th><td class=\"\"><div class=\"flex gap-2 flex-wrap\"><span style=\"min-width:2rem\" class=\"inline-block min-w-8 h-7 leading-7 px-2 text-center rounded-2 text-white text-xs whitespace-nowrap bg-[#3B84C9]\">1<\/span> <span style=\"min-width:2rem\" class=\"inline-block min-w-8 h-7 leading-7 px-2 text-center rounded-2 text-white text-xs whitespace-nowrap bg-[#3B84C9]\">2<\/span> <\/div><\/td><\/tr><\/table>\t\t\t\t<div>\n\t\t\t\t\t<a class=\"button wp-element-button is-style-secondary-2\" href=\"https:\/\/o-seznam.cz\/kariera\/ostrava\/\">Voln\u00e9 pozice na pobo\u010dce<\/a>\n\t\t\t\t<\/div>\n\t\t\t\n \n<\/div><\/details>\n\n<details class=\"expander is-style-box\" data-id=\"13399\">\n\t<summary data-datalayer-name=\"expander_branch_13399\" data-datalayer-text=\"\u010cesk\u00e9 Bud\u011bjovice\">\n\t\t\t\t<strong>\u010cesk\u00e9 Bud\u011bjovice<\/strong>\n\t\t\t<\/summary>\n\t<div class=\"inner-blocks\"> \n\n<div>Seznam.cz, a.s.<br \/>\r\nN\u00e1dra\u017en\u00ed 159\/21<br \/>\r\n370 01 \u010cesk\u00e9 Bud\u011bjovice<\/div>\n\n\t<div class=\"my-6 sm:my-4 text-neutral-60\">\n\t\tVlakov\u00e9 i autobusov\u00e9 n\u00e1dra\u017e\u00ed m\u00e1te od n\u00e1s do 5 minut ch\u016fze. Auto m\u016f\u017eete nechat v centru Mercury.\t<\/div>\n\n\t\t\t\t<div>\n\t\t\t\t\t<a class=\"button wp-element-button is-style-secondary-2\" href=\"https:\/\/o-seznam.cz\/kariera\/ceske-budejovice\/\">Voln\u00e9 pozice na pobo\u010dce<\/a>\n\t\t\t\t<\/div>\n\t\t\t\n \n<\/div><\/details>\n\n<details class=\"expander is-style-box\" data-id=\"13452\">\n\t<summary data-datalayer-name=\"expander_branch_13452\" data-datalayer-text=\"Bratislava\">\n\t\t\t\t<strong>Bratislava<\/strong>\n\t\t\t<\/summary>\n\t<div class=\"inner-blocks\"> \n\n<div>Seznam.cz Slovensko, s.r.o.<br \/>\r\nBottova 7939\/2A<br \/>\r\n811 09 Bratislava \u2013 Star\u00e9 Mesto<br \/>\r\nSlovensko<\/div>\n\n\n<table class=\"mt-f2 mb-f4\"><tr style=\"\"><th class=\"pr-3 align-top text-left text-neutral-60 font-normal \"><span class=\"block pt-1\">Bus<\/span><\/th><td class=\"\"><div class=\"flex gap-2 flex-wrap\"><span style=\"min-width:2rem\" class=\"inline-block min-w-8 h-7 leading-7 px-2 text-center rounded-2 text-white text-xs whitespace-nowrap bg-[#3B84C9]\">50<\/span> <span style=\"min-width:2rem\" class=\"inline-block min-w-8 h-7 leading-7 px-2 text-center rounded-2 text-white text-xs whitespace-nowrap bg-[#3B84C9]\">68<\/span> <span style=\"min-width:2rem\" class=\"inline-block min-w-8 h-7 leading-7 px-2 text-center rounded-2 text-white text-xs whitespace-nowrap bg-[#3B84C9]\">88<\/span> <span style=\"min-width:2rem\" class=\"inline-block min-w-8 h-7 leading-7 px-2 text-center rounded-2 text-white text-xs whitespace-nowrap bg-[#3B84C9]\">90<\/span> <\/div><\/td><\/tr><\/table>\t\t\t\t<div>\n\t\t\t\t\t<a class=\"button wp-element-button is-style-secondary-2\" href=\"https:\/\/o-seznam.cz\/kariera\/bratislava\/\">Voln\u00e9 pozice na pobo\u010dce<\/a>\n\t\t\t\t<\/div>\n\t\t\t\n \n<\/div><\/details>\n\n<details class=\"expander is-style-box\" data-id=\"13433\">\n\t<summary data-datalayer-name=\"expander_branch_13433\" data-datalayer-text=\"Plze\u0148\">\n\t\t\t\t<strong>Plze\u0148<\/strong>\n\t\t\t<\/summary>\n\t<div class=\"inner-blocks\"> \n\n<div>Seznam.cz, a.s.<br \/>\r\nN\u00e1m\u011bst\u00ed T. G. Masaryka 1931\/12<br \/>\r\n301 00 Plze\u0148 \u2013 Ji\u017en\u00ed P\u0159edm\u011bst\u00ed<\/div>\n\n\t<div class=\"my-6 sm:my-4 text-neutral-60\">\n\t\tVlakem bude nejlep\u0161\u00ed vystoupit a\u017e na vlakov\u00e9m n\u00e1dra\u017e\u00ed Plze\u0148 Ji\u017en\u00ed P\u0159edm\u011bst\u00ed a j\u00edt 10 minut p\u011b\u0161ky. A pokud jedete autem, v okol\u00ed se n\u011bjak\u00e9 parkovac\u00ed m\u00edsto v\u017edycky najde.\t<\/div>\n\n<table class=\"mt-f2 mb-f4\"><tr style=\"\"><th class=\"pr-3 align-top text-left text-neutral-60 font-normal \"><span class=\"block pt-1\">Tramvaj<\/span><\/th><td class=\"\"><div class=\"flex gap-2 flex-wrap\"><span style=\"min-width:2rem\" class=\"inline-block min-w-8 h-7 leading-7 px-2 text-center rounded-2 text-white text-xs whitespace-nowrap bg-[#3B84C9]\">4<\/span> <\/div><\/td><\/tr><\/table>\t\t\t\t<div>\n\t\t\t\t\t<a class=\"button wp-element-button is-style-secondary-2\" href=\"https:\/\/o-seznam.cz\/kariera\/plzen\/\">Voln\u00e9 pozice na pobo\u010dce<\/a>\n\t\t\t\t<\/div>\n\t\t\t\n \n<\/div><\/details>\n\n<details class=\"expander is-style-box\" data-id=\"13461\">\n\t<summary data-datalayer-name=\"expander_branch_13461\" data-datalayer-text=\"\u017dilina\">\n\t\t\t\t<strong>\u017dilina<\/strong>\n\t\t\t<\/summary>\n\t<div class=\"inner-blocks\"> \n\n<div>Seznam.cz Slovensko, s.r.o.<br \/>\r\nH 15 Offices<br \/>\r\nZ\u00e1vodsk\u00e1 cesta 2945\/38<br \/>\r\n010 01 \u017dilina<br \/>\r\nSlovensko<\/div>\n\n\n<table class=\"mt-f2 mb-f4\"><tr style=\"\"><th class=\"pr-3 align-top text-left text-neutral-60 font-normal \"><span class=\"block pt-1\">Bus<\/span><\/th><td class=\"\"><div class=\"flex gap-2 flex-wrap\"><span style=\"min-width:2rem\" class=\"inline-block min-w-8 h-7 leading-7 px-2 text-center rounded-2 text-white text-xs whitespace-nowrap bg-[#3B84C9]\">1<\/span> <span style=\"min-width:2rem\" class=\"inline-block min-w-8 h-7 leading-7 px-2 text-center rounded-2 text-white text-xs whitespace-nowrap bg-[#3B84C9]\">6<\/span> <span style=\"min-width:2rem\" class=\"inline-block min-w-8 h-7 leading-7 px-2 text-center rounded-2 text-white text-xs whitespace-nowrap bg-[#3B84C9]\">29<\/span> <\/div><\/td><\/tr><\/table>\t\t\t\t<div>\n\t\t\t\t\t<a class=\"button wp-element-button is-style-secondary-2\" href=\"https:\/\/o-seznam.cz\/kariera\/zilina\/\">Voln\u00e9 pozice na pobo\u010dce<\/a>\n\t\t\t\t<\/div>\n\t\t\t\n \n<\/div><\/details>\n<\/div><\/div>\n\n\n\t\n \n\t<\/div>\n<\/div>\n <\/div>\n<\/div>\n\n<\/div>\n\n\n<div class=\"layout__sidebar is-layout-flow wp-block-seznam-layout-slot-is-layout-flow\">\n\t\n\n<div class=\"cta-stickybox is-hidden-on-form-confirmation-loaded wp-block-seznam-cta-stickybox-hr\">\n\t<div class=\"cta-stickybox__inner\">\n\n\t\t\t\t\t<div class=\"cta-stickybox__head cta-stickybox__head--desktop\">\n\t\t\t\t\t\t\t\t<h3>Chcete u n\u00e1s pracovat?<\/h3>\n\t\t\t<\/div>\n\t\t\n\t\t<div class=\"cta-stickybox__head cta-stickybox__head--mobile\">\n\t\t\t\t\t\t<div>\n\t\t\t\t<p><strong>Chcete u n\u00e1s pracovat?<\/strong><\/p>\n\t\t\t\t<button class=\"cta-stickybox__toggle\" aria-controls=\"cta_9059c67\" aria-expanded=\"false\">M\u00e1m z\u00e1jem <\/button>\n\t\t\t<\/div>\n\t\t<\/div>\n\n\t\t<div class=\"cta-stickybox__content\" id=\"cta_9059c67\">\n\t\t\t\t\t\t\t<a class=\"wp-element-button\" data-datalayer-name=\"cta_stickybox_primary\" href=\"\">Poslat \u017eivotopis<\/a>\n\t\t\t\t\t\t\t\t\t\t<a class=\"wp-element-button is-style-secondary-2\" data-datalayer-name=\"cta_stickybox_secondary\"  href=\"\">Zeptat se<\/a>\n\t\t\t\t\t<\/div>\n\n\t<\/div>\n<\/div>\n\n\n<\/div>\n\n\t\t<\/div>\n\t<\/div>\n\t<div class=\"layout__breakpoint\"><\/div>\n<\/div>\n<\/div>\n","protected":false},"excerpt":{"rendered":"<p>Jedeme na \u0161pi\u010dkov\u00fdch technologi\u00edch a inovace jsou u n\u00e1s jako doma. A jako doma jsou u n\u00e1s i program\u00e1to\u0159i, v\u00fdvoj\u00e1\u0159i a dal\u0161\u00ed IT nad\u0161enci. P\u0159idejte si \u017eidli k n\u00e1m.<\/p>\n","protected":false},"author":2,"featured_media":0,"parent":0,"menu_order":0,"comment_status":"closed","ping_status":"closed","template":"","meta":{"_acf_changed":false,"_relevanssi_hide_post":"","_relevanssi_hide_content":"","_relevanssi_pin_for_all":"","_relevanssi_pin_keywords":"","_relevanssi_unpin_keywords":"","_relevanssi_related_keywords":"","_relevanssi_related_include_ids":"","_relevanssi_related_exclude_ids":"","_relevanssi_related_no_append":"","_relevanssi_related_not_related":"","_relevanssi_related_posts":"","_relevanssi_noindex_reason":"","footnotes":""},"page_category":[273],"page_tag":[],"class_list":["post-13858","page","type-page","status-publish","hentry"],"acf":[],"_links":{"self":[{"href":"https:\/\/o-seznam.cz\/kariera\/wp-json\/wp\/v2\/pages\/13858","targetHints":{"allow":["GET"]}}],"collection":[{"href":"https:\/\/o-seznam.cz\/kariera\/wp-json\/wp\/v2\/pages"}],"about":[{"href":"https:\/\/o-seznam.cz\/kariera\/wp-json\/wp\/v2\/types\/page"}],"author":[{"embeddable":true,"href":"https:\/\/o-seznam.cz\/kariera\/wp-json\/wp\/v2\/users\/2"}],"replies":[{"embeddable":true,"href":"https:\/\/o-seznam.cz\/kariera\/wp-json\/wp\/v2\/comments?post=13858"}],"version-history":[{"count":20,"href":"https:\/\/o-seznam.cz\/kariera\/wp-json\/wp\/v2\/pages\/13858\/revisions"}],"predecessor-version":[{"id":18143,"href":"https:\/\/o-seznam.cz\/kariera\/wp-json\/wp\/v2\/pages\/13858\/revisions\/18143"}],"wp:attachment":[{"href":"https:\/\/o-seznam.cz\/kariera\/wp-json\/wp\/v2\/media?parent=13858"}],"wp:term":[{"taxonomy":"page_category","embeddable":true,"href":"https:\/\/o-seznam.cz\/kariera\/wp-json\/wp\/v2\/page_category?post=13858"},{"taxonomy":"page_tag","embeddable":true,"href":"https:\/\/o-seznam.cz\/kariera\/wp-json\/wp\/v2\/page_tag?post=13858"}],"curies":[{"name":"wp","href":"https:\/\/api.w.org\/{rel}","templated":true}]}}